{"version":"1.0","provider_name":"National Parks of Ireland","provider_url":"https:\/\/www.nationalparks.ie\/ga\/","title":"Cill Airne - National Parks of Ireland","type":"rich","width":600,"height":338,"html":"<blockquote class=\"wp-embedded-content\" data-secret=\"kJ1lAtARGE\"><a href=\"https:\/\/www.nationalparks.ie\/ga\/killarney\/\">Cill Airne<\/a><\/blockquote><iframe sandbox=\"allow-scripts\" security=\"restricted\" src=\"https:\/\/www.nationalparks.ie\/ga\/killarney\/embed\/#?secret=kJ1lAtARGE\" width=\"600\" height=\"338\" title=\"&#8220;Cill Airne&#8221; &#8212; National Parks of Ireland\" data-secret=\"kJ1lAtARGE\" frameborder=\"0\" marginwidth=\"0\" marginheight=\"0\" scrolling=\"no\" class=\"wp-embedded-content\"><\/iframe><script type=\"text\/javascript\">\n\/* <![CDATA[ *\/\n\/*! This file is auto-generated *\/\n!function(d,l){\"use strict\";l.querySelector&&d.addEventListener&&\"undefined\"!=typeof URL&&(d.wp=d.wp||{},d.wp.receiveEmbedMessage||(d.wp.receiveEmbedMessage=function(e){var t=e.data;if((t||t.secret||t.message||t.value)&&!\/[^a-zA-Z0-9]\/.test(t.secret)){for(var s,r,n,a=l.querySelectorAll('iframe[data-secret=\"'+t.secret+'\"]'),o=l.querySelectorAll('blockquote[data-secret=\"'+t.secret+'\"]'),c=new RegExp(\"^https?:$\",\"i\"),i=0;i<o.length;i++)o[i].style.display=\"none\";for(i=0;i<a.length;i++)s=a[i],e.source===s.contentWindow&&(s.removeAttribute(\"style\"),\"height\"===t.message?(1e3<(r=parseInt(t.value,10))?r=1e3:~~r<200&&(r=200),s.height=r):\"link\"===t.message&&(r=new URL(s.getAttribute(\"src\")),n=new URL(t.value),c.test(n.protocol))&&n.host===r.host&&l.activeElement===s&&(d.top.location.href=t.value))}},d.addEventListener(\"message\",d.wp.receiveEmbedMessage,!1),l.addEventListener(\"DOMContentLoaded\",function(){for(var e,t,s=l.querySelectorAll(\"iframe.wp-embedded-content\"),r=0;r<s.length;r++)(t=(e=s[r]).getAttribute(\"data-secret\"))||(t=Math.random().toString(36).substring(2,12),e.src+=\"#?secret=\"+t,e.setAttribute(\"data-secret\",t)),e.contentWindow.postMessage({message:\"ready\",secret:t},\"*\")},!1)))}(window,document);\n\/\/# sourceURL=https:\/\/www.nationalparks.ie\/wp\/wp-includes\/js\/wp-embed.min.js\n\/* ]]> *\/\n<\/script>\n","description":"An D\u00falra &amp; Caomhn\u00fa Teasta\u00edonn \u00e9ags\u00falacht shaibhir \u00f3 thaobh speiceas agus gn\u00e1th\u00f3g le go bhfanfaidh na daoine agus an pl\u00e1in\u00e9ad foll\u00e1in. N\u00edl an oiread c\u00e9anna speicis in \u00c9irinn agus at\u00e1 sa chuid eile den Eoraip, ach t\u00e1 t\u00e1bhacht idirn\u00e1isi\u00fanta ag baint le go leor d\u00e1r speicis agus d\u00e1r ngn\u00e1th\u00f3ga. I bP\u00e1irc N\u00e1isi\u00fanta Chill Airne t\u00e1imid","thumbnail_url":"https:\/\/www.nationalparks.ie\/app\/uploads\/2022\/09\/Rectangle-5-1.jpg"}