{"id":6117,"date":"2022-04-08T12:00:04","date_gmt":"2022-04-08T11:00:04","guid":{"rendered":"https:\/\/www.nationalparks.ie\/burren\/"},"modified":"2026-02-03T16:22:34","modified_gmt":"2026-02-03T16:22:34","slug":"burren","status":"publish","type":"page","link":"https:\/\/www.nationalparks.ie\/ga\/burren\/","title":{"rendered":"Bhoirne"},"content":{"rendered":"\n\n<!--#section-hero\" -->\n<section id=\"block_88c11709b4abe651a89b764621b9ee23\" class=\"section-hero section-hero-park section-first bg-color-grey bg-img wow fadeInDown\" style=\"background-image:url(https:\/\/www.nationalparks.ie\/app\/uploads\/2022\/04\/Rectangle-56.png); background-attachment:fixed; background-size: cover;\">\n\t<div class=\"container-fluid px-0 mx-0 d-flex flex-column justify-content-center\">\n\t\t\t\t<div class=\"row m-auto\">\n\t\t\t<div class=\"col-12\">\n\t\t\t\t<h1 class=\"wow fadeIn\" data-wow-delay=\"0.75s\">\n\t\t\t\t\t<a href=\"\/\">\n\t\t\t\t\t\t<img decoding=\"async\" src=\"\/app\/uploads\/2022\/02\/np-logo-icon.png\" alt=\"National Parks\" \/>\n\t\t\t\t\t<\/a>\n\t\t\t\t<\/h1>\n\t\t\t<\/div>\n\t\t<\/div>\n\t\t<div class=\"section-menu pt-4 bg-color-navy px-2 px-lg-0 wow fadeInUp\" data-wow-delay=\"1s\">\n\t\t\t\t\t\t\t<div class=\"row\">\n\t\t\t\t<div class=\"col-10 col-sm-5 col-lg-4\">\n\t\t\t\t\t<div class=\"ps-lg-3 d-flex align-items-center\">\n\t\t\t\t\t\t\n\t\t\t\t\t\t<button class=\"navbar-toggler navbar-toggler-right collapsed p-3 p-lg-4\" type=\"button\" data-bs-toggle=\"collapse\" data-bs-target=\"#navbarResponsive\" aria-controls=\"navbarResponsive\" aria-expanded=\"false\" aria-label=\"Toggle navigation\">\n\t\t\t\t\t\t\t<span class=\"icon-bar top-bar bg-color-chartreuse\"><\/span>\n\t\t\t\t\t\t\t<!--<span class=\"icon-bar middle-bar bg-color-chartreuse\"><\/span>-->\n\t\t\t\t\t\t\t<span class=\"icon-bar bottom-bar bg-color-chartreuse\"><\/span>\t\n\t\t\t\t\t\t<\/button>\n\t\t\t\t\t\t\n\t\t\t\t\t\t<h1 class=\"h4 is-inside-park\">\n\t\t\t\t\t\t\t<a class=\"color-white text-decoration-none\" href=\"https:\/\/www.nationalparks.ie\/ga\/burren\/\">\n\t\t\t\t\t\t\t\t<span lang=\"ga-IE\">P\u00e1irc N\u00e1isi\u00fanta Bhoirne<\/span> <br\/>\n\t\t\t\t\t\t\t\t<span class=\"color-chartreuse\" lang=\"en-US\">Burren National Park<\/span>\n\t\t\t\t\t\t\t<\/a>\n\t\t\t\t\t\t<\/h1>\n\t\t\t\t\t\t\n\t\t\t\t\t<\/div>\n\t\t\t\t<\/div>\t\t\t\n\t\t\t\t<div class=\"col-2 col-lg-8 px-lg-0\">\n\t\t\t\t\t<div class=\"info-box font-family-gibson-300 h-100 color-white d-flex justify-content-end align-items-center py-0 px-lg-0 me-lg-5\">\n\t\t\t\t\t\t\t\t\t\t\t\t\t\t\t\t\n\t\t\t\t\t\t<div class=\"d-none d-lg-flex align-items-center weather-box me-5 py-2\">\n\t\t\t\t\t\t\t<span class=\"font-size-body-small\">\t\t\t\t\t\t\t\t\n\t\t\t\t\t\t\t\tBhoirne 15\t\t\t\t\t\t\t\t \u00b0C\n\t\t\t\t\t\t\t<\/span>  \n\t\t\t\t\t\t\t<img decoding=\"async\" class=\"weather-icon me-1 ms-3\" style=\"height:24px;\" src=\"\/app\/themes\/NationalParks\/resources\/assets\/images\/weather_icons\/light_icons\/04d.png\" alt=\"\" \/> \n\t\t\t\t\t\t\t<span class=\"weather-description font-size-body-small me-1\">Cloudy<\/span>\n\t\t\t\t\t\t<\/div>\n\n\t\t\t\t\t\t<img decoding=\"async\" class=\"d-block\" src=\"https:\/\/www.nationalparks.ie\/app\/uploads\/2022\/04\/NP_Park_Stamps-15-1.png\" alt=\"Burren National Park logo\" style=\"max-width:75px;\" \/>\n\t\t\t\t\t<\/div>\n\t\t\t\t<\/div>\n\t\t\t<\/div>\n\t\t\t\t\t\t\n\t\t\t<!--\n\t\t\t\t\t\t\t<ul class=\"park-nav mt-4 mb-0 px-0\">\n\t\t\t\t\t<li class=\"page_item\"><a href=\"\/glenveagh\/nature-conservation\/\">Nature &amp; Conservation<\/a><\/li>\n\t\t\t\t\t<li class=\"page_item\"><a href=\"\/glenveagh\/things-to-do\/\">Things To Do<\/a><\/li>\n\t\t\t\t\t<li class=\"page_item\"><a href=\"\/glenveagh\/learn\/\">Learn<\/a><\/li>\n\t\t\t\t\t<li class=\"page_item\"><a href=\"\/glenveagh\/about-us\/\">About us<\/a><\/li>\n\t\t\t\t\t<li class=\"page_item\"><a href=\"\/glenveagh\/contact\/\">Contact<\/a><\/li>\n\t\t\t\t<\/ul>\n\t\t\t\t\t\t\t<ul class=\"park-nav mt-4 mb-0 px-0\">\n\t\t\t\t\t<li class=\"page_item\"><a href=\"\/glenveagh\/nature-conservation\/\">An D\u00falra & Caomhn\u00fa<\/a><\/li>\n\t\t\t\t\t<li class=\"page_item\"><a href=\"\/glenveagh\/things-to-do\/\">Ruda\u00ed le d\u00e9anamh<\/a><\/li>\n\t\t\t\t\t<li class=\"page_item\"><a href=\"\/glenveagh\/learn\/\">Foghlaim<\/a><\/li>\n\t\t\t\t\t<li class=\"page_item\"><a href=\"\/glenveagh\/about-us\/\">F\u00fainn<\/a><\/li>\n\t\t\t\t\t<li class=\"page_item\"><a href=\"\/glenveagh\/contact\/\">Teagmh\u00e1il Linn<\/a><\/li>\n\t\t\t\t<\/ul>\n\t\t\t\t\t\t-->\n\t\t<\/div>\n\t<\/div>\n<\/section>\n\n\r\n<section id=\"block_bc49ca175352fd50938427748cc72e29\" class=\"section-park-anchor-navigation bg-color-navy\">\r\n\t<div class=\"container-fluid px-0\">\r\n\t\t<div class=\"row\">\r\n\t\t\r\n\t\t\t\t\t\t\t<ul class=\"park-nav mt-4 mb-0 px-0\">\r\n\t\t\t\t\r\n\t\t\t\t\t\r\n\t\t\t\t\t\r\n\t\t\t\t\t<li class=\"park-nav-item current_page_item\">\r\n\t\t\t\t\t\t\r\n\t\t\t\t\t\t<a href=\"\/ga\/burren\/\">Baile<\/a>\r\n\t\t\t\t\t\t\r\n\t\t\t\t\t\t\t\t\t\t\t\t\t<div class=\"mb-0 px-4 pt-4 pb-lg-4 mx-0 park-subnav w-100\">\r\n\t\t\t\t\t\t\t\t\t\r\n\t\t\t\t\t\t\t\t\t\r\n\t\t\t\t\t\t\t\t\t<ul class=\"mb-4 mb-lg-0 px-2 mx-lg-4\">\r\n\t\t\t\t\t\t\t\t\t\t\r\n\t\t\t\t\t\t\t\t\t\t\t\t\t\t\t\t\t\t\t\t\r\n\t\t\t\t\t\t\t\t\t\t\t\t\t\t\t\t\t\t\t\t\t\t\t\t\t\t\t\t\t\t\t\t\t<li>\r\n\t\t\t\t\t\t\t\t\t\t\t\t\t<a class=\"px-2 py-2\" href=\"#news\">Nuacht &amp; F\u00f3gra\u00ed<\/a>\r\n\t\t\t\t\t\t\t\t\t\t\t\t<\/li>\r\n\t\t\t\t\t\t\t\t\t\t\t\t\t\t\t\t\t\t\t\t\t\t\t<li>\r\n\t\t\t\t\t\t\t\t\t\t\t\t\t<a class=\"px-2 py-2\" href=\"#hours\">Uaireanta Oscailte<\/a>\r\n\t\t\t\t\t\t\t\t\t\t\t\t<\/li>\r\n\t\t\t\t\t\t\t\t\t\t\t\t\t\t\t\t\t\t\t\t\t\t\t<li>\r\n\t\t\t\t\t\t\t\t\t\t\t\t\t<a class=\"px-2 py-2\" href=\"#facilities\">\u00c1iseanna<\/a>\r\n\t\t\t\t\t\t\t\t\t\t\t\t<\/li>\r\n\t\t\t\t\t\t\t\t\t\t\t\t\t\t\t\t\t\t\t\t\t\t\t<li>\r\n\t\t\t\t\t\t\t\t\t\t\t\t\t<a class=\"px-2 py-2\" href=\"#newsletter\">Nuachtlitir<\/a>\r\n\t\t\t\t\t\t\t\t\t\t\t\t<\/li>\r\n\t\t\t\t\t\t\t\t\t\t\t\t\t\t\t\t\t\t\t\t\t\t\t\t\t\t\t\t\t\t\t\r\n\t\t\t\t\t\t\t\t\t<\/ul>\r\n\t\t\t\t\t\t\t\t\t\r\n\t\t\t\t\t\t\t\t\t\r\n\t\t\t\t\t\t\t\t\t\r\n\t\t\t\t\t\t\t\t\t<ul class=\"mb-4 mb-lg-0 px-2 mx-lg-4\">\r\n\t\t\t\t\t\t\t\t\t\t\r\n\t\t\t\t\t\t\t\t\t\t\t\t\t\t\t\t\t\t\t\t\r\n\t\t\t\t\t\t\t\t\t\t\t\t\t\t\t\t\t\t\t\t\t\t\t\t\t\t\t\t\t\t\t\t\t<li>\r\n\t\t\t\t\t\t\t\t\t\t\t\t\t<a class=\"px-2 py-2\" href=\"#tips\">Leideanna \u00das\u00e1ideacha<\/a>\r\n\t\t\t\t\t\t\t\t\t\t\t\t<\/li>\r\n\t\t\t\t\t\t\t\t\t\t\t\t\t\t\t\t\t\t\t\t\t\t\t<li>\r\n\t\t\t\t\t\t\t\t\t\t\t\t\t<a class=\"px-2 py-2\" href=\"#shuttlebus\">Bus Tointe\u00e1la Saor in Aisce na Boirne &amp; Aillte an Mhothair<\/a>\r\n\t\t\t\t\t\t\t\t\t\t\t\t<\/li>\r\n\t\t\t\t\t\t\t\t\t\t\t\t\t\t\t\t\t\t\t\t\t\t\t<li>\r\n\t\t\t\t\t\t\t\t\t\t\t\t\t<a class=\"px-2 py-2\" href=\"#howtogethere\">Treoracha<\/a>\r\n\t\t\t\t\t\t\t\t\t\t\t\t<\/li>\r\n\t\t\t\t\t\t\t\t\t\t\t\t\t\t\t\t\t\t\t\t\t\t\t<li>\r\n\t\t\t\t\t\t\t\t\t\t\t\t\t<a class=\"px-2 py-2\" href=\"#walking\">F\u00e1na\u00edocht &amp; Si\u00fal<\/a>\r\n\t\t\t\t\t\t\t\t\t\t\t\t<\/li>\r\n\t\t\t\t\t\t\t\t\t\t\t\t\t\t\t\t\t\t\t\t\t\t\t<li>\r\n\t\t\t\t\t\t\t\t\t\t\t\t\t<a class=\"px-2 py-2\" href=\"#heritage\">Oidhreacht &amp; Cult\u00far<\/a>\r\n\t\t\t\t\t\t\t\t\t\t\t\t<\/li>\r\n\t\t\t\t\t\t\t\t\t\t\t\t\t\t\t\t\t\t\t\t\t\t\t<li>\r\n\t\t\t\t\t\t\t\t\t\t\t\t\t<a class=\"px-2 py-2\" href=\"#picks\">Buaicphoint\u00ed na P\u00e1irce<\/a>\r\n\t\t\t\t\t\t\t\t\t\t\t\t<\/li>\r\n\t\t\t\t\t\t\t\t\t\t\t\t\t\t\t\t\t\t\t\t\t\t\t\t\t\t\t\t\t\t\t\r\n\t\t\t\t\t\t\t\t\t<\/ul>\r\n\t\t\t\t\t\t\t\t\t\r\n\t\t\t\t\t\t\t\t\t\r\n\t\t\t\t\t\t\t\t\t\r\n\t\t\t\t\t\t\t\t\t<ul class=\"mb-4 mb-lg-0 px-2 mx-lg-4\">\r\n\t\t\t\t\t\t\t\t\t\t\r\n\t\t\t\t\t\t\t\t\t\t\t\t\t\t\t\t\t\t\t\t\r\n\t\t\t\t\t\t\t\t\t\t\t\t\t\t\t\t\t\t\t\t\t\t\t\t\t\t\t\t\t\t\t\t\t<li>\r\n\t\t\t\t\t\t\t\t\t\t\t\t\t<a class=\"px-2 py-2\" href=\"#map\">L\u00e9arsc\u00e1il Teorann<\/a>\r\n\t\t\t\t\t\t\t\t\t\t\t\t<\/li>\r\n\t\t\t\t\t\t\t\t\t\t\t\t\t\t\t\t\t\t\t\t\t\t\t<li>\r\n\t\t\t\t\t\t\t\t\t\t\t\t\t<a class=\"px-2 py-2\" href=\"#protect\">Cosain an D\u00falra<\/a>\r\n\t\t\t\t\t\t\t\t\t\t\t\t<\/li>\r\n\t\t\t\t\t\t\t\t\t\t\t\t\t\t\t\t\t\t\t\t\t\t\t\t\t\t\t\t\t\t\t\r\n\t\t\t\t\t\t\t\t\t<\/ul>\r\n\t\t\t\t\t\t\t\t\t\r\n\t\t\t\t\t\t\t\t\t\t\t\t\t\t\t<\/div>\r\n\t\t\t\t\t\t\t\r\n\t\t\t\t\t\t\t\r\n\t\t\t\t\t\t\r\n\t\t\t\t\t<\/li>\r\n\t\t\t\t\t\t\t\t\r\n\t\t\t\t\t\t\t\t\t\t\r\n\t\t\t\t\t\r\n\t\t\t\t\t\r\n\t\t\t\t\t\r\n\t\t\t\t\t<li class=\"park-nav-item \">\r\n\t\t\t\t\t\t\r\n\t\t\t\t\t\t<a href=\"\/ga\/burren\/nature-conservation\/\">D\u00falra &amp; Caomhn\u00fa<\/a>\r\n\t\t\t\t\t\t\r\n\t\t\t\t\t\t\t\r\n\t\t\t\t\t\t\r\n\t\t\t\t\t<\/li>\r\n\t\t\t\t\t\t\t\t\r\n\t\t\t\t\t\t\t\t\t\t\r\n\t\t\t\t\t\r\n\t\t\t\t\t\r\n\t\t\t\t\t\r\n\t\t\t\t\t<li class=\"park-nav-item \">\r\n\t\t\t\t\t\t\r\n\t\t\t\t\t\t<a href=\"\/ga\/burren\/things-to-do\/\">Ruda\u00ed le D\u00e9anamh<\/a>\r\n\t\t\t\t\t\t\r\n\t\t\t\t\t\t\t\r\n\t\t\t\t\t\t\r\n\t\t\t\t\t<\/li>\r\n\t\t\t\t\t\t\t\t\r\n\t\t\t\t\t\t\t\t\t\t\r\n\t\t\t\t\t\r\n\t\t\t\t\t\r\n\t\t\t\t\t\r\n\t\t\t\t\t<li class=\"park-nav-item \">\r\n\t\t\t\t\t\t\r\n\t\t\t\t\t\t<a href=\"\/ga\/burren\/learn\/\">Foghlaim<\/a>\r\n\t\t\t\t\t\t\r\n\t\t\t\t\t\t\t\r\n\t\t\t\t\t\t\r\n\t\t\t\t\t<\/li>\r\n\t\t\t\t\t\t\t\t\r\n\t\t\t\t\t\t\t\t\t\t\r\n\t\t\t\t\t\r\n\t\t\t\t\t\r\n\t\t\t\t\t\r\n\t\t\t\t\t<li class=\"park-nav-item \">\r\n\t\t\t\t\t\t\r\n\t\t\t\t\t\t<a href=\"\/ga\/burren\/about-us\/\">F\u00fainn<\/a>\r\n\t\t\t\t\t\t\r\n\t\t\t\t\t\t\t\r\n\t\t\t\t\t\t\r\n\t\t\t\t\t<\/li>\r\n\t\t\t\t\t\t\t\t\r\n\t\t\t\t\t\t\t\t\t\t\r\n\t\t\t\t\t\r\n\t\t\t\t\t\r\n\t\t\t\t\t\r\n\t\t\t\t\t<li class=\"park-nav-item \">\r\n\t\t\t\t\t\t\r\n\t\t\t\t\t\t<a href=\"\/ga\/burren\/contact\/\">Teagmh\u00e1il<\/a>\r\n\t\t\t\t\t\t\r\n\t\t\t\t\t\t\t\r\n\t\t\t\t\t\t\r\n\t\t\t\t\t<\/li>\r\n\t\t\t\t\t\t\t\t\r\n\t\t\t\t\t\t\t\t\t\t\r\n\t\t\t\t\t\r\n\t\t\t\t\t\t\t\t<\/ul>\r\n\t\t\t\t\r\n\t\t\t\r\n\t\t<\/div>\r\n\t<\/div>\r\n<\/section>\n\n\n<div class=\"acf-card acf-card--id--19548\"><\/div>\n\n\n\n<div class=\"acf-card acf-card--id--19549\"><\/div>\n\n\n\r\n<section id=\"section-text-scroll-block_164a920299515750e501421f8982a31f\" class=\"section-text-scroll bg-color-purple color-white py-5 bg-img\" style=\"background-image:url();  background-size:cover;\">\r\n\t\t<div class=\"text-scroll-box py-lg-5\">\r\n\t\t<div class=\"container py-3 py-lg-5\">\r\n\t\t\t<div class=\"row\">\r\n\t\t\t\t<div class=\"col-12\">\r\n\t\t\t\t\t<div class=\"text-scroll-box-main px-3 py-2 mx-auto\">\r\n\t\t\t\t\t<\/div>\r\n\t\t\t\t\t<div class=\"text-scroll-box-scroll color-white h3 px-3 py-2 mx-auto wow fadeInUp\" data-wow-delay=\"0.15s\">\r\n\t\t\t\t\t\t<h2 style=\"text-align: center;\">\u201cThere is a world apart, of elemental beauty carved by glacier, where tiny wildflowers pierce through limestone..\u201d<\/h2>\n<p>&nbsp;<\/p>\n<p style=\"text-align: center; text-decoration: uppercase;\">The Breathing Burren<br \/>\nle Maureen Grady<\/p>\n\t\t\t\t\t<\/div>\r\n\t\t\t\t<\/div>\r\n\t\t\t<\/div>\r\n\t\t<\/div>\r\n\t<\/div>\r\n\t<\/section>\n\n\r\n\r\n<section id=\"section-imgtitle-scroll-block_65f7131fe5116b73e1411f7149c8243d\" class=\"section-imgtitle-scroll bg-color-beige p-3 p-lg-4\">\r\n\t\t\t<div class=\"container-fluid overflow-hidden p-0\">\r\n\t\t<div class=\"row\">\r\n\t\t\t<div class=\"col-12 py-5 bg-img\" style=\"background-image:url(https:\/\/www.nationalparks.ie\/app\/uploads\/2022\/04\/Rectangle-69.png);\">\r\n\t\t\t\t<div class=\"d-block py-5 my-5\">\r\n\t\t\t\t\t<div class=\"d-block py-5 my-5\">\r\n\t\t\t\t\t\t<p class=\"font-size-largest color-white position-relative text-center px-4 py-5 my-5\">\u00c9ist le guth an d\u00falra<\/p>\r\n\t\t\t\t\t<\/div>\r\n\t\t\t\t<\/div>\r\n\t\t\t\t<!--\r\n\t\t\t\t<div class=\"left-wall w-50 h-100 bg-color-cyprus position-absolute\" style=\"top:0; left:-0%; z-index:2;\"><\/div>\r\n\t\t\t\t<div class=\"right-wall w-50 h-100 bg-color-cyprus position-absolute\" style=\"top:0; right:-0%; z-index:2;\"><\/div>\r\n\t\t\t\t-->\r\n\t\t\t<\/div>\r\n\t\t<\/div>\r\n\t<\/div>\r\n\t<\/section>\n\n\r\n<section id=\"block_d07c67e79990b239821c8d9b79cb1290\" class=\"section-twocolumns py-4 py-lg-4 bg-color-beige color-black\" style=\"background-image:url(https:\/\/www.nationalparks.ie\/app\/uploads\/2022\/02\/Illustration.png); background-repeat:no-repeat;\">\r\n\t\t<div class=\"d-flex flex-column\">\r\n\t\t\r\n\t \t\r\n\t<div class=\"container-fluid px-3 px-lg-5 section-twocolumns__columns order-2 \">\r\n\t\t<div class=\"row\">\r\n\t\t\t<div class=\"d-flex flex-column flex-lg-row\">\r\n\t\t\t\t<div class=\"col-12 col-lg-6  first-column\">\r\n\t\t\t\t\t<h2>F\u00e1ilte chuig P\u00e1irc N\u00e1isi\u00fanta Bhoirne<\/h2>\n\t\t\t\t<\/div>\r\n\t\t\t\t<div class=\"col-12 col-lg-6  mb-3 mb-lg-5 second-column\">\r\n\t\t\t\t\t<p class=\"h4 font-family-naisiuntamedium pb-3\">Is \u00f3n bhfocal Gaeilge Boirinn, n\u00f3 \u00e1it charraigeach, a ainmn\u00edtear P\u00e1irc N\u00e1isi\u00fanta Bhoirne, ar f\u00faithi sin a chl\u00fada\u00edtear 1,800 heicte\u00e1r in oirdheisceart Bhoirne. Mar sin f\u00e9in, tr\u00e1chtadh ar chloch thorth\u00fail i mBoirinn, a bhfuil c\u00e1il idirn\u00e1isi\u00fanta ar an \u00e1it mar gheall ar an t\u00edrdhreach agus fl\u00f3ra ar leith at\u00e1 inti.<\/p>\n<hr>\n<div class=\"row\">\n<div class=\"col-12 col-lg-10\">\n<p class=\"pt-3\">F\u00e1sann planda\u00ed a dtaitn\u00edonn aol leo agus a dtaitn\u00edonn aig\u00e9ad leo in aice a ch\u00e9ile, agus f\u00e1sann planda\u00ed coillearna\u00ed amuigh faoin sp\u00e9ir, gan aon chrann in aice l\u00e1imhe mar sc\u00e1th ar an ngrian \u2013 maireann siad ar fad i ndomhan a bhfuil cuma air nach bhfuil ann ach p\u00e1bh\u00e1il aolchloiche amh\u00e1in.<\/p>\n<p>D\u00e9an ini\u00fachadh ar fl\u00f3ra agus geola\u00edocht iontach na p\u00e1irce, aimsigh na conair\u00ed si\u00fail at\u00e1 inti, n\u00f3 foghlaim faoi mar a dh\u00e9anaimid an talamh a bhainisti\u00fa chun an d\u00falra at\u00e1 sa Ph\u00e1irc N\u00e1isi\u00fanta a chosaint. T\u00e1 \u00e1r bPointe Faisn\u00e9ise i gCor Finne, sr\u00e1idbhaile 8 km \u00f3n bp\u00e1irc, oscailte ar feadh na bliana agus cuireann s\u00e9 bus tointe\u00e1la in aisce ar f\u00e1il, a ritheann \u00f3 Bhealtaine go Me\u00e1n F\u00f3mhair.<\/p>\n<\/div>\n<\/div>\n<div class=\"row\">\n<div class=\"col-12 col-lg-10\">\n<div class=\"accordion\" id=\"emergencies_block\">\n<div class=\"accordion-item accordion-item-color-black bg-color-beige\">\n<h2 class=\"accordion-header bg-color-beige\" id=\"heading1block_6267360902ec6\"><button aria-controls=\"collapse1block_6267360902ec6\" aria-expanded=\"false\" class=\"accordion-button accordion-button-color-black collapsed display-3 py-4 px-3 px-lg-5 bg-color-beige color-black\" data-bs-target=\"#collapse1block_6267360902ec6\" data-bs-toggle=\"collapse\" type=\"button\">Treoracha<\/button><\/h2>\n<div aria-labelledby=\"heading1block_6267360902ec6\" class=\"accordion-collapse collapse\" data-bs-parent=\"#emergencies_block\" id=\"collapse1block_6267360902ec6\">\n<div class=\"accordion-body px-0 color-black\">\n<p>T\u00e1 P\u00e1irc N\u00e1isi\u00fanta Bhoirne suite ar an taobh thoir theas de Bhoirinn, i dtuaisceart Chontae an Chl\u00e1ir. Chun an ph\u00e1irc a bhaint amach, \u00f3 Chora Finne, t\u00f3g an R476 chuig Cill In\u00edne Baoith. Nuair at\u00e1 t\u00fa i gCill In\u00edne Baoith, t\u00f3g an casadh ar dheis (L1112) roimh fhothracha an ts\u00e9ip\u00e9il. Bainfidh t\u00fa crosbh\u00f3thar amach thart ar 5 chilim\u00e9adar ar feadh an bh\u00f3thair seo.<\/p>\n<p>C\u00e9 go bhfuil leataobh beag ann d\u00edreach roimh an gcrosbh\u00f3thar seo ar thaobh na l\u00e1imhe deise a bhfuil toilleadh ann do roinnt carranna, molaimid do chuairteoir\u00ed leas a bhaint as an tseirbh\u00eds p\u00e1irce\u00e1il agus taistil at\u00e1 saor in aisce \u00f3 Chora Finne le linn mh\u00edonna an tsamhraidh. De shi\u00fal na gcos \u00f3n \u00e1it sin, cas ar dheis ar Bh\u00f3thar na Creige agus t\u00e1 tailte Ph\u00e1irc N\u00e1isi\u00fanta Bhoirne ar thaobh do l\u00e1imhe cl\u00e9. B\u00ed c\u00faramach ar thr\u00e1cht toisc gur b\u00f3thar poibl\u00ed \u00e9 seo.\n<\/p>\n<\/p><\/div>\n<\/div>\n<\/div>\n<\/div>\n<\/div>\n\t\t\t\t<\/div>\r\n\t\t\t<\/div>\r\n\t\t<\/div>\r\n\t<\/div>\r\n\t\t\r\n<\/section>\r\n\n\n\n\n<section id=\"section-video-block_557eca60a2e962cb8e4972119009def9\" class=\"section-video d-flex justify-content-center\" style=\"margin-top:0;\">\n\t\n\t\t\t<div aria-hidden=\"true\" class=\"img-wrap\" style=\"width:100%; min-width:1280px; position:relative; height:420px; overflow:hidden; background-image:url(https:\/\/www.nationalparks.ie\/app\/uploads\/2022\/08\/Breaker-Section-4-2.png); background-size:cover;\"><\/div>\n\t<\/section>\n\n\r\n<a id=\"map\" style=\"\"><\/a>\r\n\r\n\r\n\n\n\r\n\r\n<section id=\"block_29711742060f1bfe54493bf97973a433\" class=\"section-boudary-map bg-color-beige py-5\">\r\n\r\n\t<div class=\"boundary-header\">\r\n\t\t<div class=\"container-fluid px-3 px-lg-5\">\r\n\t\t\t<div class=\"row\">\r\n\t\t\t\t\t\t\t\t\t<div class=\"col-12 ps-lg-3\">\r\n\t\t\t\t\t\t<h2 class=\"font-size-heading pb-lg-4\">L\u00e9arsc\u00e1il de Theorainn<\/br>Ph\u00e1irc N\u00e1isi\u00fanta Bhoirne<\/h2>\r\n\t\t\t\t\t<\/div>\r\n\t\t\t\t\t\t\t<\/div>\r\n\t\t<\/div>\r\n\t<\/div>\r\n\r\n\t<div class=\"boundary-map pt-3 pt-lg-0\" style=\"border-top:1px solid #ddd; border-bottom:1px solid #ddd;\">\r\n\t\t<div class=\"container-fluid  px-3 px-lg-4\">\r\n\r\n\t\t\t<div class=\"row\">\r\n\t\t\t\t<div class=\"col-12 col-lg-8\">\r\n\t\t\t\t\t<div class=\"pt-0 pt-lg-4 pe-0 pe-lg-4 pb-0 pb-lg-4 mb-0 h4 font-family-gibson\">\r\n\t\t\t\t\t\t\t\t\t\t\t\t<img decoding=\"async\" class=\"w-100 img-fluid\" src=\"https:\/\/www.nationalparks.ie\/app\/uploads\/2022\/09\/BurrenMap.png\" alt=\"Burren Boundary Map\"\/>\r\n\t\t\t\t\t<\/div>\r\n\t\t\t\t<\/div>\r\n\t\t\t\t<div class=\"col-12 col-lg-4 eden-border-left eden-border-right\">\r\n\t\t\t\t\t<div class=\"row\">\r\n\t\t\t\t\t\t\t\t\t\t\t\t\t<div class=\"col-6 mb-0\">\r\n\t\t\t\t\t\t\t\t<div class=\"p-4 mb-0 eden-border-bottom h4 font-family-gibson color-cyprus\">\r\n\t\t\t\t\t\t\t\t\t<h3 class=\"font-family-gibson text-uppercase fs-6 font-spacing-1\">Ceantar<\/h3>\r\n\t\t\t\t\t\t\t\t\t<div class=\"fs-6 font-spacing-1\">1,500 ha<\/div>\r\n\t\t\t\t\t\t\t\t<\/div>\r\n\t\t\t\t\t\t\t<\/div>\r\n\t\t\t\t\t\t\t\t\t\t\t\t\t\t\t\t\t\t\t<div class=\"col-6\">\r\n\t\t\t\t\t\t\t\t<div class=\"p-4 mb-0 eden-border-left eden-border-bottom h4 font-family-gibson color-cyprus\">\r\n\t\t\t\t\t\t\t\t\t<h3 class=\"font-family-gibson text-uppercase fs-6 font-spacing-1\">S.P.A:<\/h3>\r\n\t\t\t\t\t\t\t\t\t<div class=\"fs-6 font-spacing-1\">001936<\/div>\r\n\t\t\t\t\t\t\t\t<\/div>\t\t\t\t\t\r\n\t\t\t\t\t\t\t<\/div>\r\n\t\t\t\t\t\t\t\t\t\t\t\t<div class=\"col-12\">\r\n\t\t\t\t\t\t\t<div class=\"px-4 py-3 mb-0 eden-border-bottom\">\r\n\t\t\t\t\t\t\t\t<h3 class=\"mb-0 font-family-gibson text-uppercase fs-5 font-spacing-1 color-cyprus\">Suite i gContae an Chl\u00e1ir<\/h3>\r\n\t\t\t\t\t\t\t<\/div>\r\n\t\t\t\t\t\t<\/div>\r\n\t\t\t\t\t\t<div class=\"col-12\">\r\n\t\t\t\t\t\t\t<div class=\"px-4 py-3 mb-0 eden-border-bottom h4 font-family-gibson d-flex justify-content-center\">\r\n\t\t\t\t\t\t\t\t<img decoding=\"async\" class=\"img-fluid\" src=\"https:\/\/www.nationalparks.ie\/app\/uploads\/2022\/08\/mini-map-1.png\" alt=\"Suite i gContae an Chl\u00e1ir\" \/>\r\n\t\t\t\t\t\t\t<\/div>\r\n\t\t\t\t\t\t<\/div>\r\n\t\t\t\t\t\t<div class=\"col-12\">\r\n\t\t\t\t\t\t\t<div class=\"px-4 py-3 mb-0 eden-border-bottom\">\r\n\t\t\t\t\t\t\t\t<h3 class=\"mb-0 font-family-gibson text-uppercase fs-5 font-spacing-1 color-cyprus\">Eochair eolais<\/h3>\r\n\t\t\t\t\t\t\t<\/div>\r\n\t\t\t\t\t\t<\/div>\r\n\r\n\t\t\t\t\t\t<div class=\"legend-list-wrap d-flex flex-column flex-md-row align-items-stretch\">\r\n\t\t\t\t\t\t<div class=\"col-12 col-md-5\">\r\n\t\t\t\t\t\t\t<div class=\"px-2 py-4 mb-0 eden-border-bottom font-family-gibson h-100\">\r\n\t\t\t\t\t\t\t\t<ul class=\"p-0 m-0\">\r\n\t\t\t\t\t\t\t\t\t\t\t\t\t\t\t\t\t\t\t\t\t\t\t\t\t\t\t\t\t\t<li class=\"d-flex align-items-center justify-content-start fs-5 color-cyprus\">\r\n\t\t\t\t\t\t\t\t\t\t\t\t<img decoding=\"async\" class=\"me-3\" src=\"https:\/\/www.nationalparks.ie\/app\/uploads\/2022\/04\/icon-003.jpg\" alt \/>\r\n\t\t\t\t\t\t\t\t\t\t\t\tLoch\t\t\t\t\t\t\t\t\t\t\t<\/li>\r\n\t\t\t\t\t\t\t\t\t\t\t\t\t\t\t\t\t\t\t\t\t<li class=\"d-flex align-items-center justify-content-start fs-5 color-cyprus\">\r\n\t\t\t\t\t\t\t\t\t\t\t\t<img decoding=\"async\" class=\"me-3\" src=\"https:\/\/www.nationalparks.ie\/app\/uploads\/2022\/04\/icon-008.jpg\" alt \/>\r\n\t\t\t\t\t\t\t\t\t\t\t\tAbhainn\t\t\t\t\t\t\t\t\t\t\t<\/li>\r\n\t\t\t\t\t\t\t\t\t\t\t\t\t\t\t\t\t\t\t\t\t<li class=\"d-flex align-items-center justify-content-start fs-5 color-cyprus\">\r\n\t\t\t\t\t\t\t\t\t\t\t\t<img decoding=\"async\" class=\"me-3\" src=\"https:\/\/www.nationalparks.ie\/app\/uploads\/2022\/04\/icon-004.jpg\" alt \/>\r\n\t\t\t\t\t\t\t\t\t\t\t\tR480 \/ R460\t\t\t\t\t\t\t\t\t\t\t<\/li>\r\n\t\t\t\t\t\t\t\t\t\t\t\t\t\t\t\t\t\t\t\t\t\t\t\t\t\t\t<\/ul>\r\n\t\t\t\t\t\t\t<\/div>\r\n\t\t\t\t\t\t<\/div>\r\n\t\t\t\t\t\t<div class=\"col-12 col-md-7\">\r\n\t\t\t\t\t\t\t<div class=\"px-2 py-4 mb-0 eden-border-left eden-border-bottom h4 font-family-gibson h-100\">\r\n\t\t\t\t\t\t\t\t<ul class=\"p-0 m-0\">\r\n\t\t\t\t\t\t\t\t\t\t\t\t\t\t\t\t\t\t\t\t\t\t\t\t\t\t\t\t\t\t<li class=\"d-flex align-items-center justify-content-start fs-5 color-cyprus\">\r\n\t\t\t\t\t\t\t\t\t\t\t\t<img decoding=\"async\" class=\"me-3\" src=\"https:\/\/www.nationalparks.ie\/app\/uploads\/2022\/04\/icon-006.jpg\" alt \/>\r\n\t\t\t\t\t\t\t\t\t\t\t\tBinn na Sl\u00e9ibhe\t\t\t\t\t\t\t\t\t\t\t<\/li>\r\n\t\t\t\t\t\t\t\t\t\t\t\t\t\t\t\t\t\t\t\t\t<li class=\"d-flex align-items-center justify-content-start fs-5 color-cyprus\">\r\n\t\t\t\t\t\t\t\t\t\t\t\t<img decoding=\"async\" class=\"me-3\" src=\"https:\/\/www.nationalparks.ie\/app\/uploads\/2022\/04\/icon-007.jpg\" alt \/>\r\n\t\t\t\t\t\t\t\t\t\t\t\tT\u00fas na si\u00fal\u00f3ide\t\t\t\t\t\t\t\t\t\t\t<\/li>\r\n\t\t\t\t\t\t\t\t\t\t\t\t\t\t\t\t\t\t\t\t\t<li class=\"d-flex align-items-center justify-content-start fs-5 color-cyprus\">\r\n\t\t\t\t\t\t\t\t\t\t\t\t<img decoding=\"async\" class=\"me-3\" src=\"https:\/\/www.nationalparks.ie\/app\/uploads\/2022\/04\/icon-001.jpg\" alt \/>\r\n\t\t\t\t\t\t\t\t\t\t\t\tTeorainn na P\u00e1irce\t\t\t\t\t\t\t\t\t\t\t<\/li>\r\n\t\t\t\t\t\t\t\t\t\t\t\t\t\t\t\t\t\t\t\t\t<li class=\"d-flex align-items-center justify-content-start fs-5 color-cyprus\">\r\n\t\t\t\t\t\t\t\t\t\t\t\t<img decoding=\"async\" class=\"me-3\" src=\"https:\/\/www.nationalparks.ie\/app\/uploads\/2022\/08\/forest-land-1.jpg\" alt \/>\r\n\t\t\t\t\t\t\t\t\t\t\t\tCoillearnach\t\t\t\t\t\t\t\t\t\t\t<\/li>\r\n\t\t\t\t\t\t\t\t\t\t\t\t\t\t\t\t\t\t\t\t\t\t\t\t\t\t\t<\/ul>\r\n\t\t\t\t\t\t\t<\/div>\t\t\t\t\t\r\n\t\t\t\t\t\t<\/div>\r\n\t\t\t\t\t\t<\/div>\r\n\r\n\t\t\t\t\t\t<div class=\"col-12\">\r\n\t\t\t\t\t\t\t<div class=\"p-4 mb-0 font-family-gibson\">\r\n\t\t\t\t\t\t\t\t<p class=\"mb-0 font-size-body-small color-cyprus\">T\u00e1 an l\u00e9arsc\u00e1il seo le haghaidh cusp\u00f3ir\u00ed l\u00e9iritheach amh\u00e1in agus n\u00ed bhreithneofar concl\u00faideach iad maidir leis na teorainneacha n\u00f3 a m\u00e9id. Tabhair faoi deara le do thoil nach nd\u00e9anann an Roinn Tith\u00edochta, Rialtais \u00c1iti\u00fail agus Oidhreacht aon ionada\u00edocht n\u00f3 n\u00ed shol\u00e1thra\u00edonn s\u00e9 aon bhar\u00e1nta maidir le cruinneas, ioml\u00e1ine n\u00f3 airgeadra na l\u00e9arsc\u00e1ile seo. Is leis an \u00fas\u00e1ideoir an riosca an l\u00e9arsc\u00e1il seo a \u00fas\u00e1id, a fh\u00e9adfar a athr\u00fa n\u00f3 go nd\u00e9anfar \u00e9 a nuashonr\u00fa am ar bith gan f\u00f3gra.<\/p>\r\n\t\t\t\t\t\t\t<\/div>\r\n\t\t\t\t\t\t<\/div>\r\n\t\t\t\t\t<\/div>\r\n\t\t\t\t<\/div>\r\n\t\t\t<\/div>\r\n\r\n\t\t<\/div>\t\r\n\t<\/div>\r\n<\/section>\n\n\r\n<a id=\"news\" style=\"\"><\/a>\r\n\r\n\r\n\n\n<section id=\"block_c9a4d95ba5a6685881122d10bea8fe4e\" class=\"section-highlight-box bg-color-beige bg-color-purple-light color-black automatic py-5\">\n\t<div class=\"container-fluid px-3 px-lg-5\">\n\t\t<div class=\"row\">\n\t\t\t<div class=\"col-12\">\n\t\t\t\t<h2 class=\"font-size-heading ps-lg-3 pb-lg-4\">Nuacht &#038; F\u00f3gra\u00ed<\/h2>\n\t\t\t<\/div>\n\t\t<\/div>\n\t<\/div>\n\t<hr class=\"m-0\" style=\"opacity:1; border-bottom:1px solid #9C9494; background-color: transparent;\"\/>\n\t<div class=\"container-fluid px-3 px-lg-5\">\n\t\t\t<div class=\"row\">\t\n\t\t\t\n\t\t\t\t\t\t\t\t\t\n\t\t\t\t<div class=\"col-12 highlight-item col-lg-4\">\n\t\t\t\t\t<div class=\"p-3\">\n\t\t\t\t\t\t<!-- <img decoding=\"async\" style=\"border-bottom:20px solid #0F2640;\" class=\"w-100 img-fluid\" src=\"https:\/\/www.nationalparks.ie\/app\/uploads\/2026\/04\/Events-in-the-Park-16.jpg\" alt=\"April Events\" \/> -->\n\t\t\t\t\t\t\n\t\t\t\t\t\t\t\t\t\t\t\t\n\t\t\t\t\t\t\n\t\t\t\t\t\t<div class=\"highlight-img-wrap w-100\" style=\"position:relative;\">\n\t\t\t\t\t\t\t<div class=\"\" style=\"display:block; padding-bottom:100%;\">\n\t\t\t\t\t\t\t\t<span class=\"w-100 h-100\" style=\"background-image:url('https:\/\/www.nationalparks.ie\/app\/uploads\/2026\/04\/Events-in-the-Park-16.jpg'); background-position:center center; background-size:cover; position:absolute;\" role=\"img\" aria-label=\"April Events\"><\/span>\t\t\t\t\t\t\t\t\n\t\t\t\t\t\t\t<\/div>\n\t\t\t\t\t\t<\/div>\n\t\t\t\t\t\t<div class=\"p-3\">\n\t\t\t\t\t\t\t<h3 class=\"font-size-heading-small\">April Events<\/h3>\n\t\t\t\t\t\t\t\t\t\t\t\t\t\t\t<p class=\"color-black text-uppercase font-size-capitalised\">8 April 2026<\/p>\n\t\t\t\t\t\t\t\t\t\t\t\t\t\t<hr\/>\n\t\t\t\t\t\t\t<div class=\"font-size-body-small\">Join us in the Burren National Park this April for some birdwatching or try your hand at some nature inspired creative writing. We are also running our popular Spring Flora ID and Woodlands walks. Our events are free but booking is essential as places are limited. Please contact us at burrennationalpark@npws.gov.ie or phone 065 6827693<\/div>\n\t\t\t\t\t\t\t\n\t\t\t\t\t\t\t<a class=\"d-table mt-4 btn-02 border-radius-small color-black text-uppercase\" href=\"https:\/\/www.nationalparks.ie\/ga\/burren\/april-events\/\" aria-label=\"Read more about April Events\">Read more<\/a>\n\t\t\t\t\t\t<\/div>\n\t\t\t\t\t<\/div>\n\t\t\t\t<\/div>\n\t\t\t\n\t\t\t\t\t\t\t\t\t\n\t\t\t\t<div class=\"col-12 highlight-item col-lg-4\">\n\t\t\t\t\t<div class=\"p-3\">\n\t\t\t\t\t\t<!-- <img decoding=\"async\" style=\"border-bottom:20px solid #0F2640;\" class=\"w-100 img-fluid\" src=\"https:\/\/www.nationalparks.ie\/app\/uploads\/2026\/03\/Events-in-the-Park-14.jpg\" alt=\"Easter Events\" \/> -->\n\t\t\t\t\t\t\n\t\t\t\t\t\t\t\t\t\t\t\t\n\t\t\t\t\t\t\n\t\t\t\t\t\t<div class=\"highlight-img-wrap w-100\" style=\"position:relative;\">\n\t\t\t\t\t\t\t<div class=\"\" style=\"display:block; padding-bottom:100%;\">\n\t\t\t\t\t\t\t\t<span class=\"w-100 h-100\" style=\"background-image:url('https:\/\/www.nationalparks.ie\/app\/uploads\/2026\/03\/Events-in-the-Park-14.jpg'); background-position:center center; background-size:cover; position:absolute;\" role=\"img\" aria-label=\"Easter Events\"><\/span>\t\t\t\t\t\t\t\t\n\t\t\t\t\t\t\t<\/div>\n\t\t\t\t\t\t<\/div>\n\t\t\t\t\t\t<div class=\"p-3\">\n\t\t\t\t\t\t\t<h3 class=\"font-size-heading-small\">Easter Events<\/h3>\n\t\t\t\t\t\t\t\t\t\t\t\t\t\t\t<p class=\"color-black text-uppercase font-size-capitalised\">26 March 2026<\/p>\n\t\t\t\t\t\t\t\t\t\t\t\t\t\t<hr\/>\n\t\t\t\t\t\t\t<div class=\"font-size-body-small\">Celebrate Easter outdoors and experience Spring in the Burren National Park. We will be running guided walks and a children&#8217;s storytelling event this coming Easter weekend.Our events are free but booking is essential as places are limited. Please contact us at burrennationalpark@npws.gov.ie or phone 065 6827693 for more details and to book. Walks are weather<\/div>\n\t\t\t\t\t\t\t\n\t\t\t\t\t\t\t<a class=\"d-table mt-4 btn-02 border-radius-small color-black text-uppercase\" href=\"https:\/\/www.nationalparks.ie\/ga\/burren\/easter-events\/\" aria-label=\"Read more about Easter Events\">Read more<\/a>\n\t\t\t\t\t\t<\/div>\n\t\t\t\t\t<\/div>\n\t\t\t\t<\/div>\n\t\t\t\n\t\t\t\t\t\t\t\t\t\n\t\t\t\t<div class=\"col-12 highlight-item col-lg-4\">\n\t\t\t\t\t<div class=\"p-3\">\n\t\t\t\t\t\t<!-- <img decoding=\"async\" style=\"border-bottom:20px solid #0F2640;\" class=\"w-100 img-fluid\" src=\"https:\/\/www.nationalparks.ie\/app\/uploads\/2026\/03\/Events-in-the-Park-13.jpg\" alt=\"Upcoming Events\" \/> -->\n\t\t\t\t\t\t\n\t\t\t\t\t\t\t\t\t\t\t\t\n\t\t\t\t\t\t\n\t\t\t\t\t\t<div class=\"highlight-img-wrap w-100\" style=\"position:relative;\">\n\t\t\t\t\t\t\t<div class=\"\" style=\"display:block; padding-bottom:100%;\">\n\t\t\t\t\t\t\t\t<span class=\"w-100 h-100\" style=\"background-image:url('https:\/\/www.nationalparks.ie\/app\/uploads\/2026\/03\/Events-in-the-Park-13.jpg'); background-position:center center; background-size:cover; position:absolute;\" role=\"img\" aria-label=\"Upcoming Events\"><\/span>\t\t\t\t\t\t\t\t\n\t\t\t\t\t\t\t<\/div>\n\t\t\t\t\t\t<\/div>\n\t\t\t\t\t\t<div class=\"p-3\">\n\t\t\t\t\t\t\t<h3 class=\"font-size-heading-small\">Upcoming Events<\/h3>\n\t\t\t\t\t\t\t\t\t\t\t\t\t\t\t<p class=\"color-black text-uppercase font-size-capitalised\">2 March 2026<\/p>\n\t\t\t\t\t\t\t\t\t\t\t\t\t\t<hr\/>\n\t\t\t\t\t\t\t<div class=\"font-size-body-small\">Upcoming events in the Burren National Park for March&#8230; Our events are free but booking is essential for guided walks as places are limited. Please contact us at burrennationalpark@npws.gov.ie or phone 065 6827693 for more details and to book. Walks are weather dependent and may be cancelled if weather warnings are issued.<\/div>\n\t\t\t\t\t\t\t\n\t\t\t\t\t\t\t<a class=\"d-table mt-4 btn-02 border-radius-small color-black text-uppercase\" href=\"https:\/\/www.nationalparks.ie\/ga\/burren\/upcoming-events-3\/\" aria-label=\"Read more about Upcoming Events\">Read more<\/a>\n\t\t\t\t\t\t<\/div>\n\t\t\t\t\t<\/div>\n\t\t\t\t<\/div>\n\t\t\t\n\t\t\t\t\t\t\t\t\t\n\n\t\t<\/div>\n\t\t<\/div>\n\t<hr class=\"m-0\" style=\"opacity:1; border-top:1px solid #9C9494; background-color: transparent;\"\/>\n<\/section>\n\n\r\n<a id=\"picks\" style=\"\"><\/a>\r\n\r\n\r\n\n\n<section id=\"block_058527787a0477f721d6316163069247\" class=\"section-highlight-box bg-color-beige bg-color-beige color-black manual py-5\">\n\t<div class=\"container-fluid px-3 px-lg-5\">\n\t\t<div class=\"row\">\n\t\t\t<div class=\"col-12\">\n\t\t\t\t<h2 class=\"font-size-heading ps-lg-3 pb-lg-4\">Buaicphoint\u00ed na P\u00e1irce<\/h2>\n\t\t\t<\/div>\n\t\t<\/div>\n\t<\/div>\n\t<hr class=\"m-0\" style=\"opacity:1; border-bottom:1px solid #9C9494; background-color: transparent;\"\/>\n\t<div class=\"container-fluid px-3 px-lg-5\">\n\t\t\t<div class=\"row\">\t\n\t\t\t\t\t\t\t\t\t\t\t\t\n\t\t\t\t\t\t\t\t\t\t\t\n\t\t\t\t\t\t<div class=\"col-12 highlight-item col-12 col-lg-4\">\n\t\t\t\t\t\t\t<div class=\"p-3\">\n\t\t\t\t\t\t\t\t<div class=\"highlight-img-wrap w-100\" style=\"position:relative;\">\n\t\t\t\t\t\t\t\t\t<div class=\"\" style=\"display:block; padding-bottom:100%;\">\n\t\t\t\t\t\t\t\t\t\t<span class=\"w-100 h-100\" style=\"background-image:url('https:\/\/www.nationalparks.ie\/app\/uploads\/2022\/04\/Rectangle-27.png'); background-position:center center; background-size:cover; position:absolute;\" role=\"img\" aria-label=\"Gn\u00e1th\u00f3g Th\u00edrdhreach Boireannach\"><\/span>\t\t\t\t\t\t\t\t\n\t\t\t\t\t\t\t\t\t<\/div>\n\t\t\t\t\t\t\t\t<\/div>\n\t\t\t\t\t\t\t\t<div class=\"p-3\">\n\t\t\t\t\t\t\t\t\t<h3 class=\"font-size-heading-small\">Gn\u00e1th\u00f3g Th\u00edrdhreach Boireannach<\/h3>\n\t\t\t\t\t\t\t\t\t<p class=\"color-black text-uppercase font-size-capitalised\">Gn\u00e1th\u00f3ga<\/p>\n\t\t\t\t\t\t\t\t\t<hr\/>\n\t\t\t\t\t\t\t\t\t<div class=\"font-size-body-small\"><p>T\u00e1 p\u00e1bh\u00e1il aolchloiche Bhoirne ar an t\u00edrdhreach boireannach is m\u00f3 san Eoraip. Samhla\u00edtear p\u00e1bh\u00e1il aolchloiche le Boirinn agus cl\u00fada\u00edonn s\u00ed an chuid is m\u00f3 den Ph\u00e1irc N\u00e1isi\u00fanta, c\u00e9 gur minic go bhfuil measc\u00e1n de ghn\u00e1th\u00f3ga eile i gceist. Faigh amach tuilleadh faoin ngn\u00e1th\u00f3g uath\u00fail seo tr\u00ed chlice\u00e1il ar an nasc th\u00edos.<\/p>\n<\/div>\n\t\t\t\t\t\t\t\t\t\n\t\t\t\t\t\t\t\t\t\t\t\t\t\t\t\t\t\n\t\t\t\t\t\t\t\t\t\t<a class=\"d-table mt-4 btn-02 border-radius-small color-black text-uppercase\" href=\"\/ga\/burren\/nature-conservation\/#habitats\">Gn\u00e1th\u00f3ga<\/a>\n\t\t\t\t\t\t\t\t\t\t\t\t\t\t\t\t\t<\/div>\n\t\t\t\t\t\t\t<\/div>\n\t\t\t\t\t\t<\/div>\n\t\t\t\t\t\t\n\t\t\t\t\t\t\t\t\t\t\n\t\t\t\t\t\t\t\t\t\n\t\t\t\t\t\t\t\t\t\t\t\n\t\t\t\t\t\t<div class=\"col-12 highlight-item col-12 col-lg-4\">\n\t\t\t\t\t\t\t<div class=\"p-3\">\n\t\t\t\t\t\t\t\t<div class=\"highlight-img-wrap w-100\" style=\"position:relative;\">\n\t\t\t\t\t\t\t\t\t<div class=\"\" style=\"display:block; padding-bottom:100%;\">\n\t\t\t\t\t\t\t\t\t\t<span class=\"w-100 h-100\" style=\"background-image:url('https:\/\/www.nationalparks.ie\/app\/uploads\/2022\/04\/Rectangle-28.png'); background-position:center center; background-size:cover; position:absolute;\" role=\"img\" aria-label=\"Magairl\u00edn\u00ed Bhoirne\"><\/span>\t\t\t\t\t\t\t\t\n\t\t\t\t\t\t\t\t\t<\/div>\n\t\t\t\t\t\t\t\t<\/div>\n\t\t\t\t\t\t\t\t<div class=\"p-3\">\n\t\t\t\t\t\t\t\t\t<h3 class=\"font-size-heading-small\">Magairl\u00edn\u00ed Bhoirne<\/h3>\n\t\t\t\t\t\t\t\t\t<p class=\"color-black text-uppercase font-size-capitalised\">Fl\u00f3ra agus F\u00e1na<\/p>\n\t\t\t\t\t\t\t\t\t<hr\/>\n\t\t\t\t\t\t\t\t\t<div class=\"font-size-body-small\"><p>T\u00e1 speicis mhagairl\u00edn\u00ed faoi rath i mBoirinn. D\u00e9anta na f\u00edrinne, t\u00e1 23 den 27 speiceas at\u00e1 in \u00c9irinn le feice\u00e1il sa ph\u00e1irc. Is iad na ch\u00e9ad chinn a dtagann bl\u00e1th orthu gach earrach n\u00e1 an magairl\u00edn meidhreach agus an magairl\u00edn glas. I measc na speiceas eile at\u00e1 anseo, t\u00e1 magairl\u00edn na gcuileanna, magairl\u00edn na mbeach, magairl\u00edn an fh\u00e9ileac\u00e1in, agus ceithre speiceas de chuaich\u00edn, lena n-\u00e1ir\u00edtear an cuaich\u00edn caol at\u00e1 neamhchoitianta.<\/p>\n<\/div>\n\t\t\t\t\t\t\t\t\t\n\t\t\t\t\t\t\t\t\t\t\t\t\t\t\t\t\t\n\t\t\t\t\t\t\t\t\t\t<a class=\"d-table mt-4 btn-02 border-radius-small color-black text-uppercase\" href=\"\/ga\/burren\/nature-conservation\/#flora\">Fl\u00f3ra<\/a>\n\t\t\t\t\t\t\t\t\t\t\t\t\t\t\t\t\t<\/div>\n\t\t\t\t\t\t\t<\/div>\n\t\t\t\t\t\t<\/div>\n\t\t\t\t\t\t\n\t\t\t\t\t\t\t\t\t\t\n\t\t\t\t\t\t\t\t\t\n\t\t\t\t\t\t\t\t\t\t\t\n\t\t\t\t\t\t<div class=\"col-12 highlight-item col-12 col-lg-4\">\n\t\t\t\t\t\t\t<div class=\"p-3\">\n\t\t\t\t\t\t\t\t<div class=\"highlight-img-wrap w-100\" style=\"position:relative;\">\n\t\t\t\t\t\t\t\t\t<div class=\"\" style=\"display:block; padding-bottom:100%;\">\n\t\t\t\t\t\t\t\t\t\t<span class=\"w-100 h-100\" style=\"background-image:url('https:\/\/www.nationalparks.ie\/app\/uploads\/2022\/04\/Rectangle-5-3-2-scaled.png'); background-position:center center; background-size:cover; position:absolute;\" role=\"img\" aria-label=\"Pointe Eolais do Chuairteoir\u00ed\"><\/span>\t\t\t\t\t\t\t\t\n\t\t\t\t\t\t\t\t\t<\/div>\n\t\t\t\t\t\t\t\t<\/div>\n\t\t\t\t\t\t\t\t<div class=\"p-3\">\n\t\t\t\t\t\t\t\t\t<h3 class=\"font-size-heading-small\">Pointe Eolais do Chuairteoir\u00ed<\/h3>\n\t\t\t\t\t\t\t\t\t<p class=\"color-black text-uppercase font-size-capitalised\">Foghlaim &amp; Oideachas<\/p>\n\t\t\t\t\t\t\t\t\t<hr\/>\n\t\t\t\t\t\t\t\t\t<div class=\"font-size-body-small\"><p>T\u00e1 Pointe Eolais Ph\u00e1irc N\u00e1isi\u00fanta Bhoirne ar oscailt ar feadh s\u00e9 mh\u00ed den bhliain \u00f3 mh\u00ed Aibre\u00e1in go dt\u00ed deireadh mh\u00ed Deireadh F\u00f3mhair. Cuireann \u00e1r dTreoraithe do Chuairteoir\u00ed cl\u00e1r for-rochtana ar f\u00e1il do scoileanna \u00e1iti\u00fala tr\u00ed fhaisn\u00e9is a chur ar f\u00e1il maidir le P\u00e1irc N\u00e1isi\u00fanta Bhoirne agus na planda\u00ed agus ainmhithe a mhaireann inti.<\/p>\n<\/div>\n\t\t\t\t\t\t\t\t\t\n\t\t\t\t\t\t\t\t\t\t\t\t\t\t\t\t\t\n\t\t\t\t\t\t\t\t\t\t<a class=\"d-table mt-4 btn-02 border-radius-small color-black text-uppercase\" href=\"\/ga\/burren\/learn\/\">Foghlaim<\/a>\n\t\t\t\t\t\t\t\t\t\t\t\t\t\t\t\t\t<\/div>\n\t\t\t\t\t\t\t<\/div>\n\t\t\t\t\t\t<\/div>\n\t\t\t\t\t\t\n\t\t\t\t\t\t\t\t\t\t\n\t\t\t\t\t\t\t\n\t\t<\/div>\n\t\t<\/div>\n\t<hr class=\"m-0\" style=\"opacity:1; border-top:1px solid #9C9494; background-color: transparent;\"\/>\n<\/section>\n\n\r\n<a id=\"howtogethere\" style=\"\"><\/a>\r\n\r\n\r\n\n\n\r\n<section id=\"block_eef9f4929874c150b8d0d0616c8ad2ea\" class=\"section-twocolumns py-4 py-lg-4 bg-color-purple color-white\" style=\"background-image:url(); \">\r\n\t\t\r\n\t\t<div class=\"container-fluid px-3 px-lg-5\">\r\n\t\t\t<div class=\"row\">\r\n\t\t\t\t<div class=\"col-12 section-twocolumns__title\">\r\n\t\t\t\t\t<h2 class=\"font-size-heading\">Eolas faoi do chuairt<\/h2>\r\n\t\t\t\t<\/div>\r\n\t\t\t<\/div>\t\r\n\t\t<\/div>\t\r\n\t\t<hr>\r\n\t\t<div class=\"d-flex flex-column\">\r\n\t\t\r\n\t \t\r\n\t<div class=\"container-fluid px-3 px-lg-5 section-twocolumns__columns order-2 \">\r\n\t\t<div class=\"row\">\r\n\t\t\t<div class=\"d-flex flex-column flex-lg-row\">\r\n\t\t\t\t<div class=\"col-12 col-lg-6  first-column\">\r\n\t\t\t\t\t<p class=\"h5 font-family-naisiuntamedium pb-3\">T\u00e1 P\u00e1irc N\u00e1isi\u00fanta Bhoirne comhdh\u00e9anta de shraith limist\u00e9ar tal\u00fan faoi \u00fain\u00e9ireacht phoibl\u00ed at\u00e1 suite laistigh de r\u00e9igi\u00fan Bhoirne i gcoitinne. T\u00e1 go leor den chuid eile den r\u00e9igi\u00fan faoi \u00fain\u00e9ireacht phr\u00edobh\u00e1ideach. D\u00e9anann an tSeirbh\u00eds P\u00e1irceanna N\u00e1isi\u00fanta agus Fiadh\u00falra bainisti\u00fa ar thailte Ph\u00e1irc N\u00e1isi\u00fanta Bhoirne, agus is f\u00e9idir rochtain a fh\u00e1il orthu \u00f3 roinnt \u00e1iteanna.<\/p>\n<p class=\"font-family-naisiuntamedium\">Is \u00e9 an bealach is fearr chun eisp\u00e9ireas a fh\u00e1il ar an bP\u00e1irc N\u00e1isi\u00fanta n\u00e1 cuairt a thabhairt ar dt\u00fas ar Phointe Faisn\u00e9ise Ph\u00e1irc N\u00e1isi\u00fanta Bhoirne i sr\u00e1idbhaile Chora Finne. Ag an bPointe Faisn\u00e9ise, is f\u00e9idir leat labhairt len\u00e1r dTreoraithe chun na ruda\u00ed is fearr le feice\u00e1il agus le d\u00e9anamh agus conair\u00ed si\u00fal\u00f3ireachta a fh\u00e1il amach, agus p\u00e1irt a ghlacadh in\u00e1r dturais threoraithe saor in aisce (t\u00e9igh i dteagmh\u00e1il leis an bPointe Faisn\u00e9ise chun \u00e1it a chur in \u00e1irithe roimh r\u00e9).<\/p>\n<p class=\"font-family-naisiuntamedium\">\u00d3n bPointe Faisn\u00e9ise i gCora Finne, cuirimid bus tointe\u00e1la saor in aisce ar f\u00e1il go dt\u00ed t\u00fas si\u00fal\u00f3ide na P\u00e1irce N\u00e1isi\u00fanta ag imeacht gach tr\u00edocha n\u00f3im\u00e9ad, agus ag filleadh \u00f3n bpointe c\u00e9anna, \u00f3 Bhealtaine go deireadh L\u00fanasa. Sa sr\u00e1idbhaile feicfidh t\u00fa siopa\u00ed, caif\u00e9 agus l\u00e1thair champ\u00e1la.<\/p>\n<p class=\"font-family-naisiuntamedium\">T\u00e1 p\u00e1irce\u00e1il saor in aisce i gCora Finne. N\u00edl aon \u00e1iseanna p\u00e1irce\u00e1la, siopa n\u00f3 leithris ag t\u00fas na si\u00fal\u00f3ide.<\/p>\n\t\t\t\t<\/div>\r\n\t\t\t\t<div class=\"col-12 col-lg-6  mb-3 mb-lg-5 second-column\">\r\n\t\t\t\t\t<h3 class=\"font-size-heading-small\">Treoracha<\/h3>\n<p class=\"font-family-naisiuntamedium pb-3\">Chun teacht ar Phointe Faisn\u00e9ise Ph\u00e1irc N\u00e1isi\u00fanta Bhoirne, cuir isteach Eirch\u00f3d V95 VX83 n\u00f3 na comhordan\u00e1id\u00ed 52.944953,-9.063026 i do ghl\u00e9as loingseoireachta.<\/p>\n<p class=\"font-family-naisiuntamedium pb-3\">T\u00e1imid i gCora Finne, timpeall 15 n\u00f3im\u00e9ad (10km) \u00f3 Inis, Co. an Chl\u00e1ir, ar bh\u00f3thar an R476 agus 30 n\u00f3im\u00e9ad (23km) \u00f3n nGort, Co. na Gaillimhe, ar an R460.<\/p>\n<hr \/>\n<p class=\"h4 font-family-naisiuntamedium pb-3\">Iompar poibl\u00ed go Cora Finne<\/p>\n<p  class=\"font-family-naisiuntamedium pb-3\">D\u00e9anann na beala\u00ed bus seo a leanas freastal ar Chora Finne:<\/p>\n<ul>\n<li>Bealach 333 Bhus \u00c9ireann <a href=\"https:\/\/www.buseireann.ie\/routes-and-timetables\/333\" target=\"_blank\" rel=\"noopener\" class=\"color-white\">(Amchl\u00e1r Bhealach 333)<\/a>.<\/li>\n<li>Bealach Nasc \u00c1iti\u00fail C5 <a href=\"https:\/\/www.locallinklc.ie\/2024\/01\/03\/c5-ennis-corofin-lisdoonvarna-ballyvaughan-ennistymon-tuesday-weekly-starting-tuesday-9th-january\/\" target=\"_blank\" rel=\"noopener\" class=\"color-white\">(Amchl\u00e1r Bhealach C5)<\/a>.<\/li>\n<li>Bealach Nasc \u00c1iti\u00fail C11 <a href=\"https:\/\/www.locallinklc.ie\/2024\/01\/03\/c11-corofin-ruan-ennis-saturdays-weekly-starting-the-13th-of-january-2024\/\" target=\"_blank\" rel=\"noopener\" class=\"color-white\">(Amchl\u00e1r Bhealach C11)<\/a>.<\/li>\n<\/ul>\n\t\t\t\t<\/div>\r\n\t\t\t<\/div>\r\n\t\t<\/div>\r\n\t<\/div>\r\n\t\t\r\n<\/section>\r\n\n\n\r\n<a id=\"shuttlebus\" style=\"\"><\/a>\r\n\r\n\r\n\n\n\n<div class=\"wp-block-group has-background is-layout-constrained wp-block-group-is-layout-constrained\" style=\"background-color:#e8e8f5\">\n<h2 class=\"wp-block-heading font-size-heading ticss-00c6103f\">Bus Tointe\u00e1la Saor in Aisce na Boirne &amp; Aillte an Mhothair<\/h2>\n<\/div>\n\n\n\n<div class=\"wp-block-group ticss-b10ebc4f has-background is-layout-constrained wp-block-group-is-layout-constrained\" style=\"background-color:#e8e8f5\">\n<p class=\"h5 font-family-naisiuntamedium pb-3\"><strong><a href=\"https:\/\/npws.palisis.com\/\" target=\"_blank\" rel=\"noreferrer noopener\">Cuir do thic\u00e9ad bus tointe\u00e1la L\u00e9im ann, L\u00e9im amach SAOR IN AISCE in \u00e1irithe!<\/a><\/strong><\/p>\n\n\n\n<p class=\"font-family-naisiuntamedium\">T\u00e1 s\u00e9 n\u00edos fusa anois n\u00e1 riamh <strong>P\u00e1irc N\u00e1isi\u00fanta Bhoirne <\/strong>a bhaint amach! Tabharfaidh \u00e1r mbus tointe\u00e1la saor in aisce chuig dh\u00e1 \u00e1it i gcro\u00edl\u00e1r na P\u00e1irce N\u00e1isi\u00fanta th\u00fa agus ar ais ar\u00eds:<\/p>\n\n\n\n<ul class=\"wp-block-list\">\n<li>T\u00e9igh <strong>sl\u00ed Ph\u00e1irc N\u00e1isi\u00fanta Bhoirne<\/strong> chun cuairt a thabhairt ar chro\u00edl\u00e1r <strong>Ph\u00e1irc N\u00e1isi\u00fanta Bhoirne<\/strong>.<\/li>\n\n\n\n<li>T\u00e9igh <strong>sl\u00ed \u00f3 Chora Finne<\/strong> go dt\u00ed An Carn chun cuairt a thabhairt ar <strong>Shliabh Chairn<\/strong>..<\/li>\n<\/ul>\n\n\n\n<div class=\"wp-block-columns is-layout-flex wp-container-core-columns-is-layout-9d6595d7 wp-block-columns-is-layout-flex\">\n<div class=\"wp-block-column is-layout-flow wp-block-column-is-layout-flow\">\n<a class=\"btn-01 btn-download color-black\" style=\"margin-top: 1em;\" href=\"https:\/\/www.nationalparks.ie\/app\/uploads\/2023\/07\/NPWS-Burrren-Walking-Trails-2023.pdf\" target=\"_blank\" rel=\"noreferrer noopener\">Treoir F\u00e1na\u00edochta<\/a>\n<\/div>\n<\/div>\n\n\n\n<div class=\"wp-block-columns is-layout-flex wp-container-core-columns-is-layout-9d6595d7 wp-block-columns-is-layout-flex\">\n<div class=\"wp-block-column is-layout-flow wp-block-column-is-layout-flow\">\n<h3 class=\"wp-block-heading h5 font-family-naisiuntamedium pb-3 ticss-e497269d\"><strong>T\u00fas na Si\u00fal\u00f3ide Ph\u00e1irc N\u00e1isi\u00fanta Bhoirne ag Cros Sheanaidh\/Gort Leaca<\/strong><\/h3>\n\n\n\n<p>T\u00e1 Cros Sheanaidh\/Gort Leaca suite i bP\u00e1irc N\u00e1isi\u00fanta Bhoirne thart ar 8km siar \u00f3 thuaidh \u00f3 Phointe Eolais Bhoirne i gCora Finne. Tosa\u00edonn na si\u00fal\u00f3id\u00ed ag an bpointe seo do roinnt conair\u00ed a bhfuil marcanna sl\u00ed orthu de fhaid agus de dheacrachta\u00ed \u00e9ags\u00fala. Is si\u00fal\u00f3id\u00ed thar thalamh garbh at\u00e1 i gceist le conair\u00ed dearga, gorma agus glasa a th\u00f3gann idir 2.5 agus 3.5 uair an chloig le cr\u00edochn\u00fa agus a thugann go barr chnoc iontach Mhullach M\u00f3r th\u00fa. Is si\u00fal\u00f3id\u00ed n\u00edos giorra, \u00e9asca go measartha i gceist le conair\u00ed or\u00e1iste agus b\u00e1n, a mhaireann idir 30 n\u00f3im\u00e9ad agus faoi bhun uair an chloig. Treora\u00edonn na conair\u00ed seo go l\u00e9ir cuairteoir\u00ed tr\u00ed ghn\u00e1th\u00f3ga tipici\u00fala na Boirne ar n\u00f3s p\u00e1bh\u00e1il aolchloiche, f\u00e9arthailte iontacha at\u00e1 saibhir i speicis, turlaigh, coillte fuinseoige\/coillte, scrobarnach coill, aillte agus m\u00f3in. Is ait \u00ed P\u00e1irc N\u00e1isi\u00fanta Bhoirne at\u00e1 thar cionn blaiseadh a fh\u00e1il den fl\u00f3ra, f\u00e1na agus geola\u00edocht uath\u00fail agus \u00e9ags\u00fail at\u00e1 le feice\u00e1il sa Bhoirne.<\/p>\n<\/div>\n\n\n\n<div class=\"wp-block-column is-layout-flow wp-block-column-is-layout-flow\">\n<h3 class=\"wp-block-heading h5 font-family-naisiuntamedium pb-3 ticss-8eff8ff7\"><strong>Anaclann D\u00falra Shliabh Cairn<\/strong><\/h3>\n\n\n\n<p>T\u00e1 Anaclann D\u00falra Shliabh Cairn, ar a dtugtar Carraig an Iolair freisin, suite in oirthear na Boirne. Le radharcra tipici\u00fail na Boirne, is \u00e1it iontach \u00ed an anaclann d\u00falra chun blaiseadh a fh\u00e1il de radharcra agus n\u00e1d\u00far na ceantair. Seo tr\u00ed chonair si\u00fal\u00f3ide iontacha agus iarg\u00falta. T\u00e9ann an si\u00fal\u00f3id l\u00faibe b\u00e1ndearg 1km agus an si\u00fal\u00f3id l\u00faibe donn 2.5km araon tr\u00ed ph\u00e1bh\u00e1il aolchloiche oscailte agus limist\u00e9ir coillte darach\/fuinseoige\/coill aib\u00ed. T\u00e1 aireagal cloiche, uaimh agus tobar naofa ar an su\u00edomh seo freisin a bhaineann le Naomh Colm\u00e1n Mac Duagh, a bhunaigh d\u00edseart anseo sa 7\u00fa haois, de r\u00e9ir tuairisce.<\/p>\n<\/div>\n<\/div>\n\n\n\n<div class=\"wp-block-columns is-layout-flex wp-container-core-columns-is-layout-9d6595d7 wp-block-columns-is-layout-flex\">\n<div class=\"wp-block-column is-layout-flow wp-block-column-is-layout-flow\">\n<a class=\"btn-02 border-radius-small color-black text-uppercase\" href=\"https:\/\/npws.palisis.com\/\" target=\"_blank\" rel=\"noreferrer noopener\">D\u00e9an \u00e1irithint anois<\/a>\n<\/div>\n<\/div>\n\n\n\n<div class=\"wp-block-group is-layout-constrained wp-block-group-is-layout-constrained\"><\/div>\n<\/div>\n\n\n\n<div class=\"wp-block-group has-background is-layout-constrained wp-block-group-is-layout-constrained\" style=\"background-color:#e8e8f5\">\n<h3 class=\"wp-block-heading font-size-heading ticss-00c6103f has-background\" style=\"background-color:#fff9ed\">Bus Tointe\u00e1la Saor in Aisce<\/h3>\n<\/div>\n\n\n\n<div class=\"wp-block-columns ticss-81baf5d5 has-background is-layout-flex wp-container-core-columns-is-layout-9d6595d7 wp-block-columns-is-layout-flex\" style=\"background-color:#fff9ed\">\n<div class=\"wp-block-column is-layout-flow wp-block-column-is-layout-flow\" style=\"flex-basis:33%\">\n<figure class=\"wp-block-table\"><table class=\"has-fixed-layout\"><thead><tr><th><strong><strong>Ag f\u00e1g\u00e1il Chora Finne<\/strong><\/strong><\/th><th><strong><strong>Ag f\u00e1g\u00e1il<br>Ph\u00e1irc N\u00e1isi\u00fanta Bhoirne<\/strong><\/strong><\/th><\/tr><\/thead><tbody><tr><td>9:30<\/td><td>9:45<\/td><\/tr><tr><td>10:00<\/td><td>10:15<\/td><\/tr><tr><td>10:30<\/td><td>10:45<\/td><\/tr><tr><td>11:00<\/td><td>11:15<\/td><\/tr><tr><td>11:30<\/td><td>11:45<\/td><\/tr><tr><td>12:00<\/td><td>12:15<\/td><\/tr><tr><td>12:30<\/td><td>12:45<\/td><\/tr><tr><td>Sos L\u00f3in<\/td><td>Sos L\u00f3in<\/td><\/tr><tr><td>14:00<\/td><td>14:15<\/td><\/tr><tr><td>14:30<\/td><td>14:45<\/td><\/tr><tr><td>15:00<\/td><td>15:15<\/td><\/tr><tr><td>15:30<\/td><td>15:45<\/td><\/tr><tr><td>16:00<\/td><td>16:15<\/td><\/tr><tr><td>16:30<\/td><td>16:45<\/td><\/tr><tr><td>17:00<\/td><td>17:15<\/td><\/tr><\/tbody><\/table><\/figure>\n<\/div>\n\n\n\n<div class=\"wp-block-column is-layout-flow wp-block-column-is-layout-flow\" style=\"flex-basis:67%\">\n<p>Bain sult as \u00e1illeacht th\u00edrdhreach uath\u00fail na <strong>Boirne<\/strong>, a chonair\u00ed si\u00fail, a fl\u00f3ra, a f\u00e1na, agus \u00e1r bPointe Eolais i <strong>bP\u00e1irc N\u00e1isi\u00fanta Bhoirne i Sr\u00e1idbhaile Chora Finne<\/strong>, \u00e1it ar f\u00e9idir leat do charr a ph\u00e1irce\u00e1il agus an bus a th\u00f3g\u00e1il.<\/p>\n\n\n\n<p>Is f\u00e9idir leat \u00e1irithint a dh\u00e9anamh freisin chun dul go <strong>hAillte an Mhothair <\/strong>agus blaiseadh a fh\u00e1il ar dhra\u00edocht<strong> Chontae an Chl\u00e1ir<\/strong> tr\u00edna bhailte beoga\u2014Sr\u00e1id na Cathrach, at\u00e1 aitheanta as a ceol traidisi\u00fanta, agus <strong>Lios Ceann\u00fair<\/strong>. Tabhair cuairt ar <strong>Dh\u00falainn<\/strong>, cro\u00edl\u00e1r mhuintir na h\u00c9ireann, agus ar shr\u00e1idbhaile stairi\u00fail ardeaglaise <strong>Chill Fhionn\u00farach<\/strong>. Lig do sc\u00edth i <strong>Lios D\u00fain Bhearna<\/strong>, at\u00e1 c\u00e1ili\u00fail as a fh\u00e9ile l\u00edonraithe agus oidhreacht sp\u00e1. Faigh blaiseadh de stair i <strong>gCora Finne<\/strong>, tairseach na Boirne, agus bain sult as \u00e1illeacht ch\u00f3sta <strong>Bhaile U\u00ed Bheach\u00e1in<\/strong>.<br>Cuireann gach baile p\u00edosa uath\u00fail de chult\u00far agus dh\u00falra na h\u00c9ireann, agus f\u00e1ilte chro\u00ed\u00fail \u00e1iti\u00fail ar f\u00e1il.<\/p>\n\n\n\n<figure class=\"wp-block-image size-large\"><img loading=\"lazy\" decoding=\"async\" width=\"1024\" height=\"489\" src=\"https:\/\/www.nationalparks.ie\/app\/uploads\/2025\/04\/Shuttle-Bus-1024x489.jpg\" alt=\"Bus Tointe\u00e1la Saor in Aisce na Boirne &amp; Aillte an Mhothair\" class=\"wp-image-25011\" srcset=\"https:\/\/www.nationalparks.ie\/app\/uploads\/2025\/04\/Shuttle-Bus-1024x489.jpg 1024w, https:\/\/www.nationalparks.ie\/app\/uploads\/2025\/04\/Shuttle-Bus-300x143.jpg 300w, https:\/\/www.nationalparks.ie\/app\/uploads\/2025\/04\/Shuttle-Bus-768x367.jpg 768w, https:\/\/www.nationalparks.ie\/app\/uploads\/2025\/04\/Shuttle-Bus.jpg 1055w\" sizes=\"auto, (max-width: 1024px) 100vw, 1024px\" \/><\/figure>\n<\/div>\n<\/div>\n\n\n\n\n<section id=\"section-video-block_6d8ac85eacc66f2429f740aa5df42759\" class=\"section-video d-flex justify-content-center\" style=\"margin-top:0;\">\n\t\n\t\t\t<div aria-hidden=\"true\" class=\"img-wrap\" style=\"width:100%; min-width:1280px; position:relative; height:420px; overflow:hidden; background-image:url(https:\/\/www.nationalparks.ie\/app\/uploads\/2022\/08\/Breaker-Section-02-2.png); background-size:cover;\"><\/div>\n\t<\/section>\n\n\r\n<a id=\"walking\" style=\"\"><\/a>\r\n\r\n\r\n\n\n\n<section id=\"block_f26b1f45fd567254b4e6494f00807426\" class=\"section-info-gallery bg-color-purple-dark color-white py-3\">\n\t<div class=\"container-fluid px-3 px-lg-5\">\n\t\t<div class=\"row\">\n\t\t\t<div class=\"col-12\">\n\t\t\t\t<h2 class=\"font-size-heading\">F\u00e1na\u00edocht &#038; Si\u00fal<\/h2>\n\t\t\t<\/div>\n\t\t<\/div>\n\t<\/div>\n\t<hr class=\"bg-color-white\" style=\"opacity:0.3;\"\/>\n\t<div class=\"container-fluid px-3 px-lg-5 pb-lg-5\">\n\t\t<div class=\"row\">\n\t\t\t<div class=\"col-12\">\n\t\t\t\t<div class=\"h4 mb-3 mb-lg-5 pb-3 pb-lg-5 font-size-quote\">\n\t\t\t\t\t<p>T\u00e1 go leor deiseanna ar f\u00e1il chun dul ag f\u00e1na\u00edocht n\u00f3 ag si\u00fal i bP\u00e1irc N\u00e1isi\u00fanta Bhoirne. Chun an t-eolas ar fad a fh\u00e1il maidir len\u00e1r gconair\u00ed, seice\u00e1il amach an rann\u00e1n <a class=\"color-white\" href=\"https:\/\/www.nationalparks.ie\/ga\/burren\/things-to-do\/#walking\">tiomnaithe \u201cF\u00e1na\u00edocht agus Si\u00fal\u201d<\/a>.<\/p>\n\t\t\t\t<\/div>\n\t\t\t<\/div>\n\t\t<\/div>\n\t<\/div>\n\t\t<hr class=\"bg-color-white my-0\" style=\"opacity:0.3;\"\/>\n\t<div class=\"container-fluid p-0\">\n\t\t<div class=\"row\">\t\n\t\t\t\t\t\t\t\t\t\t\t\t<div class=\"col-12 col-12 col-lg-3\">\n\t\t\t\t\t\t<div class=\"p-3\">\n\t\t\t\t\t\t\t<!-- <img decoding=\"async\" class=\"w-100 img-fluid\" src=\"https:\/\/www.nationalparks.ie\/app\/uploads\/2022\/04\/Image.png\" alt=\"Turlach an Chnoc\u00e1in Rua\" \/> -->\n\t\t\t\t\t\t\t<div class=\"parkinfo-img-wrap w-100\" style=\"position:relative;\">\n\t\t\t\t\t\t\t\t<div class=\"\" style=\"display:block; padding-bottom:100%;\">\n\t\t\t\t\t\t\t\t\t<span class=\"w-100 h-100\" style=\"background-image:url('https:\/\/www.nationalparks.ie\/app\/uploads\/2022\/04\/Image.png'); background-position:center center; background-size:cover; position:absolute;\" role=\"img\" aria-label=\"Turlach an Chnoc\u00e1in Rua\"> <\/span>\t\t\t\t\t\t\t\t\n\t\t\t\t\t\t\t\t<\/div>\n\t\t\t\t\t\t\t<\/div>\n\t\t\t\t\t\t\t\t\n\t\t\t\t\t\t\t<div class=\"pt-3\">\n\t\t\t\t\t\t\t\t<h3 class=\"font-size-body\">Turlach an Chnoc\u00e1in Rua<\/h3>\n\t\t\t\t\t\t\t<\/div>\n\t\t\t\t\t\t<\/div>\n\t\t\t\t\t<\/div>\n\t\t\t\t\t\t\t\t\t<div class=\"col-12 col-12 col-lg-3\">\n\t\t\t\t\t\t<div class=\"p-3\">\n\t\t\t\t\t\t\t<!-- <img decoding=\"async\" class=\"w-100 img-fluid\" src=\"https:\/\/www.nationalparks.ie\/app\/uploads\/2022\/04\/Rectangle-5-14.png\" alt=\"L\u00fab an Mhullaigh Mh\u00f3ir\" \/> -->\n\t\t\t\t\t\t\t<div class=\"parkinfo-img-wrap w-100\" style=\"position:relative;\">\n\t\t\t\t\t\t\t\t<div class=\"\" style=\"display:block; padding-bottom:100%;\">\n\t\t\t\t\t\t\t\t\t<span class=\"w-100 h-100\" style=\"background-image:url('https:\/\/www.nationalparks.ie\/app\/uploads\/2022\/04\/Rectangle-5-14.png'); background-position:center center; background-size:cover; position:absolute;\" role=\"img\" aria-label=\"L\u00fab an Mhullaigh Mh\u00f3ir\"> <\/span>\t\t\t\t\t\t\t\t\n\t\t\t\t\t\t\t\t<\/div>\n\t\t\t\t\t\t\t<\/div>\n\t\t\t\t\t\t\t\t\n\t\t\t\t\t\t\t<div class=\"pt-3\">\n\t\t\t\t\t\t\t\t<h3 class=\"font-size-body\">L\u00fab an Mhullaigh Mh\u00f3ir<\/h3>\n\t\t\t\t\t\t\t<\/div>\n\t\t\t\t\t\t<\/div>\n\t\t\t\t\t<\/div>\n\t\t\t\t\t\t\t\t\t<div class=\"col-12 col-12 col-lg-3\">\n\t\t\t\t\t\t<div class=\"p-3\">\n\t\t\t\t\t\t\t<!-- <img decoding=\"async\" class=\"w-100 img-fluid\" src=\"https:\/\/www.nationalparks.ie\/app\/uploads\/2022\/04\/Rectangle-5-1-2.png\" alt=\"Conair Dh\u00falra\" \/> -->\n\t\t\t\t\t\t\t<div class=\"parkinfo-img-wrap w-100\" style=\"position:relative;\">\n\t\t\t\t\t\t\t\t<div class=\"\" style=\"display:block; padding-bottom:100%;\">\n\t\t\t\t\t\t\t\t\t<span class=\"w-100 h-100\" style=\"background-image:url('https:\/\/www.nationalparks.ie\/app\/uploads\/2022\/04\/Rectangle-5-1-2.png'); background-position:center center; background-size:cover; position:absolute;\" role=\"img\" aria-label=\"Conair Dh\u00falra\"> <\/span>\t\t\t\t\t\t\t\t\n\t\t\t\t\t\t\t\t<\/div>\n\t\t\t\t\t\t\t<\/div>\n\t\t\t\t\t\t\t\t\n\t\t\t\t\t\t\t<div class=\"pt-3\">\n\t\t\t\t\t\t\t\t<h3 class=\"font-size-body\">Conair Dh\u00falra<\/h3>\n\t\t\t\t\t\t\t<\/div>\n\t\t\t\t\t\t<\/div>\n\t\t\t\t\t<\/div>\n\t\t\t\t\t\t\t\t\t<div class=\"col-12 col-12 col-lg-3\">\n\t\t\t\t\t\t<div class=\"p-3\">\n\t\t\t\t\t\t\t<!-- <img decoding=\"async\" class=\"w-100 img-fluid\" src=\"https:\/\/www.nationalparks.ie\/app\/uploads\/2022\/04\/Rectangle-5-2-2.png\" alt=\"Sliabh Cairn\" \/> -->\n\t\t\t\t\t\t\t<div class=\"parkinfo-img-wrap w-100\" style=\"position:relative;\">\n\t\t\t\t\t\t\t\t<div class=\"\" style=\"display:block; padding-bottom:100%;\">\n\t\t\t\t\t\t\t\t\t<span class=\"w-100 h-100\" style=\"background-image:url('https:\/\/www.nationalparks.ie\/app\/uploads\/2022\/04\/Rectangle-5-2-2.png'); background-position:center center; background-size:cover; position:absolute;\" role=\"img\" aria-label=\"Sliabh Cairn\"> <\/span>\t\t\t\t\t\t\t\t\n\t\t\t\t\t\t\t\t<\/div>\n\t\t\t\t\t\t\t<\/div>\n\t\t\t\t\t\t\t\t\n\t\t\t\t\t\t\t<div class=\"pt-3\">\n\t\t\t\t\t\t\t\t<h3 class=\"font-size-body\">Sliabh Cairn<\/h3>\n\t\t\t\t\t\t\t<\/div>\n\t\t\t\t\t\t<\/div>\n\t\t\t\t\t<\/div>\n\t\t\t\t\t\t\t\n\t\t<\/div>\n\t<\/div>\n<\/section>\n\n\r\n<a id=\"protect\" style=\"\"><\/a>\r\n\r\n\r\n\n\n\r\n<section id=\"block_6d56b35872fde182ede1c18ef91665bb\" class=\"section-twocolumns py-4 py-lg-4 bg-color-beige color-black\" style=\"background-image:url(); \">\r\n\t\t<div class=\"d-flex flex-column\">\r\n\t\t\r\n\t \t\r\n\t<div class=\"container-fluid px-3 px-lg-5 section-twocolumns__columns order-2 \">\r\n\t\t<div class=\"row\">\r\n\t\t\t<div class=\"d-flex flex-column flex-lg-row\">\r\n\t\t\t\t<div class=\"col-12 col-lg-6  first-column\">\r\n\t\t\t\t\t<p><img loading=\"lazy\" decoding=\"async\" class=\"alignnone size-medium wp-image-394\" src=\"https:\/\/www.nationalparks.ie\/app\/uploads\/2022\/11\/protect_nature_ga_300.png\" alt=\"Cosain an D\u00falra\" width=\"300\" height=\"130\" \/><\/p>\n\t\t\t\t<\/div>\r\n\t\t\t\t<div class=\"col-12 col-lg-6  mb-3 mb-lg-5 second-column\">\r\n\t\t\t\t\t<p class=\"h4 font-family-naisiuntamedium\">Is \u00e9 an phr\u00edomhaidhm at\u00e1 le P\u00e1irc N\u00e1isi\u00fanta n\u00e1 an d\u00falra a chosaint. Tugtar faoi obair chaomhnaithe in \u00e9ineacht le caitheamh aimsire lasmuigh agus is f\u00e9idir le cuairteoir\u00ed a gcion a dh\u00e9anamh tr\u00ed chlo\u00ed leis na noda \u00fas\u00e1ideacha seo a leanas.<\/p>\n\t\t\t\t<\/div>\r\n\t\t\t<\/div>\r\n\t\t<\/div>\r\n\t<\/div>\r\n\t\t\r\n<\/section>\r\n\n\n\r\n<a id=\"tips\" style=\"\"><\/a>\r\n\r\n\r\n\n\n\r\n<section id=\"block_ec69b232f02c78087c7ceb542f90ec4d\" class=\"section-icon-list bg-color-tea\">\r\n\t<div class=\"container-fluid px-3 px-lg-5 section-icon-list__title\">\t\r\n\t\t<h2 class=\"d-block font-size-heading color-cyprus py-4 px-3 px-lg-4 mb-0\">\r\n\t\t\tLeideanna \u00das\u00e1ideacha\t\t<\/h2>\r\n\t<\/div>\r\n\t<div class=\"row tipslist bg-color-tea\">\r\n\t\t\t\t\t<div class='container-fluid px-3 px-lg-5'><div class='row align-items-stretch'>\t\r\n\t\t\t\t<!-- <p>GAR 1<\/p> -->\r\n\t\t\t\t<div class=\"tipslist__item col-12 col-md-6 col-lg-4 \">\r\n\t\t\t\t\t<div class=\"px-3 py-4\">\r\n\t\t\t\t\t\t\t\t\t\t\t\t<div class=\"row\">\r\n\t\t\t\t\t\t\t<div class=\"col-4\">\r\n\t\t\t\t\t\t\t\t<img decoding=\"async\" class=\"w-100 d-table mx-auto pe-3\" style=\"max-width:120px;\" src=\"https:\/\/www.nationalparks.ie\/app\/uploads\/2022\/08\/Frame-51.png\" alt=\"\" \/>\r\n\t\t\t\t\t\t\t<\/div>\r\n\t\t\t\t\t\t\t<div class=\"col-8 color-cyprus\">\r\n\t\t\t\t\t\t\t\t<div class=\"mb-0 ps-3\"><p><strong>Clo\u00edgh leis na conair\u00ed marc\u00e1ilte<\/strong><\/p>\n<p>T\u00e1 s\u00e9 t\u00e1bhachtach clo\u00ed leis na conair\u00ed marc\u00e1ilte chun an t\u00edrdhreach a chosaint agus n\u00e1 cuir isteach ar fhiadh\u00falra. Seice\u00e1il an aimsir agus b\u00ed cinnte go dtugann t\u00fa leat gach rud a bheidh ag teast\u00e1il uait sula dtosa\u00edonn t\u00fa amach.<\/p>\n<\/div>\r\n\t\t\t\t\t\t\t<\/div>\r\n\t\t\t\t\t\t<\/div>\r\n\t\t\t\t\t\t\t\t\t\t\t\t\t\t\t\t\t<\/div>\r\n\t\t\t\t<\/div>\r\n\t\t\t\t\r\n\t\t\t\t<!-- <p>GAR 2<\/p> -->\r\n\t\t\t\t<div class=\"tipslist__item col-12 col-md-6 col-lg-4 \">\r\n\t\t\t\t\t<div class=\"px-3 py-4\">\r\n\t\t\t\t\t\t\t\t\t\t\t\t<div class=\"row\">\r\n\t\t\t\t\t\t\t<div class=\"col-4\">\r\n\t\t\t\t\t\t\t\t<img decoding=\"async\" class=\"w-100 d-table mx-auto pe-3\" style=\"max-width:120px;\" src=\"https:\/\/www.nationalparks.ie\/app\/uploads\/2022\/08\/Group-1.png\" alt=\"\" \/>\r\n\t\t\t\t\t\t\t<\/div>\r\n\t\t\t\t\t\t\t<div class=\"col-8 color-cyprus\">\r\n\t\t\t\t\t\t\t\t<div class=\"mb-0 ps-3\"><p><strong>Cosain strucht\u00fair \u00e1rsa<\/strong><\/p>\n<p>T\u00e1 go leor de na balla\u00ed i mBoireann ina strucht\u00fair \u00e1rsa. Bain leas as na dreapa\u00ed at\u00e1 ar f\u00e1il agus n\u00e1 t\u00e9igh thar na balla\u00ed.<\/p>\n<\/div>\r\n\t\t\t\t\t\t\t<\/div>\r\n\t\t\t\t\t\t<\/div>\r\n\t\t\t\t\t\t\t\t\t\t\t\t\t\t\t\t\t<\/div>\r\n\t\t\t\t<\/div>\r\n\t\t\t\t\r\n\t\t\t\t<!-- <p>GAR 0<\/p> -->\r\n\t\t\t\t<div class=\"tipslist__item col-12 col-md-6 col-lg-4 tipslist__item--noborder\">\r\n\t\t\t\t\t<div class=\"px-3 py-4\">\r\n\t\t\t\t\t\t\t\t\t\t\t\t<div class=\"row\">\r\n\t\t\t\t\t\t\t<div class=\"col-4\">\r\n\t\t\t\t\t\t\t\t<img decoding=\"async\" class=\"w-100 d-table mx-auto pe-3\" style=\"max-width:120px;\" src=\"https:\/\/www.nationalparks.ie\/app\/uploads\/2022\/08\/Frame-52.png\" alt=\"\" \/>\r\n\t\t\t\t\t\t\t<\/div>\r\n\t\t\t\t\t\t\t<div class=\"col-8 color-cyprus\">\r\n\t\t\t\t\t\t\t\t<div class=\"mb-0 ps-3\"><p><strong>B\u00ed Tuisceanach<\/strong><\/p>\n<p>Cuimhnigh geata\u00ed a dhruidim i do dhiaidh.<\/p>\n<\/div>\r\n\t\t\t\t\t\t\t<\/div>\r\n\t\t\t\t\t\t<\/div>\r\n\t\t\t\t\t\t\t\t\t\t\t\t\t\t\t\t\t<\/div>\r\n\t\t\t\t<\/div>\r\n\t\t\t<\/div><\/div><hr class='m-0' style='opacity:1; border-bottom:1px solid #9c949496; background-color: transparent;'\/><div class='container-fluid px-3 px-lg-5'><div class='row align-items-stretch'>\t\r\n\t\t\t\t<!-- <p>GAR 1<\/p> -->\r\n\t\t\t\t<div class=\"tipslist__item col-12 col-md-6 col-lg-4 \">\r\n\t\t\t\t\t<div class=\"px-3 py-4\">\r\n\t\t\t\t\t\t\t\t\t\t\t\t<div class=\"row\">\r\n\t\t\t\t\t\t\t<div class=\"col-4\">\r\n\t\t\t\t\t\t\t\t<img decoding=\"async\" class=\"w-100 d-table mx-auto pe-3\" style=\"max-width:120px;\" src=\"https:\/\/www.nationalparks.ie\/app\/uploads\/2022\/08\/Frame-53.png\" alt=\"\" \/>\r\n\t\t\t\t\t\t\t<\/div>\r\n\t\t\t\t\t\t\t<div class=\"col-8 color-cyprus\">\r\n\t\t\t\t\t\t\t\t<div class=\"mb-0 ps-3\"><p><strong>B\u00edodh meas agat ar phr\u00edobh\u00e1ideachas<\/strong><\/p>\n<p>N\u00ed cheada\u00edtear aon dr\u00f3n a \u00fas\u00e1id gan chead\u00fanas.<\/p>\n<\/div>\r\n\t\t\t\t\t\t\t<\/div>\r\n\t\t\t\t\t\t<\/div>\r\n\t\t\t\t\t\t\t\t\t\t\t\t\t\t\t\t\t<\/div>\r\n\t\t\t\t<\/div>\r\n\t\t\t\t\r\n\t\t\t\t<!-- <p>GAR 2<\/p> -->\r\n\t\t\t\t<div class=\"tipslist__item col-12 col-md-6 col-lg-4 \">\r\n\t\t\t\t\t<div class=\"px-3 py-4\">\r\n\t\t\t\t\t\t\t\t\t\t\t\t<div class=\"row\">\r\n\t\t\t\t\t\t\t<div class=\"col-4\">\r\n\t\t\t\t\t\t\t\t<img decoding=\"async\" class=\"w-100 d-table mx-auto pe-3\" style=\"max-width:120px;\" src=\"https:\/\/www.nationalparks.ie\/app\/uploads\/2022\/02\/Frame-1.png\" alt=\"\" \/>\r\n\t\t\t\t\t\t\t<\/div>\r\n\t\t\t\t\t\t\t<div class=\"col-8 color-cyprus\">\r\n\t\t\t\t\t\t\t\t<div class=\"mb-0 ps-3\"><p><strong>F\u00e1g an M\u00e9id a Aims\u00edonn t\u00fa<\/strong><\/p>\n<p>N\u00e1 corraigh agus n\u00e1 bain aon chlocha n\u00f3 iontais\u00ed, n\u00e1 pioc aon phlanda\u00ed agus n\u00e1 cuir isteach ar fhiadh\u00falra.<\/p>\n<\/div>\r\n\t\t\t\t\t\t\t<\/div>\r\n\t\t\t\t\t\t<\/div>\r\n\t\t\t\t\t\t\t\t\t\t\t\t\t\t\t\t\t<\/div>\r\n\t\t\t\t<\/div>\r\n\t\t\t\t\r\n\t\t\t\t<!-- <p>GAR 0<\/p> -->\r\n\t\t\t\t<div class=\"tipslist__item col-12 col-md-6 col-lg-4 tipslist__item--noborder\">\r\n\t\t\t\t\t<div class=\"px-3 py-4\">\r\n\t\t\t\t\t\t\t\t\t\t\t\t<div class=\"row\">\r\n\t\t\t\t\t\t\t<div class=\"col-4\">\r\n\t\t\t\t\t\t\t\t<img decoding=\"async\" class=\"w-100 d-table mx-auto pe-3\" style=\"max-width:120px;\" src=\"https:\/\/www.nationalparks.ie\/app\/uploads\/2022\/02\/Frame-3.png\" alt=\"\" \/>\r\n\t\t\t\t\t\t\t<\/div>\r\n\t\t\t\t\t\t\t<div class=\"col-8 color-cyprus\">\r\n\t\t\t\t\t\t\t\t<div class=\"mb-0 ps-3\"><p><strong>Cuir Dramha\u00edl de L\u00e1imh mar is Ceart<\/strong><\/p>\n<p>Baol m\u00f3r don d\u00falra is ea bruscar. Tr\u00ed do dhramha\u00edl a thabhairt abhaile leat, tugann t\u00fa l\u00e1mh ch\u00fanta chun an ph\u00e1irc agus an fhiadh\u00falra a chosaint, agus bail shl\u00e1inti\u00fail Bhoirne a choinne\u00e1il.<\/p>\n<\/div>\r\n\t\t\t\t\t\t\t<\/div>\r\n\t\t\t\t\t\t<\/div>\r\n\t\t\t\t\t\t\t\t\t\t\t\t\t\t\t\t\t<\/div>\r\n\t\t\t\t<\/div>\r\n\t\t\t<\/div><\/div><hr class='m-0' style='opacity:1; border-bottom:1px solid #9c949496; background-color: transparent;'\/><div class='container-fluid px-3 px-lg-5'><div class='row align-items-stretch'>\t\r\n\t\t\t\t<!-- <p>GAR 1<\/p> -->\r\n\t\t\t\t<div class=\"tipslist__item col-12 col-md-6 col-lg-4 tipslist__item--lastitem\">\r\n\t\t\t\t\t<div class=\"px-3 py-4\">\r\n\t\t\t\t\t\t\t\t\t\t\t\t<div class=\"row\">\r\n\t\t\t\t\t\t\t<div class=\"col-4\">\r\n\t\t\t\t\t\t\t\t<img decoding=\"async\" class=\"w-100 d-table mx-auto pe-3\" style=\"max-width:120px;\" src=\"https:\/\/www.nationalparks.ie\/app\/uploads\/2022\/08\/Frame-56.png\" alt=\"\" \/>\r\n\t\t\t\t\t\t\t<\/div>\r\n\t\t\t\t\t\t\t<div class=\"col-8 color-cyprus\">\r\n\t\t\t\t\t\t\t\t<div class=\"mb-0 ps-3\"><p><strong>Cosain na huisc\u00ed<\/strong><\/p>\n<p>Cuimhnigh nach gceada\u00edtear iascaireacht sna lochanna, sna turlaigh n\u00e1 sna c\u00f3rais uisce i bP\u00e1irc N\u00e1isi\u00fanta Bhoirne.<\/p>\n<\/div>\r\n\t\t\t\t\t\t\t<\/div>\r\n\t\t\t\t\t\t<\/div>\r\n\t\t\t\t\t\t\t\t\t\t\t\t\t\t\t\t\t<\/div>\r\n\t\t\t\t<\/div>\r\n\t\t\t<\/div><\/div>\t\t\t\r\n\t\t<hr class=\"m-0\" style=\"opacity:1; border-bottom:1px solid #9c949496; background-color: transparent;\"\/>\r\n\t\t<\/div>\r\n\t\t\r\n\t<\/div>\r\n<\/section>\n\n\n\n<section id=\"section-video-block_bee353cbe9f103b9473fa131f4f07b92\" class=\"section-video d-flex justify-content-center\" style=\"margin-top:0;\">\n\t\n\t\t\t<div aria-hidden=\"true\" class=\"img-wrap\" style=\"width:100%; min-width:1280px; position:relative; height:420px; overflow:hidden; background-image:url(https:\/\/www.nationalparks.ie\/app\/uploads\/2022\/08\/Rectangle-5-5.png); background-size:cover;\"><\/div>\n\t<\/section>\n\n\r\n<a id=\"heritage\" style=\"\"><\/a>\r\n\r\n\r\n\n\n\r\n<section id=\"block_f368d5220293e8a04dd0e97f97d51311\" class=\"section-twocolumns py-4 py-lg-4 bg-color-beige color-black\" style=\"background-image:url(); \">\r\n\t\t\r\n\t\t<div class=\"container-fluid px-3 px-lg-5\">\r\n\t\t\t<div class=\"row\">\r\n\t\t\t\t<div class=\"col-12 section-twocolumns__title\">\r\n\t\t\t\t\t<h2 class=\"font-size-heading\">Oidhreacht &#038; Cult\u00far<\/h2>\r\n\t\t\t\t<\/div>\r\n\t\t\t<\/div>\t\r\n\t\t<\/div>\t\r\n\t\t<hr>\r\n\t\t<div class=\"d-flex flex-column\">\r\n\t\t\r\n\t \t\r\n\t<div class=\"container-fluid px-3 px-lg-5 section-twocolumns__columns order-2 \">\r\n\t\t<div class=\"row\">\r\n\t\t\t<div class=\"d-flex flex-column flex-lg-row\">\r\n\t\t\t\t<div class=\"col-12 col-lg-6  first-column\">\r\n\t\t\t\t\t<div style=\"padding: 0 0 0 1rem;\"><img loading=\"lazy\" decoding=\"async\" src=\"https:\/\/www.nationalparks.ie\/app\/uploads\/2022\/08\/Parallax-Image-19.png\" alt=\"S\u00e9adchomhartha R\u00e9amhstairi\u00fail\" width=\"474\" height=\"385\" class=\"alignnone size-full wp-image-7252\" srcset=\"https:\/\/www.nationalparks.ie\/app\/uploads\/2022\/08\/Parallax-Image-19.png 474w, https:\/\/www.nationalparks.ie\/app\/uploads\/2022\/08\/Parallax-Image-19-300x244.png 300w\" sizes=\"auto, (max-width: 474px) 100vw, 474px\" \/><\/div>\n\t\t\t\t<\/div>\r\n\t\t\t\t<div class=\"col-12 col-lg-6  mb-3 mb-lg-5 second-column\">\r\n\t\t\t\t\t<div style=\"padding: 0 1rem;\">\n<p class=\"h4 font-family-naisiuntamedium\">T\u00e1 an t\u00edrdhreach i mBoirinn ina baile ag daoine leis na m\u00edlte bliain agus gl\u00fanta lean\u00fanacha ag f\u00e1g\u00e1il lorg a gcult\u00fair agus traidisi\u00fain ar an t\u00edrdhreach. Is f\u00e9idir teacht ar sh\u00e9adchomhartha\u00ed r\u00e9amhstairi\u00fala mar aon le strucht\u00fair \u00f3 thr\u00e9imhs\u00ed staire n\u00edos faide ar aghaidh ar fud na p\u00e1irce agus mais\u00edonn m\u00f3in\u00e9ir de bhl\u00e1thanna \u00e1ille agus annamha, a crutha\u00edodh tr\u00ed na c\u00e9adta bliain de chleachtais feirmeoireachta traidisi\u00fanta, an t\u00edrdhreach le linn an tsamhraidh. Is f\u00e9idir le foireann na P\u00e1irce N\u00e1isi\u00fanta turais threoraithe a chur ar f\u00e1il a chuideoidh leat br\u00ed agus anam a chur san oidhreacht d\u00falra agus cult\u00fair i mBoirinn.<\/p>\n<div class=\"d-flex flex-column flex-lg-row mt-4\">\n<a class=\"btn-02 color-black border-radius-small d-table mt-4\" href=\"https:\/\/www.nationalparks.ie\/ga\/burren\/nature-conservation\/#flora\">Fl\u00f3ra<\/a><br \/>\n<a class=\"btn-02 color-black border-radius-small d-table mt-4\" href=\"https:\/\/www.nationalparks.ie\/ga\/burren\/nature-conservation\/#management\">Innilt i mBoirinn<\/a><br \/>\n<a class=\"btn-02 color-black border-radius-small d-table mt-4\" href=\"https:\/\/www.nationalparks.ie\/ga\/burren\/things-to-do\/#guided\">Si\u00fal\u00f3id\u00ed Treoraithe<\/a>\n<\/div>\n<\/div>\n\t\t\t\t<\/div>\r\n\t\t\t<\/div>\r\n\t\t<\/div>\r\n\t<\/div>\r\n\t\t\r\n<\/section>\r\n\n\n\n<section id=\"block_98c326d68b97406c9ceb6ce8dd268258\" class=\"section-info-gallery bg-color-purple-light color-black py-3\">\n\t<div class=\"container-fluid px-3 px-lg-5\">\n\t\t<div class=\"row\">\n\t\t\t<div class=\"col-12\">\n\t\t\t\t<h2 class=\"font-size-heading\">\u00c1it chun Foghlaim<\/h2>\n\t\t\t<\/div>\n\t\t<\/div>\n\t<\/div>\n\t<hr class=\"bg-color-black\" style=\"opacity:0.3;\"\/>\n\t<div class=\"container-fluid px-3 px-lg-5 pb-lg-5\">\n\t\t<div class=\"row\">\n\t\t\t<div class=\"col-12\">\n\t\t\t\t<div class=\"h4 mb-3 mb-lg-5 pb-3 pb-lg-5 font-size-quote\">\n\t\t\t\t\t<p>F\u00e9ach thart ar dheiseanna foghlama i bP\u00e1irc N\u00e1isi\u00fanta Bhoirne tr\u00ed acmhainn\u00ed do theaghlaigh at\u00e1 bunaithe ar th\u00e9ama\u00ed an d\u00falra agus na h\u00e9iceola\u00edochta, agus faigh amach tuilleadh eolais faoi chl\u00e1r for-rochtana na bP\u00e1irceanna N\u00e1isi\u00fanta.<\/p>\n\t\t\t\t<\/div>\n\t\t\t<\/div>\n\t\t<\/div>\n\t<\/div>\n\t\t<hr class=\"bg-color-black my-0\" style=\"opacity:0.3;\"\/>\n\t<div class=\"container-fluid px-3 px-lg-5\">\n\t\t<div class=\"row\">\n\t\t\t<div class=\"col-12\">\n\t\t\t\t<div class=\"\">\n\t\t\t\t\t<a style=\"text-decoration:none;\" class=\"d-flex align-items-center justify-content-between color-black font-size-capitalised py-2\" href=\"\/ga\/burren\/learn\">\n\t\t\t\t\t\t\n\t\t\t\t\t\t\u00c1it chun Foghlaim\t\t\t\t\t\t<svg class=\"color-black\" xmlns=\"http:\/\/www.w3.org\/2000\/svg\" width=\"30\" height=\"30\" viewBox=\"0 0 53 53\" fill=\"none\">\n\t\t\t\t\t\t\t<path d=\"M26.3793 1.11182L51.6853 26.4166\"\/>\n\t\t\t\t\t\t\t<path d=\"M26.3793 52.1646L51.6844 26.8589\"\/>\n\t\t\t\t\t\t\t<line x1=\"50.8879\" y1=\"26.4995\" x2=\"3.24086\" y2=\"26.4995\"\/>\n\t\t\t\t\t\t<\/svg>\n\t\t\t\t\t\t<style>\n\t\t\t\t\t\t\t\n\t\t\t\t\t\t<\/style>\n\t\t\t\t\t<\/a>\n\t\t\t\t<\/div>\n\t\t\t<\/div>\n\t\t<\/div>\n\t<\/div>\n\t\t<hr class=\"bg-color-black my-0\" style=\"opacity:0.3;\"\/>\n\t<div class=\"container-fluid p-0\">\n\t\t<div class=\"row\">\t\n\t\t\t\t\t\t\t\t\t\t\t\t<div class=\"col-12 col-12 col-lg-4\">\n\t\t\t\t\t\t<div class=\"p-3\">\n\t\t\t\t\t\t\t<!-- <img decoding=\"async\" class=\"w-100 img-fluid\" src=\"https:\/\/www.nationalparks.ie\/app\/uploads\/2022\/04\/Image-1.png\" alt=\"Turas Treoraithe\" \/> -->\n\t\t\t\t\t\t\t<div class=\"parkinfo-img-wrap w-100\" style=\"position:relative;\">\n\t\t\t\t\t\t\t\t<div class=\"\" style=\"display:block; padding-bottom:100%;\">\n\t\t\t\t\t\t\t\t\t<span class=\"w-100 h-100\" style=\"background-image:url('https:\/\/www.nationalparks.ie\/app\/uploads\/2022\/04\/Image-1.png'); background-position:center center; background-size:cover; position:absolute;\" role=\"img\" aria-label=\"Turas Treoraithe\"> <\/span>\t\t\t\t\t\t\t\t\n\t\t\t\t\t\t\t\t<\/div>\n\t\t\t\t\t\t\t<\/div>\n\t\t\t\t\t\t\t\t\n\t\t\t\t\t\t\t<div class=\"pt-3\">\n\t\t\t\t\t\t\t\t<h3 class=\"font-size-body\">Turas Treoraithe<\/h3>\n\t\t\t\t\t\t\t<\/div>\n\t\t\t\t\t\t<\/div>\n\t\t\t\t\t<\/div>\n\t\t\t\t\t\t\t\t\t<div class=\"col-12 col-12 col-lg-4\">\n\t\t\t\t\t\t<div class=\"p-3\">\n\t\t\t\t\t\t\t<!-- <img decoding=\"async\" class=\"w-100 img-fluid\" src=\"https:\/\/www.nationalparks.ie\/app\/uploads\/2022\/04\/Rectangle-5-3-2-scaled.png\" alt=\"Pointe Eolais do Chuairteoir\u00ed\" \/> -->\n\t\t\t\t\t\t\t<div class=\"parkinfo-img-wrap w-100\" style=\"position:relative;\">\n\t\t\t\t\t\t\t\t<div class=\"\" style=\"display:block; padding-bottom:100%;\">\n\t\t\t\t\t\t\t\t\t<span class=\"w-100 h-100\" style=\"background-image:url('https:\/\/www.nationalparks.ie\/app\/uploads\/2022\/04\/Rectangle-5-3-2-scaled.png'); background-position:center center; background-size:cover; position:absolute;\" role=\"img\" aria-label=\"Pointe Eolais do Chuairteoir\u00ed\"> <\/span>\t\t\t\t\t\t\t\t\n\t\t\t\t\t\t\t\t<\/div>\n\t\t\t\t\t\t\t<\/div>\n\t\t\t\t\t\t\t\t\n\t\t\t\t\t\t\t<div class=\"pt-3\">\n\t\t\t\t\t\t\t\t<h3 class=\"font-size-body\">Pointe Eolais do Chuairteoir\u00ed<\/h3>\n\t\t\t\t\t\t\t<\/div>\n\t\t\t\t\t\t<\/div>\n\t\t\t\t\t<\/div>\n\t\t\t\t\t\t\t\t\t<div class=\"col-12 col-12 col-lg-4\">\n\t\t\t\t\t\t<div class=\"p-3\">\n\t\t\t\t\t\t\t<!-- <img decoding=\"async\" class=\"w-100 img-fluid\" src=\"https:\/\/www.nationalparks.ie\/app\/uploads\/2022\/04\/Rectangle-5-5-2.png\" alt=\"Gn\u00edomha\u00edochta\u00ed Teaghlaigh\" \/> -->\n\t\t\t\t\t\t\t<div class=\"parkinfo-img-wrap w-100\" style=\"position:relative;\">\n\t\t\t\t\t\t\t\t<div class=\"\" style=\"display:block; padding-bottom:100%;\">\n\t\t\t\t\t\t\t\t\t<span class=\"w-100 h-100\" style=\"background-image:url('https:\/\/www.nationalparks.ie\/app\/uploads\/2022\/04\/Rectangle-5-5-2.png'); background-position:center center; background-size:cover; position:absolute;\" role=\"img\" aria-label=\"Gn\u00edomha\u00edochta\u00ed Teaghlaigh\"> <\/span>\t\t\t\t\t\t\t\t\n\t\t\t\t\t\t\t\t<\/div>\n\t\t\t\t\t\t\t<\/div>\n\t\t\t\t\t\t\t\t\n\t\t\t\t\t\t\t<div class=\"pt-3\">\n\t\t\t\t\t\t\t\t<h3 class=\"font-size-body\">Gn\u00edomha\u00edochta\u00ed Teaghlaigh<\/h3>\n\t\t\t\t\t\t\t<\/div>\n\t\t\t\t\t\t<\/div>\n\t\t\t\t\t<\/div>\n\t\t\t\t\t\t\t\n\t\t<\/div>\n\t<\/div>\n<\/section>\n\n<section id=\"block_e242708f530ab6be17f70dd637d813aa\" class=\"section-highlight-box bg-color-beige bg-color-purple-dark color-white manual py-5\">\n\t<div class=\"container-fluid px-3 px-lg-5\">\n\t\t<div class=\"row\">\n\t\t\t<div class=\"col-12\">\n\t\t\t\t<h2 class=\"font-size-heading ps-lg-3 pb-lg-4\">\u00c1r L\u00edonra<\/h2>\n\t\t\t<\/div>\n\t\t<\/div>\n\t<\/div>\n\t<hr class=\"m-0\" style=\"opacity:1; border-bottom:1px solid #9C9494; background-color: transparent;\"\/>\n\t<div class=\"container-fluid px-3 px-lg-5\">\n\t\t\t<div class=\"row\">\t\n\t\t\t\t\t\t\t\t\t\t\t\t\n\t\t\t\t\t\t\t\t\t\t\t\n\t\t\t\t\t\t<div class=\"col-12 highlight-item col-12 col-lg-3\">\n\t\t\t\t\t\t\t<div class=\"p-3\">\n\t\t\t\t\t\t\t\t<div class=\"highlight-img-wrap w-100\" style=\"position:relative;\">\n\t\t\t\t\t\t\t\t\t<div class=\"\" style=\"display:block; padding-bottom:100%;\">\n\t\t\t\t\t\t\t\t\t\t<span class=\"w-100 h-100\" style=\"background-image:url('https:\/\/www.nationalparks.ie\/app\/uploads\/2024\/02\/burrenecotourismsmall.jpg'); background-position:center center; background-size:cover; position:absolute;\" role=\"img\" aria-label=\"L\u00edonra \u00c9iceathuras\u00f3ireachta Bhoirne\"><\/span>\t\t\t\t\t\t\t\t\n\t\t\t\t\t\t\t\t\t<\/div>\n\t\t\t\t\t\t\t\t<\/div>\n\t\t\t\t\t\t\t\t<div class=\"p-3\">\n\t\t\t\t\t\t\t\t\t<h3 class=\"font-size-heading-small\">L\u00edonra \u00c9iceathuras\u00f3ireachta Bhoirne<\/h3>\n\t\t\t\t\t\t\t\t\t<p class=\"color-black text-uppercase font-size-capitalised\"><\/p>\n\t\t\t\t\t\t\t\t\t<hr\/>\n\t\t\t\t\t\t\t\t\t<div class=\"font-size-body-small\"><p><a class=\"d-table mt-4 btn-02 border-radius-small color-white text-uppercase\" href=\"https:\/\/www.burren.ie\/\">Tabhair cuairt ar Shu\u00edom Gr\u00e9as\u00e1in \u00c9iceathuras\u00f3ireacht Bhoirne<\/a><\/p>\n<\/div>\n\t\t\t\t\t\t\t\t\t\n\t\t\t\t\t\t\t\t\t\t\t\t\t\t\t\t\t<\/div>\n\t\t\t\t\t\t\t<\/div>\n\t\t\t\t\t\t<\/div>\n\t\t\t\t\t\t\n\t\t\t\t\t\t\t\t\t\t\n\t\t\t\t\t\t\t\t\t\n\t\t\t\t\t\t\t\t\t\t\t\n\t\t\t\t\t\t<div class=\"col-12 highlight-item col-12 col-lg-3\">\n\t\t\t\t\t\t\t<div class=\"p-3\">\n\t\t\t\t\t\t\t\t<div class=\"highlight-img-wrap w-100\" style=\"position:relative;\">\n\t\t\t\t\t\t\t\t\t<div class=\"\" style=\"display:block; padding-bottom:100%;\">\n\t\t\t\t\t\t\t\t\t\t<span class=\"w-100 h-100\" style=\"background-image:url('https:\/\/www.nationalparks.ie\/app\/uploads\/2024\/02\/unescogeopark.jpg'); background-position:center center; background-size:cover; position:absolute;\" role=\"img\" aria-label=\"Geoph\u00e1irc Dhomhanda EOECNA Bhoirne &amp; Aillte an Mhothair\"><\/span>\t\t\t\t\t\t\t\t\n\t\t\t\t\t\t\t\t\t<\/div>\n\t\t\t\t\t\t\t\t<\/div>\n\t\t\t\t\t\t\t\t<div class=\"p-3\">\n\t\t\t\t\t\t\t\t\t<h3 class=\"font-size-heading-small\">Geoph\u00e1irc Dhomhanda EOECNA Bhoirne &amp; Aillte an Mhothair<\/h3>\n\t\t\t\t\t\t\t\t\t<p class=\"color-black text-uppercase font-size-capitalised\"><\/p>\n\t\t\t\t\t\t\t\t\t<hr\/>\n\t\t\t\t\t\t\t\t\t<div class=\"font-size-body-small\"><p><a class=\"d-table mt-4 btn-02 border-radius-small color-white text-uppercase\" href=\"https:\/\/www.burrengeopark.ie\/\">Tabhair cuairt ar Shu\u00edomh Gr\u00e9as\u00e1in Ph\u00e1irc Dhomhanda EOECNA Bhoirne &amp; Aillte an Mhothair<\/a><\/p>\n<\/div>\n\t\t\t\t\t\t\t\t\t\n\t\t\t\t\t\t\t\t\t\t\t\t\t\t\t\t\t<\/div>\n\t\t\t\t\t\t\t<\/div>\n\t\t\t\t\t\t<\/div>\n\t\t\t\t\t\t\n\t\t\t\t\t\t\t\t\t\t\n\t\t\t\t\t\t\t\t\t\n\t\t\t\t\t\t\t\t\t\t\t\n\t\t\t\t\t\t<div class=\"col-12 highlight-item col-12 col-lg-3\">\n\t\t\t\t\t\t\t<div class=\"p-3\">\n\t\t\t\t\t\t\t\t<div class=\"highlight-img-wrap w-100\" style=\"position:relative;\">\n\t\t\t\t\t\t\t\t\t<div class=\"\" style=\"display:block; padding-bottom:100%;\">\n\t\t\t\t\t\t\t\t\t\t<span class=\"w-100 h-100\" style=\"background-image:url('https:\/\/www.nationalparks.ie\/app\/uploads\/2026\/02\/visit_clare_960.jpg'); background-position:center center; background-size:cover; position:absolute;\" role=\"img\" aria-label=\"Tabhair Cuairt ar an gCl\u00e1r\"><\/span>\t\t\t\t\t\t\t\t\n\t\t\t\t\t\t\t\t\t<\/div>\n\t\t\t\t\t\t\t\t<\/div>\n\t\t\t\t\t\t\t\t<div class=\"p-3\">\n\t\t\t\t\t\t\t\t\t<h3 class=\"font-size-heading-small\">Tabhair Cuairt ar an gCl\u00e1r<\/h3>\n\t\t\t\t\t\t\t\t\t<p class=\"color-black text-uppercase font-size-capitalised\"><\/p>\n\t\t\t\t\t\t\t\t\t<hr\/>\n\t\t\t\t\t\t\t\t\t<div class=\"font-size-body-small\"><p><a class=\"d-table mt-4 btn-02 border-radius-small color-white text-uppercase\" href=\"https:\/\/www.visitclare.ie\/\">Tabhair Cuairt ar Shu\u00edomh Gr\u00e9as\u00e1in &#8220;Tabhair Cuairt ar an gCl\u00e1r&#8221;<\/a><\/p>\n<\/div>\n\t\t\t\t\t\t\t\t\t\n\t\t\t\t\t\t\t\t\t\t\t\t\t\t\t\t\t<\/div>\n\t\t\t\t\t\t\t<\/div>\n\t\t\t\t\t\t<\/div>\n\t\t\t\t\t\t\n\t\t\t\t\t\t\t\t\t\t\n\t\t\t\t\t\t\t\t\t\n\t\t\t\t\t\t\t\t\t\t\t\n\t\t\t\t\t\t<div class=\"col-12 highlight-item col-12 col-lg-3\">\n\t\t\t\t\t\t\t<div class=\"p-3\">\n\t\t\t\t\t\t\t\t<div class=\"highlight-img-wrap w-100\" style=\"position:relative;\">\n\t\t\t\t\t\t\t\t\t<div class=\"\" style=\"display:block; padding-bottom:100%;\">\n\t\t\t\t\t\t\t\t\t\t<span class=\"w-100 h-100\" style=\"background-image:url('https:\/\/www.nationalparks.ie\/app\/uploads\/2024\/02\/leavenotrace.png'); background-position:center center; background-size:cover; position:absolute;\" role=\"img\" aria-label=\"N\u00e1 F\u00e1g Aon Rian\"><\/span>\t\t\t\t\t\t\t\t\n\t\t\t\t\t\t\t\t\t<\/div>\n\t\t\t\t\t\t\t\t<\/div>\n\t\t\t\t\t\t\t\t<div class=\"p-3\">\n\t\t\t\t\t\t\t\t\t<h3 class=\"font-size-heading-small\">N\u00e1 F\u00e1g Aon Rian<\/h3>\n\t\t\t\t\t\t\t\t\t<p class=\"color-black text-uppercase font-size-capitalised\"><\/p>\n\t\t\t\t\t\t\t\t\t<hr\/>\n\t\t\t\t\t\t\t\t\t<div class=\"font-size-body-small\"><p><a class=\"d-table mt-4 btn-02 border-radius-small color-white text-uppercase\" href=\"https:\/\/www.leavenotraceireland.org\/\">Tabhair cuairt ar Shu\u00edomh Gr\u00e9as\u00e1in N\u00e1 F\u00e1g Aon Rian<\/a><\/p>\n<\/div>\n\t\t\t\t\t\t\t\t\t\n\t\t\t\t\t\t\t\t\t\t\t\t\t\t\t\t\t<\/div>\n\t\t\t\t\t\t\t<\/div>\n\t\t\t\t\t\t<\/div>\n\t\t\t\t\t\t\n\t\t\t\t\t\t\t\t\t\t\n\t\t\t\t\t\t\t\n\t\t<\/div>\n\t\t<\/div>\n\t<hr class=\"m-0\" style=\"opacity:1; border-top:1px solid #9C9494; background-color: transparent;\"\/>\n<\/section>\n\n\r\n<a id=\"newsletter\" style=\"\"><\/a>\r\n\r\n\r\n\n\n\r\n<section id=\"block_f4dcec44038b2dc977ff7025a2ec3383\" class=\"section-twocolumns py-4 py-lg-4 bg-color-purple color-white\" style=\"background-image:url(); \">\r\n\t\t<div class=\"d-flex flex-column\">\r\n\t\t\r\n\t \t\r\n\t<div class=\"container-fluid px-3 px-lg-5 section-twocolumns__columns order-2 \">\r\n\t\t<div class=\"row\">\r\n\t\t\t<div class=\"d-flex flex-column flex-lg-row\">\r\n\t\t\t\t<div class=\"col-12 col-lg-4  first-column\">\r\n\t\t\t\t\t<h2 class=\"ps-lg-3\">Nuachtlitir<\/h2>\n\t\t\t\t<\/div>\r\n\t\t\t\t<div class=\"col-12 col-lg-8  mb-3 mb-lg-5 second-column\">\r\n\t\t\t\t\t<div class=\"d-flex flex-column flex-lg-row justify-content-between w-100 pt-4\">\n<div class=\"col-12 col-lg-6\">\n<p class=\"h4 font-family-naisiuntamedium\">\u00cdosl\u00f3d\u00e1il nuachtlitir an ts\u00e9as\u00fair seo tr\u00ed chlice\u00e1il ar an nasc.<\/p>\n<\/div>\n<div class=\"mt-4 mt-lg-0\">\n<a class=\"btn-01 btn-download ms-auto mb-4 mb-lg-0 d-blocktext-uppercase color-white\" href=\"https:\/\/www.nationalparks.ie\/app\/uploads\/2025\/10\/Autumn-2025-Newsletter.pdf\" target=\"_blank\" rel=\"noopener\">Nuachtlitir F\u00f3mha 2025<\/a><br \/>\n<\/a>\n<\/div>\n\t\t\t\t<\/div>\r\n\t\t\t<\/div>\r\n\t\t<\/div>\r\n\t<\/div>\r\n\t\t\r\n<\/section>\r\n\n\n\r\n<a id=\"hours\" style=\"\"><\/a>\r\n\r\n\r\n\n\n\r\n<a id=\"facilities\" style=\"\"><\/a>\r\n\r\n\r\n\n\n\r\n<section id=\"block_8e1342aa84f0c7deb9187b8616dd0bf2\" class=\"section-dropdown bg-color-beige color-black py-5\">\r\n\t<div class=\"container-fluid px-3 px-lg-5\">\t\t\t\r\n\t\t<div class=\"row\">\r\n\t\t\t\t\r\n\t\t\t<div class=\"col-12 col-lg-6\">\r\n\t\t\t\t\t\t\t\t\t<div class=\"accordion\" id=\"section-icon-listblock_8e1342aa84f0c7deb9187b8616dd0bf2\">\r\n\t\t\t\t\t\t\r\n\t\t\t\t\t\r\n\t\t\t\t\t\t<div class=\"accordion-item accordion-item-color-black bg-color-beige\">\r\n\t\t\t\t\t\t\t<h3 class=\"font-size-heading accordion-header bg-color-beige\" id=\"heading1block_8e1342aa84f0c7deb9187b8616dd0bf2\">\r\n\t\t\t\t\t\t\t\t<button aria-controls=\"collapse1block_8e1342aa84f0c7deb9187b8616dd0bf2\" aria-expanded=\"false\" class=\"accordion-button accordion-button-color-black collapsed bg-color-beige color-black\" data-bs-target=\"#collapse1block_8e1342aa84f0c7deb9187b8616dd0bf2\" data-bs-toggle=\"collapse\" type=\"button\">\r\n\t\t\t\t\t\t\t\t\tUaireanta Oscailte &amp; Praghsanna\t\t\t\t\t\t\t\t<\/button>\r\n\t\t\t\t\t\t\t<\/h3>\r\n\t\t\t\t\t\t\t<div aria-labelledby=\"heading1block_8e1342aa84f0c7deb9187b8616dd0bf2\" class=\"accordion-collapse collapse\" data-bs-parent=\"#section-icon-listblock_8e1342aa84f0c7deb9187b8616dd0bf2\" id=\"collapse1block_8e1342aa84f0c7deb9187b8616dd0bf2\">\r\n\t\t\t\t\t\t\t\t<div class=\"accordion-body\">\r\n\t\t\t\t\t\t\t\t\t<div class=\"row\">\n<div class=\"col-12 col-lg-5 pe-0 pe-lg-3\">\n<strong>P\u00e1irc N\u00e1isi\u00fanta<\/strong><\/p>\n<p>CEAD ISTEACH:<br \/>\nSaor in aisce<\/p>\n<p>AR OSCAILT:<br \/>\nAr feadh na bliana\n<\/p><\/div>\n<div class=\"col-12 col-lg-7 ps-0 ps-lg-3\">\n<p><strong>Pointe Eolais Chora Finne<\/strong><\/p>\n<p>OSCAILTE:<br \/>\nOscailte gach l\u00e1 10am go 5pm<\/p>\n<p>Chun tuilleadh eolais a fh\u00e1il, t\u00e9igh chuig an <a class=\"color-white\" href=\"https:\/\/www.nationalparks.ie\/ga\/burren\/learn\/#information\">leathanach Pointe Faisn\u00e9ise<\/a>\n<\/div>\n<\/div>\n\t\t\t\t\t\t\t\t\t\r\n\t\t\t\t\t\t\t\t\t\r\n\t\t\t\t\t\t\t\t<\/div>\r\n\t\t\t\t\t\t\t<\/div>\r\n\t\t\t\t\t\t<\/div>\t\t\t\t\r\n\t\t\t\t\t\t\r\n\t\t\t\t\t\t\r\n\t\t\t\t\t\r\n\t\t\t\t\t\t<div class=\"accordion-item accordion-item-color-black bg-color-beige\">\r\n\t\t\t\t\t\t\t<h3 class=\"font-size-heading accordion-header bg-color-beige\" id=\"heading2block_8e1342aa84f0c7deb9187b8616dd0bf2\">\r\n\t\t\t\t\t\t\t\t<button aria-controls=\"collapse2block_8e1342aa84f0c7deb9187b8616dd0bf2\" aria-expanded=\"false\" class=\"accordion-button accordion-button-color-black collapsed bg-color-beige color-black\" data-bs-target=\"#collapse2block_8e1342aa84f0c7deb9187b8616dd0bf2\" data-bs-toggle=\"collapse\" type=\"button\">\r\n\t\t\t\t\t\t\t\t\tSaor\u00e1id\u00ed\t\t\t\t\t\t\t\t<\/button>\r\n\t\t\t\t\t\t\t<\/h3>\r\n\t\t\t\t\t\t\t<div aria-labelledby=\"heading2block_8e1342aa84f0c7deb9187b8616dd0bf2\" class=\"accordion-collapse collapse\" data-bs-parent=\"#section-icon-listblock_8e1342aa84f0c7deb9187b8616dd0bf2\" id=\"collapse2block_8e1342aa84f0c7deb9187b8616dd0bf2\">\r\n\t\t\t\t\t\t\t\t<div class=\"accordion-body\">\r\n\t\t\t\t\t\t\t\t\t<p>Tabhair ar aird nach bhfuil aon saor\u00e1id\u00ed do chuairteoir\u00ed ar f\u00e1il i bP\u00e1irc N\u00e1isi\u00fanta Bhoirne.<\/p>\n<p>T\u00e1 leithris ar f\u00e1il ag an bPointe Eolais i gCora Finne.<\/p>\n\t\t\t\t\t\t\t\t\t\r\n\t\t\t\t\t\t\t\t\t\r\n\t\t\t\t\t\t\t\t<\/div>\r\n\t\t\t\t\t\t\t<\/div>\r\n\t\t\t\t\t\t<\/div>\t\t\t\t\r\n\t\t\t\t\t\t\r\n\t\t\t\t\t\t\r\n\t\t\t\t\t\r\n\t\t\t\t\t\t<div class=\"accordion-item accordion-item-color-black bg-color-beige\">\r\n\t\t\t\t\t\t\t<h3 class=\"font-size-heading accordion-header bg-color-beige\" id=\"heading3block_8e1342aa84f0c7deb9187b8616dd0bf2\">\r\n\t\t\t\t\t\t\t\t<button aria-controls=\"collapse3block_8e1342aa84f0c7deb9187b8616dd0bf2\" aria-expanded=\"false\" class=\"accordion-button accordion-button-color-black collapsed bg-color-beige color-black\" data-bs-target=\"#collapse3block_8e1342aa84f0c7deb9187b8616dd0bf2\" data-bs-toggle=\"collapse\" type=\"button\">\r\n\t\t\t\t\t\t\t\t\tTeagmh\u00e1il &amp; Na Me\u00e1n Sh\u00f3isialta\t\t\t\t\t\t\t\t<\/button>\r\n\t\t\t\t\t\t\t<\/h3>\r\n\t\t\t\t\t\t\t<div aria-labelledby=\"heading3block_8e1342aa84f0c7deb9187b8616dd0bf2\" class=\"accordion-collapse collapse\" data-bs-parent=\"#section-icon-listblock_8e1342aa84f0c7deb9187b8616dd0bf2\" id=\"collapse3block_8e1342aa84f0c7deb9187b8616dd0bf2\">\r\n\t\t\t\t\t\t\t\t<div class=\"accordion-body\">\r\n\t\t\t\t\t\t\t\t\t<p>SEOLADH:<br \/>\n<strong>Pointe Eolais Ph\u00e1irc N\u00e1isi\u00fanta Bhoirne,<\/strong><br \/>\nIonad Oidhreachta an Chl\u00e1ir,<br \/>\nSr\u00e1id na hEaglaise,<br \/>\nCora Finne, Co. an Chl\u00e1ir, V95 VX83<\/p>\n<p>GUTH\u00c1N:<br \/>\n065 682 7693<\/p>\n<p>R\u00cdOMHPHOST:<br \/>\n<a href=\"mailto:burrennationalpark@npws.gov.ie\">burrennationalpark@npws.gov.ie<\/a><\/p>\n<p>FACEBOOK:<br \/>\n@burrennationalpark <\/p>\n<p>INSTAGRAM:<br \/>\n@burrennationalpark<\/p>\n\t\t\t\t\t\t\t\t\t\r\n\t\t\t\t\t\t\t\t\t\r\n\t\t\t\t\t\t\t\t<\/div>\r\n\t\t\t\t\t\t\t<\/div>\r\n\t\t\t\t\t\t<\/div>\t\t\t\t\r\n\t\t\t\t\t\t\r\n\t\t\t\t\t\t\t\t\t\t<\/div>\r\n\t\t\t\t\t\t\t\r\n\t\t\t<\/div>\t\r\n\t\t\t<div class=\"col-12 col-lg-6\">\r\n\t\t\t\t<img decoding=\"async\" class=\"w-100 d-table mx-auto pt-5 pt-md-0 ps-md-5\" src=\"https:\/\/www.nationalparks.ie\/app\/uploads\/2022\/04\/Rectangle-71.png\" alt=\"\" \/>\r\n\t\t\t<\/div>\r\n\t\t<\/div>\r\n\t<\/div>\r\n<\/section>\r\n\r\n\r\n\r\n\r\n\n\n\n\n<section id=\"section-video-block_be52e347d9258e0530223fd85eb2ec75\" class=\"section-video d-flex justify-content-center\" style=\"margin-top:0;\">\n\t\n\t\t\t<div aria-hidden=\"true\" class=\"img-wrap\" style=\"width:100%; min-width:1280px; position:relative; height:420px; overflow:hidden; background-image:url(https:\/\/www.nationalparks.ie\/app\/uploads\/2022\/08\/Rectangle-6.png); background-size:cover;\"><\/div>\n\t<\/section>","protected":false},"excerpt":{"rendered":"<p>Bus Tointe\u00e1la Saor in Aisce na Boirne &amp; Aillte an Mhothair Cuir do thic\u00e9ad bus tointe\u00e1la L\u00e9im ann, L\u00e9im amach SAOR IN AISCE in \u00e1irithe! T\u00e1 s\u00e9 n\u00edos fusa anois n\u00e1 riamh P\u00e1irc N\u00e1isi\u00fanta Bhoirne a bhaint amach! Tabharfaidh \u00e1r mbus tointe\u00e1la saor in aisce chuig dh\u00e1 \u00e1it i gcro\u00edl\u00e1r na P\u00e1irce N\u00e1isi\u00fanta th\u00fa agus<\/p>\n","protected":false},"author":9,"featured_media":0,"parent":0,"menu_order":0,"comment_status":"closed","ping_status":"closed","template":"","meta":{"_acf_changed":false,"_uag_custom_page_level_css":"","footnotes":""},"class_list":["post-6117","page","type-page","status-publish","hentry"],"acf":[],"yoast_head":"<!-- This site is optimized with the Yoast SEO plugin v27.4 - https:\/\/yoast.com\/product\/yoast-seo-wordpress\/ -->\n<title>Bhoirne - National Parks of Ireland<\/title>\n<meta name=\"robots\" content=\"index, follow, max-snippet:-1, max-image-preview:large, max-video-preview:-1\" \/>\n<link rel=\"canonical\" href=\"https:\/\/www.nationalparks.ie\/ga\/burren\/\" \/>\n<meta property=\"og:locale\" content=\"ga_IE\" \/>\n<meta property=\"og:type\" content=\"article\" \/>\n<meta property=\"og:title\" content=\"Bhoirne - National Parks of Ireland\" \/>\n<meta property=\"og:description\" content=\"Bus Tointe\u00e1la Saor in Aisce na Boirne &amp; Aillte an Mhothair Cuir do thic\u00e9ad bus tointe\u00e1la L\u00e9im ann, L\u00e9im amach SAOR IN AISCE in \u00e1irithe! T\u00e1 s\u00e9 n\u00edos fusa anois n\u00e1 riamh P\u00e1irc N\u00e1isi\u00fanta Bhoirne a bhaint amach! Tabharfaidh \u00e1r mbus tointe\u00e1la saor in aisce chuig dh\u00e1 \u00e1it i gcro\u00edl\u00e1r na P\u00e1irce N\u00e1isi\u00fanta th\u00fa agus\" \/>\n<meta property=\"og:url\" content=\"https:\/\/www.nationalparks.ie\/ga\/burren\/\" \/>\n<meta property=\"og:site_name\" content=\"National Parks of Ireland\" \/>\n<meta property=\"article:modified_time\" content=\"2026-02-03T16:22:34+00:00\" \/>\n<meta property=\"og:image\" content=\"https:\/\/www.nationalparks.ie\/app\/uploads\/2025\/04\/Shuttle-Bus-1024x489.jpg\" \/>\n<meta name=\"twitter:card\" content=\"summary_large_image\" \/>\n<meta name=\"twitter:label1\" content=\"Est. reading time\" \/>\n\t<meta name=\"twitter:data1\" content=\"3 minutes\" \/>\n<script type=\"application\/ld+json\" class=\"yoast-schema-graph\">{\"@context\":\"https:\\\/\\\/schema.org\",\"@graph\":[{\"@type\":\"WebPage\",\"@id\":\"https:\\\/\\\/www.nationalparks.ie\\\/ga\\\/burren\\\/\",\"url\":\"https:\\\/\\\/www.nationalparks.ie\\\/ga\\\/burren\\\/\",\"name\":\"Bhoirne - National Parks of Ireland\",\"isPartOf\":{\"@id\":\"https:\\\/\\\/www.nationalparks.ie\\\/ga\\\/#website\"},\"primaryImageOfPage\":{\"@id\":\"https:\\\/\\\/www.nationalparks.ie\\\/ga\\\/burren\\\/#primaryimage\"},\"image\":{\"@id\":\"https:\\\/\\\/www.nationalparks.ie\\\/ga\\\/burren\\\/#primaryimage\"},\"thumbnailUrl\":\"https:\\\/\\\/www.nationalparks.ie\\\/app\\\/uploads\\\/2025\\\/04\\\/Shuttle-Bus-1024x489.jpg\",\"datePublished\":\"2022-04-08T11:00:04+00:00\",\"dateModified\":\"2026-02-03T16:22:34+00:00\",\"breadcrumb\":{\"@id\":\"https:\\\/\\\/www.nationalparks.ie\\\/ga\\\/burren\\\/#breadcrumb\"},\"inLanguage\":\"ga-IE\",\"potentialAction\":[{\"@type\":\"ReadAction\",\"target\":[\"https:\\\/\\\/www.nationalparks.ie\\\/ga\\\/burren\\\/\"]}]},{\"@type\":\"ImageObject\",\"inLanguage\":\"ga-IE\",\"@id\":\"https:\\\/\\\/www.nationalparks.ie\\\/ga\\\/burren\\\/#primaryimage\",\"url\":\"https:\\\/\\\/www.nationalparks.ie\\\/app\\\/uploads\\\/2025\\\/04\\\/Shuttle-Bus-1024x489.jpg\",\"contentUrl\":\"https:\\\/\\\/www.nationalparks.ie\\\/app\\\/uploads\\\/2025\\\/04\\\/Shuttle-Bus-1024x489.jpg\"},{\"@type\":\"BreadcrumbList\",\"@id\":\"https:\\\/\\\/www.nationalparks.ie\\\/ga\\\/burren\\\/#breadcrumb\",\"itemListElement\":[{\"@type\":\"ListItem\",\"position\":1,\"name\":\"Home\",\"item\":\"https:\\\/\\\/www.nationalparks.ie\\\/ga\\\/\"},{\"@type\":\"ListItem\",\"position\":2,\"name\":\"Bhoirne\"}]},{\"@type\":\"WebSite\",\"@id\":\"https:\\\/\\\/www.nationalparks.ie\\\/ga\\\/#website\",\"url\":\"https:\\\/\\\/www.nationalparks.ie\\\/ga\\\/\",\"name\":\"National Parks of Ireland\",\"description\":\"Where Nature Speaks\",\"publisher\":{\"@id\":\"https:\\\/\\\/www.nationalparks.ie\\\/ga\\\/#organization\"},\"potentialAction\":[{\"@type\":\"SearchAction\",\"target\":{\"@type\":\"EntryPoint\",\"urlTemplate\":\"https:\\\/\\\/www.nationalparks.ie\\\/ga\\\/?s={search_term_string}\"},\"query-input\":{\"@type\":\"PropertyValueSpecification\",\"valueRequired\":true,\"valueName\":\"search_term_string\"}}],\"inLanguage\":\"ga-IE\"},{\"@type\":\"Organization\",\"@id\":\"https:\\\/\\\/www.nationalparks.ie\\\/ga\\\/#organization\",\"name\":\"National Parks of Ireland\",\"url\":\"https:\\\/\\\/www.nationalparks.ie\\\/ga\\\/\",\"logo\":{\"@type\":\"ImageObject\",\"inLanguage\":\"ga-IE\",\"@id\":\"https:\\\/\\\/www.nationalparks.ie\\\/ga\\\/#\\\/schema\\\/logo\\\/image\\\/\",\"url\":\"https:\\\/\\\/www.nationalparks.ie\\\/app\\\/uploads\\\/2022\\\/02\\\/np-logo-icon.png\",\"contentUrl\":\"https:\\\/\\\/www.nationalparks.ie\\\/app\\\/uploads\\\/2022\\\/02\\\/np-logo-icon.png\",\"width\":97,\"height\":90,\"caption\":\"National Parks of Ireland\"},\"image\":{\"@id\":\"https:\\\/\\\/www.nationalparks.ie\\\/ga\\\/#\\\/schema\\\/logo\\\/image\\\/\"}}]}<\/script>\n<!-- \/ Yoast SEO plugin. -->","yoast_head_json":{"title":"Bhoirne - National Parks of Ireland","robots":{"index":"index","follow":"follow","max-snippet":"max-snippet:-1","max-image-preview":"max-image-preview:large","max-video-preview":"max-video-preview:-1"},"canonical":"https:\/\/www.nationalparks.ie\/ga\/burren\/","og_locale":"ga_IE","og_type":"article","og_title":"Bhoirne - National Parks of Ireland","og_description":"Bus Tointe\u00e1la Saor in Aisce na Boirne &amp; Aillte an Mhothair Cuir do thic\u00e9ad bus tointe\u00e1la L\u00e9im ann, L\u00e9im amach SAOR IN AISCE in \u00e1irithe! T\u00e1 s\u00e9 n\u00edos fusa anois n\u00e1 riamh P\u00e1irc N\u00e1isi\u00fanta Bhoirne a bhaint amach! Tabharfaidh \u00e1r mbus tointe\u00e1la saor in aisce chuig dh\u00e1 \u00e1it i gcro\u00edl\u00e1r na P\u00e1irce N\u00e1isi\u00fanta th\u00fa agus","og_url":"https:\/\/www.nationalparks.ie\/ga\/burren\/","og_site_name":"National Parks of Ireland","article_modified_time":"2026-02-03T16:22:34+00:00","og_image":[{"url":"https:\/\/www.nationalparks.ie\/app\/uploads\/2025\/04\/Shuttle-Bus-1024x489.jpg","type":"","width":"","height":""}],"twitter_card":"summary_large_image","twitter_misc":{"Est. reading time":"3 minutes"},"schema":{"@context":"https:\/\/schema.org","@graph":[{"@type":"WebPage","@id":"https:\/\/www.nationalparks.ie\/ga\/burren\/","url":"https:\/\/www.nationalparks.ie\/ga\/burren\/","name":"Bhoirne - National Parks of Ireland","isPartOf":{"@id":"https:\/\/www.nationalparks.ie\/ga\/#website"},"primaryImageOfPage":{"@id":"https:\/\/www.nationalparks.ie\/ga\/burren\/#primaryimage"},"image":{"@id":"https:\/\/www.nationalparks.ie\/ga\/burren\/#primaryimage"},"thumbnailUrl":"https:\/\/www.nationalparks.ie\/app\/uploads\/2025\/04\/Shuttle-Bus-1024x489.jpg","datePublished":"2022-04-08T11:00:04+00:00","dateModified":"2026-02-03T16:22:34+00:00","breadcrumb":{"@id":"https:\/\/www.nationalparks.ie\/ga\/burren\/#breadcrumb"},"inLanguage":"ga-IE","potentialAction":[{"@type":"ReadAction","target":["https:\/\/www.nationalparks.ie\/ga\/burren\/"]}]},{"@type":"ImageObject","inLanguage":"ga-IE","@id":"https:\/\/www.nationalparks.ie\/ga\/burren\/#primaryimage","url":"https:\/\/www.nationalparks.ie\/app\/uploads\/2025\/04\/Shuttle-Bus-1024x489.jpg","contentUrl":"https:\/\/www.nationalparks.ie\/app\/uploads\/2025\/04\/Shuttle-Bus-1024x489.jpg"},{"@type":"BreadcrumbList","@id":"https:\/\/www.nationalparks.ie\/ga\/burren\/#breadcrumb","itemListElement":[{"@type":"ListItem","position":1,"name":"Home","item":"https:\/\/www.nationalparks.ie\/ga\/"},{"@type":"ListItem","position":2,"name":"Bhoirne"}]},{"@type":"WebSite","@id":"https:\/\/www.nationalparks.ie\/ga\/#website","url":"https:\/\/www.nationalparks.ie\/ga\/","name":"National Parks of Ireland","description":"Where Nature Speaks","publisher":{"@id":"https:\/\/www.nationalparks.ie\/ga\/#organization"},"potentialAction":[{"@type":"SearchAction","target":{"@type":"EntryPoint","urlTemplate":"https:\/\/www.nationalparks.ie\/ga\/?s={search_term_string}"},"query-input":{"@type":"PropertyValueSpecification","valueRequired":true,"valueName":"search_term_string"}}],"inLanguage":"ga-IE"},{"@type":"Organization","@id":"https:\/\/www.nationalparks.ie\/ga\/#organization","name":"National Parks of Ireland","url":"https:\/\/www.nationalparks.ie\/ga\/","logo":{"@type":"ImageObject","inLanguage":"ga-IE","@id":"https:\/\/www.nationalparks.ie\/ga\/#\/schema\/logo\/image\/","url":"https:\/\/www.nationalparks.ie\/app\/uploads\/2022\/02\/np-logo-icon.png","contentUrl":"https:\/\/www.nationalparks.ie\/app\/uploads\/2022\/02\/np-logo-icon.png","width":97,"height":90,"caption":"National Parks of Ireland"},"image":{"@id":"https:\/\/www.nationalparks.ie\/ga\/#\/schema\/logo\/image\/"}}]}},"spectra_custom_meta":{"_yoast_wpseo_estimated-reading-time-minutes":["3"],"_dp_original":["216"],"_wpml_word_count":["610"],"_wpml_media_featured":["1"],"_wpml_media_duplicate":["0"],"_edit_last":["11"],"_wp_page_template":[""],"_edit_lock":["1770135759:11"],"_yoast_wpseo_wordproof_timestamp":[""],"cmplz_hide_cookiebanner":[""],"_last_translation_edit_mode":["native-editor"],"footnotes":[""],"_yoast_wpseo_primary_ssp-build":[""],"_cmplz_remote_scanned_post":["1"],"_tribe_ticket_capacity":["0"],"_tribe_ticket_version":["5.21.0"],"_price":[""],"_stock":[""],"_tribe_ticket_header":[""],"_tribe_default_ticket_provider":[""],"_ticket_start_date":[""],"_ticket_end_date":[""],"_tribe_ticket_show_description":[""],"_tribe_ticket_show_not_going":[""],"_tribe_rsvp_for_event":[""],"_tec_slr_enabled":[""],"_tec_slr_layout":[""],"_tribe_hide_attendees_list":["0"],"_yoast_wpseo_content_score":["30"],"_uag_custom_page_level_css":[""],"_uag_css_file_name":["uag-css-6117.css"],"_uagb_previous_block_counts":["a:90:{s:21:\"uagb\/advanced-heading\";i:0;s:15:\"uagb\/blockquote\";i:0;s:12:\"uagb\/buttons\";i:0;s:18:\"uagb\/buttons-child\";i:0;s:19:\"uagb\/call-to-action\";i:0;s:15:\"uagb\/cf7-styler\";i:0;s:11:\"uagb\/column\";i:0;s:12:\"uagb\/columns\";i:0;s:14:\"uagb\/container\";i:0;s:21:\"uagb\/content-timeline\";i:0;s:27:\"uagb\/content-timeline-child\";i:0;s:14:\"uagb\/countdown\";i:0;s:12:\"uagb\/counter\";i:0;s:8:\"uagb\/faq\";i:0;s:14:\"uagb\/faq-child\";i:0;s:10:\"uagb\/forms\";i:0;s:17:\"uagb\/forms-accept\";i:0;s:19:\"uagb\/forms-checkbox\";i:0;s:15:\"uagb\/forms-date\";i:0;s:16:\"uagb\/forms-email\";i:0;s:17:\"uagb\/forms-hidden\";i:0;s:15:\"uagb\/forms-name\";i:0;s:16:\"uagb\/forms-phone\";i:0;s:16:\"uagb\/forms-radio\";i:0;s:17:\"uagb\/forms-select\";i:0;s:19:\"uagb\/forms-textarea\";i:0;s:17:\"uagb\/forms-toggle\";i:0;s:14:\"uagb\/forms-url\";i:0;s:14:\"uagb\/gf-styler\";i:0;s:15:\"uagb\/google-map\";i:0;s:11:\"uagb\/how-to\";i:0;s:16:\"uagb\/how-to-step\";i:0;s:9:\"uagb\/icon\";i:0;s:14:\"uagb\/icon-list\";i:0;s:20:\"uagb\/icon-list-child\";i:0;s:10:\"uagb\/image\";i:0;s:18:\"uagb\/image-gallery\";i:0;s:13:\"uagb\/info-box\";i:0;s:18:\"uagb\/inline-notice\";i:0;s:11:\"uagb\/lottie\";i:0;s:21:\"uagb\/marketing-button\";i:0;s:10:\"uagb\/modal\";i:0;s:18:\"uagb\/popup-builder\";i:0;s:16:\"uagb\/post-button\";i:0;s:18:\"uagb\/post-carousel\";i:0;s:17:\"uagb\/post-excerpt\";i:0;s:14:\"uagb\/post-grid\";i:0;s:15:\"uagb\/post-image\";i:0;s:17:\"uagb\/post-masonry\";i:0;s:14:\"uagb\/post-meta\";i:0;s:18:\"uagb\/post-taxonomy\";i:0;s:18:\"uagb\/post-timeline\";i:0;s:15:\"uagb\/post-title\";i:0;s:20:\"uagb\/restaurant-menu\";i:0;s:26:\"uagb\/restaurant-menu-child\";i:0;s:11:\"uagb\/review\";i:0;s:12:\"uagb\/section\";i:0;s:14:\"uagb\/separator\";i:0;s:11:\"uagb\/slider\";i:0;s:17:\"uagb\/slider-child\";i:0;s:17:\"uagb\/social-share\";i:0;s:23:\"uagb\/social-share-child\";i:0;s:16:\"uagb\/star-rating\";i:0;s:23:\"uagb\/sure-cart-checkout\";i:0;s:22:\"uagb\/sure-cart-product\";i:0;s:15:\"uagb\/sure-forms\";i:0;s:22:\"uagb\/table-of-contents\";i:0;s:9:\"uagb\/tabs\";i:0;s:15:\"uagb\/tabs-child\";i:0;s:18:\"uagb\/taxonomy-list\";i:0;s:9:\"uagb\/team\";i:0;s:16:\"uagb\/testimonial\";i:0;s:14:\"uagb\/wp-search\";i:0;s:19:\"uagb\/instagram-feed\";i:0;s:10:\"uagb\/login\";i:0;s:17:\"uagb\/loop-builder\";i:0;s:18:\"uagb\/loop-category\";i:0;s:20:\"uagb\/loop-pagination\";i:0;s:15:\"uagb\/loop-reset\";i:0;s:16:\"uagb\/loop-search\";i:0;s:14:\"uagb\/loop-sort\";i:0;s:17:\"uagb\/loop-wrapper\";i:0;s:13:\"uagb\/register\";i:0;s:19:\"uagb\/register-email\";i:0;s:24:\"uagb\/register-first-name\";i:0;s:23:\"uagb\/register-last-name\";i:0;s:22:\"uagb\/register-password\";i:0;s:30:\"uagb\/register-reenter-password\";i:0;s:19:\"uagb\/register-terms\";i:0;s:22:\"uagb\/register-username\";i:0;}"],"_uag_page_assets":["a:9:{s:3:\"css\";s:260:\".uag-blocks-common-selector{z-index:var(--z-index-desktop) !important}@media(max-width: 976px){.uag-blocks-common-selector{z-index:var(--z-index-tablet) !important}}@media(max-width: 767px){.uag-blocks-common-selector{z-index:var(--z-index-mobile) !important}}\";s:2:\"js\";s:0:\"\";s:18:\"current_block_list\";a:28:{i:0;s:22:\"acf\/park---hero-banner\";i:1;s:28:\"acf\/park---anchor-navigation\";i:2;s:14:\"core\/shortcode\";i:3;s:27:\"acf\/all-parks---text-scroll\";i:4;s:34:\"acf\/all-parks---image-title-scroll\";i:5;s:22:\"acf\/park---two-columns\";i:6;s:32:\"acf\/all-parks---background-video\";i:7;s:27:\"acf\/park--block-anchor-link\";i:8;s:23:\"acf\/park---boundary-map\";i:9;s:26:\"acf\/park---highlight-boxes\";i:10;s:10:\"core\/group\";i:11;s:12:\"core\/heading\";i:13;s:14:\"core\/paragraph\";i:14;s:9:\"core\/list\";i:15;s:14:\"core\/list-item\";i:16;s:12:\"core\/columns\";i:17;s:11:\"core\/column\";i:18;s:9:\"core\/html\";i:21;s:10:\"core\/table\";i:22;s:10:\"core\/image\";i:23;s:23:\"acf\/park---info-gallery\";i:24;s:20:\"acf\/park---icon-list\";i:25;s:20:\"acf\/parks---dropdown\";i:26;s:11:\"core\/search\";i:27;s:17:\"core\/latest-posts\";i:28;s:20:\"core\/latest-comments\";i:29;s:13:\"core\/archives\";i:30;s:15:\"core\/categories\";}s:8:\"uag_flag\";b:0;s:11:\"uag_version\";s:10:\"1777157534\";s:6:\"gfonts\";a:0:{}s:10:\"gfonts_url\";s:0:\"\";s:12:\"gfonts_files\";a:0:{}s:14:\"uag_faq_layout\";b:0;}"]},"uagb_featured_image_src":{"full":false,"thumbnail":false,"medium":false,"medium_large":false,"large":false,"1536x1536":false,"2048x2048":false,"gform-image-choice-sm":false,"gform-image-choice-md":false,"gform-image-choice-lg":false},"uagb_author_info":{"display_name":"Burren National Park","author_link":"https:\/\/www.nationalparks.ie\/ga\/author\/burren\/"},"uagb_comment_info":0,"uagb_excerpt":"Bus Tointe\u00e1la Saor in Aisce na Boirne &amp; Aillte an Mhothair Cuir do thic\u00e9ad bus tointe\u00e1la L\u00e9im ann, L\u00e9im amach SAOR IN AISCE in \u00e1irithe! T\u00e1 s\u00e9 n\u00edos fusa anois n\u00e1 riamh P\u00e1irc N\u00e1isi\u00fanta Bhoirne a bhaint amach! Tabharfaidh \u00e1r mbus tointe\u00e1la saor in aisce chuig dh\u00e1 \u00e1it i gcro\u00edl\u00e1r na P\u00e1irce N\u00e1isi\u00fanta th\u00fa agus","_links":{"self":[{"href":"https:\/\/www.nationalparks.ie\/ga\/wp-json\/wp\/v2\/pages\/6117","targetHints":{"allow":["GET"]}}],"collection":[{"href":"https:\/\/www.nationalparks.ie\/ga\/wp-json\/wp\/v2\/pages"}],"about":[{"href":"https:\/\/www.nationalparks.ie\/ga\/wp-json\/wp\/v2\/types\/page"}],"author":[{"embeddable":true,"href":"https:\/\/www.nationalparks.ie\/ga\/wp-json\/wp\/v2\/users\/9"}],"replies":[{"embeddable":true,"href":"https:\/\/www.nationalparks.ie\/ga\/wp-json\/wp\/v2\/comments?post=6117"}],"version-history":[{"count":161,"href":"https:\/\/www.nationalparks.ie\/ga\/wp-json\/wp\/v2\/pages\/6117\/revisions"}],"predecessor-version":[{"id":26753,"href":"https:\/\/www.nationalparks.ie\/ga\/wp-json\/wp\/v2\/pages\/6117\/revisions\/26753"}],"wp:attachment":[{"href":"https:\/\/www.nationalparks.ie\/ga\/wp-json\/wp\/v2\/media?parent=6117"}],"curies":[{"name":"wp","href":"https:\/\/api.w.org\/{rel}","templated":true}]}}