{"id":6130,"date":"2022-04-08T12:01:38","date_gmt":"2022-04-08T11:01:38","guid":{"rendered":"https:\/\/www.nationalparks.ie\/burren\/nature-conservation\/"},"modified":"2023-02-15T09:51:09","modified_gmt":"2023-02-15T09:51:09","slug":"nature-conservation","status":"publish","type":"page","link":"https:\/\/www.nationalparks.ie\/ga\/burren\/nature-conservation\/","title":{"rendered":"D\u00falra &#038; Caomhn\u00fa"},"content":{"rendered":"\n\n<!--#section-hero\" -->\n<section id=\"block_7e3656e3042a28163daf8182fcdc184f\" class=\"section-hero section-hero-park section-first bg-color-grey bg-img \" style=\"background-image:url(https:\/\/www.nationalparks.ie\/app\/uploads\/2022\/04\/Large-Header-Image.png); background-attachment:fixed; background-size: cover;\">\n\t<div class=\"container-fluid px-0 mx-0 d-flex flex-column justify-content-center\">\n\t\t\t\t\t\t<div class=\"row w-100 mt-auto m-lg-auto align-items-stretch\">\n\t\t\t<div class=\"d-none d-lg-block bg-color-beige\" style=\"border-right:1px solid #9C9494; width:100px; flex-basis:70px; \"><\/div>\n\t\t\t<div class=\"col\">\n\t\t\t\t<div class=\"row\">\n\t\t\t\t<div class=\"col-12 col-lg-6\">\n\t\t\t\t<div class=\"section-hero-text d-flex flex-column justify-content-start bg-color-beige px-2 px-lg-4 py-3 py-lg-4\">\t\t\t\t\t\n\t\t\t\t\t<!--<a href=\"\/\" style=\"position:absolute; left:1.5rem; top:1rem;\" class=\"section-menu__logo\">-->\n\t\t\t\t\t<a href=\"\/\" class=\"section-menu__logo\">\n\t\t\t\t\t\t<img decoding=\"async\" src=\"\/app\/themes\/NationalParks\/resources\/assets\/images\/logo-green.png\" alt=\"National Parks\">\n\t\t\t\t\t<\/a>\n\t\t\t\t\t<div class=\"col-12 col-xl-9 p-0 flex-fill d-flex flex-column justify-content-center\">\n\t\t\t\t\t\t<h2 class=\"display-4\">&#8220;a silver stone land with not enough water to drown, nor earth to bury, but fauna and flora half-hidden, abundant.\u201d<\/h2>\n<p>Maureen Grady<\/p>\n\t\t\t\t\t<\/div>\n\t\t\t\t<\/div>\n\t\t\t<\/div>\n\t\t\t<div class=\"col-12 col-lg-6\" style=\"background-image:url(https:\/\/www.nationalparks.ie\/app\/uploads\/2022\/04\/Large-Header-Image.png); background-size:cover; background-position:center center;\"><\/div>\n\t\t\t\t<\/div>\n\t\t\t<\/div>\n\t\t<\/div>\n\t\t<div class=\"section-menu pt-4 bg-color-navy px-2 px-lg-0\">\n\t\t\t\t\t<div class=\"row\">\n\t\t\t\t<div class=\"col-10 col-sm-5 col-lg-4\">\n\t\t\t\t\t<div class=\"ps-lg-3 d-flex align-items-center\">\n\t\t\t\t\t\t\n\t\t\t\t\t\t<button class=\"navbar-toggler navbar-toggler-right collapsed p-3 p-lg-4\" type=\"button\" data-bs-toggle=\"collapse\" data-bs-target=\"#navbarResponsive\" aria-controls=\"navbarResponsive\" aria-expanded=\"false\" aria-label=\"Toggle navigation\">\n\t\t\t\t\t\t\t<span class=\"icon-bar top-bar bg-color-chartreuse\"><\/span>\n\t\t\t\t\t\t\t<!--<span class=\"icon-bar middle-bar bg-color-chartreuse\"><\/span>-->\n\t\t\t\t\t\t\t<span class=\"icon-bar bottom-bar bg-color-chartreuse\"><\/span>\t\n\t\t\t\t\t\t<\/button>\n\t\t\t\t\t\t\n\t\t\t\t\t\t<h1 class=\"h4 is-inside-park\">\n\t\t\t\t\t\t\t<a class=\"color-white text-decoration-none\" href=\"https:\/\/www.nationalparks.ie\/ga\/burren\/\">\n\t\t\t\t\t\t\t\t<span lang=\"ga-IE\">P\u00e1irc N\u00e1isi\u00fanta Bhoirne <\/span> <br\/>\n\t\t\t\t\t\t\t\t<span class=\"color-chartreuse\" lang=\"en-US\">Burren National Park<\/span>\n\t\t\t\t\t\t\t<\/a>\n\t\t\t\t\t\t<\/h1>\n\t\t\t\t\t\t\n\t\t\t\t\t<\/div>\n\t\t\t\t<\/div>\t\t\t\n\t\t\t\t<div class=\"col-2 col-lg-8 px-lg-0\">\n\t\t\t\t\t<div class=\"info-box font-family-gibson-300 h-100 color-white d-flex justify-content-end align-items-center py-0 px-lg-0 me-lg-5\">\n\t\t\t\t\t\t\t\t\t\t\t\t\t\t\t\t\n\t\t\t\t\t\t<div class=\"d-none d-lg-flex align-items-center weather-box me-5 py-2\">\n\t\t\t\t\t\t\t<span class=\"font-size-body-small\">\t\t\t\t\t\t\t\t\n\t\t\t\t\t\t\t\tBhoirne 14\t\t\t\t\t\t\t\t \u00b0C\n\t\t\t\t\t\t\t<\/span>  \n\t\t\t\t\t\t\t<img decoding=\"async\" class=\"weather-icon me-1 ms-3\" style=\"height:24px;\" src=\"\/app\/themes\/NationalParks\/resources\/assets\/images\/weather_icons\/light_icons\/01d.png\" alt=\"\" \/> \n\t\t\t\t\t\t\t<span class=\"weather-description font-size-body-small me-1\">Sun \/ Clear sky<\/span>\n\t\t\t\t\t\t<\/div>\n\n\t\t\t\t\t\t<img decoding=\"async\" class=\"d-block\" src=\"https:\/\/www.nationalparks.ie\/app\/uploads\/2022\/04\/NP_Park_Stamps-15-1.png\" alt=\"Burren National Park logo\" style=\"max-width:75px;\" \/>\n\t\t\t\t\t<\/div>\n\t\t\t\t<\/div>\n\t\t\t<\/div>\n\t\t\t\t\t\t\n\t\t\t<!--\n\t\t\t\t\t\t\t<ul class=\"park-nav mt-4 mb-0 px-0\">\n\t\t\t\t\t<li class=\"page_item\"><a href=\"\/glenveagh\/nature-conservation\/\">Nature &amp; Conservation<\/a><\/li>\n\t\t\t\t\t<li class=\"page_item\"><a href=\"\/glenveagh\/things-to-do\/\">Things To Do<\/a><\/li>\n\t\t\t\t\t<li class=\"page_item\"><a href=\"\/glenveagh\/learn\/\">Learn<\/a><\/li>\n\t\t\t\t\t<li class=\"page_item\"><a href=\"\/glenveagh\/about-us\/\">About us<\/a><\/li>\n\t\t\t\t\t<li class=\"page_item\"><a href=\"\/glenveagh\/contact\/\">Contact<\/a><\/li>\n\t\t\t\t<\/ul>\n\t\t\t\t\t\t\t<ul class=\"park-nav mt-4 mb-0 px-0\">\n\t\t\t\t\t<li class=\"page_item\"><a href=\"\/glenveagh\/nature-conservation\/\">An D\u00falra & Caomhn\u00fa<\/a><\/li>\n\t\t\t\t\t<li class=\"page_item\"><a href=\"\/glenveagh\/things-to-do\/\">Ruda\u00ed le d\u00e9anamh<\/a><\/li>\n\t\t\t\t\t<li class=\"page_item\"><a href=\"\/glenveagh\/learn\/\">Foghlaim<\/a><\/li>\n\t\t\t\t\t<li class=\"page_item\"><a href=\"\/glenveagh\/about-us\/\">F\u00fainn<\/a><\/li>\n\t\t\t\t\t<li class=\"page_item\"><a href=\"\/glenveagh\/contact\/\">Teagmh\u00e1il Linn<\/a><\/li>\n\t\t\t\t<\/ul>\n\t\t\t\t\t\t-->\n\t\t<\/div>\n\t<\/div>\n<\/section>\n\n\r\n<section id=\"block_5da967691f7ff0b82400e7ebc43da940\" class=\"section-park-anchor-navigation bg-color-navy\">\r\n\t<div class=\"container-fluid px-0\">\r\n\t\t<div class=\"row\">\r\n\t\t\r\n\t\t\t\t\t\t\t<ul class=\"park-nav mt-4 mb-0 px-0\">\r\n\t\t\t\t\r\n\t\t\t\t\t\r\n\t\t\t\t\t\r\n\t\t\t\t\t<li class=\"park-nav-item \">\r\n\t\t\t\t\t\t\r\n\t\t\t\t\t\t<a href=\"\/ga\/burren\/\">Baile<\/a>\r\n\t\t\t\t\t\t\r\n\t\t\t\t\t\t\t\r\n\t\t\t\t\t\t\r\n\t\t\t\t\t<\/li>\r\n\t\t\t\t\t\t\t\t\r\n\t\t\t\t\t\t\t\t\t\t\r\n\t\t\t\t\t\r\n\t\t\t\t\t\r\n\t\t\t\t\t\r\n\t\t\t\t\t<li class=\"park-nav-item current_page_item\">\r\n\t\t\t\t\t\t\r\n\t\t\t\t\t\t<a href=\"\/ga\/burren\/nature-conservation\/\">D\u00falra &amp; Caomhn\u00fa<\/a>\r\n\t\t\t\t\t\t\r\n\t\t\t\t\t\t\t\t\t\t\t\t\t<div class=\"mb-0 px-4 pt-4 pb-lg-4 mx-0 park-subnav w-100\">\r\n\t\t\t\t\t\t\t\t\t\r\n\t\t\t\t\t\t\t\t\t\r\n\t\t\t\t\t\t\t\t\t<ul class=\"mb-4 mb-lg-0 px-2 mx-lg-4\">\r\n\t\t\t\t\t\t\t\t\t\t\r\n\t\t\t\t\t\t\t\t\t\t\t\t\t\t\t\t\t\t\t\t\t<li><span class=\"park-subnav-name w-100 px-2 mb-3\">Caomhn\u00fa<\/span><\/li>\r\n\t\t\t\t\t\t\t\t\t\t\t\t\t\t\t\t\t\t\t\t\r\n\t\t\t\t\t\t\t\t\t\t\t\t\t\t\t\t\t\t\t\t\t\t\t\t\t\t\t\t\t\t\t\t\t<li>\r\n\t\t\t\t\t\t\t\t\t\t\t\t\t<a class=\"px-2 py-2\" href=\"#protect\">Cosain an D\u00falra<\/a>\r\n\t\t\t\t\t\t\t\t\t\t\t\t<\/li>\r\n\t\t\t\t\t\t\t\t\t\t\t\t\t\t\t\t\t\t\t\t\t\t\t<li>\r\n\t\t\t\t\t\t\t\t\t\t\t\t\t<a class=\"px-2 py-2\" href=\"#management\">Gn\u00e1th\u00f3ga na P\u00e1irce a Bhainisti\u00fa<\/a>\r\n\t\t\t\t\t\t\t\t\t\t\t\t<\/li>\r\n\t\t\t\t\t\t\t\t\t\t\t\t\t\t\t\t\t\t\t\t\t\t\t\t\t\t\t\t\t\t\t\r\n\t\t\t\t\t\t\t\t\t<\/ul>\r\n\t\t\t\t\t\t\t\t\t\r\n\t\t\t\t\t\t\t\t\t\r\n\t\t\t\t\t\t\t\t\t\r\n\t\t\t\t\t\t\t\t\t<ul class=\"mb-4 mb-lg-0 px-2 mx-lg-4\">\r\n\t\t\t\t\t\t\t\t\t\t\r\n\t\t\t\t\t\t\t\t\t\t\t\t\t\t\t\t\t\t\t\t\t<li><span class=\"park-subnav-name w-100 px-2 mb-3\">Fl\u00f3ra agus F\u00e1na<\/span><\/li>\r\n\t\t\t\t\t\t\t\t\t\t\t\t\t\t\t\t\t\t\t\t\r\n\t\t\t\t\t\t\t\t\t\t\t\t\t\t\t\t\t\t\t\t\t\t\t\t\t\t\t\t\t\t\t\t\t<li>\r\n\t\t\t\t\t\t\t\t\t\t\t\t\t<a class=\"px-2 py-2\" href=\"#flora\">Fl\u00f3ra<\/a>\r\n\t\t\t\t\t\t\t\t\t\t\t\t<\/li>\r\n\t\t\t\t\t\t\t\t\t\t\t\t\t\t\t\t\t\t\t\t\t\t\t<li>\r\n\t\t\t\t\t\t\t\t\t\t\t\t\t<a class=\"px-2 py-2\" href=\"#fauna\">F\u00e1na<\/a>\r\n\t\t\t\t\t\t\t\t\t\t\t\t<\/li>\r\n\t\t\t\t\t\t\t\t\t\t\t\t\t\t\t\t\t\t\t\t\t\t\t<li>\r\n\t\t\t\t\t\t\t\t\t\t\t\t\t<a class=\"px-2 py-2\" href=\"#orchids\">Magairl\u00edn\u00ed Bhoirne<\/a>\r\n\t\t\t\t\t\t\t\t\t\t\t\t<\/li>\r\n\t\t\t\t\t\t\t\t\t\t\t\t\t\t\t\t\t\t\t\t\t\t\t<li>\r\n\t\t\t\t\t\t\t\t\t\t\t\t\t<a class=\"px-2 py-2\" href=\"#butterflies\">F\u00e9ileac\u00e1in<\/a>\r\n\t\t\t\t\t\t\t\t\t\t\t\t<\/li>\r\n\t\t\t\t\t\t\t\t\t\t\t\t\t\t\t\t\t\t\t\t\t\t\t\t\t\t\t\t\t\t\t\r\n\t\t\t\t\t\t\t\t\t<\/ul>\r\n\t\t\t\t\t\t\t\t\t\r\n\t\t\t\t\t\t\t\t\t\r\n\t\t\t\t\t\t\t\t\t\r\n\t\t\t\t\t\t\t\t\t<ul class=\"mb-4 mb-lg-0 px-2 mx-lg-4\">\r\n\t\t\t\t\t\t\t\t\t\t\r\n\t\t\t\t\t\t\t\t\t\t\t\t\t\t\t\t\t\t\t\t\t<li><span class=\"park-subnav-name w-100 px-2 mb-3\">T\u00edrdhreach<\/span><\/li>\r\n\t\t\t\t\t\t\t\t\t\t\t\t\t\t\t\t\t\t\t\t\r\n\t\t\t\t\t\t\t\t\t\t\t\t\t\t\t\t\t\t\t\t\t\t\t\t\t\t\t\t\t\t\t\t\t<li>\r\n\t\t\t\t\t\t\t\t\t\t\t\t\t<a class=\"px-2 py-2\" href=\"#geology\">Geola\u00edocht<\/a>\r\n\t\t\t\t\t\t\t\t\t\t\t\t<\/li>\r\n\t\t\t\t\t\t\t\t\t\t\t\t\t\t\t\t\t\t\t\t\t\t\t<li>\r\n\t\t\t\t\t\t\t\t\t\t\t\t\t<a class=\"px-2 py-2\" href=\"#habitats\">Gn\u00e1th\u00f3ga<\/a>\r\n\t\t\t\t\t\t\t\t\t\t\t\t<\/li>\r\n\t\t\t\t\t\t\t\t\t\t\t\t\t\t\t\t\t\t\t\t\t\t\t\t\t\t\t\t\t\t\t\r\n\t\t\t\t\t\t\t\t\t<\/ul>\r\n\t\t\t\t\t\t\t\t\t\r\n\t\t\t\t\t\t\t\t\t\t\t\t\t\t\t<\/div>\r\n\t\t\t\t\t\t\t\r\n\t\t\t\t\t\t\t\r\n\t\t\t\t\t\t\r\n\t\t\t\t\t<\/li>\r\n\t\t\t\t\t\t\t\t\r\n\t\t\t\t\t\t\t\t\t\t\r\n\t\t\t\t\t\r\n\t\t\t\t\t\r\n\t\t\t\t\t\r\n\t\t\t\t\t<li class=\"park-nav-item \">\r\n\t\t\t\t\t\t\r\n\t\t\t\t\t\t<a href=\"\/ga\/burren\/things-to-do\/\">Ruda\u00ed le D\u00e9anamh<\/a>\r\n\t\t\t\t\t\t\r\n\t\t\t\t\t\t\t\r\n\t\t\t\t\t\t\r\n\t\t\t\t\t<\/li>\r\n\t\t\t\t\t\t\t\t\r\n\t\t\t\t\t\t\t\t\t\t\r\n\t\t\t\t\t\r\n\t\t\t\t\t\r\n\t\t\t\t\t\r\n\t\t\t\t\t<li class=\"park-nav-item \">\r\n\t\t\t\t\t\t\r\n\t\t\t\t\t\t<a href=\"\/ga\/burren\/learn\/\">Foghlaim<\/a>\r\n\t\t\t\t\t\t\r\n\t\t\t\t\t\t\t\r\n\t\t\t\t\t\t\r\n\t\t\t\t\t<\/li>\r\n\t\t\t\t\t\t\t\t\r\n\t\t\t\t\t\t\t\t\t\t\r\n\t\t\t\t\t\r\n\t\t\t\t\t\r\n\t\t\t\t\t\r\n\t\t\t\t\t<li class=\"park-nav-item \">\r\n\t\t\t\t\t\t\r\n\t\t\t\t\t\t<a href=\"\/ga\/burren\/about-us\/\">F\u00fainn<\/a>\r\n\t\t\t\t\t\t\r\n\t\t\t\t\t\t\t\r\n\t\t\t\t\t\t\r\n\t\t\t\t\t<\/li>\r\n\t\t\t\t\t\t\t\t\r\n\t\t\t\t\t\t\t\t\t\t\r\n\t\t\t\t\t\r\n\t\t\t\t\t\r\n\t\t\t\t\t\r\n\t\t\t\t\t<li class=\"park-nav-item \">\r\n\t\t\t\t\t\t\r\n\t\t\t\t\t\t<a href=\"\/ga\/burren\/contact\/\">Teagmh\u00e1il<\/a>\r\n\t\t\t\t\t\t\r\n\t\t\t\t\t\t\t\r\n\t\t\t\t\t\t\r\n\t\t\t\t\t<\/li>\r\n\t\t\t\t\t\t\t\t\r\n\t\t\t\t\t\t\t\t\t\t\r\n\t\t\t\t\t\r\n\t\t\t\t\t\t\t\t<\/ul>\r\n\t\t\t\t\r\n\t\t\t\r\n\t\t<\/div>\r\n\t<\/div>\r\n<\/section>\n\n\r\n<section id=\"block_4a9a301c19fa3218723d2e4456808dd5\" class=\"section-twocolumns py-4 py-lg-4 bg-color-purple-light color-black\" style=\"background-image:url(https:\/\/www.nationalparks.ie\/app\/uploads\/2022\/09\/Burren-Illo-1.png); background-position:bottom right; background-repeat:no-repeat;\">\r\n\t\t\r\n\t\t<div class=\"container-fluid px-3 px-lg-5\">\r\n\t\t\t<div class=\"row\">\r\n\t\t\t\t<div class=\"col-12 section-twocolumns__title\">\r\n\t\t\t\t\t<h2 class=\"font-size-heading\">D\u00falra &#038; Caomhn\u00fa<\/h2>\r\n\t\t\t\t<\/div>\r\n\t\t\t<\/div>\t\r\n\t\t<\/div>\t\r\n\t\t<hr>\r\n\t\t<div class=\"d-flex flex-column\">\r\n\t\t\t<div class=\"container-fluid px-3 px-lg-5 section-twocolumns__text section-twocolumns__columns order-1\">\r\n\t\t\t<div class=\"row\">\r\n\t\t\t\t\t<div class=\"col-12 \">\r\n\t\t\t\t\t\t<div class=\"h4 font-family-naisiuntamedium\"><p>&nbsp;<\/p>\n<h3 class=\"font-size-quote\">T\u00e1 P\u00e1irc N\u00e1isi\u00fanta Bhoirne lonnaithe sa chuid thoir theas de Bhoirinn agus t\u00e1 thart ar 1500 heicte\u00e1r inti. T\u00e1 sampla\u00ed inti de gach gn\u00e1th\u00f3g mh\u00f3r at\u00e1 le f\u00e1il i mBoireann: P\u00e1bh\u00e1il Aolchloiche, F\u00e9arach Cailcreach, Scrobarnach Choill, Coillearnach Fuinseoige\/Choill, Turlaigh, Lochanna, Fuar\u00e1in Chlochraithe, Aillte agus Eanach.<\/h3>\n<p>&nbsp;<\/p>\n<\/div>\r\n\t\t\t\t\t<\/div>\r\n\t\t\t<\/div>\r\n\t\t<\/div>\t\r\n\t\t\r\n\t \t\r\n\t<div class=\"container-fluid px-3 px-lg-5 section-twocolumns__columns order-2 \">\r\n\t\t<div class=\"row\">\r\n\t\t\t<div class=\"d-flex flex-column flex-lg-row\">\r\n\t\t\t\t<div class=\"col-12 col-lg-6  first-column\">\r\n\t\t\t\t\t<div class=\"pt-3 pt-lg-5\">\n<img loading=\"lazy\" decoding=\"async\" src=\"https:\/\/www.nationalparks.ie\/app\/uploads\/2022\/04\/Parallax-Image-1.png\" alt=\"Gn\u00e1th\u00f3g Th\u00edrdhreach Boireannach\" width=\"602\" height=\"441\" class=\"alignnone size-full wp-image-1694\" srcset=\"https:\/\/www.nationalparks.ie\/app\/uploads\/2022\/04\/Parallax-Image-1.png 602w, https:\/\/www.nationalparks.ie\/app\/uploads\/2022\/04\/Parallax-Image-1-300x220.png 300w\" sizes=\"auto, (max-width: 602px) 100vw, 602px\" \/><\/p>\n<p><span class=\"font-size-capitalised\">Thuas:<\/span>Gn\u00e1th\u00f3g Th\u00edrdhreach Boireannach\n<\/div>\n\t\t\t\t<\/div>\r\n\t\t\t\t<div class=\"col-12 col-lg-6  mb-3 mb-lg-5 second-column\">\r\n\t\t\t\t\t<div class=\"pt-3 pt-lg-5 ps-0 ps-lg-5\">\n<p>Is \u00f3n bhfocal Gaeilge \u201cBoirinn\u201d a eascra\u00edonn an focal B\u00e9arla \u201cBurren\u201d,  agus is \u00e9ard is br\u00ed leis n\u00e1 \u00e1it charraigeach. Is ainm f\u00edor-oiri\u00fanach \u00e9 seo nuair a chuirtear an easpa ithreach agus fairsinge na P\u00e1bh\u00e1la Aolchloiche nochta inti san \u00e1ireamh. Mar sin f\u00e9in, tagra\u00edodh di mar \u201cFertile rock\u201d san am at\u00e1 caite i ngeall ar an measc\u00e1n torth\u00fail de luibheanna agus bl\u00e1thanna at\u00e1 le f\u00e1il.<\/p>\n<p>Maireann planda\u00ed Artacha-alpacha agus planda\u00ed Me\u00e1nmhuir\u00ed taobh le taobh, f\u00e1sann planda\u00ed cailciarrthacha (a dtaitn\u00edonn aol leo) agus cailctheifeacha (a dtaitn\u00edonn aig\u00e9ad leo) in aice a ch\u00e9ile, agus f\u00e1sann planda\u00ed coillearna\u00ed amuigh faoin sp\u00e9ir gan aon chrann in aice l\u00e1imhe mar sc\u00e1th ar an ngrian. Feicfidh t\u00fa freisin go bhfuil speicis \u00e1irithe le f\u00e1il go fl\u00fairseach i mBoireann, c\u00e9 nach bhfuil siad coitianta in \u00e1iteanna eile. Maireann na planda\u00ed seo ar fad i ndomhan a bhfuil cuma air nach bhfuil ann ach clocha amh\u00e1in.<\/p>\n<\/div>\n\t\t\t\t<\/div>\r\n\t\t\t<\/div>\r\n\t\t<\/div>\r\n\t<\/div>\r\n\t\t\r\n<\/section>\r\n\n\n\r\n<a id=\"protect\" style=\"\"><\/a>\r\n\r\n\r\n\n\n\r\n<section id=\"block_f85f32f97a2aec11ad4e7810618541a1\" class=\"section-twocolumns py-4 py-lg-4 bg-color-beige color-black\" style=\"background-image:url(); \">\r\n\t\t<div class=\"d-flex flex-column\">\r\n\t\t\r\n\t \t\r\n\t<div class=\"container-fluid px-3 px-lg-5 section-twocolumns__columns order-2 \">\r\n\t\t<div class=\"row\">\r\n\t\t\t<div class=\"d-flex flex-column flex-lg-row\">\r\n\t\t\t\t<div class=\"col-12 col-lg-6  first-column\">\r\n\t\t\t\t\t<p><img decoding=\"async\" class=\"alignnone wp-image-394 size-full\" src=\"https:\/\/www.nationalparks.ie\/app\/uploads\/2022\/11\/protect_nature_ga.png\" alt=\"Cosain an D\u00falra\" width=\"481\" \/><\/p>\n\t\t\t\t<\/div>\r\n\t\t\t\t<div class=\"col-12 col-lg-6  mb-3 mb-lg-5 second-column\">\r\n\t\t\t\t\t<h3>Go raibh maith agat as cuidi\u00fa linn d\u00falra a chosaint i mBoirinn. Nuair at\u00e1 t\u00fa freagrach agus t\u00fa ag baint sult as caitheamh aimsire amuigh anseo, cuid\u00edonn t\u00fa linn na hainmhithe agus gn\u00e1th\u00f3ga uath\u00fala at\u00e1 le f\u00e1il i dt\u00edrdhreach Bhoirne a chaomhn\u00fa.<\/h3>\n<h3>Clo\u00ed len\u00e1r noda th\u00edos maidir le d\u00falra a chosaint agus cuimhnigh gan aon lorg de do chuairt a fh\u00e1g\u00e1il i do dhiaidh:<\/h3>\n\t\t\t\t<\/div>\r\n\t\t\t<\/div>\r\n\t\t<\/div>\r\n\t<\/div>\r\n\t\t\r\n<\/section>\r\n\n\n\r\n<section id=\"block_caa86680604510d4c5823ea594efa150\" class=\"section-icon-list bg-color-tea\">\r\n\t<div class=\"container-fluid px-3 px-lg-5 section-icon-list__title\">\t\r\n\t\t<h2 class=\"d-block font-size-heading color-cyprus py-4 px-3 px-lg-4 mb-0\">\r\n\t\t\tLeideanna \u00das\u00e1ideacha\t\t<\/h2>\r\n\t<\/div>\r\n\t<div class=\"row tipslist bg-color-tea\">\r\n\t\t\t\t\t<div class='container-fluid px-3 px-lg-5'><div class='row align-items-stretch'>\t\r\n\t\t\t\t<!-- <p>GAR 1<\/p> -->\r\n\t\t\t\t<div class=\"tipslist__item col-12 col-md-6 col-lg-4 \">\r\n\t\t\t\t\t<div class=\"px-3 py-4\">\r\n\t\t\t\t\t\t\t\t\t\t\t\t<div class=\"row\">\r\n\t\t\t\t\t\t\t<div class=\"col-4\">\r\n\t\t\t\t\t\t\t\t<img decoding=\"async\" class=\"w-100 d-table mx-auto pe-3\" style=\"max-width:120px;\" src=\"https:\/\/www.nationalparks.ie\/app\/uploads\/2022\/08\/Frame-51.png\" alt=\"\" \/>\r\n\t\t\t\t\t\t\t<\/div>\r\n\t\t\t\t\t\t\t<div class=\"col-8 color-cyprus\">\r\n\t\t\t\t\t\t\t\t<div class=\"mb-0 ps-3\"><p><strong>Clo\u00ed leis na conair\u00ed marc\u00e1ilte<\/strong><\/p>\n<p>T\u00e1 s\u00e9 t\u00e1bhachtach clo\u00ed leis na conair\u00ed marc\u00e1ilte d\u2019fhonn an t\u00edrdhreach a chosaint, agus n\u00e1 cuir isteach ar fhiadh\u00falra. Seice\u00e1il an aimsir agus b\u00ed cinnte go dtugann t\u00fa leat gach rud a bheidh ag teast\u00e1il uait sula dtosa\u00edonn t\u00fa amach.<\/p>\n<\/div>\r\n\t\t\t\t\t\t\t<\/div>\r\n\t\t\t\t\t\t<\/div>\r\n\t\t\t\t\t\t\t\t\t\t\t\t\t\t\t\t\t<\/div>\r\n\t\t\t\t<\/div>\r\n\t\t\t\t\r\n\t\t\t\t<!-- <p>GAR 2<\/p> -->\r\n\t\t\t\t<div class=\"tipslist__item col-12 col-md-6 col-lg-4 \">\r\n\t\t\t\t\t<div class=\"px-3 py-4\">\r\n\t\t\t\t\t\t\t\t\t\t\t\t<div class=\"row\">\r\n\t\t\t\t\t\t\t<div class=\"col-4\">\r\n\t\t\t\t\t\t\t\t<img decoding=\"async\" class=\"w-100 d-table mx-auto pe-3\" style=\"max-width:120px;\" src=\"https:\/\/www.nationalparks.ie\/app\/uploads\/2022\/08\/Group-1.png\" alt=\"\" \/>\r\n\t\t\t\t\t\t\t<\/div>\r\n\t\t\t\t\t\t\t<div class=\"col-8 color-cyprus\">\r\n\t\t\t\t\t\t\t\t<div class=\"mb-0 ps-3\"><p><strong>Cosain strucht\u00fair \u00e1rsa<\/strong><\/p>\n<p>T\u00e1 go leor de na balla\u00ed i mBoireann ina strucht\u00fair \u00e1rsa. Bain leas as na dreapa\u00ed at\u00e1 ar f\u00e1il agus n\u00e1 t\u00e9igh thar na balla\u00ed<\/p>\n<\/div>\r\n\t\t\t\t\t\t\t<\/div>\r\n\t\t\t\t\t\t<\/div>\r\n\t\t\t\t\t\t\t\t\t\t\t\t\t\t\t\t\t<\/div>\r\n\t\t\t\t<\/div>\r\n\t\t\t\t\r\n\t\t\t\t<!-- <p>GAR 0<\/p> -->\r\n\t\t\t\t<div class=\"tipslist__item col-12 col-md-6 col-lg-4 tipslist__item--noborder\">\r\n\t\t\t\t\t<div class=\"px-3 py-4\">\r\n\t\t\t\t\t\t\t\t\t\t\t\t<div class=\"row\">\r\n\t\t\t\t\t\t\t<div class=\"col-4\">\r\n\t\t\t\t\t\t\t\t<img decoding=\"async\" class=\"w-100 d-table mx-auto pe-3\" style=\"max-width:120px;\" src=\"https:\/\/www.nationalparks.ie\/app\/uploads\/2022\/08\/Frame-52.png\" alt=\"\" \/>\r\n\t\t\t\t\t\t\t<\/div>\r\n\t\t\t\t\t\t\t<div class=\"col-8 color-cyprus\">\r\n\t\t\t\t\t\t\t\t<div class=\"mb-0 ps-3\"><p><strong>B\u00ed Tuisceanach<\/strong><\/p>\n<p>Cuimhnigh geata\u00ed a dhruidim i do dhiaidh.<\/p>\n<\/div>\r\n\t\t\t\t\t\t\t<\/div>\r\n\t\t\t\t\t\t<\/div>\r\n\t\t\t\t\t\t\t\t\t\t\t\t\t\t\t\t\t<\/div>\r\n\t\t\t\t<\/div>\r\n\t\t\t<\/div><\/div><hr class='m-0' style='opacity:1; border-bottom:1px solid #9c949496; background-color: transparent;'\/><div class='container-fluid px-3 px-lg-5'><div class='row align-items-stretch'>\t\r\n\t\t\t\t<!-- <p>GAR 1<\/p> -->\r\n\t\t\t\t<div class=\"tipslist__item col-12 col-md-6 col-lg-4 \">\r\n\t\t\t\t\t<div class=\"px-3 py-4\">\r\n\t\t\t\t\t\t\t\t\t\t\t\t<div class=\"row\">\r\n\t\t\t\t\t\t\t<div class=\"col-4\">\r\n\t\t\t\t\t\t\t\t<img decoding=\"async\" class=\"w-100 d-table mx-auto pe-3\" style=\"max-width:120px;\" src=\"https:\/\/www.nationalparks.ie\/app\/uploads\/2022\/08\/Frame-53.png\" alt=\"\" \/>\r\n\t\t\t\t\t\t\t<\/div>\r\n\t\t\t\t\t\t\t<div class=\"col-8 color-cyprus\">\r\n\t\t\t\t\t\t\t\t<div class=\"mb-0 ps-3\"><p><strong>B\u00edodh meas agat ar phr\u00edobh\u00e1ideachas<\/strong><\/p>\n<p>N\u00ed cheada\u00edtear aon dr\u00f3n a \u00fas\u00e1id gan chead\u00fanas.<\/p>\n<\/div>\r\n\t\t\t\t\t\t\t<\/div>\r\n\t\t\t\t\t\t<\/div>\r\n\t\t\t\t\t\t\t\t\t\t\t\t\t\t\t\t\t<\/div>\r\n\t\t\t\t<\/div>\r\n\t\t\t\t\r\n\t\t\t\t<!-- <p>GAR 2<\/p> -->\r\n\t\t\t\t<div class=\"tipslist__item col-12 col-md-6 col-lg-4 \">\r\n\t\t\t\t\t<div class=\"px-3 py-4\">\r\n\t\t\t\t\t\t\t\t\t\t\t\t<div class=\"row\">\r\n\t\t\t\t\t\t\t<div class=\"col-4\">\r\n\t\t\t\t\t\t\t\t<img decoding=\"async\" class=\"w-100 d-table mx-auto pe-3\" style=\"max-width:120px;\" src=\"https:\/\/www.nationalparks.ie\/app\/uploads\/2022\/02\/Frame-1.png\" alt=\"\" \/>\r\n\t\t\t\t\t\t\t<\/div>\r\n\t\t\t\t\t\t\t<div class=\"col-8 color-cyprus\">\r\n\t\t\t\t\t\t\t\t<div class=\"mb-0 ps-3\"><p><strong>F\u00e1g an M\u00e9id a Aims\u00edonn t\u00fa<\/strong><\/p>\n<p>N\u00e1 corraigh agus n\u00e1 bain aon chlocha n\u00f3 iontais\u00ed, n\u00e1 pioc aon phlanda\u00ed agus n\u00e1 cuir isteach ar fhiadh\u00falra.<\/p>\n<\/div>\r\n\t\t\t\t\t\t\t<\/div>\r\n\t\t\t\t\t\t<\/div>\r\n\t\t\t\t\t\t\t\t\t\t\t\t\t\t\t\t\t<\/div>\r\n\t\t\t\t<\/div>\r\n\t\t\t\t\r\n\t\t\t\t<!-- <p>GAR 0<\/p> -->\r\n\t\t\t\t<div class=\"tipslist__item col-12 col-md-6 col-lg-4 tipslist__item--noborder\">\r\n\t\t\t\t\t<div class=\"px-3 py-4\">\r\n\t\t\t\t\t\t\t\t\t\t\t\t<div class=\"row\">\r\n\t\t\t\t\t\t\t<div class=\"col-4\">\r\n\t\t\t\t\t\t\t\t<img decoding=\"async\" class=\"w-100 d-table mx-auto pe-3\" style=\"max-width:120px;\" src=\"https:\/\/www.nationalparks.ie\/app\/uploads\/2022\/02\/Frame-3.png\" alt=\"\" \/>\r\n\t\t\t\t\t\t\t<\/div>\r\n\t\t\t\t\t\t\t<div class=\"col-8 color-cyprus\">\r\n\t\t\t\t\t\t\t\t<div class=\"mb-0 ps-3\"><p><strong>Cuir Dramha\u00edl de L\u00e1imh mar is Ceart<\/strong><\/p>\n<p>Baol m\u00f3r don d\u00falra is ea bruscar. Tr\u00ed do dhramha\u00edl a thabhairt abhaile leat, tugann t\u00fa l\u00e1mh ch\u00fanta chun an ph\u00e1irc agus an fhiadh\u00falra a chosaint, agus bail shl\u00e1inti\u00fail Bhoirne a choinne\u00e1il.<\/p>\n<\/div>\r\n\t\t\t\t\t\t\t<\/div>\r\n\t\t\t\t\t\t<\/div>\r\n\t\t\t\t\t\t\t\t\t\t\t\t\t\t\t\t\t<\/div>\r\n\t\t\t\t<\/div>\r\n\t\t\t<\/div><\/div><hr class='m-0' style='opacity:1; border-bottom:1px solid #9c949496; background-color: transparent;'\/><div class='container-fluid px-3 px-lg-5'><div class='row align-items-stretch'>\t\r\n\t\t\t\t<!-- <p>GAR 1<\/p> -->\r\n\t\t\t\t<div class=\"tipslist__item col-12 col-md-6 col-lg-4 tipslist__item--lastitem\">\r\n\t\t\t\t\t<div class=\"px-3 py-4\">\r\n\t\t\t\t\t\t\t\t\t\t\t\t<div class=\"row\">\r\n\t\t\t\t\t\t\t<div class=\"col-4\">\r\n\t\t\t\t\t\t\t\t<img decoding=\"async\" class=\"w-100 d-table mx-auto pe-3\" style=\"max-width:120px;\" src=\"https:\/\/www.nationalparks.ie\/app\/uploads\/2022\/08\/Frame-56.png\" alt=\"\" \/>\r\n\t\t\t\t\t\t\t<\/div>\r\n\t\t\t\t\t\t\t<div class=\"col-8 color-cyprus\">\r\n\t\t\t\t\t\t\t\t<div class=\"mb-0 ps-3\"><p><strong>Cosain na huisc\u00ed<\/strong><\/p>\n<p>Cuimhnigh nach gceada\u00edtear iascaireacht sna lochanna, sna turlaigh n\u00e1 sna c\u00f3rais uisce i bP\u00e1irc N\u00e1isi\u00fanta Bhoirne.<\/p>\n<\/div>\r\n\t\t\t\t\t\t\t<\/div>\r\n\t\t\t\t\t\t<\/div>\r\n\t\t\t\t\t\t\t\t\t\t\t\t\t\t\t\t\t<\/div>\r\n\t\t\t\t<\/div>\r\n\t\t\t<\/div><\/div>\t\t\t\r\n\t\t<hr class=\"m-0\" style=\"opacity:1; border-bottom:1px solid #9c949496; background-color: transparent;\"\/>\r\n\t\t<\/div>\r\n\t\t\r\n\t<\/div>\r\n<\/section>\n\n\n\n<section id=\"section-video-block_8848a6ec9c59d922c637354869f20345\" class=\"section-video d-flex justify-content-center\" style=\"margin-top:0;\">\n\t\n\t\t\t<div aria-hidden=\"true\" class=\"img-wrap\" style=\"width:100%; min-width:1280px; position:relative; height:420px; overflow:hidden; background-image:url(https:\/\/www.nationalparks.ie\/app\/uploads\/2022\/09\/Rectangle-5-7.png); background-size:cover;\"><\/div>\n\t<\/section>\n\n\r\n<a id=\"geology\" style=\"\"><\/a>\r\n\r\n\r\n\n\n\r\n<section id=\"block_a95dec7a52ad29faf33161a2e9b27242\" class=\"section-twocolumns py-4 py-lg-4 bg-color-beige color-black\" style=\"background-image:url(); \">\r\n\t\t\r\n\t\t<div class=\"container-fluid px-3 px-lg-5\">\r\n\t\t\t<div class=\"row\">\r\n\t\t\t\t<div class=\"col-12 section-twocolumns__title\">\r\n\t\t\t\t\t<h2 class=\"font-size-heading\">Geola\u00edocht<\/h2>\r\n\t\t\t\t<\/div>\r\n\t\t\t<\/div>\t\r\n\t\t<\/div>\t\r\n\t\t<hr>\r\n\t\t<div class=\"d-flex flex-column\">\r\n\t\t\t<div class=\"container-fluid px-3 px-lg-5 section-twocolumns__text section-twocolumns__columns order-1\">\r\n\t\t\t<div class=\"row\">\r\n\t\t\t\t\t<div class=\"col-12 \">\r\n\t\t\t\t\t\t<div class=\"h4 font-family-naisiuntamedium\"><h3 class=\"font-size-quote pb-5 pt-3\">T\u00e1 aolchlocha \u00f3n tr\u00e9imhse Charb\u00f3nmhar \u00cdochtair (Vis\u00e9ach) mar bhun\u00fas le Boirinn. Crutha\u00edodh an aolchloch \u00f3 dhr\u00edodair i muir thr\u00f3paiceach a chl\u00fadaigh an chuid is m\u00f3 d\u2019\u00c9irinn thart ar 350 milli\u00fan bliain \u00f3 shin. Comhbhr\u00fadh na dr\u00edodair seo ina sraitheanna cothrom\u00e1nacha agus t\u00e1 coir\u00e9il, cu\u00e1in mhara, lil\u00ed mara (cr\u00edon\u00f3idigh) agus am\u00f3in\u00edt\u00ed iontu. Baineann na haolchlocha at\u00e1 laistigh den ph\u00e1irc leis an gc\u00e9im Aispiach de chruth\u00fa Bhoirne ina bhfuil dh\u00e1 bhall d\u00edobh ar f\u00e1il:<\/span><\/h3>\n<\/div>\r\n\t\t\t\t\t<\/div>\r\n\t\t\t<\/div>\r\n\t\t<\/div>\t\r\n\t\t\r\n\t \t\r\n\t<div class=\"container-fluid px-3 px-lg-5 section-twocolumns__columns order-2 \">\r\n\t\t<div class=\"row\">\r\n\t\t\t<div class=\"d-flex flex-column flex-lg-row\">\r\n\t\t\t\t<div class=\"col-12 col-lg-6  first-column\">\r\n\t\t\t\t\t<p><img loading=\"lazy\" decoding=\"async\" src=\"https:\/\/www.nationalparks.ie\/app\/uploads\/2022\/09\/Rectangle-5-8.png\" alt=\"Mullaghm\u00f3r\" width=\"642\" height=\"469\" class=\"alignnone size-full wp-image-7633\" srcset=\"https:\/\/www.nationalparks.ie\/app\/uploads\/2022\/09\/Rectangle-5-8.png 642w, https:\/\/www.nationalparks.ie\/app\/uploads\/2022\/09\/Rectangle-5-8-300x219.png 300w\" sizes=\"auto, (max-width: 642px) 100vw, 642px\" \/><\/p>\n\t\t\t\t<\/div>\r\n\t\t\t\t<div class=\"col-12 col-lg-6  mb-3 mb-lg-5 second-column\">\r\n\t\t\t\t\t<div class=\"ps-0 ps-lg-5 pt-0 pt-lg-5\">\n<ol>\n<li>\n<p>T\u00e1 an ball l\u00e9ibheannaithe n\u00edos \u00f3ige dea-altach agus leabaithe go tr\u00e9an le sraitheanna de chr\u00e9 agus sceall at\u00e1 idirchurtha le leapacha aolchloiche sna hidirch\u00e9imeanna, ar gn\u00e9 sin a chrutha\u00edonn pr\u00f3if\u00edl shaini\u00fail ch\u00e9imnithe na gcnoc. T\u00e1 cloch a bhaineann leis an mball seo mar bhonn leis na limist\u00e9ir sl\u00e9ibhe laistigh den Ph\u00e1irc N\u00e1isi\u00fanta agus sa cheantar m\u00e1guaird. \u00c1ir\u00edtear leo sin na coim\u00edn\u00ed arda mar aon leis an Mullach M\u00f3r agus na cnoic Sliabh Rua agus na Cnoc\u00e1in at\u00e1 lasmuigh de phr\u00edomh-ardchl\u00e1r aolchloiche Bhoirne agus at\u00e1 ar an bpointe is faide thoir theas de cheantar sl\u00e9ibhe Bhoirne.<\/p>\n<\/li>\n<li>\n<p>N\u00ed an ball bun\u00fasach maumcaha leabaithe ach ina chuid uachtair agus t\u00e1 criosanna at\u00e1 l\u00e1n de silice (seirt) sa chuid is airde. T\u00e1 an tsraith seo mar bhun\u00fas leis na limist\u00e9ir \u00edsle sa ph\u00e1irc.<\/p>\n<\/li>\n<\/ol>\n<\/div>\n\t\t\t\t<\/div>\r\n\t\t\t<\/div>\r\n\t\t<\/div>\r\n\t<\/div>\r\n\t\t\r\n<\/section>\r\n\n\n\r\n<section id=\"block_6b7641b93dc3c9581c45d3e85cf4d651\" class=\"section-twocolumns py-4 py-lg-4 bg-color-beige color-black\" style=\"background-image:url(); \">\r\n\t\t\r\n\t\t<div class=\"container-fluid px-3 px-lg-5\">\r\n\t\t\t<div class=\"row\">\r\n\t\t\t\t<div class=\"col-12 section-twocolumns__title\">\r\n\t\t\t\t\t<h2 class=\"font-size-heading\">Oighri\u00fa &#038; T\u00edrdhreach oighearcharstach<\/h2>\r\n\t\t\t\t<\/div>\r\n\t\t\t<\/div>\t\r\n\t\t<\/div>\t\r\n\t\t<hr>\r\n\t\t<div class=\"d-flex flex-column\">\r\n\t\t\r\n\t \t\r\n\t<div class=\"container-fluid px-3 px-lg-5 section-twocolumns__columns order-1 \">\r\n\t\t<div class=\"row\">\r\n\t\t\t<div class=\"d-flex flex-column flex-lg-row\">\r\n\t\t\t\t<div class=\"col-12 col-lg-6  first-column\">\r\n\t\t\t\t\t<p>T\u00e1 an Bhoirinn ar cheann de na sampla\u00ed is fearr ar domhan de th\u00edrdhreach oighearcharstach. T\u00e1 eolas ar dh\u00e1 oighearleathadh ar a laghad i gceantar na Boirne. Mar sin f\u00e9in, is d\u00f3cha gurb \u00e9ifeachta\u00ed an<br \/>\nt-oighri\u00fa deiridh (L\u00e1r na T\u00edre) is m\u00f3 at\u00e1 le feice\u00e1il sa Ph\u00e1irc N\u00e1isi\u00fanta. Ceaptar go raibh an chuid is m\u00f3 den Bhoirinn faoi oighear le linn an oighri\u00fach\u00e1in seo. T\u00e1 s\u00e9 seo soil\u00e9ir le l\u00e1ithreacht fosuithe \u00fara de chr\u00e9 bholl\u00e1in ag airde beag\u00e1n faoi bhun 300 m\u00e9adar. N\u00ed d\u00f3cha go raibh an cl\u00fadach oighir s\u00e1ch tiubh, \u00e1fach, agus b\u2019fh\u00e9idir gur fhan cuid de na cnoic san iarthar siar \u00f3n oighear.<\/p>\n<p>Rinne an t-oighear a chl\u00fadaigh an Bhoirinn le linn na tr\u00e9imhse seo aon scealla a bh\u00ed f\u00e1gtha amach \u00f3n bP\u00e1irc a chreimeadh agus chabhraigh s\u00e9 le cruth cruinn a thabhairt do na cnoic. Ba \u00e9 an \u00e9ifeacht a bh\u00ed ag na hoighearchl\u00faidigh n\u00e1 go leor den \u00e1bhar scaoilte a scr\u00edobadh sna limist\u00e9ir p\u00e1bh\u00e1la ach bh\u00ed siad freagrach freisin as carn\u00e1in mh\u00f3ra d&#8217;\u00e1bhar scaoilte (cr\u00e9 bholl\u00e1in) a chur i bhfoirm droimn\u00edn\u00ed agus moir\u00e9in n\u00f3 dromanna \u00edsle. Is f\u00e9idir sampla\u00ed d\u00edobh seo a fheice\u00e1il ar fh\u00e1na\u00ed thoir an Mhullaigh Mh\u00f3ir. Bhog na hoighearshruthanna freisin agus chuir siad boll\u00e1in mh\u00f3ra ar a dtugtar Carraigeacha Corra uaireanta, is f\u00e9idir na boll\u00e1in mh\u00f3ra aolchloiche seo a fheice\u00e1il ar bharr na p\u00e1bh\u00e1la aolchloiche I gCnoc Bhaile U\u00ed Mheachair, ceantar soir \u00f3 Mhullach M\u00f3r.<\/p>\n<p>T\u00e1 \u00e9ifeachta\u00ed creimeadh tuaslagtha (carst\u00fa) a tharla n\u00edos luaithe scriosta mar gheall ar an oighearaois deiridh, mar sin n\u00edl carst\u00fa na Boirne sa l\u00e1 at\u00e1 inniu ann ach ag tarl\u00fa \u00f3n oighearaois deiridh thart ar 10,000 bliain \u00f3 shin. Mar sin t\u00e1 Carst na Boirne s\u00e1ch nua-aimseartha i gcompar\u00e1id le Carst \u00f3 Oirthear na hEorpa.<\/p>\n\t\t\t\t<\/div>\r\n\t\t\t\t<div class=\"col-12 col-lg-6  mb-3 mb-lg-5 second-column\">\r\n\t\t\t\t\t<p><img loading=\"lazy\" decoding=\"async\" src=\"https:\/\/www.nationalparks.ie\/app\/uploads\/2022\/09\/Slieve-Carran-1024x680.jpg\" alt=\"Sliabh Cairn\" width=\"642\" height=\"469\" class=\"alignnone size-full wp-image-7633\" style=\"float: right\" \/><\/p>\n\t\t\t\t<\/div>\r\n\t\t\t<\/div>\r\n\t\t<\/div>\r\n\t<\/div>\r\n\t\t\r\n<\/section>\r\n\n\n\r\n<a id=\"habitats\" style=\"\"><\/a>\r\n\r\n\r\n\n\n\r\n<section id=\"block_fe31896ec4f2a4188aeb5c10e56f64dd\" class=\"section-twocolumns py-4 py-lg-4 bg-color-purple-light color-black\" style=\"background-image:url(); \">\r\n\t\t<div class=\"d-flex flex-column\">\r\n\t\t\r\n\t \t\r\n\t<div class=\"container-fluid px-3 px-lg-5 section-twocolumns__columns order-2 \">\r\n\t\t<div class=\"row\">\r\n\t\t\t<div class=\"d-flex flex-column flex-lg-row\">\r\n\t\t\t\t<div class=\"col-12 col-lg-4  first-column\">\r\n\t\t\t\t\t<h2>Gn\u00e1th\u00f3ga<\/h2>\n\t\t\t\t<\/div>\r\n\t\t\t\t<div class=\"col-12 col-lg-8  mb-3 mb-lg-5 second-column\">\r\n\t\t\t\t\t<p class=\"h4 font-family-naisiuntamedium mb-3\">D\u00e1 gcaithfe\u00e1 s\u00fail ar Bhoirinn, seans go gceapf\u00e1 nach bhfuil m\u00f3r\u00e1n eile inti ach cloch. Mar sin f\u00e9in, is \u00e9iceach\u00f3ras an-chasta at\u00e1 ann. T\u00e1 na gn\u00e1th\u00f3ga sa ph\u00e1irc fite fuaite ina ch\u00e9ile agus is d\u00e1 bharr sinn a chrutha\u00edtear measc\u00e1n de ghn\u00e1th\u00f3ga a bhfuil s\u00e9 deacair iad a dheal\u00fa \u00f3na ch\u00e9ile. Is minic at\u00e1 p\u00e1bh\u00e1il aolchloiche measctha le f\u00e9arach cailcreach agus scrobarnach choill, n\u00f3 is minic at\u00e1 coillearnach fuinseoige le f\u00e1il ar ph\u00e1bh\u00e1il aolchloiche.<\/p>\n<p class=\"h4 font-family-naisiuntamedium mb-3\">T\u00e1 gach aon cheann de na gn\u00e1th\u00f3ga m\u00f3ra i mBoirinn le f\u00e1il laistigh den ph\u00e1irc. T\u00e1 thart ar 75% de na speicis de phlanda\u00ed at\u00e1 le f\u00e1il in \u00c9irinn le f\u00e1il laistigh de na gn\u00e1th\u00f3ga i mBoirinn, lena n-\u00e1ir\u00edtear 23 den 27 speiceas de mhagairl\u00edn\u00ed d\u00fachasacha in \u00c9irinn.<\/p>\n\t\t\t\t<\/div>\r\n\t\t\t<\/div>\r\n\t\t<\/div>\r\n\t<\/div>\r\n\t\t\r\n<\/section>\r\n\n\n<section id=\"block_ad1edda5a564cf42c4a4eb0d270661ed\" class=\"section-highlight-box bg-color-beige bg-color-purple-light color-black  py-5\">\n\t<div class=\"container-fluid px-3 px-lg-5\">\n\t\t<div class=\"row\">\n\t\t\t<div class=\"col-12\">\n\t\t\t\t<h2 class=\"font-size-heading ps-lg-3 pb-lg-4\"><\/h2>\n\t\t\t<\/div>\n\t\t<\/div>\n\t<\/div>\n\t<hr class=\"m-0\" style=\"opacity:1; border-bottom:1px solid #9C9494; background-color: transparent;\"\/>\n\t<div class=\"container-fluid px-3 px-lg-5\">\n\t\t\t<div class=\"row\">\t\n\t\t\t\t\t\t\t\t\t\t\t\t\n\t\t\t\t\t\t\t\t\t\t\n\t\t\t\t\t\t<div class=\"col-12\" style=\"outline:1px solid #9C9494;\">\n\t\t\t\t\t\t\t<div class=\"row\">\n\t\t\t\t\t\t\t\t<div class=\"col-12 col-md-6 order-md-1\">\n\t\t\t\t\t\t\t\t\t<div class=\"highlight-img-wrap w-100\" style=\"position:relative;\">\n\t\t\t\t\t\t\t\t\t\t<div class=\"\" style=\"display:block; padding-bottom:100%;\">\n\t\t\t\t\t\t\t\t\t\t\t\n\t\t\t\t\t\t\t\t\t\t\t<span class=\"w-100 h-100\" style=\"background-image:url('https:\/\/www.nationalparks.ie\/app\/uploads\/2022\/04\/Rectangle-5-15.png'); background-position:center center; background-size:cover; position:absolute;\" role=\"img\" aria-label=\"P\u00e1bh\u00e1il Aolchloiche\"><\/span>\t\t\t\t\t\t\t\t\n\t\t\t\t\t\t\t\t\t\t<\/div>\n\t\t\t\t\t\t\t\t\t<\/div>\n\t\t\t\t\t\t\t\t<\/div>\n\t\t\t\t\t\t\t\t<div class=\"col-12 col-md-6 order-md-2\">\n\t\t\t\t\t\t\t\t\t<div class=\"p-3\">\n\t\t\t\t\t\t\t\t\t\t<h3 class=\"font-size-heading-small mt-lg-4\">P\u00e1bh\u00e1il Aolchloiche<\/h3>\n\t\t\t\t\t\t\t\t\t\t<p class=\"color-black text-uppercase font-size-capitalised\"><\/p>\n\t\t\t\t\t\t\t\t\t\t<hr\/>\n\t\t\t\t\t\t\t\t\t\t<div class=\"font-size-body-small\"><p>Is le Boirinn a shamhla\u00edtear p\u00e1bh\u00e1il aolchloiche anois agus cl\u00fada\u00edonn s\u00ed an chuid is m\u00f3 den Ph\u00e1irc N\u00e1isi\u00fanta, c\u00e9 gur minic go bhfuil measc\u00e1n de ghn\u00e1th\u00f3ga eile i gceist. D\u2019fh\u00e9adfadh an ph\u00e1bh\u00e1il bheith m\u00edn n\u00f3 ina smidir\u00edn\u00ed.<\/p>\n<\/div>\n\t\t\t\t\t\t\t\t\t\t\n\t\t\t\t\t\t\t\t\t\t\t\t\t\t\t\t\t\t\t<\/div>\n\t\t\t\t\t\t\t\t<\/div>\n\t\t\t\t\t\t\t<\/div>\n\t\t\t\t\t\t<\/div>\n\t\t\t\t\t\t\n\t\t\t\t\t\t\t\t\t\t\n\t\t\t\t\t\t\t\t\t\n\t\t\t\t\t\t\t\t\t\t\n\t\t\t\t\t\t<div class=\"col-12\" style=\"outline:1px solid #9C9494;\">\n\t\t\t\t\t\t\t<div class=\"row\">\n\t\t\t\t\t\t\t\t<div class=\"col-12 col-md-6 order-md-2\">\n\t\t\t\t\t\t\t\t\t<div class=\"highlight-img-wrap w-100\" style=\"position:relative;\">\n\t\t\t\t\t\t\t\t\t\t<div class=\"\" style=\"display:block; padding-bottom:100%;\">\n\t\t\t\t\t\t\t\t\t\t\t\n\t\t\t\t\t\t\t\t\t\t\t<span class=\"w-100 h-100\" style=\"background-image:url('https:\/\/www.nationalparks.ie\/app\/uploads\/2022\/04\/Rectangle-5-1-3.png'); background-position:center center; background-size:cover; position:absolute;\" role=\"img\" aria-label=\"F\u00e9arach Cailcreach\"><\/span>\t\t\t\t\t\t\t\t\n\t\t\t\t\t\t\t\t\t\t<\/div>\n\t\t\t\t\t\t\t\t\t<\/div>\n\t\t\t\t\t\t\t\t<\/div>\n\t\t\t\t\t\t\t\t<div class=\"col-12 col-md-6 order-md-1\">\n\t\t\t\t\t\t\t\t\t<div class=\"p-3\">\n\t\t\t\t\t\t\t\t\t\t<h3 class=\"font-size-heading-small mt-lg-4\">F\u00e9arach Cailcreach<\/h3>\n\t\t\t\t\t\t\t\t\t\t<p class=\"color-black text-uppercase font-size-capitalised\"><\/p>\n\t\t\t\t\t\t\t\t\t\t<hr\/>\n\t\t\t\t\t\t\t\t\t\t<div class=\"font-size-body-small\"><p>T\u00e1 f\u00e9arach cailcreach le f\u00e1il ar l\u00e9ibhinn na sl\u00e9ibhte agus idir an ph\u00e1bh\u00e1il aolchloiche freisin ina \u00e1iteanna a bhfuil sraith caol ithreach orthu agus ar shil-leaganacha oighreacha ar fud Bhoirne. T\u00e1 na f\u00e9araigh chailcreacha seo mar bhaile ag measc\u00e1n neamhghn\u00e1ch fl\u00f3ra. Is iad na f\u00e9araigh seo, at\u00e1 le f\u00e1il ina measc\u00e1n le p\u00e1bh\u00e1il aolchloiche, a mheallann luibheolaithe \u00f3 gach cearn den domhan chun staid\u00e9ar a dh\u00e9anamh ar an measc\u00e1n uath\u00fail planda\u00ed seo a fh\u00e1sann in \u00e9ineacht lena ch\u00e9ile.<\/p>\n<p>Foghlaim tuilleadh faoi fh\u00e9arach cailcreach in\u00e1r dTreoir maidir le Gn\u00e1th\u00f3ga.<\/p>\n<\/div>\n\t\t\t\t\t\t\t\t\t\t\n\t\t\t\t\t\t\t\t\t\t\t\t\t\t\t\t\t\t\t<\/div>\n\t\t\t\t\t\t\t\t<\/div>\n\t\t\t\t\t\t\t<\/div>\n\t\t\t\t\t\t<\/div>\n\t\t\t\t\t\t\n\t\t\t\t\t\t\t\t\t\t\n\t\t\t\t\t\t\t\t\t\n\t\t\t\t\t\t\t\t\t\t\n\t\t\t\t\t\t<div class=\"col-12\" style=\"outline:1px solid #9C9494;\">\n\t\t\t\t\t\t\t<div class=\"row\">\n\t\t\t\t\t\t\t\t<div class=\"col-12 col-md-6 order-md-1\">\n\t\t\t\t\t\t\t\t\t<div class=\"highlight-img-wrap w-100\" style=\"position:relative;\">\n\t\t\t\t\t\t\t\t\t\t<div class=\"\" style=\"display:block; padding-bottom:100%;\">\n\t\t\t\t\t\t\t\t\t\t\t\n\t\t\t\t\t\t\t\t\t\t\t<span class=\"w-100 h-100\" style=\"background-image:url('https:\/\/www.nationalparks.ie\/app\/uploads\/2022\/09\/Parallax-Image-20.png'); background-position:center center; background-size:cover; position:absolute;\" role=\"img\" aria-label=\"Scrobarnach Choill\"><\/span>\t\t\t\t\t\t\t\t\n\t\t\t\t\t\t\t\t\t\t<\/div>\n\t\t\t\t\t\t\t\t\t<\/div>\n\t\t\t\t\t\t\t\t<\/div>\n\t\t\t\t\t\t\t\t<div class=\"col-12 col-md-6 order-md-2\">\n\t\t\t\t\t\t\t\t\t<div class=\"p-3\">\n\t\t\t\t\t\t\t\t\t\t<h3 class=\"font-size-heading-small mt-lg-4\">Scrobarnach Choill<\/h3>\n\t\t\t\t\t\t\t\t\t\t<p class=\"color-black text-uppercase font-size-capitalised\"><\/p>\n\t\t\t\t\t\t\t\t\t\t<hr\/>\n\t\t\t\t\t\t\t\t\t\t<div class=\"font-size-body-small\"><p>T\u00e1 scrobarnach choill ina gn\u00e1th\u00f3g choiteann i mBoirinn at\u00e1 le f\u00e1il \u00e1it ar bith a bhfuil a d\u00f3thain ithreach agus foscaidh inti. T\u00e1 r\u00e9ims\u00ed m\u00f3ra de dheisceart Bhoirne cl\u00fadaithe go hioml\u00e1n le scrobarnach choill, \u00f3 ard na gl\u00faine suas le 5 mh\u00e9adar ar airde. Cuireann an choill foscadh ar f\u00e1il do go leor speiceas d\u2019fh\u00e1na (broic, cait chrainn, sionnaigh, iora\u00ed rua, lucha agus dall\u00f3ga fraoigh), agus do speicis de phlanda\u00ed agus crainn freisin ar n\u00f3s an draighean donn, an sceach gheal, driseacha, an fhuinseog, cuileann agus saileach.<\/p>\n<\/div>\n\t\t\t\t\t\t\t\t\t\t\n\t\t\t\t\t\t\t\t\t\t\t\t\t\t\t\t\t\t\t<\/div>\n\t\t\t\t\t\t\t\t<\/div>\n\t\t\t\t\t\t\t<\/div>\n\t\t\t\t\t\t<\/div>\n\t\t\t\t\t\t\n\t\t\t\t\t\t\t\t\t\t\n\t\t\t\t\t\t\t\t\t\n\t\t\t\t\t\t\t\t\t\t\n\t\t\t\t\t\t<div class=\"col-12\" style=\"outline:1px solid #9C9494;\">\n\t\t\t\t\t\t\t<div class=\"row\">\n\t\t\t\t\t\t\t\t<div class=\"col-12 col-md-6 order-md-2\">\n\t\t\t\t\t\t\t\t\t<div class=\"highlight-img-wrap w-100\" style=\"position:relative;\">\n\t\t\t\t\t\t\t\t\t\t<div class=\"\" style=\"display:block; padding-bottom:100%;\">\n\t\t\t\t\t\t\t\t\t\t\t\n\t\t\t\t\t\t\t\t\t\t\t<span class=\"w-100 h-100\" style=\"background-image:url('https:\/\/www.nationalparks.ie\/app\/uploads\/2022\/09\/Parallax-Image-21.png'); background-position:center center; background-size:cover; position:absolute;\" role=\"img\" aria-label=\"Coillearnach Dhuillsilteach\"><\/span>\t\t\t\t\t\t\t\t\n\t\t\t\t\t\t\t\t\t\t<\/div>\n\t\t\t\t\t\t\t\t\t<\/div>\n\t\t\t\t\t\t\t\t<\/div>\n\t\t\t\t\t\t\t\t<div class=\"col-12 col-md-6 order-md-1\">\n\t\t\t\t\t\t\t\t\t<div class=\"p-3\">\n\t\t\t\t\t\t\t\t\t\t<h3 class=\"font-size-heading-small mt-lg-4\">Coillearnach Dhuillsilteach<\/h3>\n\t\t\t\t\t\t\t\t\t\t<p class=\"color-black text-uppercase font-size-capitalised\"><\/p>\n\t\t\t\t\t\t\t\t\t\t<hr\/>\n\t\t\t\t\t\t\t\t\t\t<div class=\"font-size-body-small\"><p>N\u00edl coillearnach aib\u00ed dhuillsilteach le f\u00e1il go coitianta sa ph\u00e1irc, ach t\u00e1 roinnt sampla\u00ed iontacha ann de choillearnach fuinseoige, choill, d\u2019fhorais ph\u00e9ine agus de choillearnach dharach\/fuinseoige. Athr\u00f3idh scrobarnach ina coillearnach aib\u00ed dhuillsilteach le himeacht ama m\u00e1 bh\u00edonn a d\u00f3thain ithreach agus foscaidh ar f\u00e1il. Is dual do an coillearnacha seo bheith suite i ngleannta tirime a bhfuil taobhanna crochta thart timpeall orthu, \u00e1it a s\u00e9ideann an ghaoth thar a mbarr, n\u00f3 faoi sc\u00e1th ailte.<\/p>\n<\/div>\n\t\t\t\t\t\t\t\t\t\t\n\t\t\t\t\t\t\t\t\t\t\t\t\t\t\t\t\t\t\t<\/div>\n\t\t\t\t\t\t\t\t<\/div>\n\t\t\t\t\t\t\t<\/div>\n\t\t\t\t\t\t<\/div>\n\t\t\t\t\t\t\n\t\t\t\t\t\t\t\t\t\t\n\t\t\t\t\t\t\t\t\t\n\t\t\t\t\t\t\t\t\t\t\n\t\t\t\t\t\t<div class=\"col-12\" style=\"outline:1px solid #9C9494;\">\n\t\t\t\t\t\t\t<div class=\"row\">\n\t\t\t\t\t\t\t\t<div class=\"col-12 col-md-6 order-md-1\">\n\t\t\t\t\t\t\t\t\t<div class=\"highlight-img-wrap w-100\" style=\"position:relative;\">\n\t\t\t\t\t\t\t\t\t\t<div class=\"\" style=\"display:block; padding-bottom:100%;\">\n\t\t\t\t\t\t\t\t\t\t\t\n\t\t\t\t\t\t\t\t\t\t\t<span class=\"w-100 h-100\" style=\"background-image:url('https:\/\/www.nationalparks.ie\/app\/uploads\/2022\/09\/Parallax-Image-22.png'); background-position:center center; background-size:cover; position:absolute;\" role=\"img\" aria-label=\"Turlaigh\"><\/span>\t\t\t\t\t\t\t\t\n\t\t\t\t\t\t\t\t\t\t<\/div>\n\t\t\t\t\t\t\t\t\t<\/div>\n\t\t\t\t\t\t\t\t<\/div>\n\t\t\t\t\t\t\t\t<div class=\"col-12 col-md-6 order-md-2\">\n\t\t\t\t\t\t\t\t\t<div class=\"p-3\">\n\t\t\t\t\t\t\t\t\t\t<h3 class=\"font-size-heading-small mt-lg-4\">Turlaigh<\/h3>\n\t\t\t\t\t\t\t\t\t\t<p class=\"color-black text-uppercase font-size-capitalised\"><\/p>\n\t\t\t\t\t\t\t\t\t\t<hr\/>\n\t\t\t\t\t\t\t\t\t\t<div class=\"font-size-body-small\"><p>Is \u00f3n leagan Gaeilge \u2018tuar loch\u2019 a eascra\u00edonn an focal B\u00e9arla turlough agus is \u00e9ard is br\u00ed leis n\u00e1 \u2018loch a im\u00edonn ar neamhn\u00ed\u2019. T\u00e1 turlaigh le f\u00e1il i limist\u00e9ir a bh\u00edonn faoi uisce le linn an gheimhridh n\u00f3 le linn tr\u00e9imhs\u00ed ina dtiteann b\u00e1isteach throm. Is \u00e9 screamhuisce, seachas aibhneacha, at\u00e1 ina foinse uisce d\u00f3ibh, agus sileann s\u00e9 tr\u00ed sh\u00famair\u00ed n\u00f3 tr\u00ed scoilteanna i ngrinneall an locha. Den chuid is m\u00f3, t\u00e1 leibh\u00e9al na gcothaitheach sna turlaigh at\u00e1 sa Ph\u00e1irc N\u00e1isi\u00fanta an-\u00edseal agus t\u00e1 sp\u00e9is mh\u00f3r luibheola\u00edoch ag baint leo mar gheall ar a st\u00e1das olagatr\u00f3fach. T\u00e1 an tor c\u00faigmh\u00e9arach, ar speiceas annamh agus cosanta \u00e9, ar cheann de na planda\u00ed at\u00e1 le f\u00e1il sa chrios ardtuilte. Chomh maith leis sin, t\u00e1 an caonach dorcha, Cinclidotis fontinaloides ann.<\/p>\n<\/div>\n\t\t\t\t\t\t\t\t\t\t\n\t\t\t\t\t\t\t\t\t\t\t\t\t\t\t\t\t\t\t<\/div>\n\t\t\t\t\t\t\t\t<\/div>\n\t\t\t\t\t\t\t<\/div>\n\t\t\t\t\t\t<\/div>\n\t\t\t\t\t\t\n\t\t\t\t\t\t\t\t\t\t\n\t\t\t\t\t\t\t\t\t\n\t\t\t\t\t\t\t\t\t\t\n\t\t\t\t\t\t<div class=\"col-12\" style=\"outline:1px solid #9C9494;\">\n\t\t\t\t\t\t\t<div class=\"row\">\n\t\t\t\t\t\t\t\t<div class=\"col-12 col-md-6 order-md-2\">\n\t\t\t\t\t\t\t\t\t<div class=\"highlight-img-wrap w-100\" style=\"position:relative;\">\n\t\t\t\t\t\t\t\t\t\t<div class=\"\" style=\"display:block; padding-bottom:100%;\">\n\t\t\t\t\t\t\t\t\t\t\t\n\t\t\t\t\t\t\t\t\t\t\t<span class=\"w-100 h-100\" style=\"background-image:url('https:\/\/www.nationalparks.ie\/app\/uploads\/2022\/09\/Parallax-Image-23.png'); background-position:center center; background-size:cover; position:absolute;\" role=\"img\" aria-label=\"Eanach Cailcreach\"><\/span>\t\t\t\t\t\t\t\t\n\t\t\t\t\t\t\t\t\t\t<\/div>\n\t\t\t\t\t\t\t\t\t<\/div>\n\t\t\t\t\t\t\t\t<\/div>\n\t\t\t\t\t\t\t\t<div class=\"col-12 col-md-6 order-md-1\">\n\t\t\t\t\t\t\t\t\t<div class=\"p-3\">\n\t\t\t\t\t\t\t\t\t\t<h3 class=\"font-size-heading-small mt-lg-4\">Eanach Cailcreach<\/h3>\n\t\t\t\t\t\t\t\t\t\t<p class=\"color-black text-uppercase font-size-capitalised\"><\/p>\n\t\t\t\t\t\t\t\t\t\t<hr\/>\n\t\t\t\t\t\t\t\t\t\t<div class=\"font-size-body-small\"><p>I limist\u00e9ir \u00e1irithe ina bhf\u00e9adfadh tuilte tarl\u00fa go tr\u00e9imhsi\u00fail n\u00f3 go s\u00e9as\u00farach, ar n\u00f3s imill Loch Geal\u00e1in agus sa bhaile fearainn B\u00e9al \u00cdochtair, t\u00e1 m\u00f3in chailcreach i ndiaidh f\u00e1s. Taca\u00edonn na limist\u00e9ir seo le f\u00e1sra eanaigh shaibhir a bhfuil speicis, lena n-\u00e1ir\u00edtear sif\u00edn, fionn\u00e1n agus b\u00e1chr\u00e1n, mar aon le r\u00e9imse speicis de mhagairl\u00edn\u00ed, ina sainghn\u00e9 d\u00edobh. C\u00e9 gur cailleadh bogaigh den chine\u00e1l c\u00e9anna in \u00e1iteanna eile sa t\u00edr tr\u00ed dhraen\u00e1il, t\u00e1 limist\u00e9ir mh\u00f3ra shl\u00e1na d\u2019eanach le f\u00e1il i mBoirinn.<\/p>\n<\/div>\n\t\t\t\t\t\t\t\t\t\t\n\t\t\t\t\t\t\t\t\t\t\t\t\t\t\t\t\t\t\t<\/div>\n\t\t\t\t\t\t\t\t<\/div>\n\t\t\t\t\t\t\t<\/div>\n\t\t\t\t\t\t<\/div>\n\t\t\t\t\t\t\n\t\t\t\t\t\t\t\t\t\t\n\t\t\t\t\t\t\t\t\t\n\t\t\t\t\t\t\t\t\t\t\n\t\t\t\t\t\t<div class=\"col-12\" style=\"outline:1px solid #9C9494;\">\n\t\t\t\t\t\t\t<div class=\"row\">\n\t\t\t\t\t\t\t\t<div class=\"col-12 col-md-6 order-md-1\">\n\t\t\t\t\t\t\t\t\t<div class=\"highlight-img-wrap w-100\" style=\"position:relative;\">\n\t\t\t\t\t\t\t\t\t\t<div class=\"\" style=\"display:block; padding-bottom:100%;\">\n\t\t\t\t\t\t\t\t\t\t\t\n\t\t\t\t\t\t\t\t\t\t\t<span class=\"w-100 h-100\" style=\"background-image:url('https:\/\/www.nationalparks.ie\/app\/uploads\/2022\/09\/Parallax-Image-24.png'); background-position:center center; background-size:cover; position:absolute;\" role=\"img\" aria-label=\"Lochanna Buanna\"><\/span>\t\t\t\t\t\t\t\t\n\t\t\t\t\t\t\t\t\t\t<\/div>\n\t\t\t\t\t\t\t\t\t<\/div>\n\t\t\t\t\t\t\t\t<\/div>\n\t\t\t\t\t\t\t\t<div class=\"col-12 col-md-6 order-md-2\">\n\t\t\t\t\t\t\t\t\t<div class=\"p-3\">\n\t\t\t\t\t\t\t\t\t\t<h3 class=\"font-size-heading-small mt-lg-4\">Lochanna Buanna<\/h3>\n\t\t\t\t\t\t\t\t\t\t<p class=\"color-black text-uppercase font-size-capitalised\"><\/p>\n\t\t\t\t\t\t\t\t\t\t<hr\/>\n\t\t\t\t\t\t\t\t\t\t<div class=\"font-size-body-small\"><p>T\u00e1 roinnt lochanna sa Ph\u00e1irc N\u00e1isi\u00fanta at\u00e1 buan n\u00f3 leathbhuan. Feidhm\u00edonn cuid acu ar n\u00f3s turlaigh go pointe \u00e1irithe, agus screamhuisce mar fhoinse uisce d\u00f3ibh a shileann tr\u00ed fhuar\u00e1in agus poill slogaide at\u00e1 suite gar d\u00f3ibh. T\u00e1 difr\u00edochta\u00ed eatarthu; cuir i gc\u00e1s Loch Buinne agus Travaun Lough, a bh\u00edonn nach m\u00f3r folamh le linn an tsamhraidh. T\u00e1 an limist\u00e9ar is fairsinge de chorcach giolca\u00ed le f\u00e1il thart ar Loch Bh\u00e9al \u00cdochtair. T\u00e1 s\u00e9 seo ina chuid de bhogach fairsing at\u00e1 suite laistigh d\u2019abhantrach an Fhorgais uachtair agus is d\u00f3cha go bhfuil s\u00e9 ar an gc\u00f3ras cailcreach de lochanna olagatr\u00f3facha f\u00edoruisce is t\u00e1bhachta\u00ed in Iarthar na hEorpa.<\/p>\n<\/div>\n\t\t\t\t\t\t\t\t\t\t\n\t\t\t\t\t\t\t\t\t\t\t\t\t\t\t\t\t\t\t<\/div>\n\t\t\t\t\t\t\t\t<\/div>\n\t\t\t\t\t\t\t<\/div>\n\t\t\t\t\t\t<\/div>\n\t\t\t\t\t\t\n\t\t\t\t\t\t\t\t\t\t\n\t\t\t\t\t\t\t\t\t\n\t\t\t\t\t\t\t\t\t\t\n\t\t\t\t\t\t<div class=\"col-12\" style=\"outline:1px solid #9C9494;\">\n\t\t\t\t\t\t\t<div class=\"row\">\n\t\t\t\t\t\t\t\t<div class=\"col-12 col-md-6 order-md-2\">\n\t\t\t\t\t\t\t\t\t<div class=\"highlight-img-wrap w-100\" style=\"position:relative;\">\n\t\t\t\t\t\t\t\t\t\t<div class=\"\" style=\"display:block; padding-bottom:100%;\">\n\t\t\t\t\t\t\t\t\t\t\t\n\t\t\t\t\t\t\t\t\t\t\t<span class=\"w-100 h-100\" style=\"background-image:url('https:\/\/www.nationalparks.ie\/app\/uploads\/2022\/09\/Parallax-Image-25.png'); background-position:center center; background-size:cover; position:absolute;\" role=\"img\" aria-label=\"Aillte agus Scileach\"><\/span>\t\t\t\t\t\t\t\t\n\t\t\t\t\t\t\t\t\t\t<\/div>\n\t\t\t\t\t\t\t\t\t<\/div>\n\t\t\t\t\t\t\t\t<\/div>\n\t\t\t\t\t\t\t\t<div class=\"col-12 col-md-6 order-md-1\">\n\t\t\t\t\t\t\t\t\t<div class=\"p-3\">\n\t\t\t\t\t\t\t\t\t\t<h3 class=\"font-size-heading-small mt-lg-4\">Aillte agus Scileach<\/h3>\n\t\t\t\t\t\t\t\t\t\t<p class=\"color-black text-uppercase font-size-capitalised\"><\/p>\n\t\t\t\t\t\t\t\t\t\t<hr\/>\n\t\t\t\t\t\t\t\t\t\t<div class=\"font-size-body-small\"><p>Is \u00e9 an t\u00edrdhreach at\u00e1 le f\u00e1il i gceantair shl\u00e9ibhe Bhoirne n\u00e1 l\u00e9ibhinn at\u00e1 roinnte idir aillte. Crutha\u00edodh limist\u00e9ir de scileach \u00f3n smionagar a thit \u00f3 na haillte seo. T\u00e1 an f\u00e1sra at\u00e1 le f\u00e1il ar na haillte beagnach comhionann leis an bhf\u00e1sra at\u00e1 le f\u00e1il sna limist\u00e9ir ina bhfuil p\u00e1bh\u00e1il. Mar sin f\u00e9in, is minic a fh\u00e1sann crainn n\u00edos m\u00f3 n\u00e1 crainn ar an bp\u00e1bh\u00e1il r\u00e9idh nuair a fhaigheann siad greim sna haillte, \u00f3s rud \u00e9 nach f\u00e9idir le beostoc teacht chomh fada leo. Is f\u00e9idir crainn i\u00fair mh\u00f3ra a fheice\u00e1il ag f\u00e1s ar fh\u00e1na\u00ed theas an Mhullaigh Mh\u00f3r a bhfuil an chuma air nach bhfuil siad ag f\u00e1s ach ar chloch lom.<\/p>\n<\/div>\n\t\t\t\t\t\t\t\t\t\t\n\t\t\t\t\t\t\t\t\t\t\t\t\t\t\t\t\t\t\t<\/div>\n\t\t\t\t\t\t\t\t<\/div>\n\t\t\t\t\t\t\t<\/div>\n\t\t\t\t\t\t<\/div>\n\t\t\t\t\t\t\n\t\t\t\t\t\t\t\t\t\t\n\t\t\t\t\t\t\t\n\t\t<\/div>\n\t\t<\/div>\n\t<hr class=\"m-0\" style=\"opacity:1; border-top:1px solid #9C9494; background-color: transparent;\"\/>\n<\/section>\n\n\n\n<section id=\"section-video-block_7ef100e28684bd0d8fa0fb883183999e\" class=\"section-video d-flex justify-content-center\" style=\"margin-top:0;\">\n\t\n\t\t\t<div aria-hidden=\"true\" class=\"img-wrap\" style=\"width:100%; min-width:1280px; position:relative; height:420px; overflow:hidden; background-image:url(https:\/\/www.nationalparks.ie\/app\/uploads\/2022\/09\/Breaker-Section-Video-3.png); background-size:cover;\"><\/div>\n\t<\/section>\n\n\r\n<a id=\"flora\" style=\"\"><\/a>\r\n\r\n\r\n\n\n\r\n<section id=\"block_658440a4d8e6fd0abcc3ede3a0f04da9\" class=\"section-twocolumns py-4 py-lg-4 bg-color-beige color-black\" style=\"background-image:url(); \">\r\n\t\t\r\n\t\t<div class=\"container-fluid px-3 px-lg-5\">\r\n\t\t\t<div class=\"row\">\r\n\t\t\t\t<div class=\"col-12 section-twocolumns__title\">\r\n\t\t\t\t\t<h2 class=\"font-size-heading\">Fl\u00f3ra<\/h2>\r\n\t\t\t\t<\/div>\r\n\t\t\t<\/div>\t\r\n\t\t<\/div>\t\r\n\t\t<hr>\r\n\t\t<div class=\"d-flex flex-column\">\r\n\t\t\t<div class=\"container-fluid px-3 px-lg-5 section-twocolumns__text section-twocolumns__columns order-1\">\r\n\t\t\t<div class=\"row\">\r\n\t\t\t\t\t<div class=\"col-12 \">\r\n\t\t\t\t\t\t<div class=\"h4 font-family-naisiuntamedium\"><h2>T\u00e1 c\u00e1il idirn\u00e1isi\u00fanta ar Bhoirinn i ngeall ar an t\u00edrdhreach agus fl\u00f3ra at\u00e1 inti. Le linn mh\u00edonna an tsamhraidh, feicfidh cuairteoir\u00ed r\u00e9imse dath\u00fail de phlanda\u00ed bl\u00e1thanna ag maireacht\u00e1il in \u00e9ineacht a ch\u00e9ile laistigh d\u2019\u00e9iceach\u00f3ras amh\u00e1in.<\/h2>\n<\/div>\r\n\t\t\t\t\t<\/div>\r\n\t\t\t<\/div>\r\n\t\t<\/div>\t\r\n\t\t\r\n\t \t\r\n\t<div class=\"container-fluid px-3 px-lg-5 section-twocolumns__columns order-2 \">\r\n\t\t<div class=\"row\">\r\n\t\t\t<div class=\"d-flex flex-column flex-lg-row\">\r\n\t\t\t\t<div class=\"col-12 col-lg-6  first-column\">\r\n\t\t\t\t\t<div class=\"pe-0 pe-lg-5 pt-0 pt-lg-5\">\n<p>\u00d3 thaobh na luibheola\u00edochta de, t\u00e1 Boirinn ar cheann de na r\u00e9igi\u00fain is ionta\u00ed in Iarthar na hEorpa: f\u00e1sann planda\u00ed in aice a ch\u00e9ile a fhaightear de ghn\u00e1th i gcodanna den mh\u00f3r-roinn at\u00e1 scoite i bhfad \u00f3na ch\u00e9ile. Mar shampla, is f\u00e9idir teacht ar leaith\u00edn\u00ed, ar speiceas \u00e9 a fhaightear de ghn\u00e1th i limist\u00e9ir fho-artacha agus sl\u00e9ibhti\u00fala, ag f\u00e1s in \u00e9ineacht le speicis \u00f3 dheisceart na hEorpa ar n\u00f3s an crobh dearg agus an magairl\u00edn glas, a fhaightear thart ar an Me\u00e1nmhuir den chuid is m\u00f3.<\/p>\n<p>Chomh maith leis sin, f\u00e1sann planda\u00ed a bhaineann le d\u00e1la\u00ed aig\u00e9adacha, ar n\u00f3s fraoch, go fl\u00fairseach ar aolchloch Bhoirne, agus f\u00e1sann planda\u00ed a bhaineann le coillearnacha amuigh faoin sp\u00e9ir.<\/p>\n<\/div>\n\t\t\t\t<\/div>\r\n\t\t\t\t<div class=\"col-12 col-lg-6  mb-3 mb-lg-5 second-column\">\r\n\t\t\t\t\t<p><img loading=\"lazy\" decoding=\"async\" src=\"https:\/\/www.nationalparks.ie\/app\/uploads\/2022\/09\/Rectangle-5-9.png\" alt=\"Fraoch\" width=\"621\" height=\"620\" class=\"alignnone size-full wp-image-7695\" srcset=\"https:\/\/www.nationalparks.ie\/app\/uploads\/2022\/09\/Rectangle-5-9.png 621w, https:\/\/www.nationalparks.ie\/app\/uploads\/2022\/09\/Rectangle-5-9-300x300.png 300w, https:\/\/www.nationalparks.ie\/app\/uploads\/2022\/09\/Rectangle-5-9-150x150.png 150w\" sizes=\"auto, (max-width: 621px) 100vw, 621px\" \/><\/p>\n<p><span class=\"font-size-capitalised\">Thuas:<\/span> Fraoch<\/p>\n\t\t\t\t<\/div>\r\n\t\t\t<\/div>\r\n\t\t<\/div>\r\n\t<\/div>\r\n\t\t\r\n<\/section>\r\n\n\n\r\n<section id=\"block_b9e1c724089a22902c5aa44872ef313d\" class=\"section-twocolumns py-4 py-lg-4 bg-color-beige color-black\" style=\"background-image:url(); \">\r\n\t\t<div class=\"d-flex flex-column\">\r\n\t\t\r\n\t \t\r\n\t<div class=\"container-fluid px-3 px-lg-5 section-twocolumns__columns order-2 \">\r\n\t\t<div class=\"row\">\r\n\t\t\t<div class=\"d-flex flex-column flex-lg-row\">\r\n\t\t\t\t<div class=\"col-12 col-lg-6  first-column\">\r\n\t\t\t\t\t<h2>Speicis Shuntasacha<\/h2>\n\t\t\t\t<\/div>\r\n\t\t\t\t<div class=\"col-12 col-lg-6  mb-3 mb-lg-5 second-column\">\r\n\t\t\t\t\t<h3>I measc na mbl\u00e1thanna \u00e1ille agus \u00e9ags\u00fala at\u00e1 ina siombail ar Bhoirinn, t\u00e1 ceadharlach Bealtaine, leaith\u00edn, tor c\u00faigmh\u00e9arach agus crobh dearg, agus ar na l\u00e9ibhinn arda, grianr\u00f3s liath.<\/h3>\n\t\t\t\t<\/div>\r\n\t\t\t<\/div>\r\n\t\t<\/div>\r\n\t<\/div>\r\n\t\t\r\n<\/section>\r\n\n\n\r\n<section id=\"block_d3e01c5e600b20e0cad186faa7ddab58\" class=\"section-dropdown-gallery bg-color-beige color-black pb-5\">\r\n\t<div class=\"container\">\r\n\t\t\t<\/div>\r\n\t<hr class=\"my-0\" style=\"border-top:1px solid #9C9494; opacity: 1;\" \/>\r\n\t<div class=\"container-fluid px-3 px-lg-5\">\r\n\t\t<div class=\"row\">\t\t\r\n\t\t\t\t\r\n\t\t\t\t\t\r\n\t\t\t\r\n\t\t\t\t\t<div class=\"col-12 col-md-6 col-lg-4 park_gallery_item\">\r\n\t\t\t\t\t\t\r\n\t\t\t\t\t\t\t\t\t\t\t\t\t<div class=\"w-100 bg-img overflow-hidden\" style=\"background-image:url(https:\/\/www.nationalparks.ie\/app\/uploads\/2022\/04\/Parallax-Image-1-1.png); background-size:cover; background-repeat:no-repeat; min-height:450px;\">\r\n\t\t\t\t\t\t\t\t<div class=\"bg-color-beige collapse park-gallery-dropdown\" id=\"collapse-dropdown-gallery-1\">\r\n\t\t\t\t\t\t\t\t\t<div style=\"font-size:inherit; height: 92px;\" class=\"p-3 bg-color-beige accordion-button accordion-button-color-black collapsed\" data-bs-toggle=\"collapse\" href=\"#collapse-dropdown-gallery-1\" role=\"button\" aria-expanded=\"false\" aria-controls=\"collapseExample\">\r\n\t\t\t\t\t\t\t\t\t\t<div class=\"w-100\">\r\n\t\t\t\t\t\t\t\t\t\t\t<h3 class=\"font-size-heading color-black\">Ceadharlach Bealtaine<\/h3>\r\n\t\t\t\t\t\t\t\t\t\t\t<div class=\"font-family-gibson-300 color-black\">Gentiana verna<\/div>\r\n\t\t\t\t\t\t\t\t\t\t<\/div>\r\n\t\t\t\t\t\t\t\t\t<\/div>\r\n\t\t\t\t\t\t\t\t\t<div class=\"flex-grow-1 p-3\">\r\n\t\t\t\t\t\t\t\t\t\t<p>T\u00e1 an ceadharlach Bealtaine ar an gceadharlach is l\u00fa, agus n\u00ed fh\u00e1sann s\u00e9 n\u00edos airde n\u00e1 c\u00fapla ceintim\u00e9adar de ghn\u00e1th. Mar sin f\u00e9in, n\u00edl m\u00f3r\u00e1n planda\u00ed ann at\u00e1 inchurtha le gl\u00e9ine a pheiteal gorm.<br \/>\nIs \u00f3 Aibre\u00e1n go Meitheamh a thagann an ilbhliant\u00f3g dh\u00fachasach seo i mbl\u00e1th. F\u00e1sann s\u00e9 ar fh\u00e9arach clochach cailcreach, p\u00e1bh\u00e1lacha aolchloiche, dumhcha socra agus t\u00e1 s\u00e9 le f\u00e1il i mBoirinn, Contae an Chl\u00e1ir agus Contae na Gaillimhe.<\/p>\n<p style=\"bottom: 0px;position: absolute\">Foins\u00ed: <a href=\"https:\/\/www.plantlife.org.uk\/uk\/discover-wild-plants-nature\/plant-fungi-species\/spring-gentian\" rel=\"noopener\" target=\"_blank\">Plantlife<\/a><\/p>\n\t\t\t\t\t\t\t\t\t<\/div>\r\n\t\t\t\t\t\t\t\t<\/div>\t\r\n\t\t\t\t\t\t\t<\/div>\t\r\n\t\t\t\t\t\t\t<hr class=\"my-0\" style=\"border-top:1px solid #9C9494; opacity: 1;\" \/>\t\r\n\t\t\t\t\t\t\t<div style=\"font-size:inherit; height: 92px;\" class=\"p-3 bg-color-beige accordion-button accordion-button-color-black collapsed\" data-bs-toggle=\"collapse\" href=\"#collapse-dropdown-gallery-1\" role=\"button\" aria-expanded=\"false\" aria-controls=\"collapseExample\">\r\n\t\t\t\t\t\t\t\t<div class=\"w-100\">\r\n\t\t\t\t\t\t\t\t\t<h3 class=\"font-size-heading color-black\">Ceadharlach Bealtaine<\/h3>\r\n\t\t\t\t\t\t\t\t\t<div class=\"font-family-gibson-300 color-black\">Gentiana verna<\/div>\r\n\t\t\t\t\t\t\t\t<\/div>\r\n\t\t\t\t\t\t\t<\/div>\t\t\t\t\t\r\n\t\t\t\t\t\t\t\t\t\t\t<\/div>\r\n\t\t\t\t\t\t\t\r\n\t\t\t\t\t\r\n\t\t\t\r\n\t\t\t\t\t<div class=\"col-12 col-md-6 col-lg-4 park_gallery_item\">\r\n\t\t\t\t\t\t\r\n\t\t\t\t\t\t\t\t\t\t\t\t\t<div class=\"w-100 bg-img overflow-hidden\" style=\"background-image:url(https:\/\/www.nationalparks.ie\/app\/uploads\/2022\/04\/Parallax-Image-2.png); background-size:cover; background-repeat:no-repeat; min-height:450px;\">\r\n\t\t\t\t\t\t\t\t<div class=\"bg-color-beige collapse park-gallery-dropdown\" id=\"collapse-dropdown-gallery-2\">\r\n\t\t\t\t\t\t\t\t\t<div style=\"font-size:inherit; height: 92px;\" class=\"p-3 bg-color-beige accordion-button accordion-button-color-black collapsed\" data-bs-toggle=\"collapse\" href=\"#collapse-dropdown-gallery-2\" role=\"button\" aria-expanded=\"false\" aria-controls=\"collapseExample\">\r\n\t\t\t\t\t\t\t\t\t\t<div class=\"w-100\">\r\n\t\t\t\t\t\t\t\t\t\t\t<h3 class=\"font-size-heading color-black\">Leaith\u00edn<\/h3>\r\n\t\t\t\t\t\t\t\t\t\t\t<div class=\"font-family-gibson-300 color-black\">Dryas octopetala<\/div>\r\n\t\t\t\t\t\t\t\t\t\t<\/div>\r\n\t\t\t\t\t\t\t\t\t<\/div>\r\n\t\t\t\t\t\t\t\t\t<div class=\"flex-grow-1 p-3\">\r\n\t\t\t\t\t\t\t\t\t\t<p>T\u00e1 an tor beag s\u00edorghlas ilbhliant\u00fail seo a bhfuil gais fhada reatha air ar cheann de sheoda Bhoirne. Tagann &#8216;Dryas&#8217; \u00f3n bhfocal Gr\u00e9igise drus n\u00f3 Dair, t\u00e1 a dhuilleoga beaga cos\u00fail le mionduilleoga darach agus t\u00e1 bun na nduilleoga ar dhath airgid. T\u00e1 ocht bpeiteal n\u00f3 n\u00edos m\u00f3 n\u00e1 sin ar na bl\u00e1thanna b\u00e1na (20-40mm ) \u2013 &#8216;Octopetala&#8217; \u2013 agus t\u00e1 ciorcal de staim\u00edn\u00ed \u00f3rga l\u00edonmhara orthu. Tagann s\u00e9 i mbl\u00e1th \u00f3 mh\u00ed Bealtaine go m\u00ed I\u00fail ar laft\u00e1in aolchloiche, aillte agus m\u00f3intigh. N\u00edos d\u00e9ana\u00ed sa bhliain, iompra\u00edtear na s\u00edolta ar aic\u00e9in\u00ed cl\u00famhacha 20-30mm at\u00e1 ar dhath airgid. C\u00e9 nach bhfuil s\u00e9 le f\u00e1il go forleathan in \u00c9irinn, bh\u00ed s\u00e9 an-choitianta ar fud na hEorpa n\u00edos m\u00f3 n\u00e1 10,000 bliain \u00f3 shin de r\u00e9ir mar a l\u00e9ir\u00edtear i bhfianaise ar ghr\u00e1in phailine. T\u00e1 s\u00e9 ina chuid den ghn\u00e9 artach\/alpach den fl\u00f3ra i mBoirinn, d\u00e9anann s\u00e9 go maith san Artach, agus i sl\u00e9ibhte na hEorpa agus t\u00e1 s\u00e9 ar an gcomhartha n\u00e1isi\u00fanta don \u00cdoslainn. T\u00e1 s\u00e9 ina phlanda d\u00fachasach an-speisialta agus baineann s\u00e9 leis an bhfine Rosaceae.<\/p>\n<p style=\"bottom: 0px;position: absolute\">Foins\u00ed: <a href=\"http:\/\/www.wildflowersofireland.net\/plant_detail.php?id_flower=16\" rel=\"noopener\" target=\"_blank\">Wildflowers Ireland<\/a><\/p>\n\t\t\t\t\t\t\t\t\t<\/div>\r\n\t\t\t\t\t\t\t\t<\/div>\t\r\n\t\t\t\t\t\t\t<\/div>\t\r\n\t\t\t\t\t\t\t<hr class=\"my-0\" style=\"border-top:1px solid #9C9494; opacity: 1;\" \/>\t\r\n\t\t\t\t\t\t\t<div style=\"font-size:inherit; height: 92px;\" class=\"p-3 bg-color-beige accordion-button accordion-button-color-black collapsed\" data-bs-toggle=\"collapse\" href=\"#collapse-dropdown-gallery-2\" role=\"button\" aria-expanded=\"false\" aria-controls=\"collapseExample\">\r\n\t\t\t\t\t\t\t\t<div class=\"w-100\">\r\n\t\t\t\t\t\t\t\t\t<h3 class=\"font-size-heading color-black\">Leaith\u00edn<\/h3>\r\n\t\t\t\t\t\t\t\t\t<div class=\"font-family-gibson-300 color-black\">Dryas octopetala<\/div>\r\n\t\t\t\t\t\t\t\t<\/div>\r\n\t\t\t\t\t\t\t<\/div>\t\t\t\t\t\r\n\t\t\t\t\t\t\t\t\t\t\t<\/div>\r\n\t\t\t\t\t\t\t\r\n\t\t\t\t\t\r\n\t\t\t\r\n\t\t\t\t\t<div class=\"col-12 col-md-6 col-lg-4 park_gallery_item\">\r\n\t\t\t\t\t\t\r\n\t\t\t\t\t\t\t\t\t\t\t\t\t<div class=\"w-100 bg-img overflow-hidden\" style=\"background-image:url(https:\/\/www.nationalparks.ie\/app\/uploads\/2022\/04\/Rectangle-5-3-3.png); background-size:cover; background-repeat:no-repeat; min-height:450px;\">\r\n\t\t\t\t\t\t\t\t<div class=\"bg-color-beige collapse park-gallery-dropdown\" id=\"collapse-dropdown-gallery-3\">\r\n\t\t\t\t\t\t\t\t\t<div style=\"font-size:inherit; height: 92px;\" class=\"p-3 bg-color-beige accordion-button accordion-button-color-black collapsed\" data-bs-toggle=\"collapse\" href=\"#collapse-dropdown-gallery-3\" role=\"button\" aria-expanded=\"false\" aria-controls=\"collapseExample\">\r\n\t\t\t\t\t\t\t\t\t\t<div class=\"w-100\">\r\n\t\t\t\t\t\t\t\t\t\t\t<h3 class=\"font-size-heading color-black\">Tor C\u00faigmh\u00e9arach<\/h3>\r\n\t\t\t\t\t\t\t\t\t\t\t<div class=\"font-family-gibson-300 color-black\">Dasiphora fruticosa<\/div>\r\n\t\t\t\t\t\t\t\t\t\t<\/div>\r\n\t\t\t\t\t\t\t\t\t<\/div>\r\n\t\t\t\t\t\t\t\t\t<div class=\"flex-grow-1 p-3\">\r\n\t\t\t\t\t\t\t\t\t\t<p>Is planda \u00e9 seo at\u00e1 speisialta do Bhoirinn agus c\u00fapla l\u00e1thair eile san iarthar. F\u00e1sann an tor duillsilteach, cl\u00famhach seo timpeall ar thurlaigh agus i limist\u00e9ir charraigeacha eile ina dtarla\u00edonn tuillte. T\u00e1 s\u00e9 beag, agus \u00e9 gan ach 1 mh\u00e9adar ar airde ar a mh\u00e9ad, t\u00e1 coirt scafa air, agus t\u00e1 triopaill de bhl\u00e1thanna bu\u00ed c\u00faig pheiteal (2 cm ar leithead) air \u00f3 mh\u00ed Bealtaine go m\u00ed I\u00fail. T\u00e1 na planda\u00ed seo fireann n\u00f3 baineann, t\u00e1 staim\u00edn\u00ed ar na cinn fireanna agus n\u00edl staim\u00edn\u00ed ar na cinn baineanna. T\u00e1 dath liathghlas ar na duilleoga, t\u00e1 siad duill\u00edneach agus b\u00edonn 3 n\u00f3 5 dhuill\u00edn lansacha orthu. Tugadh Potentilla fruticose air roimhe seo, agus baineann an planda d\u00fachasach seo leis an bhfine Rosaceae.<\/p>\n<p style=\"bottom: 0px;position: absolute\">Foins\u00ed: <a href=\"http:\/\/www.wildflowersofireland.net\/plant_detail.php?id_flower=63\" rel=\"noopener\" target=\"_blank\">Wildflowers Ireland<\/a><\/p>\n\t\t\t\t\t\t\t\t\t<\/div>\r\n\t\t\t\t\t\t\t\t<\/div>\t\r\n\t\t\t\t\t\t\t<\/div>\t\r\n\t\t\t\t\t\t\t<hr class=\"my-0\" style=\"border-top:1px solid #9C9494; opacity: 1;\" \/>\t\r\n\t\t\t\t\t\t\t<div style=\"font-size:inherit; height: 92px;\" class=\"p-3 bg-color-beige accordion-button accordion-button-color-black collapsed\" data-bs-toggle=\"collapse\" href=\"#collapse-dropdown-gallery-3\" role=\"button\" aria-expanded=\"false\" aria-controls=\"collapseExample\">\r\n\t\t\t\t\t\t\t\t<div class=\"w-100\">\r\n\t\t\t\t\t\t\t\t\t<h3 class=\"font-size-heading color-black\">Tor C\u00faigmh\u00e9arach<\/h3>\r\n\t\t\t\t\t\t\t\t\t<div class=\"font-family-gibson-300 color-black\">Dasiphora fruticosa<\/div>\r\n\t\t\t\t\t\t\t\t<\/div>\r\n\t\t\t\t\t\t\t<\/div>\t\t\t\t\t\r\n\t\t\t\t\t\t\t\t\t\t\t<\/div>\r\n\t\t\t\t\t\t\t\r\n\t\t\t\t\t\r\n\t\t\t\r\n\t\t\t\t\t<div class=\"col-12 col-md-6 col-lg-4 park_gallery_item\">\r\n\t\t\t\t\t\t\r\n\t\t\t\t\t\t\t\t\t\t\t\t\t<div class=\"w-100 bg-img overflow-hidden\" style=\"background-image:url(https:\/\/www.nationalparks.ie\/app\/uploads\/2022\/04\/Rectangle-5-4-3.png); background-size:cover; background-repeat:no-repeat; min-height:450px;\">\r\n\t\t\t\t\t\t\t\t<div class=\"bg-color-beige collapse park-gallery-dropdown\" id=\"collapse-dropdown-gallery-4\">\r\n\t\t\t\t\t\t\t\t\t<div style=\"font-size:inherit; height: 92px;\" class=\"p-3 bg-color-beige accordion-button accordion-button-color-black collapsed\" data-bs-toggle=\"collapse\" href=\"#collapse-dropdown-gallery-4\" role=\"button\" aria-expanded=\"false\" aria-controls=\"collapseExample\">\r\n\t\t\t\t\t\t\t\t\t\t<div class=\"w-100\">\r\n\t\t\t\t\t\t\t\t\t\t\t<h3 class=\"font-size-heading color-black\">Crobh Dearg<\/h3>\r\n\t\t\t\t\t\t\t\t\t\t\t<div class=\"font-family-gibson-300 color-black\">Geranium sanguineum<\/div>\r\n\t\t\t\t\t\t\t\t\t\t<\/div>\r\n\t\t\t\t\t\t\t\t\t<\/div>\r\n\t\t\t\t\t\t\t\t\t<div class=\"flex-grow-1 p-3\">\r\n\t\t\t\t\t\t\t\t\t\t<p>Cl\u00fada\u00edonn s\u00e9 \u00e1iteanna carraigeacha, bruacha agus fi\u00fa na cuasa beaga sa ph\u00e1bh\u00e1il aolchloiche lena dhuilli\u00far f\u00edortharraingteach agus a bhl\u00e1thanna deargchorcra niamhracha. \u00d3 mh\u00ed an Mheithimh go m\u00ed L\u00fanasa, tagann na bl\u00e1thanna 2-3cm seo, ar a bhfuil c\u00faig pheiteal, amach agus gach aon cheann ar a ghas gruagach f\u00e9in.  T\u00e1 na duilleoga cruinn agus t\u00e1 siad deighilte go domhain, beagnach go dt\u00ed an bun, ina gc\u00faig n\u00f3 ina seacht maoth\u00e1n. Mar is coitianta i gc\u00e1s na gcrobh dearg ar fad, t\u00e1 deir\u00ed fada orthu ar n\u00f3s gob \u00e9in a scarann ina gc\u00faig s\u00edol. Baineann an planda d\u00fachasach s\u00e1rmhaith seo de Bhoirinn leis an bhfine Geraniaceae.<\/p>\n<p style=\"bottom: 0px;position: absolute\">Foins\u00ed: <a href=\"http:\/\/www.wildflowersofireland.net\/plant_detail.php?id_flower=75\" rel=\"noopener\" target=\"_blank\">Wildflowers Ireland<\/a><\/p>\n\t\t\t\t\t\t\t\t\t<\/div>\r\n\t\t\t\t\t\t\t\t<\/div>\t\r\n\t\t\t\t\t\t\t<\/div>\t\r\n\t\t\t\t\t\t\t<hr class=\"my-0\" style=\"border-top:1px solid #9C9494; opacity: 1;\" \/>\t\r\n\t\t\t\t\t\t\t<div style=\"font-size:inherit; height: 92px;\" class=\"p-3 bg-color-beige accordion-button accordion-button-color-black collapsed\" data-bs-toggle=\"collapse\" href=\"#collapse-dropdown-gallery-4\" role=\"button\" aria-expanded=\"false\" aria-controls=\"collapseExample\">\r\n\t\t\t\t\t\t\t\t<div class=\"w-100\">\r\n\t\t\t\t\t\t\t\t\t<h3 class=\"font-size-heading color-black\">Crobh Dearg<\/h3>\r\n\t\t\t\t\t\t\t\t\t<div class=\"font-family-gibson-300 color-black\">Geranium sanguineum<\/div>\r\n\t\t\t\t\t\t\t\t<\/div>\r\n\t\t\t\t\t\t\t<\/div>\t\t\t\t\t\r\n\t\t\t\t\t\t\t\t\t\t\t<\/div>\r\n\t\t\t\t\t\t\t\r\n\t\t\t\t\t\r\n\t\t\t\r\n\t\t\t\t\t<div class=\"col-12 col-md-6 col-lg-4 park_gallery_item\">\r\n\t\t\t\t\t\t\r\n\t\t\t\t\t\t\t\t\t\t\t\t\t<div class=\"w-100 bg-img overflow-hidden\" style=\"background-image:url(https:\/\/www.nationalparks.ie\/app\/uploads\/2022\/04\/Rectangle-5-5-3.png); background-size:cover; background-repeat:no-repeat; min-height:450px;\">\r\n\t\t\t\t\t\t\t\t<div class=\"bg-color-beige collapse park-gallery-dropdown\" id=\"collapse-dropdown-gallery-5\">\r\n\t\t\t\t\t\t\t\t\t<div style=\"font-size:inherit; height: 92px;\" class=\"p-3 bg-color-beige accordion-button accordion-button-color-black collapsed\" data-bs-toggle=\"collapse\" href=\"#collapse-dropdown-gallery-5\" role=\"button\" aria-expanded=\"false\" aria-controls=\"collapseExample\">\r\n\t\t\t\t\t\t\t\t\t\t<div class=\"w-100\">\r\n\t\t\t\t\t\t\t\t\t\t\t<h3 class=\"font-size-heading color-black\">Grianr\u00f3s Liath<\/h3>\r\n\t\t\t\t\t\t\t\t\t\t\t<div class=\"font-family-gibson-300 color-black\">Helianthemum oelandicum <\/div>\r\n\t\t\t\t\t\t\t\t\t\t<\/div>\r\n\t\t\t\t\t\t\t\t\t<\/div>\r\n\t\t\t\t\t\t\t\t\t<div class=\"flex-grow-1 p-3\">\r\n\t\t\t\t\t\t\t\t\t\t<p>Faoin Ord\u00fa (Cosanta) Fl\u00f3ra 1999, t\u00e1 an planda seo cosanta i bPoblacht na h\u00c9ireann, cialla\u00edonn s\u00e9 sin go bhfuil s\u00e9 toirmiscthe \u00e9 a phiocadh, a stoitheadh, a dh\u00edol n\u00f3 \u00e9 bheith i seilbh duine, ach amh\u00e1in faoi chead\u00fanas. Is \u00e9ard is br\u00ed le Helianthemum n\u00e1 lus na gr\u00e9ine agus iompra\u00edonn an tor beag reatha seo a raic\u00e9imeanna de bhl\u00e1thanna \u00f3rbhu\u00ed (10-15mm) a bhfuil peitil chraptha orthu ar n\u00f3s scal\u00e1in bheaga gr\u00e9ine \u00f3 mh\u00ed Aibre\u00e1in go m\u00ed I\u00fail. T\u00e1 triopaill de staim\u00edn\u00ed \u00f3rga ag ceartl\u00e1r gach aon bhl\u00e1th. T\u00e1 na duilleoga d\u00faghlasa, at\u00e1 leagtha amach os comhair a ch\u00e9ile, ar dhath airgid faoina mbun. Is planda d\u00fachasach \u00e9 seo nach bhfuil ar f\u00e1il ach amh\u00e1in i gContae an Chl\u00e1ir agus a fh\u00e1sann ar chlocha aolchloiche. Baineann s\u00e9 leis an bhfine Cistaceae.<\/p>\n<p style=\"bottom: 0px;position: absolute\">Foins\u00ed: <a href=\"http:\/\/www.wildflowersofireland.net\/plant_detail.php?id_flower=128\" rel=\"noopener\" target=\"_blank\">Wildflowers Ireland<\/a><\/p>\n\t\t\t\t\t\t\t\t\t<\/div>\r\n\t\t\t\t\t\t\t\t<\/div>\t\r\n\t\t\t\t\t\t\t<\/div>\t\r\n\t\t\t\t\t\t\t<hr class=\"my-0\" style=\"border-top:1px solid #9C9494; opacity: 1;\" \/>\t\r\n\t\t\t\t\t\t\t<div style=\"font-size:inherit; height: 92px;\" class=\"p-3 bg-color-beige accordion-button accordion-button-color-black collapsed\" data-bs-toggle=\"collapse\" href=\"#collapse-dropdown-gallery-5\" role=\"button\" aria-expanded=\"false\" aria-controls=\"collapseExample\">\r\n\t\t\t\t\t\t\t\t<div class=\"w-100\">\r\n\t\t\t\t\t\t\t\t\t<h3 class=\"font-size-heading color-black\">Grianr\u00f3s Liath<\/h3>\r\n\t\t\t\t\t\t\t\t\t<div class=\"font-family-gibson-300 color-black\">Helianthemum oelandicum <\/div>\r\n\t\t\t\t\t\t\t\t<\/div>\r\n\t\t\t\t\t\t\t<\/div>\t\t\t\t\t\r\n\t\t\t\t\t\t\t\t\t\t\t<\/div>\r\n\t\t\t\t\t\t\t\r\n\t\t\t\t\t\t\t\t\r\n\t\t<\/div>\r\n\t<\/div>\r\n\t<hr class=\"my-0\" style=\"border-top:1px solid #9C9494; opacity: 1;\" \/>\r\n<\/section>\r\n\r\n\r\n\r\n\r\n\n\n\r\n<a id=\"orchids\" style=\"\"><\/a>\r\n\r\n\r\n\n\n\r\n<section id=\"block_2378dfe07184d7a5e8739f300012fc61\" class=\"section-twocolumns py-4 py-lg-4 bg-color-purple-dark color-white\" style=\"background-image:url(); \">\r\n\t\t<div class=\"d-flex flex-column\">\r\n\t\t\r\n\t \t\r\n\t<div class=\"container-fluid px-3 px-lg-5 section-twocolumns__columns order-2 \">\r\n\t\t<div class=\"row\">\r\n\t\t\t<div class=\"d-flex flex-column flex-lg-row\">\r\n\t\t\t\t<div class=\"col-12 col-lg-6  first-column\">\r\n\t\t\t\t\t<h2>Magairl\u00edn\u00ed i mBoirinn<\/h2>\n\t\t\t\t<\/div>\r\n\t\t\t\t<div class=\"col-12 col-lg-6  mb-3 mb-lg-5 second-column\">\r\n\t\t\t\t\t<h3>T\u00e1 speicis mhagairl\u00edn\u00ed faoi rath i mBoirinn. D\u00e9anta na f\u00edrinne, t\u00e1 23 cinn den 27 speiceas at\u00e1 in \u00c9irinn le feice\u00e1il sa ph\u00e1irc. Is iad na ch\u00e9ad chinn a dtagann bl\u00e1th orthu gach earrach n\u00e1 an magairl\u00edn meidhreach agus an magairl\u00edn glas. I measc na speiceas eile at\u00e1 anseo, t\u00e1 magairl\u00edn na gcuileanna, magairl\u00edn na mbeach, magairl\u00edn an fh\u00e9ileac\u00e1in, agus ceithre speiceas de chuaich\u00edn, lena n-\u00e1ir\u00edtear an cuaich\u00edn caol at\u00e1 neamhchoitianta.<\/h3>\n\t\t\t\t<\/div>\r\n\t\t\t<\/div>\r\n\t\t<\/div>\r\n\t<\/div>\r\n\t\t\r\n<\/section>\r\n\n\n\r\n<section id=\"block_147adb3f7ecf5ffffa162fdd191160cd\" class=\"section-dropdown-gallery bg-color-beige color-black pb-5\">\r\n\t<div class=\"container\">\r\n\t\t\t<\/div>\r\n\t<hr class=\"my-0\" style=\"border-top:1px solid #9C9494; opacity: 1;\" \/>\r\n\t<div class=\"container-fluid px-3 px-lg-5\">\r\n\t\t<div class=\"row\">\t\t\r\n\t\t\t\t\r\n\t\t\t\t\t\r\n\t\t\t\r\n\t\t\t\t\t<div class=\"col-12 col-md-6 col-lg-4 park_gallery_item\">\r\n\t\t\t\t\t\t\r\n\t\t\t\t\t\t\t\t\t\t\t\t\t<div class=\"w-100 bg-img overflow-hidden\" style=\"background-image:url(https:\/\/www.nationalparks.ie\/app\/uploads\/2022\/04\/Rectangle-5-11-1.png); background-size:cover; background-repeat:no-repeat; min-height:450px;\">\r\n\t\t\t\t\t\t\t\t<div class=\"bg-color-beige collapse park-gallery-dropdown\" id=\"collapse-dropdown-gallery-1\">\r\n\t\t\t\t\t\t\t\t\t<div style=\"font-size:inherit; height: 92px;\" class=\"p-3 bg-color-beige accordion-button accordion-button-color-black collapsed\" data-bs-toggle=\"collapse\" href=\"#collapse-dropdown-gallery-1\" role=\"button\" aria-expanded=\"false\" aria-controls=\"collapseExample\">\r\n\t\t\t\t\t\t\t\t\t\t<div class=\"w-100\">\r\n\t\t\t\t\t\t\t\t\t\t\t<h3 class=\"font-size-heading color-black\">Magairl\u00edn Meidhreach<\/h3>\r\n\t\t\t\t\t\t\t\t\t\t\t<div class=\"font-family-gibson-300 color-black\">Orchis mascula<\/div>\r\n\t\t\t\t\t\t\t\t\t\t<\/div>\r\n\t\t\t\t\t\t\t\t\t<\/div>\r\n\t\t\t\t\t\t\t\t\t<div class=\"flex-grow-1 p-3\">\r\n\t\t\t\t\t\t\t\t\t\t<p>Is f\u00e9idir an magairl\u00edn f\u00edor\u00e1lainn seo a aimsi\u00fa idir m\u00ed Aibre\u00e1in agus m\u00ed an Mheithimh i ndiasa arda (suas le 40cm), ar ithir neodrach n\u00f3 chailcreach. D\u2019fh\u00e9adfadh dathanna \u00e9ags\u00fala bheith ar na bl\u00e1thanna, idir corcra, b\u00e1ndearg agus b\u00e1n, agus b\u00edonn siad scaipthe ina ndiasa dl\u00fatha n\u00f3 ina ndiasa s\u00e1ch scaoilte. Tagann na duilleoga \u00edochtair amach ar dt\u00fas i m\u00ed Ean\u00e1ir ina r\u00f3is\u00e9id de cheithre n\u00f3 ocht gcinn de dhuilleoga dronuilleogacha at\u00e1 maol ar an mbarr agus d\u2019fh\u00e9adfadh siad bheith pl\u00e9ine\u00e1ilte, breac n\u00f3 sm\u00e1laithe go m\u00f3r. Tagann gas an bhl\u00e1tha chun cinn san earrach agus b\u00edonn truaill\u00ed duilleoige beaga lena thaobh. Gn\u00e9 shuntasach eile a bhaineann leis is ea boladh d\u2019fhual chait fhireann! F\u00e1sann an Magairl\u00edn Meidhreach go maith i gcoillearnach leathanduilleach, ar imill bh\u00f3ithre agus ar ph\u00e1bh\u00e1il aolchloiche.<br \/>\nIs planda d\u00fachasach an planda ilbhliant\u00fail seo agus baineann s\u00e9 leis an bhfine Orchidaceae.<\/p>\n<p style=\"bottom: 0px;position: absolute\">Foins\u00ed: <a href=\"http:\/\/www.wildflowersofireland.net\/plant_detail.php?id_flower=356\" rel=\"noopener\" target=\"_blank\">Wildflowers Ireland<\/a><\/p>\n\t\t\t\t\t\t\t\t\t<\/div>\r\n\t\t\t\t\t\t\t\t<\/div>\t\r\n\t\t\t\t\t\t\t<\/div>\t\r\n\t\t\t\t\t\t\t<hr class=\"my-0\" style=\"border-top:1px solid #9C9494; opacity: 1;\" \/>\t\r\n\t\t\t\t\t\t\t<div style=\"font-size:inherit; height: 92px;\" class=\"p-3 bg-color-beige accordion-button accordion-button-color-black collapsed\" data-bs-toggle=\"collapse\" href=\"#collapse-dropdown-gallery-1\" role=\"button\" aria-expanded=\"false\" aria-controls=\"collapseExample\">\r\n\t\t\t\t\t\t\t\t<div class=\"w-100\">\r\n\t\t\t\t\t\t\t\t\t<h3 class=\"font-size-heading color-black\">Magairl\u00edn Meidhreach<\/h3>\r\n\t\t\t\t\t\t\t\t\t<div class=\"font-family-gibson-300 color-black\">Orchis mascula<\/div>\r\n\t\t\t\t\t\t\t\t<\/div>\r\n\t\t\t\t\t\t\t<\/div>\t\t\t\t\t\r\n\t\t\t\t\t\t\t\t\t\t\t<\/div>\r\n\t\t\t\t\t\t\t\r\n\t\t\t\t\t\r\n\t\t\t\r\n\t\t\t\t\t<div class=\"col-12 col-md-6 col-lg-4 park_gallery_item\">\r\n\t\t\t\t\t\t\r\n\t\t\t\t\t\t\t\t\t\t\t\t\t<div class=\"w-100 bg-img overflow-hidden\" style=\"background-image:url(https:\/\/www.nationalparks.ie\/app\/uploads\/2022\/04\/Rectangle-5-6-2.png); background-size:cover; background-repeat:no-repeat; min-height:450px;\">\r\n\t\t\t\t\t\t\t\t<div class=\"bg-color-beige collapse park-gallery-dropdown\" id=\"collapse-dropdown-gallery-2\">\r\n\t\t\t\t\t\t\t\t\t<div style=\"font-size:inherit; height: 92px;\" class=\"p-3 bg-color-beige accordion-button accordion-button-color-black collapsed\" data-bs-toggle=\"collapse\" href=\"#collapse-dropdown-gallery-2\" role=\"button\" aria-expanded=\"false\" aria-controls=\"collapseExample\">\r\n\t\t\t\t\t\t\t\t\t\t<div class=\"w-100\">\r\n\t\t\t\t\t\t\t\t\t\t\t<h3 class=\"font-size-heading color-black\">Magairl\u00edn Glas<\/h3>\r\n\t\t\t\t\t\t\t\t\t\t\t<div class=\"font-family-gibson-300 color-black\">Neotinea maculata<\/div>\r\n\t\t\t\t\t\t\t\t\t\t<\/div>\r\n\t\t\t\t\t\t\t\t\t<\/div>\r\n\t\t\t\t\t\t\t\t\t<div class=\"flex-grow-1 p-3\">\r\n\t\t\t\t\t\t\t\t\t\t<p>C\u00e9 nach d\u00f3cha go mbainfeadh an bl\u00e1th fi\u00e1in seo aon duais as ucht a \u00e1illeachta, is cinnte go bhf\u00e9adfa\u00ed a r\u00e1 go bhfuil s\u00e9 ina \u00e1bhair iontais. Magairl\u00edn f\u00e9inphailnitheach at\u00e1 ann ina bhfuil dias (2\u20136 cm ar fhad) at\u00e1 pl\u00f3daithe le deich go tr\u00edocha cinn de bhl\u00e1thanna \u00e9adroma ar dhath an uachtair \u2013 agus a mb\u00edonn dath scoth-bh\u00e1ndearg orthu uaireanta. B\u00edonn an chuma orthu seo ar fad go bhfuil siad d\u00fanta agus gan ach an liopa \u00edochtarach gabhl\u00f3gach ag gobadh amach as an gcochall at\u00e1 cruthaithe ag na seipil agus na peitil uachtaracha. Tagann an gas d\u00edreach, a bh\u00edonn suas le 20cm ar airde, amach as dh\u00e1 n\u00f3 tr\u00ed bhunduilleog lansacha a bh\u00edonn breac uaireanta. B\u00edonn na duilleoga n\u00edos l\u00fa f\u00e1iscthe ar an ngas. Tagann an planda seo i mbl\u00e1th idir m\u00ed Aibre\u00e1in agus m\u00ed an Mheithimh, agus t\u00e1 s\u00e9 teoranta don chuid thiar den t\u00edr, \u00e1it a fh\u00e1sann s\u00e9 ar ph\u00e1bh\u00e1lacha aolchloiche, dumhcha agus f\u00e9arach gearr cailcreach.<br \/>\nPlanda d\u00fachasach at\u00e1 ann a bhaineann leis an bhfine Orchidaceae.<\/p>\n<p style=\"bottom: 0px;position: absolute\">Foins\u00ed: <a href=\"http:\/\/www.wildflowersofireland.net\/plant_detail.php?id_flower=444\" rel=\"noopener\" target=\"_blank\">Wildflowers Ireland<\/a><\/p>\n\t\t\t\t\t\t\t\t\t<\/div>\r\n\t\t\t\t\t\t\t\t<\/div>\t\r\n\t\t\t\t\t\t\t<\/div>\t\r\n\t\t\t\t\t\t\t<hr class=\"my-0\" style=\"border-top:1px solid #9C9494; opacity: 1;\" \/>\t\r\n\t\t\t\t\t\t\t<div style=\"font-size:inherit; height: 92px;\" class=\"p-3 bg-color-beige accordion-button accordion-button-color-black collapsed\" data-bs-toggle=\"collapse\" href=\"#collapse-dropdown-gallery-2\" role=\"button\" aria-expanded=\"false\" aria-controls=\"collapseExample\">\r\n\t\t\t\t\t\t\t\t<div class=\"w-100\">\r\n\t\t\t\t\t\t\t\t\t<h3 class=\"font-size-heading color-black\">Magairl\u00edn Glas<\/h3>\r\n\t\t\t\t\t\t\t\t\t<div class=\"font-family-gibson-300 color-black\">Neotinea maculata<\/div>\r\n\t\t\t\t\t\t\t\t<\/div>\r\n\t\t\t\t\t\t\t<\/div>\t\t\t\t\t\r\n\t\t\t\t\t\t\t\t\t\t\t<\/div>\r\n\t\t\t\t\t\t\t\r\n\t\t\t\t\t\r\n\t\t\t\r\n\t\t\t\t\t<div class=\"col-12 col-md-6 col-lg-4 park_gallery_item\">\r\n\t\t\t\t\t\t\r\n\t\t\t\t\t\t\t\t\t\t\t\t\t<div class=\"w-100 bg-img overflow-hidden\" style=\"background-image:url(https:\/\/www.nationalparks.ie\/app\/uploads\/2022\/04\/Rectangle-5-7-2.png); background-size:cover; background-repeat:no-repeat; min-height:450px;\">\r\n\t\t\t\t\t\t\t\t<div class=\"bg-color-beige collapse park-gallery-dropdown\" id=\"collapse-dropdown-gallery-3\">\r\n\t\t\t\t\t\t\t\t\t<div style=\"font-size:inherit; height: 92px;\" class=\"p-3 bg-color-beige accordion-button accordion-button-color-black collapsed\" data-bs-toggle=\"collapse\" href=\"#collapse-dropdown-gallery-3\" role=\"button\" aria-expanded=\"false\" aria-controls=\"collapseExample\">\r\n\t\t\t\t\t\t\t\t\t\t<div class=\"w-100\">\r\n\t\t\t\t\t\t\t\t\t\t\t<h3 class=\"font-size-heading color-black\">Magairl\u00edn na gCuileanna<\/h3>\r\n\t\t\t\t\t\t\t\t\t\t\t<div class=\"font-family-gibson-300 color-black\">Ophrys insectifera<\/div>\r\n\t\t\t\t\t\t\t\t\t\t<\/div>\r\n\t\t\t\t\t\t\t\t\t<\/div>\r\n\t\t\t\t\t\t\t\t\t<div class=\"flex-grow-1 p-3\">\r\n\t\t\t\t\t\t\t\t\t\t<p>T\u00e1 Magairl\u00edn na gCuileanna ar cheann de ghr\u00fapa beag Magairl\u00edn\u00ed a dh\u00e9anann aithris ar fheithid\u00ed chun cuairteoir\u00ed a mhealladh. &#8216;Pailni\u00fa tr\u00ed bhr\u00e9ag-ch\u00fapl\u00e1il&#8217; is ea an t\u00e9arma eola\u00edochta don chur i gc\u00e9ill seo ina gcuireann an planda boladh amach at\u00e1 ar n\u00f3s feithide agus a bhfuil cuma feithide air. Tr\u00edd an aithris seo, mealltar feithid chuig an magairl\u00edn agus le linn d\u00f3 iarracht a dh\u00e9anamh c\u00fapl\u00e1il leis an mbl\u00e1th, bail\u00edtear pailin ar a chorp lena aistri\u00fa go dt\u00ed an ch\u00e9ad mhagairl\u00edn eile. T\u00e1 cuma s\u00e1ch suntasach ar Mhagairl\u00edn na gCuileanna mar gheall ar a sheipil bhu\u00edghlasa agus liopa fada scoilte deargdhonn \u00edochtarach an bhl\u00e1tha. Iompra\u00edtear na bl\u00e1thanna seo ar dhias scaoilte de cheithre n\u00f3 deich mbl\u00e1th le brachtanna fada a l\u00fabann an\u00edos laistiar de gach aon mhagairl\u00edn. Tagann Magairl\u00edn na gCuileanna i mbl\u00e1th idir m\u00ed Bealtaine agus m\u00ed an Mheithimh agus f\u00e1sann s\u00e9 ar ph\u00e1bh\u00e1il aolchloiche, scrobarnach agus ithreacha cailcreacha tirime.<br \/>\nIs planda d\u00fachasach \u00e9 agus baineann s\u00e9 leis an bhfine Orchidaceae.<\/p>\n<p style=\"bottom: 0px;position: absolute\">Foins\u00ed: <a href=\"http:\/\/www.wildflowersofireland.net\/plant_detail.php?id_flower=445\" rel=\"noopener\" target=\"_blank\">Wildflowers Ireland<\/a><\/p>\n\t\t\t\t\t\t\t\t\t<\/div>\r\n\t\t\t\t\t\t\t\t<\/div>\t\r\n\t\t\t\t\t\t\t<\/div>\t\r\n\t\t\t\t\t\t\t<hr class=\"my-0\" style=\"border-top:1px solid #9C9494; opacity: 1;\" \/>\t\r\n\t\t\t\t\t\t\t<div style=\"font-size:inherit; height: 92px;\" class=\"p-3 bg-color-beige accordion-button accordion-button-color-black collapsed\" data-bs-toggle=\"collapse\" href=\"#collapse-dropdown-gallery-3\" role=\"button\" aria-expanded=\"false\" aria-controls=\"collapseExample\">\r\n\t\t\t\t\t\t\t\t<div class=\"w-100\">\r\n\t\t\t\t\t\t\t\t\t<h3 class=\"font-size-heading color-black\">Magairl\u00edn na gCuileanna<\/h3>\r\n\t\t\t\t\t\t\t\t\t<div class=\"font-family-gibson-300 color-black\">Ophrys insectifera<\/div>\r\n\t\t\t\t\t\t\t\t<\/div>\r\n\t\t\t\t\t\t\t<\/div>\t\t\t\t\t\r\n\t\t\t\t\t\t\t\t\t\t\t<\/div>\r\n\t\t\t\t\t\t\t\r\n\t\t\t\t\t\r\n\t\t\t\r\n\t\t\t\t\t<div class=\"col-12 col-md-6 col-lg-4 park_gallery_item\">\r\n\t\t\t\t\t\t\r\n\t\t\t\t\t\t\t\t\t\t\t\t\t<div class=\"w-100 bg-img overflow-hidden\" style=\"background-image:url(https:\/\/www.nationalparks.ie\/app\/uploads\/2022\/04\/Rectangle-5-8-2.png); background-size:cover; background-repeat:no-repeat; min-height:450px;\">\r\n\t\t\t\t\t\t\t\t<div class=\"bg-color-beige collapse park-gallery-dropdown\" id=\"collapse-dropdown-gallery-4\">\r\n\t\t\t\t\t\t\t\t\t<div style=\"font-size:inherit; height: 92px;\" class=\"p-3 bg-color-beige accordion-button accordion-button-color-black collapsed\" data-bs-toggle=\"collapse\" href=\"#collapse-dropdown-gallery-4\" role=\"button\" aria-expanded=\"false\" aria-controls=\"collapseExample\">\r\n\t\t\t\t\t\t\t\t\t\t<div class=\"w-100\">\r\n\t\t\t\t\t\t\t\t\t\t\t<h3 class=\"font-size-heading color-black\">Magairl\u00edn na mBeach<\/h3>\r\n\t\t\t\t\t\t\t\t\t\t\t<div class=\"font-family-gibson-300 color-black\">Ophrys apifera<\/div>\r\n\t\t\t\t\t\t\t\t\t\t<\/div>\r\n\t\t\t\t\t\t\t\t\t<\/div>\r\n\t\t\t\t\t\t\t\t\t<div class=\"flex-grow-1 p-3\">\r\n\t\t\t\t\t\t\t\t\t\t<p>I m\u00ed an Mheithimh agus m\u00ed I\u00fail, is gleoite an rud \u00e9 teacht air seo ar ithir thirim ghainmheach, dumhcha agus f\u00e9araigh aolchloiche. N\u00edl aon fhadhb i gceist le Magairl\u00edn na mBeach a aithint \u00f3 na magairl\u00edn\u00ed eile ar fad \u2013 t\u00e1 p\u00e1tr\u00fan ar an liopa \u00edochtarach \u00e1lainn \u00f3r agus donn at\u00e1 cos\u00fail le c\u00fal bumb\u00f3ige at\u00e1 ar cuairt. T\u00e1 s\u00e9 seo ann chun feithid den chine\u00e1l c\u00e9anna a mhealladh agus d\u00e1 r\u00e9ir sin, cuidi\u00fa leis an bplanda a phailni\u00fa. F\u00e1sann an magairl\u00edn ilbhliant\u00fail seo thart ar 30-40cm ar airde le gas d\u00edreach at\u00e1 ceangailte le dh\u00e1 dhuilleog dhronuilleogacha lansacha. T\u00e1 an r\u00f3is\u00e9ad bunaidh comhdh\u00e9anta de roinnt duilleoga eile. Iompra\u00edtear na bl\u00e1thanna so-aitheanta i ndiasa agus t\u00e1 tr\u00ed sheipeal bh\u00e1ndearga leata orthu, dh\u00e1 pheiteal ghearra uachtaracha agus peiteal m\u00f3r \u00edochtarach amh\u00e1in a bhfuil dath donn dorcha agus baill \u00f3ir air.<br \/>\nIs planda d\u00fachasach \u00e9 seo agus baineann s\u00e9 leis an bhfine Orchidaceae. <\/p>\n<p style=\"bottom: 0px;position: absolute\">Foins\u00ed: <a href=\"http:\/\/www.wildflowersofireland.net\/plant_detail.php?id_flower=382\" rel=\"noopener\" target=\"_blank\">Wildflowers Ireland<\/a><\/p>\n\t\t\t\t\t\t\t\t\t<\/div>\r\n\t\t\t\t\t\t\t\t<\/div>\t\r\n\t\t\t\t\t\t\t<\/div>\t\r\n\t\t\t\t\t\t\t<hr class=\"my-0\" style=\"border-top:1px solid #9C9494; opacity: 1;\" \/>\t\r\n\t\t\t\t\t\t\t<div style=\"font-size:inherit; height: 92px;\" class=\"p-3 bg-color-beige accordion-button accordion-button-color-black collapsed\" data-bs-toggle=\"collapse\" href=\"#collapse-dropdown-gallery-4\" role=\"button\" aria-expanded=\"false\" aria-controls=\"collapseExample\">\r\n\t\t\t\t\t\t\t\t<div class=\"w-100\">\r\n\t\t\t\t\t\t\t\t\t<h3 class=\"font-size-heading color-black\">Magairl\u00edn na mBeach<\/h3>\r\n\t\t\t\t\t\t\t\t\t<div class=\"font-family-gibson-300 color-black\">Ophrys apifera<\/div>\r\n\t\t\t\t\t\t\t\t<\/div>\r\n\t\t\t\t\t\t\t<\/div>\t\t\t\t\t\r\n\t\t\t\t\t\t\t\t\t\t\t<\/div>\r\n\t\t\t\t\t\t\t\r\n\t\t\t\t\t\r\n\t\t\t\r\n\t\t\t\t\t<div class=\"col-12 col-md-6 col-lg-4 park_gallery_item\">\r\n\t\t\t\t\t\t\r\n\t\t\t\t\t\t\t\t\t\t\t\t\t<div class=\"w-100 bg-img overflow-hidden\" style=\"background-image:url(https:\/\/www.nationalparks.ie\/app\/uploads\/2022\/04\/Rectangle-5-9-1.png); background-size:cover; background-repeat:no-repeat; min-height:450px;\">\r\n\t\t\t\t\t\t\t\t<div class=\"bg-color-beige collapse park-gallery-dropdown\" id=\"collapse-dropdown-gallery-5\">\r\n\t\t\t\t\t\t\t\t\t<div style=\"font-size:inherit; height: 92px;\" class=\"p-3 bg-color-beige accordion-button accordion-button-color-black collapsed\" data-bs-toggle=\"collapse\" href=\"#collapse-dropdown-gallery-5\" role=\"button\" aria-expanded=\"false\" aria-controls=\"collapseExample\">\r\n\t\t\t\t\t\t\t\t\t\t<div class=\"w-100\">\r\n\t\t\t\t\t\t\t\t\t\t\t<h3 class=\"font-size-heading color-black\">Magairl\u00edn M\u00f3r an Fh\u00e9ileac\u00e1in<\/h3>\r\n\t\t\t\t\t\t\t\t\t\t\t<div class=\"font-family-gibson-300 color-black\">Platanthera chlorantha<\/div>\r\n\t\t\t\t\t\t\t\t\t\t<\/div>\r\n\t\t\t\t\t\t\t\t\t<\/div>\r\n\t\t\t\t\t\t\t\t\t<div class=\"flex-grow-1 p-3\">\r\n\t\t\t\t\t\t\t\t\t\t<p>Is planda st\u00e1t\u00fail agus maorga \u00e9 seo a bhaineann le f\u00e9arach neamhbhearnaithe,  talamh portaigh agus, de ghn\u00e1th, m\u00f3intigh chailcreacha. F\u00e1sann Magairl\u00edn M\u00f3r an Fh\u00e9ileac\u00e1in n\u00edos airde n\u00e1 a dheirfi\u00far beag, Magairl\u00edn Beag an Fh\u00e9ileac\u00e1in. Baineann s\u00e9 airde 50 cm amach agus beireann s\u00e9 bl\u00e1thanna \u00e1ille b\u00e1nbhu\u00ed i ndias at\u00e1 scaoilte agus \u00e1bhair\u00edn pirimidi\u00fail. T\u00e1 gach aon bhl\u00e1th, a bhfuil boladh fanaile air, comhdh\u00e9anta de dh\u00e1 liopa leata cliath\u00e1nach a bhfuil imir b\u00e1nghlas air gar don bharr, agus don spor. Is fead\u00e1n \u00e9 an spor at\u00e1 l\u00e1n le neachtar chun leamhain phailnithe a mhealladh. T\u00e1 na gais phailine laistigh d\u2019oscailt an bhl\u00e1tha seo leagtha amach ar n\u00f3s  V aisiompaithe ach t\u00e1 na cinn at\u00e1 i Magairl\u00edn Beag an Fh\u00e9ileac\u00e1in comhthreomhar lena ch\u00e9ile.<br \/>\nIs planda ilbhliant\u00fail \u00e9 seo a thagann i mbl\u00e1th \u00f3 mh\u00ed Bealtaine go m\u00ed I\u00fail. Is bl\u00e1th fi\u00e1in d\u00fachasach \u00e9 seo agus baineann s\u00e9 leis an bhfine Orchidaceae.  <\/p>\n<p style=\"bottom: 0px;position: absolute\">Foins\u00ed: <a href=\"http:\/\/www.wildflowersofireland.net\/plant_detail.php?id_flower=455\" rel=\"noopener\" target=\"_blank\">Wildflowers Ireland<\/a><\/p>\n\t\t\t\t\t\t\t\t\t<\/div>\r\n\t\t\t\t\t\t\t\t<\/div>\t\r\n\t\t\t\t\t\t\t<\/div>\t\r\n\t\t\t\t\t\t\t<hr class=\"my-0\" style=\"border-top:1px solid #9C9494; opacity: 1;\" \/>\t\r\n\t\t\t\t\t\t\t<div style=\"font-size:inherit; height: 92px;\" class=\"p-3 bg-color-beige accordion-button accordion-button-color-black collapsed\" data-bs-toggle=\"collapse\" href=\"#collapse-dropdown-gallery-5\" role=\"button\" aria-expanded=\"false\" aria-controls=\"collapseExample\">\r\n\t\t\t\t\t\t\t\t<div class=\"w-100\">\r\n\t\t\t\t\t\t\t\t\t<h3 class=\"font-size-heading color-black\">Magairl\u00edn M\u00f3r an Fh\u00e9ileac\u00e1in<\/h3>\r\n\t\t\t\t\t\t\t\t\t<div class=\"font-family-gibson-300 color-black\">Platanthera chlorantha<\/div>\r\n\t\t\t\t\t\t\t\t<\/div>\r\n\t\t\t\t\t\t\t<\/div>\t\t\t\t\t\r\n\t\t\t\t\t\t\t\t\t\t\t<\/div>\r\n\t\t\t\t\t\t\t\r\n\t\t\t\t\t\r\n\t\t\t\r\n\t\t\t\t\t<div class=\"col-12 col-md-6 col-lg-4 park_gallery_item\">\r\n\t\t\t\t\t\t\r\n\t\t\t\t\t\t\t\t\t\t\t\t\t<div class=\"w-100 bg-img overflow-hidden\" style=\"background-image:url(https:\/\/www.nationalparks.ie\/app\/uploads\/2022\/04\/Rectangle-5-10-1.png); background-size:cover; background-repeat:no-repeat; min-height:450px;\">\r\n\t\t\t\t\t\t\t\t<div class=\"bg-color-beige collapse park-gallery-dropdown\" id=\"collapse-dropdown-gallery-6\">\r\n\t\t\t\t\t\t\t\t\t<div style=\"font-size:inherit; height: 92px;\" class=\"p-3 bg-color-beige accordion-button accordion-button-color-black collapsed\" data-bs-toggle=\"collapse\" href=\"#collapse-dropdown-gallery-6\" role=\"button\" aria-expanded=\"false\" aria-controls=\"collapseExample\">\r\n\t\t\t\t\t\t\t\t\t\t<div class=\"w-100\">\r\n\t\t\t\t\t\t\t\t\t\t\t<h3 class=\"font-size-heading color-black\">Cuaich\u00edn Caol<\/h3>\r\n\t\t\t\t\t\t\t\t\t\t\t<div class=\"font-family-gibson-300 color-black\">Cephalanthera longifolia<\/div>\r\n\t\t\t\t\t\t\t\t\t\t<\/div>\r\n\t\t\t\t\t\t\t\t\t<\/div>\r\n\t\t\t\t\t\t\t\t\t<div class=\"flex-grow-1 p-3\">\r\n\t\t\t\t\t\t\t\t\t\t<p>Is ball maorga den fhine Orchidaceae \u00e9 seo agus is planda \u00e9 a bhfuil gas caol air a iompra\u00edonn duilleoga d\u00faghlasa a bhfuil cruth strapa orthu, agus t\u00e1 na cinn is m\u00f3 le f\u00e1il th\u00edos in \u00edochtar. Ar an ngas caol at\u00e1 idir 25-60 cm ar airde, iompra\u00edtear bl\u00e1thanna geala b\u00e1na \u00e1ille at\u00e1 12mm ar fhad, agus a bhfuil cruth cloig\u00edn orthu, agus t\u00e1 bracht beag ar gach aon cheann d\u00edobh. Le linn mh\u00ed an Mheithimh agus mh\u00ed I\u00fail, oscla\u00edonn diasa st\u00e1idi\u00fala de idir 3-20 bl\u00e1th, agus t\u00e1 ball or\u00e1iste i ngach aon cheann ag bun an liopa.<\/p>\n<p>Meastar an planda d\u00fachasach seo a bheith neamhchoitianta anseo agus cosna\u00edtear \u00e9 faoin Ord\u00fa Cosanta Fl\u00f3ra 2015 i bPoblacht na h\u00c9ireann. Ranga\u00edtear \u00e9 mar phlanda leochaileach sa R\u00edocht Aontaithe. <\/p>\n<p style=\"bottom: 0px;position: absolute\">Foins\u00ed: <a href=\"http:\/\/www.wildflowersofireland.net\/plant_detail.php?id_flower=124\" rel=\"noopener\" target=\"_blank\">Wildflowers Ireland<\/a><\/p>\n\t\t\t\t\t\t\t\t\t<\/div>\r\n\t\t\t\t\t\t\t\t<\/div>\t\r\n\t\t\t\t\t\t\t<\/div>\t\r\n\t\t\t\t\t\t\t<hr class=\"my-0\" style=\"border-top:1px solid #9C9494; opacity: 1;\" \/>\t\r\n\t\t\t\t\t\t\t<div style=\"font-size:inherit; height: 92px;\" class=\"p-3 bg-color-beige accordion-button accordion-button-color-black collapsed\" data-bs-toggle=\"collapse\" href=\"#collapse-dropdown-gallery-6\" role=\"button\" aria-expanded=\"false\" aria-controls=\"collapseExample\">\r\n\t\t\t\t\t\t\t\t<div class=\"w-100\">\r\n\t\t\t\t\t\t\t\t\t<h3 class=\"font-size-heading color-black\">Cuaich\u00edn Caol<\/h3>\r\n\t\t\t\t\t\t\t\t\t<div class=\"font-family-gibson-300 color-black\">Cephalanthera longifolia<\/div>\r\n\t\t\t\t\t\t\t\t<\/div>\r\n\t\t\t\t\t\t\t<\/div>\t\t\t\t\t\r\n\t\t\t\t\t\t\t\t\t\t\t<\/div>\r\n\t\t\t\t\t\t\t\r\n\t\t\t\t\t\t\t\t\r\n\t\t<\/div>\r\n\t<\/div>\r\n\t<hr class=\"my-0\" style=\"border-top:1px solid #9C9494; opacity: 1;\" \/>\r\n<\/section>\r\n\r\n\r\n\r\n\r\n\n\n\r\n<section id=\"block_9631041b589eeb32c7e50171fa7f0dc8\" class=\"section-twocolumns py-4 py-lg-4 bg-color-beige color-black\" style=\"background-image:url(); \">\r\n\t\t<div class=\"d-flex flex-column\">\r\n\t\t\r\n\t \t\r\n\t<div class=\"container-fluid px-3 px-lg-5 section-twocolumns__columns order-2 \">\r\n\t\t<div class=\"row\">\r\n\t\t\t<div class=\"d-flex flex-column flex-lg-row\">\r\n\t\t\t\t<div class=\"col-12 col-lg-4  first-column\">\r\n\t\t\t\t\t<div style=\"padding: 0 0 0 1rem;\"><img loading=\"lazy\" decoding=\"async\" class=\"alignnone  wp-image-1710\" src=\"https:\/\/www.nationalparks.ie\/app\/uploads\/2022\/04\/Rectangle-5-12-1-300x296.png\" alt=\"Fl\u00f3ra\" width=\"403\" height=\"398\" srcset=\"https:\/\/www.nationalparks.ie\/app\/uploads\/2022\/04\/Rectangle-5-12-1-300x296.png 300w, https:\/\/www.nationalparks.ie\/app\/uploads\/2022\/04\/Rectangle-5-12-1.png 420w\" sizes=\"auto, (max-width: 403px) 100vw, 403px\" \/><\/div>\n\t\t\t\t<\/div>\r\n\t\t\t\t<div class=\"col-12 col-lg-8  mb-3 mb-lg-5 second-column\">\r\n\t\t\t\t\t<div style=\"padding: 0 1rem;\">\n<h2>Caomhn\u00fa<\/h2>\n<p><\/br><\/p>\n<h3>T\u00e1 tr\u00ed cheathr\u00fa de na planda\u00ed a aims\u00edtear in \u00c9irinn le f\u00e1il i bhfl\u00f3ra Bhoirne. T\u00e1 roinnt de na planda\u00ed n\u00edos neamhchoitianta \u00e1 gcosaint faoi Reachta\u00edocht Eorpach, agus t\u00e1 n\u00edos m\u00f3 f\u00f3s \u00e1 gcosaint faoin Ord\u00fa Cosanta Fl\u00f3ra 1999.<\/h3>\n<p><\/br><br \/>\nTr\u00ed na planda\u00ed a fh\u00e1g\u00e1il san \u00e1it a bhfeiceann t\u00fa iad, cosna\u00edonn t\u00fa an t-\u00e9iceach\u00f3ras, agus f\u00e1gann t\u00fa \u00e9 ag daoine eile le sult a bhaint as. Le c\u00fanamh D\u00e9, m\u00e1 bhaintear taitneamh as na planda\u00ed ina ngn\u00e1th\u00f3g n\u00e1d\u00fartha, beidh f\u00e1il ag na gl\u00fanta at\u00e1 le teacht orthu freisin.\n<\/div>\n\t\t\t\t<\/div>\r\n\t\t\t<\/div>\r\n\t\t<\/div>\r\n\t<\/div>\r\n\t\t\r\n<\/section>\r\n\n\n\n\n<section id=\"section-video-block_995f82086c05c25a5d0efc86ff532c3f\" class=\"section-video d-flex justify-content-center\" style=\"margin-top:0;\">\n\t\n\t\t\t<div aria-hidden=\"true\" class=\"img-wrap\" style=\"width:100%; min-width:1280px; position:relative; height:420px; overflow:hidden; background-image:url(https:\/\/www.nationalparks.ie\/app\/uploads\/2022\/09\/Breaker-Section-Video-4.png); background-size:cover;\"><\/div>\n\t<\/section>\n\n\r\n<a id=\"fauna\" style=\"\"><\/a>\r\n\r\n\r\n\n\n\r\n<section id=\"block_f3dfef65cb6a49dc1f214b0f08ce2a92\" class=\"section-video-boxes py-4 py-lg-5 bg-color-blue color-white\">\r\n\t<div class=\"container\">\r\n\t\t<div class=\"row\">\r\n\t\t\t<div class=\"col-12\">\r\n\t\t\t\t<h2 class=\"display-6\">F\u00e1na<\/h2>\r\n\t\t\t\t<hr\/>\r\n\t\t\t\t<div class=\"h4 font-family-naisiuntamedium my-4 my-lg-5\"><h3>Mar gheall an talamh agus na modhanna traidisi\u00fanta feirmeoireachta a \u00fas\u00e1idtear sa cheantar, t\u00e1 Boirinn ina h\u00e1it measartha neamh-mhillte agus neamhfhorbartha. Seachas ar na hithreacha cura\u00edochta oighreacha at\u00e1 n\u00edos  doimhne, n\u00ed dhearnadh m\u00f3r\u00e1n cur isteach n\u00e1 dianfheirmeoireacht sa cheantar, ar i ngeall air sin a crutha\u00edodh gn\u00e1th\u00f3ga neamhbhearnaithe inar f\u00e9idir le fiadh\u00falra bheith faoi bhl\u00e1th.<\/h3>\n<\/div>\r\n\t\t\t<\/div>\r\n\t\t<\/div>\r\n\t<\/div>\r\n\t<div class=\"container mt-4\">\r\n\t\t<div class=\"row\">\t\t\r\n\t\t\t\t\r\n\t\t\t\t\t\r\n\t\t\t\r\n\t\t\t\t\t<div class=\"col-12 col-lg-4\">\r\n\t\t\t\t\t\t<div class=\"m-2\">\r\n\t\t\t\t\t\t\t\r\n\t\t\t\t\t\t\t<div style=\"font-size:inherit;\" class=\"p-3 bg-color-wine accordion-button accordion-button-color-white color-white collapsed\" data-bs-toggle=\"collapse\" href=\"#collapse-video-boxes-1\" role=\"button\" aria-expanded=\"false\" aria-controls=\"collapseExample\">\r\n\t\t\t\t\t\t\t\t<h3 class=\"h4 color-white\">\u00c9in<\/h3>\r\n\t\t\t\t\t\t\t<\/div>\r\n\t\t\t\t\t\t\t\r\n\t\t\t\t\t\t\t\r\n\t\t\t\t\t\t\t\r\n\t\t\t\t\t\t\t<hr class=\"my-0\" style=\"border-top:1px solid #9C9494; opacity: 1;\" \/>\r\n\t\t\t\t\t\t\t<div class=\"w-100 bg-img overflow-hidden position-relative\" style=\"min-height:450px;\">\r\n\t\t\t\t\t\t\t\t<div class=\"w-100 h-100 overflow-hidden border-radius-smaller\" style=\"position:absolute; top:0; left:0;\">\r\n\t\t\t\t\t\t\t\t\t<div class=\"w-100 h-100\">\r\n\t\t\t\t\t\t\t\t\t\t\t\t\t\t\t\t\t\t\t\t\t<div style=\"background-image:url('https:\/\/www.nationalparks.ie\/app\/uploads\/2022\/11\/stonechat_small.png'); background-size:cover; background-position:center center; height:100%; width:100%;\"><\/div>\r\n\t\t\t\t\t\t\t\t\t\t <!-- <img decoding=\"async\" src=\"\" style=\"width:100%; height:auto;\" \/> -->\r\n\t\t\t\t\t\t\t\t\t\t\t\t\t\t\t\t\t\t\t<\/div>\r\n\t\t\t\t\t\t\t\t<\/div>\r\n\t\t\t\t\t\t\t\t<div style=\"position:relative; z-index:1;\" class=\"p-3 bg-color-wine collapse\" id=\"collapse-video-boxes-1\">\r\n\t\t\t\t\t\t\t\t\t<p>Taifeadadh n\u00f3cha is a c\u00faig speiceas d\u2019\u00e9in i bP\u00e1irc N\u00e1isi\u00fanta Bhoirne, ar bhain ar a laghad 50 speiceas acu sin leas as an bp\u00e1irc le haghaidh s\u00edolr\u00fa. I measc na n-\u00e9an is suntasa\u00ed sa ph\u00e1irc, t\u00e1 fiaigh dhubha, fabhc\u00fain ghorma, pocair\u00ed gaoithe agus crom\u00e1in na gcearc.<br \/>\nChomh maith leis sin, t\u00e1 go leor \u00e9in bheaga inti freisin ar n\u00f3s glas\u00e1in, meant\u00e1in agus ceolair\u00ed. Le linn an gheimhridh, nuair at\u00e1 na lochanna agus na turlaigh l\u00e1n, b\u00edonn pobal maith d\u2019\u00e9in fhi\u00e1ine ann ar n\u00f3s an crotaigh, pilib\u00edn\u00ed agus fead\u00f3ga bu\u00ed. T\u00e1 eala\u00ed gl\u00f3racha agus eala\u00ed balbha coitianta freisin, ach n\u00ed bh\u00edonn na heala\u00ed gl\u00f3racha ann ach le linn mh\u00edonna an gheimhridh.<\/p>\n\t\t\t\t\t\t\t\t<\/div>\t\r\n\t\t\t\t\t\t\t<\/div>\t\r\n\t\t\t\t\t\t<\/div>\t\r\n\t\t\t\t\t<\/div>\r\n\t\t\t\t\t\t\t\r\n\t\t\t\t\t\r\n\t\t\t\r\n\t\t\t\t\t<div class=\"col-12 col-lg-4\">\r\n\t\t\t\t\t\t<div class=\"m-2\">\r\n\t\t\t\t\t\t\t\r\n\t\t\t\t\t\t\t<div style=\"font-size:inherit;\" class=\"p-3 bg-color-wine accordion-button accordion-button-color-white color-white collapsed\" data-bs-toggle=\"collapse\" href=\"#collapse-video-boxes-2\" role=\"button\" aria-expanded=\"false\" aria-controls=\"collapseExample\">\r\n\t\t\t\t\t\t\t\t<h3 class=\"h4 color-white\">Mamaigh<\/h3>\r\n\t\t\t\t\t\t\t<\/div>\r\n\t\t\t\t\t\t\t\r\n\t\t\t\t\t\t\t\r\n\t\t\t\t\t\t\t\r\n\t\t\t\t\t\t\t<hr class=\"my-0\" style=\"border-top:1px solid #9C9494; opacity: 1;\" \/>\r\n\t\t\t\t\t\t\t<div class=\"w-100 bg-img overflow-hidden position-relative\" style=\"min-height:450px;\">\r\n\t\t\t\t\t\t\t\t<div class=\"w-100 h-100 overflow-hidden border-radius-smaller\" style=\"position:absolute; top:0; left:0;\">\r\n\t\t\t\t\t\t\t\t\t<div class=\"w-100 h-100\">\r\n\t\t\t\t\t\t\t\t\t\t\t\t\t\t\t\t\t\t\t\t<video style=\"width:100%; height:auto;\" playsinline=\"\" autoplay=\"autoplay\" loop=\"loop\" muted=\"true\">\r\n\t\t\t\t\t\t\t\t\t\t\t<source src=\"https:\/\/www.nationalparks.ie\/app\/uploads\/2022\/11\/npirishstoat-1.mp4\" type=\"video\/mp4\">\r\n\t\t\t\t\t\t\t\t\t\t<\/video>\r\n\t\t\t\t\t\t\t\t\t\t\t\t\t\t\t\t\t\t\t<\/div>\r\n\t\t\t\t\t\t\t\t<\/div>\r\n\t\t\t\t\t\t\t\t<div style=\"position:relative; z-index:1;\" class=\"p-3 bg-color-wine collapse\" id=\"collapse-video-boxes-2\">\r\n\t\t\t\t\t\t\t\t\t<p>T\u00e1 r\u00e9imse leathan mamach le f\u00e1il i bP\u00e1irc N\u00e1isi\u00fanta Bhoirne. T\u00e1 an chuid is m\u00f3 de na mamaigh at\u00e1 le f\u00e1il sa ph\u00e1irc ina mamaigh o\u00edche, ach is f\u00e9idir giorriacha, sionnaigh, ghabhar fia agus dall\u00f3ga fraoigh a fheice\u00e1il i gcaitheamh an lae. Chomh maith leis sin, is f\u00e9idir eas\u00f3ga a fheice\u00e1il ag coradh agus ag casadh isteach agus amach as balla\u00ed cloiche agus iad sa t\u00f3ir ar chreach. I measc na mamach eile at\u00e1 le f\u00e1il sa ph\u00e1irc, t\u00e1 an luch fh\u00e9ir, an francach donn, an v\u00f3l bruaigh, an coin\u00edn, an t-iora rua, an broc, an madra uisce agus an minc. Is mar \u00e9alaithigh \u00f3 fheirmeacha fionnaidh a tugadh an minc isteach sa taobh t\u00edre in \u00c9irinn.<\/p>\n\t\t\t\t\t\t\t\t<\/div>\t\r\n\t\t\t\t\t\t\t<\/div>\t\r\n\t\t\t\t\t\t<\/div>\t\r\n\t\t\t\t\t<\/div>\r\n\t\t\t\t\t\t\t\r\n\t\t\t\t\t\r\n\t\t\t\r\n\t\t\t\t\t<div class=\"col-12 col-lg-4\">\r\n\t\t\t\t\t\t<div class=\"m-2\">\r\n\t\t\t\t\t\t\t\r\n\t\t\t\t\t\t\t<div style=\"font-size:inherit;\" class=\"p-3 bg-color-wine accordion-button accordion-button-color-white color-white collapsed\" data-bs-toggle=\"collapse\" href=\"#collapse-video-boxes-3\" role=\"button\" aria-expanded=\"false\" aria-controls=\"collapseExample\">\r\n\t\t\t\t\t\t\t\t<h3 class=\"h4 color-white\">F\u00e1na Eile<\/h3>\r\n\t\t\t\t\t\t\t<\/div>\r\n\t\t\t\t\t\t\t\r\n\t\t\t\t\t\t\t\r\n\t\t\t\t\t\t\t\r\n\t\t\t\t\t\t\t<hr class=\"my-0\" style=\"border-top:1px solid #9C9494; opacity: 1;\" \/>\r\n\t\t\t\t\t\t\t<div class=\"w-100 bg-img overflow-hidden position-relative\" style=\"min-height:450px;\">\r\n\t\t\t\t\t\t\t\t<div class=\"w-100 h-100 overflow-hidden border-radius-smaller\" style=\"position:absolute; top:0; left:0;\">\r\n\t\t\t\t\t\t\t\t\t<div class=\"w-100 h-100\">\r\n\t\t\t\t\t\t\t\t\t\t\t\t\t\t\t\t\t\t\t\t<video style=\"width:100%; height:auto;\" playsinline=\"\" autoplay=\"autoplay\" loop=\"loop\" muted=\"true\">\r\n\t\t\t\t\t\t\t\t\t\t\t<source src=\"https:\/\/www.nationalparks.ie\/app\/uploads\/2022\/11\/npslowworm.mp4\" type=\"video\/mp4\">\r\n\t\t\t\t\t\t\t\t\t\t<\/video>\r\n\t\t\t\t\t\t\t\t\t\t\t\t\t\t\t\t\t\t\t<\/div>\r\n\t\t\t\t\t\t\t\t<\/div>\r\n\t\t\t\t\t\t\t\t<div style=\"position:relative; z-index:1;\" class=\"p-3 bg-color-wine collapse\" id=\"collapse-video-boxes-3\">\r\n\t\t\t\t\t\t\t\t\t<p>T\u00e1 an d\u00e1 speiceas reipt\u00edle at\u00e1 le f\u00e1il in \u00c9irinn le feice\u00e1il i bP\u00e1irc N\u00e1isi\u00fanta Bhoirne; an laghairt choiteann dh\u00fachasach agus an t-earc\u00e1n caoch a tugadh isteach. D\u2019fh\u00e9adfadh t\u00fa an ch\u00e9ad cheann a fheice\u00e1il ar laethanta gr\u00e9ine \u00e1 dt\u00e9amh f\u00e9in ar an aolchloch.<br \/>\nB\u00edonn an frog coiteann agus an t-earc luachra araon le f\u00e1il i mbogaigh na p\u00e1irce.<br \/>\nT\u00e1 eascanna agus garmach\u00e1in i roinnt de na turlaigh, t\u00e1 an ph\u00e9irse le f\u00e1il i Loch Geal\u00e1in, an li\u00fas i Loch Buinne agus an brad\u00e1n, an c\u00faram\u00e1n agus an li\u00fas i gc\u00f3ras Lochanna Bh\u00e9al \u00cdochtair.<\/p>\n\t\t\t\t\t\t\t\t<\/div>\t\r\n\t\t\t\t\t\t\t<\/div>\t\r\n\t\t\t\t\t\t<\/div>\t\r\n\t\t\t\t\t<\/div>\r\n\t\t\t\t\t\t\t\r\n\t\t\t\t\t\t\t\t\r\n\t\t<\/div>\r\n\t<\/div>\r\n<\/section>\r\n\r\n\r\n\r\n\r\n\n\n\r\n<section id=\"block_1bf9ad37a51dde4cbf794e09f8d4451c\" class=\"section-dropdown-gallery bg-color-beige color-black pb-5\">\r\n\t<div class=\"container\">\r\n\t\t\t\t\t<h2 class=\"display-6 mb-4 pt-5\">Speicis Shuntasacha<\/h2>\r\n\t\t\t<\/div>\r\n\t<hr class=\"my-0\" style=\"border-top:1px solid #9C9494; opacity: 1;\" \/>\r\n\t<div class=\"container-fluid px-3 px-lg-5\">\r\n\t\t<div class=\"row\">\t\t\r\n\t\t\t\t\r\n\t\t\t\t\t\r\n\t\t\t\r\n\t\t\t\t\t<div class=\"col-12 col-md-6 col-lg-4 park_gallery_item\">\r\n\t\t\t\t\t\t\r\n\t\t\t\t\t\t\t\t\t\t\t\t\t<div class=\"w-100 bg-img overflow-hidden\" style=\"background-image:url(https:\/\/www.nationalparks.ie\/app\/uploads\/2022\/04\/Rectangle-5-15-1.png); background-size:cover; background-repeat:no-repeat; min-height:450px;\">\r\n\t\t\t\t\t\t\t\t<div class=\"bg-color-beige collapse park-gallery-dropdown\" id=\"collapse-dropdown-gallery-1\">\r\n\t\t\t\t\t\t\t\t\t<div style=\"font-size:inherit; height: 92px;\" class=\"p-3 bg-color-beige accordion-button accordion-button-color-black collapsed\" data-bs-toggle=\"collapse\" href=\"#collapse-dropdown-gallery-1\" role=\"button\" aria-expanded=\"false\" aria-controls=\"collapseExample\">\r\n\t\t\t\t\t\t\t\t\t\t<div class=\"w-100\">\r\n\t\t\t\t\t\t\t\t\t\t\t<h3 class=\"font-size-heading color-black\">An Fiach Dubh<\/h3>\r\n\t\t\t\t\t\t\t\t\t\t\t<div class=\"font-family-gibson-300 color-black\">Corvus corax<\/div>\r\n\t\t\t\t\t\t\t\t\t\t<\/div>\r\n\t\t\t\t\t\t\t\t\t<\/div>\r\n\t\t\t\t\t\t\t\t\t<div class=\"flex-grow-1 p-3\">\r\n\t\t\t\t\t\t\t\t\t\t<p>\u00c9an c\u00f3naithe at\u00e1 forleathan ar fud na h\u00c9ireann, go h\u00e1irithe i gceantair sl\u00e9ibhe. T\u00e1 an Fiach Dubh ar an \u00e9an ceoil is m\u00f3 in \u00c9irinn agus t\u00e1 s\u00e9 \u00e1bhair\u00edn n\u00edos m\u00f3 n\u00e1 an Clamh\u00e1n. T\u00e1 dath dubh ar an gcl\u00famh, an corp, na cosa agus an gob ar fad. T\u00e1 sciath\u00e1in fhada agus s\u00e1ch caol air agus \u00e9 i mbun eitilte, agus t\u00e1 eireaball suaithinseach air a bhfuil cruth dinge air. B\u00edonn s\u00e9 ag faoileoireacht \u00f3 am go ch\u00e9ile agus d\u00e9anann s\u00e9 aeracla\u00edocht.<\/p>\n<p>De ghn\u00e1th, is \u00e9 an Fiach Dubh ceann de na ch\u00e9ad speicis sa bhliain a chuireann t\u00fas le s\u00edolr\u00fa (Feabhra\/M\u00e1rta). B\u00edonn an nead m\u00f3r ar n\u00f3s nead an iolair agus b\u00edonn s\u00e9 crochta ar aill n\u00f3 i gcor\u00f3in crainn. Bh\u00edodh s\u00e9 teoranta do cheantair sl\u00e9ibhe go traidisi\u00fanta, ach is minic a bh\u00edonn tuairisc orthu \u00f3 cheantair \u00edsealchr\u00edche agus fi\u00fa ceantair fho-uirbeacha sna laethanta seo.<\/p>\n<p style=\"bottom: 0px;position: absolute\">Foins\u00ed: <a href=\"https:\/\/birdwatchireland.ie\/birds\/raven\/\" rel=\"noopener\" target=\"_blank\">Birdwatch Ireland<\/a><\/p>\n\t\t\t\t\t\t\t\t\t<\/div>\r\n\t\t\t\t\t\t\t\t<\/div>\t\r\n\t\t\t\t\t\t\t<\/div>\t\r\n\t\t\t\t\t\t\t<hr class=\"my-0\" style=\"border-top:1px solid #9C9494; opacity: 1;\" \/>\t\r\n\t\t\t\t\t\t\t<div style=\"font-size:inherit; height: 92px;\" class=\"p-3 bg-color-beige accordion-button accordion-button-color-black collapsed\" data-bs-toggle=\"collapse\" href=\"#collapse-dropdown-gallery-1\" role=\"button\" aria-expanded=\"false\" aria-controls=\"collapseExample\">\r\n\t\t\t\t\t\t\t\t<div class=\"w-100\">\r\n\t\t\t\t\t\t\t\t\t<h3 class=\"font-size-heading color-black\">An Fiach Dubh<\/h3>\r\n\t\t\t\t\t\t\t\t\t<div class=\"font-family-gibson-300 color-black\">Corvus corax<\/div>\r\n\t\t\t\t\t\t\t\t<\/div>\r\n\t\t\t\t\t\t\t<\/div>\t\t\t\t\t\r\n\t\t\t\t\t\t\t\t\t\t\t<\/div>\r\n\t\t\t\t\t\t\t\r\n\t\t\t\t\t\r\n\t\t\t\r\n\t\t\t\t\t<div class=\"col-12 col-md-6 col-lg-4 park_gallery_item\">\r\n\t\t\t\t\t\t\r\n\t\t\t\t\t\t\t\t\t\t\t\t\t<div class=\"w-100 bg-img overflow-hidden\" style=\"background-image:url(https:\/\/www.nationalparks.ie\/app\/uploads\/2022\/04\/Rectangle-5-16.png); background-size:cover; background-repeat:no-repeat; min-height:450px;\">\r\n\t\t\t\t\t\t\t\t<div class=\"bg-color-beige collapse park-gallery-dropdown\" id=\"collapse-dropdown-gallery-2\">\r\n\t\t\t\t\t\t\t\t\t<div style=\"font-size:inherit; height: 92px;\" class=\"p-3 bg-color-beige accordion-button accordion-button-color-black collapsed\" data-bs-toggle=\"collapse\" href=\"#collapse-dropdown-gallery-2\" role=\"button\" aria-expanded=\"false\" aria-controls=\"collapseExample\">\r\n\t\t\t\t\t\t\t\t\t\t<div class=\"w-100\">\r\n\t\t\t\t\t\t\t\t\t\t\t<h3 class=\"font-size-heading color-black\">An Fabhc\u00fan Gorm<\/h3>\r\n\t\t\t\t\t\t\t\t\t\t\t<div class=\"font-family-gibson-300 color-black\">Falco peregrinus<\/div>\r\n\t\t\t\t\t\t\t\t\t\t<\/div>\r\n\t\t\t\t\t\t\t\t\t<\/div>\r\n\t\t\t\t\t\t\t\t\t<div class=\"flex-grow-1 p-3\">\r\n\t\t\t\t\t\t\t\t\t\t<p>\u00c9an creiche is ea an fabhc\u00fan gorm a neada\u00edonn go hard in aillte os cionn na gcomlochanna sa Ph\u00e1irc N\u00e1isi\u00fanta. T\u00e1 an fabhc\u00fan seo in ann col\u00fair agus lachain a gabh\u00e1il agus iad i mbun eitilte. Taifeadtar \u00e9 ar an ainmh\u00ed beo is sciobtha ar domhan, agus baineann s\u00e9 luasanna amach os cionn 200km san uair nuair a thumann s\u00e9 s\u00edos ar a chreach. Is ar \u00e9igean n\u00e1r d\u00edotha\u00edodh an fabhc\u00fan gorm in \u00c9irinn mar thoradh ar fheithidic\u00edd\u00ed ar mar gheall orthu sin a laga\u00edodh blaoscanna na n-uibheacha, ach \u00f3 cuireadh cosc ar an bhfeithidic\u00edd a bh\u00ed freagrach as sin, t\u00e1 biseach m\u00f3r tagtha ar an bhfabhc\u00fan gorm ar fud na t\u00edre.<\/p>\n\t\t\t\t\t\t\t\t\t<\/div>\r\n\t\t\t\t\t\t\t\t<\/div>\t\r\n\t\t\t\t\t\t\t<\/div>\t\r\n\t\t\t\t\t\t\t<hr class=\"my-0\" style=\"border-top:1px solid #9C9494; opacity: 1;\" \/>\t\r\n\t\t\t\t\t\t\t<div style=\"font-size:inherit; height: 92px;\" class=\"p-3 bg-color-beige accordion-button accordion-button-color-black collapsed\" data-bs-toggle=\"collapse\" href=\"#collapse-dropdown-gallery-2\" role=\"button\" aria-expanded=\"false\" aria-controls=\"collapseExample\">\r\n\t\t\t\t\t\t\t\t<div class=\"w-100\">\r\n\t\t\t\t\t\t\t\t\t<h3 class=\"font-size-heading color-black\">An Fabhc\u00fan Gorm<\/h3>\r\n\t\t\t\t\t\t\t\t\t<div class=\"font-family-gibson-300 color-black\">Falco peregrinus<\/div>\r\n\t\t\t\t\t\t\t\t<\/div>\r\n\t\t\t\t\t\t\t<\/div>\t\t\t\t\t\r\n\t\t\t\t\t\t\t\t\t\t\t<\/div>\r\n\t\t\t\t\t\t\t\r\n\t\t\t\t\t\r\n\t\t\t\r\n\t\t\t\t\t<div class=\"col-12 col-md-6 col-lg-4 park_gallery_item\">\r\n\t\t\t\t\t\t\r\n\t\t\t\t\t\t\t\t\t\t\t\t\t<div class=\"w-100 bg-img overflow-hidden\" style=\"background-image:url(https:\/\/www.nationalparks.ie\/app\/uploads\/2022\/04\/Rectangle-5-17.png); background-size:cover; background-repeat:no-repeat; min-height:450px;\">\r\n\t\t\t\t\t\t\t\t<div class=\"bg-color-beige collapse park-gallery-dropdown\" id=\"collapse-dropdown-gallery-3\">\r\n\t\t\t\t\t\t\t\t\t<div style=\"font-size:inherit; height: 92px;\" class=\"p-3 bg-color-beige accordion-button accordion-button-color-black collapsed\" data-bs-toggle=\"collapse\" href=\"#collapse-dropdown-gallery-3\" role=\"button\" aria-expanded=\"false\" aria-controls=\"collapseExample\">\r\n\t\t\t\t\t\t\t\t\t\t<div class=\"w-100\">\r\n\t\t\t\t\t\t\t\t\t\t\t<h3 class=\"font-size-heading color-black\">An Meirli\u00fan<\/h3>\r\n\t\t\t\t\t\t\t\t\t\t\t<div class=\"font-family-gibson-300 color-black\">Falco columbarius<\/div>\r\n\t\t\t\t\t\t\t\t\t\t<\/div>\r\n\t\t\t\t\t\t\t\t\t<\/div>\r\n\t\t\t\t\t\t\t\t\t<div class=\"flex-grow-1 p-3\">\r\n\t\t\t\t\t\t\t\t\t\t<p>\u00c9an c\u00fathail agus neamhchoitianta is ea an meirli\u00fan a neada\u00edonn i dtalamh foraoise in aice le m\u00f3inteach agus portach oscailte, \u00e1it a mb\u00edonn s\u00e9 ag fiach le haghaidh \u00e9in bheaga agus feithid\u00ed chun a \u00f3ga a choth\u00fa. T\u00e1 siad beag (n\u00edl an fireannach ach \u00e1bhair\u00edn n\u00edos m\u00f3 n\u00e1 lon dubh) agus eitl\u00edonn siad s\u00e1ch \u00edseal agus d\u00e1 bharr sin, b\u00edonn s\u00e9 deacair iad a fheice\u00e1il. Is fi\u00fa s\u00fail a choinne\u00e1il amach d\u00f3ibh m\u00e1 bh\u00edonn t\u00fa gar do thalamh foraoise le linn sh\u00e9as\u00far an ghoir (Aibre\u00e1n \u2013 Meitheamh). Comhartha a d\u2019fh\u00e9adfadh t\u00fa a chuardach is ea \u2018cuaill\u00ed maraithe\u2019 arb \u00e9 sin an \u00e1it a gcluimhr\u00edonn an meirli\u00fan na cleit\u00ed as a chreach (\u00e9in bheaga) sula dtugtar \u00e9 ar ais chuig an nead. Coinnigh s\u00fail amach do thul\u00f3ga n\u00f3 boll\u00e1in in aice le talamh foraoise a d\u2019fh\u00e9adfadh af bheith \u00e1 n-\u00fas\u00e1id lena aghaidh sin.<\/p>\n\t\t\t\t\t\t\t\t\t<\/div>\r\n\t\t\t\t\t\t\t\t<\/div>\t\r\n\t\t\t\t\t\t\t<\/div>\t\r\n\t\t\t\t\t\t\t<hr class=\"my-0\" style=\"border-top:1px solid #9C9494; opacity: 1;\" \/>\t\r\n\t\t\t\t\t\t\t<div style=\"font-size:inherit; height: 92px;\" class=\"p-3 bg-color-beige accordion-button accordion-button-color-black collapsed\" data-bs-toggle=\"collapse\" href=\"#collapse-dropdown-gallery-3\" role=\"button\" aria-expanded=\"false\" aria-controls=\"collapseExample\">\r\n\t\t\t\t\t\t\t\t<div class=\"w-100\">\r\n\t\t\t\t\t\t\t\t\t<h3 class=\"font-size-heading color-black\">An Meirli\u00fan<\/h3>\r\n\t\t\t\t\t\t\t\t\t<div class=\"font-family-gibson-300 color-black\">Falco columbarius<\/div>\r\n\t\t\t\t\t\t\t\t<\/div>\r\n\t\t\t\t\t\t\t<\/div>\t\t\t\t\t\r\n\t\t\t\t\t\t\t\t\t\t\t<\/div>\r\n\t\t\t\t\t\t\t\r\n\t\t\t\t\t\r\n\t\t\t\r\n\t\t\t\t\t<div class=\"col-12 col-md-6 col-lg-4 park_gallery_item\">\r\n\t\t\t\t\t\t\r\n\t\t\t\t\t\t\t\t\t\t\t\t\t<div class=\"w-100 bg-img overflow-hidden\" style=\"background-image:url(https:\/\/www.nationalparks.ie\/app\/uploads\/2022\/04\/Rectangle-5-18.png); background-size:cover; background-repeat:no-repeat; min-height:450px;\">\r\n\t\t\t\t\t\t\t\t<div class=\"bg-color-beige collapse park-gallery-dropdown\" id=\"collapse-dropdown-gallery-4\">\r\n\t\t\t\t\t\t\t\t\t<div style=\"font-size:inherit; height: 92px;\" class=\"p-3 bg-color-beige accordion-button accordion-button-color-black collapsed\" data-bs-toggle=\"collapse\" href=\"#collapse-dropdown-gallery-4\" role=\"button\" aria-expanded=\"false\" aria-controls=\"collapseExample\">\r\n\t\t\t\t\t\t\t\t\t\t<div class=\"w-100\">\r\n\t\t\t\t\t\t\t\t\t\t\t<h3 class=\"font-size-heading color-black\">An Pocaire Gaoithe<\/h3>\r\n\t\t\t\t\t\t\t\t\t\t\t<div class=\"font-family-gibson-300 color-black\">Falco tinnunculus<\/div>\r\n\t\t\t\t\t\t\t\t\t\t<\/div>\r\n\t\t\t\t\t\t\t\t\t<\/div>\r\n\t\t\t\t\t\t\t\t\t<div class=\"flex-grow-1 p-3\">\r\n\t\t\t\t\t\t\t\t\t\t<p>Speiceas d\u2019fhabhc\u00fan at\u00e1 ann. Is \u00e9an creiche beag \u00e9 a bhfuil sciath\u00e1in agus eireaball fada air at\u00e1 s\u00e1ch c\u00fang freisin. T\u00e1 gob gearr cr\u00facach air le haghaidh feoil a ithe. De ghn\u00e1th, b\u00edonn s\u00e9 ar foluain le heireaball spr\u00e9ite nuair a bh\u00edonn s\u00e9 ag fiach, ar lena linn sin a n-\u00e9ir\u00edonn leis a cheann a choinne\u00e1il socair in ainneoin bhualadh mear a sciath\u00e1n. T\u00e1 cluimhreach \u00e9ags\u00fail ar an gceann fireann agus baineann ach is f\u00e9idir an d\u00e1 inscne a aithint i ngeall ar an droim agus na sciath\u00e1in uachtaracha inmhe\u00e1nacha at\u00e1 donn agus at\u00e1 i gcodarsnacht leis na sciath\u00e1in dhorcha uachtaracha taobh amuigh. D&#8217;fh\u00e9adfa\u00ed a cheapadh gur Spior\u00f3g at\u00e1 ann ach t\u00e1 an Pocaire Gaoithe n\u00edos c\u00fainge, t\u00e1 sciath\u00e1in n\u00edos d\u00edr\u00ed air agus n\u00ed bh\u00edonn s\u00e9 ag faoileitilt an oiread c\u00e9anna.<\/p>\n<p>\u00c9an goir at\u00e1 forleathan ar fud na t\u00edre is ea \u00e9. Neada\u00edonn s\u00e9 i gcrainn, ar fhoirgnimh n\u00f3 i scoilteanna in aillte. D\u2019fh\u00e9adfadh s\u00e9 sean-neadacha pr\u00e9ach\u00e1in a \u00fas\u00e1id. T\u00e1 s\u00e9 le f\u00e1il i r\u00e9imse leathan gn\u00e1th\u00f3ga oscailte, lena n-\u00e1ir\u00edtear c\u00f3sta\u00ed, m\u00f3inteach, talamh feirme, bogaigh, imill bh\u00f3ithre agus p\u00e1irceanna baile.<\/p>\n<p style=\"bottom: 0px;position: absolute\">Foins\u00ed: <a href=\"https:\/\/birdwatchireland.ie\/birds\/kestrel\/\" rel=\"noopener\" target=\"_blank\">Birdwatch Ireland<\/a><\/p>\n\t\t\t\t\t\t\t\t\t<\/div>\r\n\t\t\t\t\t\t\t\t<\/div>\t\r\n\t\t\t\t\t\t\t<\/div>\t\r\n\t\t\t\t\t\t\t<hr class=\"my-0\" style=\"border-top:1px solid #9C9494; opacity: 1;\" \/>\t\r\n\t\t\t\t\t\t\t<div style=\"font-size:inherit; height: 92px;\" class=\"p-3 bg-color-beige accordion-button accordion-button-color-black collapsed\" data-bs-toggle=\"collapse\" href=\"#collapse-dropdown-gallery-4\" role=\"button\" aria-expanded=\"false\" aria-controls=\"collapseExample\">\r\n\t\t\t\t\t\t\t\t<div class=\"w-100\">\r\n\t\t\t\t\t\t\t\t\t<h3 class=\"font-size-heading color-black\">An Pocaire Gaoithe<\/h3>\r\n\t\t\t\t\t\t\t\t\t<div class=\"font-family-gibson-300 color-black\">Falco tinnunculus<\/div>\r\n\t\t\t\t\t\t\t\t<\/div>\r\n\t\t\t\t\t\t\t<\/div>\t\t\t\t\t\r\n\t\t\t\t\t\t\t\t\t\t\t<\/div>\r\n\t\t\t\t\t\t\t\r\n\t\t\t\t\t\r\n\t\t\t\r\n\t\t\t\t\t<div class=\"col-12 col-md-6 col-lg-4 park_gallery_item\">\r\n\t\t\t\t\t\t\r\n\t\t\t\t\t\t\t\t\t\t\t\t\t<div class=\"w-100 bg-img overflow-hidden\" style=\"background-image:url(https:\/\/www.nationalparks.ie\/app\/uploads\/2022\/04\/Rectangle-5-19.png); background-size:cover; background-repeat:no-repeat; min-height:450px;\">\r\n\t\t\t\t\t\t\t\t<div class=\"bg-color-beige collapse park-gallery-dropdown\" id=\"collapse-dropdown-gallery-5\">\r\n\t\t\t\t\t\t\t\t\t<div style=\"font-size:inherit; height: 92px;\" class=\"p-3 bg-color-beige accordion-button accordion-button-color-black collapsed\" data-bs-toggle=\"collapse\" href=\"#collapse-dropdown-gallery-5\" role=\"button\" aria-expanded=\"false\" aria-controls=\"collapseExample\">\r\n\t\t\t\t\t\t\t\t\t\t<div class=\"w-100\">\r\n\t\t\t\t\t\t\t\t\t\t\t<h3 class=\"font-size-heading color-black\">An Cat Crainn<\/h3>\r\n\t\t\t\t\t\t\t\t\t\t\t<div class=\"font-family-gibson-300 color-black\">Martes martes<\/div>\r\n\t\t\t\t\t\t\t\t\t\t<\/div>\r\n\t\t\t\t\t\t\t\t\t<\/div>\r\n\t\t\t\t\t\t\t\t\t<div class=\"flex-grow-1 p-3\">\r\n\t\t\t\t\t\t\t\t\t\t<p>Bh\u00ed daingean ag an gCat Crainn i mBoirinn i gc\u00f3na\u00ed, ach t\u00e1 s\u00e9 ag teacht aniar ar fud na h\u00c9ireann le blianta beaga anuas. Is f\u00e9idir iad a fheice\u00e1il le linn an lae uaireanta ach is ainmhithe c\u00fathaile iad agus is annamh a fheictear iad.<\/p>\n<p>T\u00e1 an Cat Crainn f\u00f3s s\u00e1ch neamhchoitianta in \u00c9irinn, ach t\u00e1 an pobal ag t\u00e9arnamh agus ag scaipeadh; go traidisi\u00fanta, is san iarthar agus sa deisceart at\u00e1 a chuid daingean, ach t\u00e1 m\u00e9ad\u00fa suntasach tagtha ar an bpobal i l\u00e1r na t\u00edre le blianta beaga anuas. Deirtear gurb \u00e9 teacht aniar an Chait Chrainn is c\u00fais le pobal na n-iora\u00ed glasa ionracha a laghd\u00fa in \u00c9irinn. Tr\u00ed sin, tugtar deis freisin don phobal iora\u00ed rua teacht aniar.<\/p>\n<p style=\"bottom: 0px;position: absolute\">Foins\u00ed: <a href=\"https:\/\/en.wikipedia.org\/wiki\/European_pine_marten\" rel=\"noopener\" target=\"_blank\">Vicip\u00e9id<\/a><\/p>\n\t\t\t\t\t\t\t\t\t<\/div>\r\n\t\t\t\t\t\t\t\t<\/div>\t\r\n\t\t\t\t\t\t\t<\/div>\t\r\n\t\t\t\t\t\t\t<hr class=\"my-0\" style=\"border-top:1px solid #9C9494; opacity: 1;\" \/>\t\r\n\t\t\t\t\t\t\t<div style=\"font-size:inherit; height: 92px;\" class=\"p-3 bg-color-beige accordion-button accordion-button-color-black collapsed\" data-bs-toggle=\"collapse\" href=\"#collapse-dropdown-gallery-5\" role=\"button\" aria-expanded=\"false\" aria-controls=\"collapseExample\">\r\n\t\t\t\t\t\t\t\t<div class=\"w-100\">\r\n\t\t\t\t\t\t\t\t\t<h3 class=\"font-size-heading color-black\">An Cat Crainn<\/h3>\r\n\t\t\t\t\t\t\t\t\t<div class=\"font-family-gibson-300 color-black\">Martes martes<\/div>\r\n\t\t\t\t\t\t\t\t<\/div>\r\n\t\t\t\t\t\t\t<\/div>\t\t\t\t\t\r\n\t\t\t\t\t\t\t\t\t\t\t<\/div>\r\n\t\t\t\t\t\t\t\r\n\t\t\t\t\t\r\n\t\t\t\r\n\t\t\t\t\t<div class=\"col-12 col-md-6 col-lg-4 park_gallery_item\">\r\n\t\t\t\t\t\t\r\n\t\t\t\t\t\t\t\t\t\t\t\t\t<div class=\"w-100 bg-img overflow-hidden\" style=\"background-image:url(https:\/\/www.nationalparks.ie\/app\/uploads\/2022\/04\/Rectangle-5-25-1.png); background-size:cover; background-repeat:no-repeat; min-height:450px;\">\r\n\t\t\t\t\t\t\t\t<div class=\"bg-color-beige collapse park-gallery-dropdown\" id=\"collapse-dropdown-gallery-6\">\r\n\t\t\t\t\t\t\t\t\t<div style=\"font-size:inherit; height: 92px;\" class=\"p-3 bg-color-beige accordion-button accordion-button-color-black collapsed\" data-bs-toggle=\"collapse\" href=\"#collapse-dropdown-gallery-6\" role=\"button\" aria-expanded=\"false\" aria-controls=\"collapseExample\">\r\n\t\t\t\t\t\t\t\t\t\t<div class=\"w-100\">\r\n\t\t\t\t\t\t\t\t\t\t\t<h3 class=\"font-size-heading color-black\">An Chr\u00fa-ialt\u00f3g Bheag<\/h3>\r\n\t\t\t\t\t\t\t\t\t\t\t<div class=\"font-family-gibson-300 color-black\">Rhinolophus hipposideros<\/div>\r\n\t\t\t\t\t\t\t\t\t\t<\/div>\r\n\t\t\t\t\t\t\t\t\t<\/div>\r\n\t\t\t\t\t\t\t\t\t<div class=\"flex-grow-1 p-3\">\r\n\t\t\t\t\t\t\t\t\t\t<p>I measc na seacht speiceas d\u2019ialt\u00f3g a ch\u00f3na\u00edonn sa ph\u00e1irc, t\u00e1 an cr\u00fa-ialt\u00f3g bheag, ar speiceas \u00e9 at\u00e1 i mbaol i gcomhth\u00e9acs idirn\u00e1isi\u00fanta. T\u00e1 d\u00e1ileadh na hialt\u00f3ige seo teoranta do chontaetha an iarthair, is iad sin Maigh Eo, Gaillimh, an Cl\u00e1r, Luimneach, Ciarra\u00ed agus iarthar Chorca\u00ed. Is i bpluaiseanna beaga sa ph\u00e1irc a fhaigheann an speiceas i mbaol seo l\u00e1ithreacha geimhrithe.<\/p>\n\t\t\t\t\t\t\t\t\t<\/div>\r\n\t\t\t\t\t\t\t\t<\/div>\t\r\n\t\t\t\t\t\t\t<\/div>\t\r\n\t\t\t\t\t\t\t<hr class=\"my-0\" style=\"border-top:1px solid #9C9494; opacity: 1;\" \/>\t\r\n\t\t\t\t\t\t\t<div style=\"font-size:inherit; height: 92px;\" class=\"p-3 bg-color-beige accordion-button accordion-button-color-black collapsed\" data-bs-toggle=\"collapse\" href=\"#collapse-dropdown-gallery-6\" role=\"button\" aria-expanded=\"false\" aria-controls=\"collapseExample\">\r\n\t\t\t\t\t\t\t\t<div class=\"w-100\">\r\n\t\t\t\t\t\t\t\t\t<h3 class=\"font-size-heading color-black\">An Chr\u00fa-ialt\u00f3g Bheag<\/h3>\r\n\t\t\t\t\t\t\t\t\t<div class=\"font-family-gibson-300 color-black\">Rhinolophus hipposideros<\/div>\r\n\t\t\t\t\t\t\t\t<\/div>\r\n\t\t\t\t\t\t\t<\/div>\t\t\t\t\t\r\n\t\t\t\t\t\t\t\t\t\t\t<\/div>\r\n\t\t\t\t\t\t\t\r\n\t\t\t\t\t\r\n\t\t\t\r\n\t\t\t\t\t<div class=\"col-12 col-md-6 col-lg-4 park_gallery_item\">\r\n\t\t\t\t\t\t\r\n\t\t\t\t\t\t\t\t\t\t\t\t\t<div class=\"w-100 bg-img overflow-hidden\" style=\"background-image:url(https:\/\/www.nationalparks.ie\/app\/uploads\/2022\/04\/Rectangle-5-20.png); background-size:cover; background-repeat:no-repeat; min-height:450px;\">\r\n\t\t\t\t\t\t\t\t<div class=\"bg-color-beige collapse park-gallery-dropdown\" id=\"collapse-dropdown-gallery-7\">\r\n\t\t\t\t\t\t\t\t\t<div style=\"font-size:inherit; height: 92px;\" class=\"p-3 bg-color-beige accordion-button accordion-button-color-black collapsed\" data-bs-toggle=\"collapse\" href=\"#collapse-dropdown-gallery-7\" role=\"button\" aria-expanded=\"false\" aria-controls=\"collapseExample\">\r\n\t\t\t\t\t\t\t\t\t\t<div class=\"w-100\">\r\n\t\t\t\t\t\t\t\t\t\t\t<h3 class=\"font-size-heading color-black\">An Gabhar Fia<\/h3>\r\n\t\t\t\t\t\t\t\t\t\t\t<div class=\"font-family-gibson-300 color-black\">Capra hircus<\/div>\r\n\t\t\t\t\t\t\t\t\t\t<\/div>\r\n\t\t\t\t\t\t\t\t\t<\/div>\r\n\t\t\t\t\t\t\t\t\t<div class=\"flex-grow-1 p-3\">\r\n\t\t\t\t\t\t\t\t\t\t<p>C\u00e9 nach bhfuil s\u00e9 go hioml\u00e1n f\u00edor gur ainmh\u00ed fi\u00e1in at\u00e1 sa ghabhar fia, baineann s\u00e9 le Boirinn agus t\u00e9ann an tr\u00e9ad ag f\u00e1na\u00edocht gan srian tr\u00edd an bp\u00e1irc. Ar laethanta gr\u00e9ine, is f\u00e9idir iad a fheice\u00e1il ar fh\u00e1na\u00ed chnoic Bhoirne, ach le linn drochaimsire, t\u00e9ann siad ar foscadh sna coillearnacha agus sa scrobarnach choill.<\/p>\n\t\t\t\t\t\t\t\t\t<\/div>\r\n\t\t\t\t\t\t\t\t<\/div>\t\r\n\t\t\t\t\t\t\t<\/div>\t\r\n\t\t\t\t\t\t\t<hr class=\"my-0\" style=\"border-top:1px solid #9C9494; opacity: 1;\" \/>\t\r\n\t\t\t\t\t\t\t<div style=\"font-size:inherit; height: 92px;\" class=\"p-3 bg-color-beige accordion-button accordion-button-color-black collapsed\" data-bs-toggle=\"collapse\" href=\"#collapse-dropdown-gallery-7\" role=\"button\" aria-expanded=\"false\" aria-controls=\"collapseExample\">\r\n\t\t\t\t\t\t\t\t<div class=\"w-100\">\r\n\t\t\t\t\t\t\t\t\t<h3 class=\"font-size-heading color-black\">An Gabhar Fia<\/h3>\r\n\t\t\t\t\t\t\t\t\t<div class=\"font-family-gibson-300 color-black\">Capra hircus<\/div>\r\n\t\t\t\t\t\t\t\t<\/div>\r\n\t\t\t\t\t\t\t<\/div>\t\t\t\t\t\r\n\t\t\t\t\t\t\t\t\t\t\t<\/div>\r\n\t\t\t\t\t\t\t\r\n\t\t\t\t\t\r\n\t\t\t\r\n\t\t\t\t\t<div class=\"col-12 col-md-6 col-lg-4 park_gallery_item\">\r\n\t\t\t\t\t\t\r\n\t\t\t\t\t\t\t\t\t\t\t\t\t<div class=\"w-100 bg-img overflow-hidden\" style=\"background-image:url(https:\/\/www.nationalparks.ie\/app\/uploads\/2022\/04\/Rectangle-5-21.png); background-size:cover; background-repeat:no-repeat; min-height:450px;\">\r\n\t\t\t\t\t\t\t\t<div class=\"bg-color-beige collapse park-gallery-dropdown\" id=\"collapse-dropdown-gallery-8\">\r\n\t\t\t\t\t\t\t\t\t<div style=\"font-size:inherit; height: 92px;\" class=\"p-3 bg-color-beige accordion-button accordion-button-color-black collapsed\" data-bs-toggle=\"collapse\" href=\"#collapse-dropdown-gallery-8\" role=\"button\" aria-expanded=\"false\" aria-controls=\"collapseExample\">\r\n\t\t\t\t\t\t\t\t\t\t<div class=\"w-100\">\r\n\t\t\t\t\t\t\t\t\t\t\t<h3 class=\"font-size-heading color-black\">An Laghairt Choiteann<\/h3>\r\n\t\t\t\t\t\t\t\t\t\t\t<div class=\"font-family-gibson-300 color-black\">Lacerta vivipara<\/div>\r\n\t\t\t\t\t\t\t\t\t\t<\/div>\r\n\t\t\t\t\t\t\t\t\t<\/div>\r\n\t\t\t\t\t\t\t\t\t<div class=\"flex-grow-1 p-3\">\r\n\t\t\t\t\t\t\t\t\t\t<p>Is \u00e9 an laghairt choiteann an t-aon reipt\u00edl d\u00fachasach in \u00c9irinn. T\u00e1 s\u00ed beobhreitheach, arb \u00e9 is br\u00ed leis sin nach amh\u00e1in go mbeireann s\u00ed uibheacha, ach go mbeireann s\u00ed \u00f3ga beo freisin. Go iond\u00fail, saola\u00edonn na cinn baineanna idir 2-12 cheann \u00f3ga agus is minic is f\u00e9idir iad a fheice\u00e1il \u00e1 ngrianadh f\u00e9in ar bhalla\u00ed cloiche, clocha n\u00f3 lom\u00e1in le linn mh\u00edonna an tsamhraidh. Cuireann siad f\u00fathu i r\u00e9imse gn\u00e1th\u00f3ga, lena n-\u00e1ir\u00edtear coillearnach, riasca, fraochmh\u00e1, m\u00f3inte\u00e1in agus portaigh.<\/p>\n<p>D&#8217;fh\u00e9adfadh creachad\u00f3ir\u00ed m\u00f3ra an laghairt a ithe, creachad\u00f3ir\u00ed ar n\u00f3s \u00e9in chreiche (is cuid d\u2019aiste bia an phocaire ghaoithe iad de ghn\u00e1th), \u2028 agus mar\u00f3idh eas\u00f3ga agus minceanna iad m\u00e1 \u00e9ir\u00edonn leo breith orthu. M\u00e1 fhaightear greim ar an eireaball, t\u00e1 s\u00e9 de chumas ag na laghairt an chuid \u00edochtair a chur d\u00edobh, (a fh\u00e1sann ar ais go gairid ina dhiaidh sin) ar cleas \u00e9 a thugann deis d\u00f3ibh \u00e9al\u00fa.<\/p>\n<p style=\"bottom: 0px;position: absolute\">Foins\u00ed: <a href=\"https:\/\/iwt.ie\/wp-content\/uploads\/2017\/09\/WL42-Lizzards-eng.pdf\" rel=\"noopener\" target=\"_blank\">ENFO Wildlife (PDF)<\/a><\/p>\n\t\t\t\t\t\t\t\t\t<\/div>\r\n\t\t\t\t\t\t\t\t<\/div>\t\r\n\t\t\t\t\t\t\t<\/div>\t\r\n\t\t\t\t\t\t\t<hr class=\"my-0\" style=\"border-top:1px solid #9C9494; opacity: 1;\" \/>\t\r\n\t\t\t\t\t\t\t<div style=\"font-size:inherit; height: 92px;\" class=\"p-3 bg-color-beige accordion-button accordion-button-color-black collapsed\" data-bs-toggle=\"collapse\" href=\"#collapse-dropdown-gallery-8\" role=\"button\" aria-expanded=\"false\" aria-controls=\"collapseExample\">\r\n\t\t\t\t\t\t\t\t<div class=\"w-100\">\r\n\t\t\t\t\t\t\t\t\t<h3 class=\"font-size-heading color-black\">An Laghairt Choiteann<\/h3>\r\n\t\t\t\t\t\t\t\t\t<div class=\"font-family-gibson-300 color-black\">Lacerta vivipara<\/div>\r\n\t\t\t\t\t\t\t\t<\/div>\r\n\t\t\t\t\t\t\t<\/div>\t\t\t\t\t\r\n\t\t\t\t\t\t\t\t\t\t\t<\/div>\r\n\t\t\t\t\t\t\t\r\n\t\t\t\t\t\r\n\t\t\t\r\n\t\t\t\t\t<div class=\"col-12 col-md-6 col-lg-4 park_gallery_item\">\r\n\t\t\t\t\t\t\r\n\t\t\t\t\t\t\t\t\t\t\t\t\t<div class=\"w-100 bg-img overflow-hidden\" style=\"background-image:url(https:\/\/www.nationalparks.ie\/app\/uploads\/2022\/04\/Rectangle-5-22.png); background-size:cover; background-repeat:no-repeat; min-height:450px;\">\r\n\t\t\t\t\t\t\t\t<div class=\"bg-color-beige collapse park-gallery-dropdown\" id=\"collapse-dropdown-gallery-9\">\r\n\t\t\t\t\t\t\t\t\t<div style=\"font-size:inherit; height: 92px;\" class=\"p-3 bg-color-beige accordion-button accordion-button-color-black collapsed\" data-bs-toggle=\"collapse\" href=\"#collapse-dropdown-gallery-9\" role=\"button\" aria-expanded=\"false\" aria-controls=\"collapseExample\">\r\n\t\t\t\t\t\t\t\t\t\t<div class=\"w-100\">\r\n\t\t\t\t\t\t\t\t\t\t\t<h3 class=\"font-size-heading color-black\">An tEarc\u00e1n Caoch<\/h3>\r\n\t\t\t\t\t\t\t\t\t\t\t<div class=\"font-family-gibson-300 color-black\">Anguis fragilis<\/div>\r\n\t\t\t\t\t\t\t\t\t\t<\/div>\r\n\t\t\t\t\t\t\t\t\t<\/div>\r\n\t\t\t\t\t\t\t\t\t<div class=\"flex-grow-1 p-3\">\r\n\t\t\t\t\t\t\t\t\t\t<p>T\u00e1 colainn chruinn sh\u00ednte ag an earc\u00e1n caoch at\u00e1 thart ar 50cm ar fhad, t\u00e1 ceann biorach air agus n\u00edl aon chosa air. T\u00e1 s\u00e9 cos\u00fail le nathair beag, ach le bheith cruinn faoi, is speiceas de laghairt \u00e9agosach at\u00e1 ann. T\u00e1 barr an chraicinn comhdh\u00e9anta de ghainn\u00ed a bhfuil cruth cruinn n\u00f3 heicseag\u00e1nach orthu a fhorlu\u00edonn ar a ch\u00e9ile ar n\u00f3s t\u00edleanna d\u00edn agus t\u00e1 an cruth m\u00f3r\u00e1n mar a ch\u00e9ile ar dhromchla\u00ed droma agus tarracha an choirp.<\/p>\n<p style=\"bottom: 0px;position: absolute\">Foins\u00ed: <a href=\"https:\/\/www.facebook.com\/IrishWildlifeTrust\/photos\/a.286536755103\/10156807976360104\" rel=\"noopener\" target=\"_blank\">Irish Wildlife Trust Facebook<\/a>, <a href=\"https:\/\/en.wikipedia.org\/wiki\/Slow_worm\" rel=\"noopener\" target=\"_blank\">Vicip\u00e9id<\/a><\/p>\n\t\t\t\t\t\t\t\t\t<\/div>\r\n\t\t\t\t\t\t\t\t<\/div>\t\r\n\t\t\t\t\t\t\t<\/div>\t\r\n\t\t\t\t\t\t\t<hr class=\"my-0\" style=\"border-top:1px solid #9C9494; opacity: 1;\" \/>\t\r\n\t\t\t\t\t\t\t<div style=\"font-size:inherit; height: 92px;\" class=\"p-3 bg-color-beige accordion-button accordion-button-color-black collapsed\" data-bs-toggle=\"collapse\" href=\"#collapse-dropdown-gallery-9\" role=\"button\" aria-expanded=\"false\" aria-controls=\"collapseExample\">\r\n\t\t\t\t\t\t\t\t<div class=\"w-100\">\r\n\t\t\t\t\t\t\t\t\t<h3 class=\"font-size-heading color-black\">An tEarc\u00e1n Caoch<\/h3>\r\n\t\t\t\t\t\t\t\t\t<div class=\"font-family-gibson-300 color-black\">Anguis fragilis<\/div>\r\n\t\t\t\t\t\t\t\t<\/div>\r\n\t\t\t\t\t\t\t<\/div>\t\t\t\t\t\r\n\t\t\t\t\t\t\t\t\t\t\t<\/div>\r\n\t\t\t\t\t\t\t\r\n\t\t\t\t\t\t\t\t\r\n\t\t<\/div>\r\n\t<\/div>\r\n\t<hr class=\"my-0\" style=\"border-top:1px solid #9C9494; opacity: 1;\" \/>\r\n<\/section>\r\n\r\n\r\n\r\n\r\n\n\n\r\n<a id=\"butterflies\" style=\"\"><\/a>\r\n\r\n\r\n\n\n\r\n<section id=\"block_c62707ec1921d2eb1c619c2909c08602\" class=\"section-twocolumns py-4 py-lg-4 bg-color-purple-light color-black\" style=\"background-image:url(); \">\r\n\t\t<div class=\"d-flex flex-column\">\r\n\t\t\r\n\t \t\r\n\t<div class=\"container-fluid px-3 px-lg-5 section-twocolumns__columns order-2 \">\r\n\t\t<div class=\"row\">\r\n\t\t\t<div class=\"d-flex flex-column flex-lg-row\">\r\n\t\t\t\t<div class=\"col-12 col-lg-6  first-column\">\r\n\t\t\t\t\t<h2>F\u00e9ileac\u00e1in<\/h2>\n\t\t\t\t<\/div>\r\n\t\t\t\t<div class=\"col-12 col-lg-6  mb-3 mb-lg-5 second-column\">\r\n\t\t\t\t\t<p class=\"h5 font-family-naisiuntamedium mb-3\">T\u00e1 P\u00e1irc N\u00e1isi\u00fanta Bhoirne l\u00e1n le speicis d\u2019fh\u00e9ileac\u00e1in; d\u00e9anta na f\u00edrinne, meastar an limist\u00e9ar thart ar an Mullach M\u00f3r bheith ar an l\u00e1thair is saibhre in \u00c9irinn le haghaidh f\u00e9ileac\u00e1in. Taifeadadh fiche is a seacht gcinn den 33 f\u00e9ileac\u00e1in c\u00f3naithe agus f\u00e9ileac\u00e1in imirceacha rialta anseo. Meastar c\u00faig cinn bheith i mbaol n\u00f3 leochaileach agus meastar ceithre chinn eile bheith beagnach faoi bhagairt.<\/p>\n\t\t\t\t<\/div>\r\n\t\t\t<\/div>\r\n\t\t<\/div>\r\n\t<\/div>\r\n\t\t\r\n<\/section>\r\n\n\n<section id=\"block_dd77bfdc50818ecad4b1d4662d7eeb7b\" class=\"section-highlight-box bg-color-beige bg-color-beige color-black  py-5\">\n\t<div class=\"container-fluid px-3 px-lg-5\">\n\t\t<div class=\"row\">\n\t\t\t<div class=\"col-12\">\n\t\t\t\t<h2 class=\"font-size-heading ps-lg-3 pb-lg-4\"><\/h2>\n\t\t\t<\/div>\n\t\t<\/div>\n\t<\/div>\n\t<hr class=\"m-0\" style=\"opacity:1; border-bottom:1px solid #9C9494; background-color: transparent;\"\/>\n\t<div class=\"container-fluid px-3 px-lg-5\">\n\t\t\t<div class=\"row\">\t\n\t\t\t\t\t\t\t\t\t\t\t\t\n\t\t\t\t\t\t\t\t\t\t\t\n\t\t\t\t\t\t<div class=\"col-12 highlight-item col-12 col-lg-4\">\n\t\t\t\t\t\t\t<div class=\"p-3\">\n\t\t\t\t\t\t\t\t<div class=\"highlight-img-wrap w-100\" style=\"position:relative;\">\n\t\t\t\t\t\t\t\t\t<div class=\"\" style=\"display:block; padding-bottom:100%;\">\n\t\t\t\t\t\t\t\t\t\t<span class=\"w-100 h-100\" style=\"background-image:url('https:\/\/www.nationalparks.ie\/app\/uploads\/2022\/04\/Rectangle-5-23.png'); background-position:center center; background-size:cover; position:absolute;\" role=\"img\" aria-label=\"Stiallach Donn\"><\/span>\t\t\t\t\t\t\t\t\n\t\t\t\t\t\t\t\t\t<\/div>\n\t\t\t\t\t\t\t\t<\/div>\n\t\t\t\t\t\t\t\t<div class=\"p-3\">\n\t\t\t\t\t\t\t\t\t<h3 class=\"font-size-heading-small\">Stiallach Donn<\/h3>\n\t\t\t\t\t\t\t\t\t<p class=\"color-black text-uppercase font-size-capitalised\">Thecla betulae<\/p>\n\t\t\t\t\t\t\t\t\t<hr\/>\n\t\t\t\t\t\t\t\t\t<div class=\"font-size-body-small\"><\/div>\n\t\t\t\t\t\t\t\t\t\n\t\t\t\t\t\t\t\t\t\t\t\t\t\t\t\t\t<\/div>\n\t\t\t\t\t\t\t<\/div>\n\t\t\t\t\t\t<\/div>\n\t\t\t\t\t\t\n\t\t\t\t\t\t\t\t\t\t\n\t\t\t\t\t\t\t\t\t\n\t\t\t\t\t\t\t\t\t\t\t\n\t\t\t\t\t\t<div class=\"col-12 highlight-item col-12 col-lg-4\">\n\t\t\t\t\t\t\t<div class=\"p-3\">\n\t\t\t\t\t\t\t\t<div class=\"highlight-img-wrap w-100\" style=\"position:relative;\">\n\t\t\t\t\t\t\t\t\t<div class=\"\" style=\"display:block; padding-bottom:100%;\">\n\t\t\t\t\t\t\t\t\t\t<span class=\"w-100 h-100\" style=\"background-image:url('https:\/\/www.nationalparks.ie\/app\/uploads\/2022\/04\/Rectangle-5-24.png'); background-position:center center; background-size:cover; position:absolute;\" role=\"img\" aria-label=\"Buirn\u00e9ad Tr\u00e9dhearcach\"><\/span>\t\t\t\t\t\t\t\t\n\t\t\t\t\t\t\t\t\t<\/div>\n\t\t\t\t\t\t\t\t<\/div>\n\t\t\t\t\t\t\t\t<div class=\"p-3\">\n\t\t\t\t\t\t\t\t\t<h3 class=\"font-size-heading-small\">Buirn\u00e9ad Tr\u00e9dhearcach<\/h3>\n\t\t\t\t\t\t\t\t\t<p class=\"color-black text-uppercase font-size-capitalised\">Zygaena purpuralis<\/p>\n\t\t\t\t\t\t\t\t\t<hr\/>\n\t\t\t\t\t\t\t\t\t<div class=\"font-size-body-small\"><\/div>\n\t\t\t\t\t\t\t\t\t\n\t\t\t\t\t\t\t\t\t\t\t\t\t\t\t\t\t<\/div>\n\t\t\t\t\t\t\t<\/div>\n\t\t\t\t\t\t<\/div>\n\t\t\t\t\t\t\n\t\t\t\t\t\t\t\t\t\t\n\t\t\t\t\t\t\t\t\t\n\t\t\t\t\t\t\t\t\t\t\t\n\t\t\t\t\t\t<div class=\"col-12 highlight-item col-12 col-lg-4\">\n\t\t\t\t\t\t\t<div class=\"p-3\">\n\t\t\t\t\t\t\t\t<div class=\"highlight-img-wrap w-100\" style=\"position:relative;\">\n\t\t\t\t\t\t\t\t\t<div class=\"\" style=\"display:block; padding-bottom:100%;\">\n\t\t\t\t\t\t\t\t\t\t<span class=\"w-100 h-100\" style=\"background-image:url('https:\/\/www.nationalparks.ie\/app\/uploads\/2022\/04\/Birds-Image-1.png'); background-position:center center; background-size:cover; position:absolute;\" role=\"img\" aria-label=\"Fritile\u00e1n P\u00e9arlach\"><\/span>\t\t\t\t\t\t\t\t\n\t\t\t\t\t\t\t\t\t<\/div>\n\t\t\t\t\t\t\t\t<\/div>\n\t\t\t\t\t\t\t\t<div class=\"p-3\">\n\t\t\t\t\t\t\t\t\t<h3 class=\"font-size-heading-small\">Fritile\u00e1n P\u00e9arlach<\/h3>\n\t\t\t\t\t\t\t\t\t<p class=\"color-black text-uppercase font-size-capitalised\">Boloria euphrosyne<\/p>\n\t\t\t\t\t\t\t\t\t<hr\/>\n\t\t\t\t\t\t\t\t\t<div class=\"font-size-body-small\"><\/div>\n\t\t\t\t\t\t\t\t\t\n\t\t\t\t\t\t\t\t\t\t\t\t\t\t\t\t\t<\/div>\n\t\t\t\t\t\t\t<\/div>\n\t\t\t\t\t\t<\/div>\n\t\t\t\t\t\t\n\t\t\t\t\t\t\t\t\t\t\n\t\t\t\t\t\t\t\n\t\t<\/div>\n\t\t<\/div>\n\t<hr class=\"m-0\" style=\"opacity:1; border-top:1px solid #9C9494; background-color: transparent;\"\/>\n<\/section>\n\n\r\n<a id=\"management\" style=\"\"><\/a>\r\n\r\n\r\n\n\n\r\n<section id=\"block_fa2857c951c71edb27a3010e05b6f646\" class=\"section-twocolumns py-4 py-lg-4 bg-color-purple-dark color-white\" style=\"background-image:url(); \">\r\n\t\t<div class=\"d-flex flex-column\">\r\n\t\t\r\n\t \t\r\n\t<div class=\"container-fluid px-3 px-lg-5 section-twocolumns__columns order-2 \">\r\n\t\t<div class=\"row\">\r\n\t\t\t<div class=\"d-flex flex-column flex-lg-row\">\r\n\t\t\t\t<div class=\"col-12 col-lg-6  first-column\">\r\n\t\t\t\t\t<h2>Gn\u00e1th\u00f3ga na P\u00e1irce a Bhainisti\u00fa<\/h2>\n\t\t\t\t<\/div>\r\n\t\t\t\t<div class=\"col-12 col-lg-6  mb-3 mb-lg-5 second-column\">\r\n\t\t\t\t\t<p class=\"h5 font-family-naisiuntamedium mb-3\">Go pr\u00edomha, is chun cr\u00edche d\u00falra a chaomhn\u00fa a bhainist\u00edtear P\u00e1irc N\u00e1isi\u00fanta Bhoirne. I measc p\u00e1irceanna n\u00e1isi\u00fanta na h\u00c9ireann, is p\u00e1irc ar leith \u00ed toisc gur t\u00edrdhreach bainistithe at\u00e1 inti, agus go mbraitheann an fl\u00f3ra agus f\u00e1na uath\u00fail ar fheirmeoireacht agus ar chothabh\u00e1il lean\u00fanach.<\/p>\n\t\t\t\t<\/div>\r\n\t\t\t<\/div>\r\n\t\t<\/div>\r\n\t<\/div>\r\n\t\t\r\n<\/section>\r\n\n\n\r\n<section id=\"block_697114c16aeb2020a5d1c0bfbf6596e7\" class=\"section-twocolumns py-4 py-lg-4 bg-color-purple-dark color-white\" style=\"background-image:url(); \">\r\n\t\t<div class=\"d-flex flex-column\">\r\n\t\t\r\n\t \t\r\n\t<div class=\"container-fluid px-3 px-lg-5 section-twocolumns__columns order-2 \">\r\n\t\t<div class=\"row\">\r\n\t\t\t<div class=\"d-flex flex-column flex-lg-row\">\r\n\t\t\t\t<div class=\"col-12 col-lg-6  first-column\">\r\n\t\t\t\t\t<div style=\"padding: 0 0 0 1rem;\"><img loading=\"lazy\" decoding=\"async\" class=\"alignnone  wp-image-1725\" src=\"https:\/\/www.nationalparks.ie\/app\/uploads\/2022\/04\/Rectangle-89-1-236x300.png\" alt=\"B\u00f3\" width=\"456\" height=\"580\" srcset=\"https:\/\/www.nationalparks.ie\/app\/uploads\/2022\/04\/Rectangle-89-1-236x300.png 236w, https:\/\/www.nationalparks.ie\/app\/uploads\/2022\/04\/Rectangle-89-1.png 616w\" sizes=\"auto, (max-width: 456px) 100vw, 456px\" \/><\/div>\n\t\t\t\t<\/div>\r\n\t\t\t\t<div class=\"col-12 col-lg-6  mb-3 mb-lg-5 second-column\">\r\n\t\t\t\t\t<div style=\"padding: 0 1rem;\">\n<div class=\"pe-0 pe-lg-5 pt-0 pt-lg-5\">\n<p>Cuims\u00edonn an ph\u00e1irc measc\u00e1n de ghn\u00e1th\u00f3ga t\u00e1bhachtacha, agus is \u00e9 an aidhm at\u00e1 leis an gcaomhn\u00fa na gn\u00e1th\u00f3ga seo a choinne\u00e1il agus cur leo. D\u2019fhonn \u00e9 sin a bhaint amach, baintear leas as r\u00e9imse \u00e9ags\u00fail teicn\u00edc\u00ed bainistithe: \u00f3 innilt go idirghabh\u00e1il mheicni\u00fail. I roinnt c\u00e1sanna, is \u00e9 an r\u00e9iteach nach nd\u00e9anfa\u00ed idirghabh\u00e1il ar bith. Mar shampla, is gn\u00e1th\u00f3ga scoilte carraigeacha iad screathain agus aillte, agus n\u00ed dh\u00e9antar aon rud leo.<\/p>\n<p>T\u00e1 an chuid is m\u00f3 den ph\u00e1irc cl\u00fadaithe le measc\u00e1in de ph\u00e1bh\u00e1il aolchloiche, f\u00e9arach cailcreach agus coillearnach fuinseoige\/choill, agus b\u00edonn cluainte neodracha i gcorr\u00e1it mar aon le turlaigh, fuar\u00e1in, eanaigh agus lochanna.<\/p>\n<p>Ta l\u00edon      conair\u00ed si\u00fail  leagtha amach laistigh den Ph\u00e1irc N\u00e1isi\u00fanta. T\u00e1 na conair\u00ed ann chun cuairteoir\u00ed a threor\u00fa tr\u00edd an bp\u00e1irc, braistint den t\u00edrdhreach ar leith a chur ar f\u00e1il agus l\u00edon na gcuairteoir\u00ed sna gn\u00e1th\u00f3ga n\u00edos \u00edogaire a dh\u00edspreagadh. D\u00e9anaimid bainisti\u00fa ar na conair\u00ed seo, d\u00e1 bharr sin t\u00e1 siad inbhuanaithe agus is a laghad agus is f\u00e9idir an tionchair at\u00e1 acu ar an gcomhshaol, go fisiceach agus go f\u00edsi\u00fail araon.<\/p>\n<div class=\"accordion\" id=\"emergencies_block\">\n<div class=\"accordion-item accordion-item-color-white bg-color-purple-dark\">\n<h2 class=\"accordion-header bg-color-purple-dark\" id=\"heading1block_987\"><button aria-controls=\"collapse1block_987\" aria-expanded=\"false\" class=\"accordion-button accordion-button-color-white collapsed display-3 py-4 px-0 bg-color-purple-dark color-white\" data-bs-target=\"#collapse1block_987\" data-bs-toggle=\"collapse\" type=\"button\">Innilt i mBoirinn<\/button><\/h2>\n<div aria-labelledby=\"heading1block_987\" class=\"accordion-collapse collapse\" data-bs-parent=\"#emergencies_block\" id=\"collapse1block_987\">\n<div class=\"accordion-body px-0 color-white\">\n<p>D\u00e9antar bainisti\u00fa ar an bp\u00e1bh\u00e1il aolchloiche, an f\u00e9arach cailcreach agus na coillearnacha ar fad tr\u00ed innilt a dh\u00e9anann ealla\u00ed agus a dh\u00e9anann capaill i limist\u00e9ir \u00e1irithe. D\u00e9antar bainisti\u00fa ar an innilt tr\u00ed chomhaontaithe le feirmeoir\u00ed \u00e1iti\u00fala n\u00f3 tr\u00ed chead\u00fanais. Sa chuid is m\u00f3 de na comhaontuithe seo, sain\u00edtear innilt le linn mh\u00edonna an gheimhridh, ionas go mbeadh an f\u00e9ar gearr san earrach, agus ar tr\u00ed sin a thugtar deis do r\u00e9imse \u00e9ags\u00fail speiceas teacht i mbl\u00e1th. Is mar \u2018buailteachas geimhridh\u2019, n\u00f3 buailteachas aisiompaithe a dtagra\u00edtear don chleachtas seo ina gcuirtear na healla\u00ed ar na cnoic le linn an gheimhridh.<\/p>\n<p>D\u00e9antar innilt ar roinnt de na limist\u00e9ir \u00edsle agus na turlaigh le linn an tsamhraidh \u00f3s rud \u00e9 go mb\u00edonn an iomarca uisce iontu sa gheimhreadh.  D\u00e9antar innilt ar na m\u00f3in\u00e9ir le linn an gheimhridh agus i roinnt c\u00e1sanna, baintear sciar f\u00e9ir d\u00e9anach den mh\u00f3in\u00e9ar i ndeireadh an tsamhraidh. Tr\u00ed sin, tugtar deis do na speicis sa mh\u00f3in\u00e9ar teacht i mbl\u00e1th agus s\u00edol\u00fa sula mbaintear iad. Mar thoradh ar an innilt a dh\u00e9antar le linn an gheimhridh, cuirtear cothaithigh ar ais sa talamh tr\u00ed aoileach, ach uaireanta b\u00edonn s\u00e9 riachtanach roinnt beag cothaithigh a chur ar an talamh chun bail a choinne\u00e1il ar an m\u00f3in\u00e9ar.<\/p>\n<p>Baintear \u00fas\u00e1id as idirghabh\u00e1il mheicni\u00fail freisin, i riocht ciumhaisair\u00ed, s\u00e1bha slabhra agus gearrth\u00f3ir\u00ed scrobarna\u00ed. \u00das\u00e1idtear iad seo chun smacht a choinne\u00e1il ar an gcoll agus an scrobarnach a bhriseann isteach ar fh\u00e9araigh at\u00e1 l\u00e1n le speicis \u00e9ags\u00fala.<\/p>\n<\/p><\/div>\n<\/div>\n<\/div>\n<div class=\"accordion-item accordion-item-color-white bg-color-purple-dark\">\n<h2 class=\"accordion-header bg-color-purple-dark\" id=\"heading1block_6267360902ec6\"><button aria-controls=\"collapse1block_6267360902ec6\" aria-expanded=\"false\" class=\"accordion-button accordion-button-color-white collapsed display-3 py-4 px-0 bg-color-purple-dark color-white\" data-bs-target=\"#collapse1block_6267360902ec6\" data-bs-toggle=\"collapse\" type=\"button\">Feirmeoireacht<\/button><\/h2>\n<div aria-labelledby=\"heading1block_6267360902ec6\" class=\"accordion-collapse collapse\" data-bs-parent=\"#emergencies_block\" id=\"collapse1block_6267360902ec6\">\n<div class=\"accordion-body px-0 color-white\">\n<p>Bh\u00ed tionchar an-mh\u00f3r ag an bpobal feirmeoireachta ar an r\u00e9igi\u00fan: mar thoradh ar a dteicn\u00edc\u00ed bainist\u00edochta tal\u00fan, d\u2019\u00e9irigh le feirmeoir\u00ed gn\u00e1th\u00f3ga agus fl\u00f3ra neamhghn\u00e1cha a chaomhn\u00fa agus a fheabhs\u00fa sa r\u00e9igi\u00fan.<\/p>\n<p>Cl\u00fada\u00edonn Boirinn 1% de dhromchla tal\u00fan na h\u00c9ireann agus t\u00e1 m\u00e9id thart ar 350 km\u00b2 inti. T\u00e1 an chuid is m\u00f3 de Bhoirinn ainmnithe ina Limist\u00e9ar faoi Chaomhn\u00fa Speisialta chun an ghn\u00e1th\u00f3g f\u00edor-neamhghn\u00e1ch at\u00e1 inti a chosaint.<\/p>\n<\/p><\/div>\n<\/div>\n<\/div>\n<\/div>\n<\/div>\n\t\t\t\t<\/div>\r\n\t\t\t<\/div>\r\n\t\t<\/div>\r\n\t<\/div>\r\n\t\t\r\n<\/section>\r\n\n\n\n\n<section id=\"section-video-block_5dca8773ee68bf977572a5a66fbd769f\" class=\"section-video d-flex justify-content-center\" style=\"margin-top:0;\">\n\t\n\t\t\t<div aria-hidden=\"true\" class=\"img-wrap\" style=\"width:100%; min-width:1280px; position:relative; height:420px; overflow:hidden; background-image:url(https:\/\/www.nationalparks.ie\/app\/uploads\/2022\/08\/Rectangle-6-1.png); background-size:cover;\"><\/div>\n\t<\/section>","protected":false},"excerpt":{"rendered":"","protected":false},"author":9,"featured_media":0,"parent":6117,"menu_order":0,"comment_status":"closed","ping_status":"closed","template":"","meta":{"_acf_changed":false,"_uag_custom_page_level_css":"","footnotes":""},"class_list":["post-6130","page","type-page","status-publish","hentry"],"acf":[],"yoast_head":"<!-- This site is optimized with the Yoast SEO plugin v27.4 - https:\/\/yoast.com\/product\/yoast-seo-wordpress\/ -->\n<title>D\u00falra &amp; Caomhn\u00fa - P\u00e1irc N\u00e1isi\u00fanta Bhoirne - National Parks of Ireland<\/title>\n<meta name=\"robots\" content=\"index, follow, max-snippet:-1, max-image-preview:large, max-video-preview:-1\" \/>\n<link rel=\"canonical\" href=\"https:\/\/www.nationalparks.ie\/ga\/burren\/nature-conservation\/\" \/>\n<meta property=\"og:locale\" content=\"ga_IE\" \/>\n<meta property=\"og:type\" content=\"article\" \/>\n<meta property=\"og:title\" content=\"D\u00falra &amp; Caomhn\u00fa - P\u00e1irc N\u00e1isi\u00fanta Bhoirne - National Parks of Ireland\" \/>\n<meta property=\"og:url\" content=\"https:\/\/www.nationalparks.ie\/ga\/burren\/nature-conservation\/\" \/>\n<meta property=\"og:site_name\" content=\"National Parks of Ireland\" \/>\n<meta property=\"article:modified_time\" content=\"2023-02-15T09:51:09+00:00\" \/>\n<meta name=\"twitter:card\" content=\"summary_large_image\" \/>\n<script type=\"application\/ld+json\" class=\"yoast-schema-graph\">{\"@context\":\"https:\\\/\\\/schema.org\",\"@graph\":[{\"@type\":\"WebPage\",\"@id\":\"https:\\\/\\\/www.nationalparks.ie\\\/ga\\\/burren\\\/nature-conservation\\\/\",\"url\":\"https:\\\/\\\/www.nationalparks.ie\\\/ga\\\/burren\\\/nature-conservation\\\/\",\"name\":\"D\u00falra & Caomhn\u00fa - P\u00e1irc N\u00e1isi\u00fanta Bhoirne - National Parks of Ireland\",\"isPartOf\":{\"@id\":\"https:\\\/\\\/www.nationalparks.ie\\\/ga\\\/#website\"},\"datePublished\":\"2022-04-08T11:01:38+00:00\",\"dateModified\":\"2023-02-15T09:51:09+00:00\",\"breadcrumb\":{\"@id\":\"https:\\\/\\\/www.nationalparks.ie\\\/ga\\\/burren\\\/nature-conservation\\\/#breadcrumb\"},\"inLanguage\":\"ga-IE\",\"potentialAction\":[{\"@type\":\"ReadAction\",\"target\":[\"https:\\\/\\\/www.nationalparks.ie\\\/ga\\\/burren\\\/nature-conservation\\\/\"]}]},{\"@type\":\"BreadcrumbList\",\"@id\":\"https:\\\/\\\/www.nationalparks.ie\\\/ga\\\/burren\\\/nature-conservation\\\/#breadcrumb\",\"itemListElement\":[{\"@type\":\"ListItem\",\"position\":1,\"name\":\"Home\",\"item\":\"https:\\\/\\\/www.nationalparks.ie\\\/ga\\\/\"},{\"@type\":\"ListItem\",\"position\":2,\"name\":\"Bhoirne\",\"item\":\"https:\\\/\\\/www.nationalparks.ie\\\/ga\\\/burren\\\/\"},{\"@type\":\"ListItem\",\"position\":3,\"name\":\"D\u00falra &#038; Caomhn\u00fa\"}]},{\"@type\":\"WebSite\",\"@id\":\"https:\\\/\\\/www.nationalparks.ie\\\/ga\\\/#website\",\"url\":\"https:\\\/\\\/www.nationalparks.ie\\\/ga\\\/\",\"name\":\"National Parks of Ireland\",\"description\":\"Where Nature Speaks\",\"publisher\":{\"@id\":\"https:\\\/\\\/www.nationalparks.ie\\\/ga\\\/#organization\"},\"potentialAction\":[{\"@type\":\"SearchAction\",\"target\":{\"@type\":\"EntryPoint\",\"urlTemplate\":\"https:\\\/\\\/www.nationalparks.ie\\\/ga\\\/?s={search_term_string}\"},\"query-input\":{\"@type\":\"PropertyValueSpecification\",\"valueRequired\":true,\"valueName\":\"search_term_string\"}}],\"inLanguage\":\"ga-IE\"},{\"@type\":\"Organization\",\"@id\":\"https:\\\/\\\/www.nationalparks.ie\\\/ga\\\/#organization\",\"name\":\"National Parks of Ireland\",\"url\":\"https:\\\/\\\/www.nationalparks.ie\\\/ga\\\/\",\"logo\":{\"@type\":\"ImageObject\",\"inLanguage\":\"ga-IE\",\"@id\":\"https:\\\/\\\/www.nationalparks.ie\\\/ga\\\/#\\\/schema\\\/logo\\\/image\\\/\",\"url\":\"https:\\\/\\\/www.nationalparks.ie\\\/app\\\/uploads\\\/2022\\\/02\\\/np-logo-icon.png\",\"contentUrl\":\"https:\\\/\\\/www.nationalparks.ie\\\/app\\\/uploads\\\/2022\\\/02\\\/np-logo-icon.png\",\"width\":97,\"height\":90,\"caption\":\"National Parks of Ireland\"},\"image\":{\"@id\":\"https:\\\/\\\/www.nationalparks.ie\\\/ga\\\/#\\\/schema\\\/logo\\\/image\\\/\"}}]}<\/script>\n<!-- \/ Yoast SEO plugin. -->","yoast_head_json":{"title":"D\u00falra & Caomhn\u00fa - P\u00e1irc N\u00e1isi\u00fanta Bhoirne - National Parks of Ireland","robots":{"index":"index","follow":"follow","max-snippet":"max-snippet:-1","max-image-preview":"max-image-preview:large","max-video-preview":"max-video-preview:-1"},"canonical":"https:\/\/www.nationalparks.ie\/ga\/burren\/nature-conservation\/","og_locale":"ga_IE","og_type":"article","og_title":"D\u00falra & Caomhn\u00fa - P\u00e1irc N\u00e1isi\u00fanta Bhoirne - National Parks of Ireland","og_url":"https:\/\/www.nationalparks.ie\/ga\/burren\/nature-conservation\/","og_site_name":"National Parks of Ireland","article_modified_time":"2023-02-15T09:51:09+00:00","twitter_card":"summary_large_image","schema":{"@context":"https:\/\/schema.org","@graph":[{"@type":"WebPage","@id":"https:\/\/www.nationalparks.ie\/ga\/burren\/nature-conservation\/","url":"https:\/\/www.nationalparks.ie\/ga\/burren\/nature-conservation\/","name":"D\u00falra & Caomhn\u00fa - P\u00e1irc N\u00e1isi\u00fanta Bhoirne - National Parks of Ireland","isPartOf":{"@id":"https:\/\/www.nationalparks.ie\/ga\/#website"},"datePublished":"2022-04-08T11:01:38+00:00","dateModified":"2023-02-15T09:51:09+00:00","breadcrumb":{"@id":"https:\/\/www.nationalparks.ie\/ga\/burren\/nature-conservation\/#breadcrumb"},"inLanguage":"ga-IE","potentialAction":[{"@type":"ReadAction","target":["https:\/\/www.nationalparks.ie\/ga\/burren\/nature-conservation\/"]}]},{"@type":"BreadcrumbList","@id":"https:\/\/www.nationalparks.ie\/ga\/burren\/nature-conservation\/#breadcrumb","itemListElement":[{"@type":"ListItem","position":1,"name":"Home","item":"https:\/\/www.nationalparks.ie\/ga\/"},{"@type":"ListItem","position":2,"name":"Bhoirne","item":"https:\/\/www.nationalparks.ie\/ga\/burren\/"},{"@type":"ListItem","position":3,"name":"D\u00falra &#038; Caomhn\u00fa"}]},{"@type":"WebSite","@id":"https:\/\/www.nationalparks.ie\/ga\/#website","url":"https:\/\/www.nationalparks.ie\/ga\/","name":"National Parks of Ireland","description":"Where Nature Speaks","publisher":{"@id":"https:\/\/www.nationalparks.ie\/ga\/#organization"},"potentialAction":[{"@type":"SearchAction","target":{"@type":"EntryPoint","urlTemplate":"https:\/\/www.nationalparks.ie\/ga\/?s={search_term_string}"},"query-input":{"@type":"PropertyValueSpecification","valueRequired":true,"valueName":"search_term_string"}}],"inLanguage":"ga-IE"},{"@type":"Organization","@id":"https:\/\/www.nationalparks.ie\/ga\/#organization","name":"National Parks of Ireland","url":"https:\/\/www.nationalparks.ie\/ga\/","logo":{"@type":"ImageObject","inLanguage":"ga-IE","@id":"https:\/\/www.nationalparks.ie\/ga\/#\/schema\/logo\/image\/","url":"https:\/\/www.nationalparks.ie\/app\/uploads\/2022\/02\/np-logo-icon.png","contentUrl":"https:\/\/www.nationalparks.ie\/app\/uploads\/2022\/02\/np-logo-icon.png","width":97,"height":90,"caption":"National Parks of Ireland"},"image":{"@id":"https:\/\/www.nationalparks.ie\/ga\/#\/schema\/logo\/image\/"}}]}},"spectra_custom_meta":{"_yoast_wpseo_estimated-reading-time-minutes":["0"],"_dp_original":["505"],"_wpml_word_count":["{\"total\":5,\"to_translate\":{\"ga\":5}}"],"_wpml_media_featured":["1"],"_wpml_media_duplicate":["1"],"cmplz_hide_cookiebanner":[""],"_edit_last":["11"],"_wp_page_template":[""],"_edit_lock":["1676454677:11"],"_yoast_wpseo_wordproof_timestamp":[""],"_top_nav_excluded":[""],"_cms_nav_minihome":[""],"_yoast_wpseo_title":["%%title%% %%page%% %%sep%% P\u00e1irc N\u00e1isi\u00fanta Bhoirne %%sep%% %%sitename%%"],"_last_translation_edit_mode":["native-editor"],"_cmplz_remote_scanned_post":["1"],"_tribe_ticket_capacity":["0"],"_tribe_ticket_version":["5.21.1"],"_uag_css_file_name":["uag-css-6130.css"],"_uagb_previous_block_counts":["a:90:{s:21:\"uagb\/advanced-heading\";i:0;s:15:\"uagb\/blockquote\";i:0;s:12:\"uagb\/buttons\";i:0;s:18:\"uagb\/buttons-child\";i:0;s:19:\"uagb\/call-to-action\";i:0;s:15:\"uagb\/cf7-styler\";i:0;s:11:\"uagb\/column\";i:0;s:12:\"uagb\/columns\";i:0;s:14:\"uagb\/container\";i:0;s:21:\"uagb\/content-timeline\";i:0;s:27:\"uagb\/content-timeline-child\";i:0;s:14:\"uagb\/countdown\";i:0;s:12:\"uagb\/counter\";i:0;s:8:\"uagb\/faq\";i:0;s:14:\"uagb\/faq-child\";i:0;s:10:\"uagb\/forms\";i:0;s:17:\"uagb\/forms-accept\";i:0;s:19:\"uagb\/forms-checkbox\";i:0;s:15:\"uagb\/forms-date\";i:0;s:16:\"uagb\/forms-email\";i:0;s:17:\"uagb\/forms-hidden\";i:0;s:15:\"uagb\/forms-name\";i:0;s:16:\"uagb\/forms-phone\";i:0;s:16:\"uagb\/forms-radio\";i:0;s:17:\"uagb\/forms-select\";i:0;s:19:\"uagb\/forms-textarea\";i:0;s:17:\"uagb\/forms-toggle\";i:0;s:14:\"uagb\/forms-url\";i:0;s:14:\"uagb\/gf-styler\";i:0;s:15:\"uagb\/google-map\";i:0;s:11:\"uagb\/how-to\";i:0;s:16:\"uagb\/how-to-step\";i:0;s:9:\"uagb\/icon\";i:0;s:14:\"uagb\/icon-list\";i:0;s:20:\"uagb\/icon-list-child\";i:0;s:10:\"uagb\/image\";i:0;s:18:\"uagb\/image-gallery\";i:0;s:13:\"uagb\/info-box\";i:0;s:18:\"uagb\/inline-notice\";i:0;s:11:\"uagb\/lottie\";i:0;s:21:\"uagb\/marketing-button\";i:0;s:10:\"uagb\/modal\";i:0;s:18:\"uagb\/popup-builder\";i:0;s:16:\"uagb\/post-button\";i:0;s:18:\"uagb\/post-carousel\";i:0;s:17:\"uagb\/post-excerpt\";i:0;s:14:\"uagb\/post-grid\";i:0;s:15:\"uagb\/post-image\";i:0;s:17:\"uagb\/post-masonry\";i:0;s:14:\"uagb\/post-meta\";i:0;s:18:\"uagb\/post-taxonomy\";i:0;s:18:\"uagb\/post-timeline\";i:0;s:15:\"uagb\/post-title\";i:0;s:20:\"uagb\/restaurant-menu\";i:0;s:26:\"uagb\/restaurant-menu-child\";i:0;s:11:\"uagb\/review\";i:0;s:12:\"uagb\/section\";i:0;s:14:\"uagb\/separator\";i:0;s:11:\"uagb\/slider\";i:0;s:17:\"uagb\/slider-child\";i:0;s:17:\"uagb\/social-share\";i:0;s:23:\"uagb\/social-share-child\";i:0;s:16:\"uagb\/star-rating\";i:0;s:23:\"uagb\/sure-cart-checkout\";i:0;s:22:\"uagb\/sure-cart-product\";i:0;s:15:\"uagb\/sure-forms\";i:0;s:22:\"uagb\/table-of-contents\";i:0;s:9:\"uagb\/tabs\";i:0;s:15:\"uagb\/tabs-child\";i:0;s:18:\"uagb\/taxonomy-list\";i:0;s:9:\"uagb\/team\";i:0;s:16:\"uagb\/testimonial\";i:0;s:14:\"uagb\/wp-search\";i:0;s:19:\"uagb\/instagram-feed\";i:0;s:10:\"uagb\/login\";i:0;s:17:\"uagb\/loop-builder\";i:0;s:18:\"uagb\/loop-category\";i:0;s:20:\"uagb\/loop-pagination\";i:0;s:15:\"uagb\/loop-reset\";i:0;s:16:\"uagb\/loop-search\";i:0;s:14:\"uagb\/loop-sort\";i:0;s:17:\"uagb\/loop-wrapper\";i:0;s:13:\"uagb\/register\";i:0;s:19:\"uagb\/register-email\";i:0;s:24:\"uagb\/register-first-name\";i:0;s:23:\"uagb\/register-last-name\";i:0;s:22:\"uagb\/register-password\";i:0;s:30:\"uagb\/register-reenter-password\";i:0;s:19:\"uagb\/register-terms\";i:0;s:22:\"uagb\/register-username\";i:0;}"],"_uag_page_assets":["a:9:{s:3:\"css\";s:260:\".uag-blocks-common-selector{z-index:var(--z-index-desktop) !important}@media(max-width: 976px){.uag-blocks-common-selector{z-index:var(--z-index-tablet) !important}}@media(max-width: 767px){.uag-blocks-common-selector{z-index:var(--z-index-mobile) !important}}\";s:2:\"js\";s:0:\"\";s:18:\"current_block_list\";a:16:{i:0;s:22:\"acf\/park---hero-banner\";i:1;s:28:\"acf\/park---anchor-navigation\";i:2;s:22:\"acf\/park---two-columns\";i:3;s:27:\"acf\/park--block-anchor-link\";i:4;s:20:\"acf\/park---icon-list\";i:5;s:32:\"acf\/all-parks---background-video\";i:6;s:26:\"acf\/park---highlight-boxes\";i:7;s:27:\"acf\/park---dropdown-gallery\";i:8;s:22:\"acf\/park---video-boxes\";i:9;s:11:\"core\/search\";i:10;s:10:\"core\/group\";i:11;s:12:\"core\/heading\";i:12;s:17:\"core\/latest-posts\";i:13;s:20:\"core\/latest-comments\";i:14;s:13:\"core\/archives\";i:15;s:15:\"core\/categories\";}s:8:\"uag_flag\";b:0;s:11:\"uag_version\";s:10:\"1777157534\";s:6:\"gfonts\";a:0:{}s:10:\"gfonts_url\";s:0:\"\";s:12:\"gfonts_files\";a:0:{}s:14:\"uag_faq_layout\";b:0;}"]},"uagb_featured_image_src":{"full":false,"thumbnail":false,"medium":false,"medium_large":false,"large":false,"1536x1536":false,"2048x2048":false,"gform-image-choice-sm":false,"gform-image-choice-md":false,"gform-image-choice-lg":false},"uagb_author_info":{"display_name":"Burren National Park","author_link":"https:\/\/www.nationalparks.ie\/ga\/author\/burren\/"},"uagb_comment_info":0,"uagb_excerpt":null,"_links":{"self":[{"href":"https:\/\/www.nationalparks.ie\/ga\/wp-json\/wp\/v2\/pages\/6130","targetHints":{"allow":["GET"]}}],"collection":[{"href":"https:\/\/www.nationalparks.ie\/ga\/wp-json\/wp\/v2\/pages"}],"about":[{"href":"https:\/\/www.nationalparks.ie\/ga\/wp-json\/wp\/v2\/types\/page"}],"author":[{"embeddable":true,"href":"https:\/\/www.nationalparks.ie\/ga\/wp-json\/wp\/v2\/users\/9"}],"replies":[{"embeddable":true,"href":"https:\/\/www.nationalparks.ie\/ga\/wp-json\/wp\/v2\/comments?post=6130"}],"version-history":[{"count":110,"href":"https:\/\/www.nationalparks.ie\/ga\/wp-json\/wp\/v2\/pages\/6130\/revisions"}],"predecessor-version":[{"id":16897,"href":"https:\/\/www.nationalparks.ie\/ga\/wp-json\/wp\/v2\/pages\/6130\/revisions\/16897"}],"up":[{"embeddable":true,"href":"https:\/\/www.nationalparks.ie\/ga\/wp-json\/wp\/v2\/pages\/6117"}],"wp:attachment":[{"href":"https:\/\/www.nationalparks.ie\/ga\/wp-json\/wp\/v2\/media?parent=6130"}],"curies":[{"name":"wp","href":"https:\/\/api.w.org\/{rel}","templated":true}]}}