{"id":7795,"date":"2022-09-02T09:34:49","date_gmt":"2022-09-02T08:34:49","guid":{"rendered":"https:\/\/www.nationalparks.ie\/?page_id=7795"},"modified":"2023-02-15T11:23:00","modified_gmt":"2023-02-15T11:23:00","slug":"nature-conservation","status":"publish","type":"page","link":"https:\/\/www.nationalparks.ie\/ga\/connemara\/nature-conservation\/","title":{"rendered":"Nature &#038; Conservation"},"content":{"rendered":"\n\n<!--#section-hero\" -->\n<section id=\"block_debec05f8ee0aaf110170289dbb19122\" class=\"section-hero section-hero-park section-first bg-color-grey bg-img \" style=\"background-image:url(https:\/\/www.nationalparks.ie\/app\/uploads\/2022\/09\/Large-Header-Image.png); background-attachment:fixed; background-size: cover;\">\n\t<div class=\"container-fluid px-0 mx-0 d-flex flex-column justify-content-center\">\n\t\t\t\t\t\t<div class=\"row w-100 mt-auto m-lg-auto align-items-stretch\">\n\t\t\t<div class=\"d-none d-lg-block bg-color-beige\" style=\"border-right:1px solid #9C9494; width:100px; flex-basis:70px; \"><\/div>\n\t\t\t<div class=\"col\">\n\t\t\t\t<div class=\"row\">\n\t\t\t\t<div class=\"col-12 col-lg-6\">\n\t\t\t\t<div class=\"section-hero-text d-flex flex-column justify-content-start bg-color-beige px-2 px-lg-4 py-3 py-lg-4\">\t\t\t\t\t\n\t\t\t\t\t<!--<a href=\"\/\" style=\"position:absolute; left:1.5rem; top:1rem;\" class=\"section-menu__logo\">-->\n\t\t\t\t\t<a href=\"\/\" class=\"section-menu__logo\">\n\t\t\t\t\t\t<img decoding=\"async\" src=\"\/app\/themes\/NationalParks\/resources\/assets\/images\/logo-green.png\" alt=\"National Parks\">\n\t\t\t\t\t<\/a>\n\t\t\t\t\t<div class=\"col-12 col-xl-9 p-0 flex-fill d-flex flex-column justify-content-center\">\n\t\t\t\t\t\t<h2 class=\"font-size-quote mb-3\">\u201cT\u00e1 an ghrian \u00ed f\u00e9in ag scaladh ort is scamaill neimhe ag rith leat.\u201d<\/h2>\n<p class=\"font-size-capitalised\">Se\u00e1n \u00f3 donnchadha<\/p>\n\t\t\t\t\t<\/div>\n\t\t\t\t<\/div>\n\t\t\t<\/div>\n\t\t\t<div class=\"col-12 col-lg-6\" style=\"background-image:url(https:\/\/www.nationalparks.ie\/app\/uploads\/2022\/09\/Large-Header-Image.png); background-size:cover; background-position:center center;\"><\/div>\n\t\t\t\t<\/div>\n\t\t\t<\/div>\n\t\t<\/div>\n\t\t<div class=\"section-menu pt-4 bg-color-navy px-2 px-lg-0\">\n\t\t\t\t\t<div class=\"row\">\n\t\t\t\t<div class=\"col-10 col-sm-5 col-lg-4\">\n\t\t\t\t\t<div class=\"ps-lg-3 d-flex align-items-center\">\n\t\t\t\t\t\t\n\t\t\t\t\t\t<button class=\"navbar-toggler navbar-toggler-right collapsed p-3 p-lg-4\" type=\"button\" data-bs-toggle=\"collapse\" data-bs-target=\"#navbarResponsive\" aria-controls=\"navbarResponsive\" aria-expanded=\"false\" aria-label=\"Toggle navigation\">\n\t\t\t\t\t\t\t<span class=\"icon-bar top-bar bg-color-chartreuse\"><\/span>\n\t\t\t\t\t\t\t<!--<span class=\"icon-bar middle-bar bg-color-chartreuse\"><\/span>-->\n\t\t\t\t\t\t\t<span class=\"icon-bar bottom-bar bg-color-chartreuse\"><\/span>\t\n\t\t\t\t\t\t<\/button>\n\t\t\t\t\t\t\n\t\t\t\t\t\t<h1 class=\"h4 is-inside-park\">\n\t\t\t\t\t\t\t<a class=\"color-white text-decoration-none\" href=\"https:\/\/www.nationalparks.ie\/ga\/connemara\/\">\n\t\t\t\t\t\t\t\t<span lang=\"ga-IE\">Connemara National Park<\/span> <br\/>\n\t\t\t\t\t\t\t\t<span class=\"color-chartreuse\" lang=\"en-US\">P\u00e1irc N\u00e1isi\u00fanta Chonamara<\/span>\n\t\t\t\t\t\t\t<\/a>\n\t\t\t\t\t\t<\/h1>\n\t\t\t\t\t\t\n\t\t\t\t\t<\/div>\n\t\t\t\t<\/div>\t\t\t\n\t\t\t\t<div class=\"col-2 col-lg-8 px-lg-0\">\n\t\t\t\t\t<div class=\"info-box font-family-gibson-300 h-100 color-white d-flex justify-content-end align-items-center py-0 px-lg-0 me-lg-5\">\n\t\t\t\t\t\t\t\t\t\t\t\t\t\t\t\t\n\t\t\t\t\t\t<div class=\"d-none d-lg-flex align-items-center weather-box me-5 py-2\">\n\t\t\t\t\t\t\t<span class=\"font-size-body-small\">\t\t\t\t\t\t\t\t\n\t\t\t\t\t\t\t\tChonamara 14\t\t\t\t\t\t\t\t \u00b0C\n\t\t\t\t\t\t\t<\/span>  \n\t\t\t\t\t\t\t<img decoding=\"async\" class=\"weather-icon me-1 ms-3\" style=\"height:24px;\" src=\"\/app\/themes\/NationalParks\/resources\/assets\/images\/weather_icons\/light_icons\/02n.png\" alt=\"\" \/> \n\t\t\t\t\t\t\t<span class=\"weather-description font-size-body-small me-1\">Fair<\/span>\n\t\t\t\t\t\t<\/div>\n\n\t\t\t\t\t\t<img decoding=\"async\" class=\"d-block\" src=\"https:\/\/www.nationalparks.ie\/app\/uploads\/2022\/09\/NP_Park_Stamps-15-1.png\" alt=\"P\u00e1irc N\u00e1isi\u00fanta Chonamara logo\" style=\"max-width:75px;\" \/>\n\t\t\t\t\t<\/div>\n\t\t\t\t<\/div>\n\t\t\t<\/div>\n\t\t\t\t\t\t\n\t\t\t<!--\n\t\t\t\t\t\t\t<ul class=\"park-nav mt-4 mb-0 px-0\">\n\t\t\t\t\t<li class=\"page_item\"><a href=\"\/glenveagh\/nature-conservation\/\">Nature &amp; Conservation<\/a><\/li>\n\t\t\t\t\t<li class=\"page_item\"><a href=\"\/glenveagh\/things-to-do\/\">Things To Do<\/a><\/li>\n\t\t\t\t\t<li class=\"page_item\"><a href=\"\/glenveagh\/learn\/\">Learn<\/a><\/li>\n\t\t\t\t\t<li class=\"page_item\"><a href=\"\/glenveagh\/about-us\/\">About us<\/a><\/li>\n\t\t\t\t\t<li class=\"page_item\"><a href=\"\/glenveagh\/contact\/\">Contact<\/a><\/li>\n\t\t\t\t<\/ul>\n\t\t\t\t\t\t\t<ul class=\"park-nav mt-4 mb-0 px-0\">\n\t\t\t\t\t<li class=\"page_item\"><a href=\"\/glenveagh\/nature-conservation\/\">An D\u00falra & Caomhn\u00fa<\/a><\/li>\n\t\t\t\t\t<li class=\"page_item\"><a href=\"\/glenveagh\/things-to-do\/\">Ruda\u00ed le d\u00e9anamh<\/a><\/li>\n\t\t\t\t\t<li class=\"page_item\"><a href=\"\/glenveagh\/learn\/\">Foghlaim<\/a><\/li>\n\t\t\t\t\t<li class=\"page_item\"><a href=\"\/glenveagh\/about-us\/\">F\u00fainn<\/a><\/li>\n\t\t\t\t\t<li class=\"page_item\"><a href=\"\/glenveagh\/contact\/\">Teagmh\u00e1il Linn<\/a><\/li>\n\t\t\t\t<\/ul>\n\t\t\t\t\t\t-->\n\t\t<\/div>\n\t<\/div>\n<\/section>\n\n\r\n<section id=\"block_2e5b0c1b062a5db36dfdc8106b3295d7\" class=\"section-park-anchor-navigation bg-color-navy\">\r\n\t<div class=\"container-fluid px-0\">\r\n\t\t<div class=\"row\">\r\n\t\t\r\n\t\t\t\t\t\t\t<ul class=\"park-nav mt-4 mb-0 px-0\">\r\n\t\t\t\t\r\n\t\t\t\t\t\r\n\t\t\t\t\t\r\n\t\t\t\t\t<li class=\"park-nav-item \">\r\n\t\t\t\t\t\t\r\n\t\t\t\t\t\t<a href=\"\/ga\/connemara\/\">Baile<\/a>\r\n\t\t\t\t\t\t\r\n\t\t\t\t\t\t\t\r\n\t\t\t\t\t\t\r\n\t\t\t\t\t<\/li>\r\n\t\t\t\t\t\t\t\t\r\n\t\t\t\t\t\t\t\t\t\t\r\n\t\t\t\t\t\r\n\t\t\t\t\t\r\n\t\t\t\t\t\r\n\t\t\t\t\t<li class=\"park-nav-item current_page_item\">\r\n\t\t\t\t\t\t\r\n\t\t\t\t\t\t<a href=\"\/ga\/connemara\/nature-conservation\/\">D\u00falra &amp; Caomhn\u00fa<\/a>\r\n\t\t\t\t\t\t\r\n\t\t\t\t\t\t\t\t\t\t\t\t\t<div class=\"mb-0 px-4 pt-4 pb-lg-4 mx-0 park-subnav w-100\">\r\n\t\t\t\t\t\t\t\t\t\r\n\t\t\t\t\t\t\t\t\t\r\n\t\t\t\t\t\t\t\t\t<ul class=\"mb-4 mb-lg-0 px-2 mx-lg-4\">\r\n\t\t\t\t\t\t\t\t\t\t\r\n\t\t\t\t\t\t\t\t\t\t\t\t\t\t\t\t\t\t\t\t\t<li><span class=\"park-subnav-name w-100 px-2 mb-3\">Caomhn\u00fa<\/span><\/li>\r\n\t\t\t\t\t\t\t\t\t\t\t\t\t\t\t\t\t\t\t\t\r\n\t\t\t\t\t\t\t\t\t\t\t\t\t\t\t\t\t\t\t\t\t\t\t\t\t\t\t\t\t\t\t\t\t<li>\r\n\t\t\t\t\t\t\t\t\t\t\t\t\t<a class=\"px-2 py-2\" href=\"#protect\">Cosain an D\u00falra<\/a>\r\n\t\t\t\t\t\t\t\t\t\t\t\t<\/li>\r\n\t\t\t\t\t\t\t\t\t\t\t\t\t\t\t\t\t\t\t\t\t\t\t<li>\r\n\t\t\t\t\t\t\t\t\t\t\t\t\t<a class=\"px-2 py-2\" href=\"#archaeology\">An tSeand\u00e1la\u00edocht &amp; Seaniarsma Staire<\/a>\r\n\t\t\t\t\t\t\t\t\t\t\t\t<\/li>\r\n\t\t\t\t\t\t\t\t\t\t\t\t\t\t\t\t\t\t\t\t\t\t\t<li>\r\n\t\t\t\t\t\t\t\t\t\t\t\t\t<a class=\"px-2 py-2\" href=\"#projects\">Tionscadail<\/a>\r\n\t\t\t\t\t\t\t\t\t\t\t\t<\/li>\r\n\t\t\t\t\t\t\t\t\t\t\t\t\t\t\t\t\t\t\t\t\t\t\t<li>\r\n\t\t\t\t\t\t\t\t\t\t\t\t\t<a class=\"px-2 py-2\" href=\"#protected\">L\u00e1ithre\u00e1in faoi chosaint<\/a>\r\n\t\t\t\t\t\t\t\t\t\t\t\t<\/li>\r\n\t\t\t\t\t\t\t\t\t\t\t\t\t\t\t\t\t\t\t\t\t\t\t<li>\r\n\t\t\t\t\t\t\t\t\t\t\t\t\t<a class=\"px-2 py-2\" href=\"#breeds\">P\u00f3rtha Oidhreachta<\/a>\r\n\t\t\t\t\t\t\t\t\t\t\t\t<\/li>\r\n\t\t\t\t\t\t\t\t\t\t\t\t\t\t\t\t\t\t\t\t\t\t\t\t\t\t\t\t\t\t\t\r\n\t\t\t\t\t\t\t\t\t<\/ul>\r\n\t\t\t\t\t\t\t\t\t\r\n\t\t\t\t\t\t\t\t\t\r\n\t\t\t\t\t\t\t\t\t\r\n\t\t\t\t\t\t\t\t\t<ul class=\"mb-4 mb-lg-0 px-2 mx-lg-4\">\r\n\t\t\t\t\t\t\t\t\t\t\r\n\t\t\t\t\t\t\t\t\t\t\t\t\t\t\t\t\t\t\t\t\t<li><span class=\"park-subnav-name w-100 px-2 mb-3\">Fl\u00f3ra agus F\u00e1na<\/span><\/li>\r\n\t\t\t\t\t\t\t\t\t\t\t\t\t\t\t\t\t\t\t\t\r\n\t\t\t\t\t\t\t\t\t\t\t\t\t\t\t\t\t\t\t\t\t\t\t\t\t\t\t\t\t\t\t\t\t<li>\r\n\t\t\t\t\t\t\t\t\t\t\t\t\t<a class=\"px-2 py-2\" href=\"#flora\">Fl\u00f3ra<\/a>\r\n\t\t\t\t\t\t\t\t\t\t\t\t<\/li>\r\n\t\t\t\t\t\t\t\t\t\t\t\t\t\t\t\t\t\t\t\t\t\t\t<li>\r\n\t\t\t\t\t\t\t\t\t\t\t\t\t<a class=\"px-2 py-2\" href=\"#fauna\">F\u00e1na<\/a>\r\n\t\t\t\t\t\t\t\t\t\t\t\t<\/li>\r\n\t\t\t\t\t\t\t\t\t\t\t\t\t\t\t\t\t\t\t\t\t\t\t\t\t\t\t\t\t\t\t\r\n\t\t\t\t\t\t\t\t\t<\/ul>\r\n\t\t\t\t\t\t\t\t\t\r\n\t\t\t\t\t\t\t\t\t\r\n\t\t\t\t\t\t\t\t\t\r\n\t\t\t\t\t\t\t\t\t<ul class=\"mb-4 mb-lg-0 px-2 mx-lg-4\">\r\n\t\t\t\t\t\t\t\t\t\t\r\n\t\t\t\t\t\t\t\t\t\t\t\t\t\t\t\t\t\t\t\t\t<li><span class=\"park-subnav-name w-100 px-2 mb-3\">T\u00edrdhreach<\/span><\/li>\r\n\t\t\t\t\t\t\t\t\t\t\t\t\t\t\t\t\t\t\t\t\r\n\t\t\t\t\t\t\t\t\t\t\t\t\t\t\t\t\t\t\t\t\t\t\t\t\t\t\t\t\t\t\t\t\t<li>\r\n\t\t\t\t\t\t\t\t\t\t\t\t\t<a class=\"px-2 py-2\" href=\"#habitats\">Gn\u00e1th\u00f3ga<\/a>\r\n\t\t\t\t\t\t\t\t\t\t\t\t<\/li>\r\n\t\t\t\t\t\t\t\t\t\t\t\t\t\t\t\t\t\t\t\t\t\t\t<li>\r\n\t\t\t\t\t\t\t\t\t\t\t\t\t<a class=\"px-2 py-2\" href=\"#geology\">An Gheola\u00edocht<\/a>\r\n\t\t\t\t\t\t\t\t\t\t\t\t<\/li>\r\n\t\t\t\t\t\t\t\t\t\t\t\t\t\t\t\t\t\t\t\t\t\t\t\t\t\t\t\t\t\t\t\r\n\t\t\t\t\t\t\t\t\t<\/ul>\r\n\t\t\t\t\t\t\t\t\t\r\n\t\t\t\t\t\t\t\t\t\t\t\t\t\t\t<\/div>\r\n\t\t\t\t\t\t\t\r\n\t\t\t\t\t\t\t\r\n\t\t\t\t\t\t\r\n\t\t\t\t\t<\/li>\r\n\t\t\t\t\t\t\t\t\r\n\t\t\t\t\t\t\t\t\t\t\r\n\t\t\t\t\t\r\n\t\t\t\t\t\r\n\t\t\t\t\t\r\n\t\t\t\t\t<li class=\"park-nav-item \">\r\n\t\t\t\t\t\t\r\n\t\t\t\t\t\t<a href=\"\/ga\/connemara\/things-to-do\/\">Ruda\u00ed le D\u00e9anamh<\/a>\r\n\t\t\t\t\t\t\r\n\t\t\t\t\t\t\t\r\n\t\t\t\t\t\t\r\n\t\t\t\t\t<\/li>\r\n\t\t\t\t\t\t\t\t\r\n\t\t\t\t\t\t\t\t\t\t\r\n\t\t\t\t\t\r\n\t\t\t\t\t\r\n\t\t\t\t\t\r\n\t\t\t\t\t<li class=\"park-nav-item \">\r\n\t\t\t\t\t\t\r\n\t\t\t\t\t\t<a href=\"\/ga\/connemara\/learn\/\">Foghlaim<\/a>\r\n\t\t\t\t\t\t\r\n\t\t\t\t\t\t\t\r\n\t\t\t\t\t\t\r\n\t\t\t\t\t<\/li>\r\n\t\t\t\t\t\t\t\t\r\n\t\t\t\t\t\t\t\t\t\t\r\n\t\t\t\t\t\r\n\t\t\t\t\t\r\n\t\t\t\t\t\r\n\t\t\t\t\t<li class=\"park-nav-item \">\r\n\t\t\t\t\t\t\r\n\t\t\t\t\t\t<a href=\"\/ga\/connemara\/about-us\/\">F\u00fainn<\/a>\r\n\t\t\t\t\t\t\r\n\t\t\t\t\t\t\t\r\n\t\t\t\t\t\t\r\n\t\t\t\t\t<\/li>\r\n\t\t\t\t\t\t\t\t\r\n\t\t\t\t\t\t\t\t\t\t\r\n\t\t\t\t\t\r\n\t\t\t\t\t\r\n\t\t\t\t\t\r\n\t\t\t\t\t<li class=\"park-nav-item \">\r\n\t\t\t\t\t\t\r\n\t\t\t\t\t\t<a href=\"\/ga\/connemara\/contact\/\">Teagmh\u00e1il<\/a>\r\n\t\t\t\t\t\t\r\n\t\t\t\t\t\t\t\r\n\t\t\t\t\t\t\r\n\t\t\t\t\t<\/li>\r\n\t\t\t\t\t\t\t\t\r\n\t\t\t\t\t\t\t\t\t\t\r\n\t\t\t\t\t\r\n\t\t\t\t\t\t\t\t<\/ul>\r\n\t\t\t\t\r\n\t\t\t\r\n\t\t<\/div>\r\n\t<\/div>\r\n<\/section>\n\n\r\n<section id=\"block_6fdd27ad58f7a59a6f8aadac8874ec3d\" class=\"section-twocolumns py-4 py-lg-4 bg-color-eden-light-1 color-black\" style=\"background-image:url(https:\/\/www.nationalparks.ie\/app\/uploads\/2022\/09\/Frame-4-1.png); background-position:bottom right; background-repeat:no-repeat;\">\r\n\t\t\r\n\t\t<div class=\"container-fluid px-3 px-lg-5\">\r\n\t\t\t<div class=\"row\">\r\n\t\t\t\t<div class=\"col-12 section-twocolumns__title\">\r\n\t\t\t\t\t<h2 class=\"font-size-heading\">D\u00falra &#038; Caomhn\u00fa<\/h2>\r\n\t\t\t\t<\/div>\r\n\t\t\t<\/div>\t\r\n\t\t<\/div>\t\r\n\t\t<hr>\r\n\t\t<div class=\"d-flex flex-column\">\r\n\t\t\t<div class=\"container-fluid px-3 px-lg-5 section-twocolumns__text section-twocolumns__columns order-1\">\r\n\t\t\t<div class=\"row\">\r\n\t\t\t\t\t<div class=\"col-12 \">\r\n\t\t\t\t\t\t<div class=\"h4 font-family-naisiuntamedium\"><div class=\"h3\">T\u00e1 r\u00e1t\u00e1il Limist\u00e9ar faoi Chosaint Chatag\u00f3ir II ag gach P\u00e1irc N\u00e1isi\u00fanta na h\u00c9ireann \u00f3n Aontas Idirn\u00e1isi\u00fanta do Chaomhn\u00fa an D\u00falra (AICD), a bhfuil ardleibh\u00e9al caomhantais ag teast\u00e1il uaidh chun an t\u00edrdhreach, an fiadh\u00falra, agus an \u00e9iceola\u00edocht a choime\u00e1d chomh dl\u00fath agus is f\u00e9idir mar at\u00e1 leagtha amach ag an n\u00e1d\u00far f\u00e9in, fad is a \u00fas\u00e1idt\u00e9ar \u00e9 le haghaidh c\u00farsa\u00ed \u00e1ineasa, oideachais, agus taighde.<\/div>\n<p>&nbsp;<\/p>\n<p>Toisc go bhfuil an chuid is m\u00f3 den Ph\u00e1irc N\u00e1isi\u00fanta suite laistigh de Limist\u00e9ar faoi Chaomhn\u00fa Speisialta Choimpl\u00e9asc Bheanna Beola\/Mhaolchnoic, is \u00e9 pr\u00edomhchusp\u00f3ir na P\u00e1irce N\u00e1isi\u00fanta n\u00e1 st\u00e1das fabhrach na ngn\u00e1th\u00f3g agus na speiceas tosa\u00edochta ar fad at\u00e1 ansin a chaomhn\u00fa agus a athbhun\u00fa<\/p>\n<\/div>\r\n\t\t\t\t\t<\/div>\r\n\t\t\t<\/div>\r\n\t\t<\/div>\t\r\n\t\t\r\n\t \t\r\n\t<div class=\"container-fluid px-3 px-lg-5 section-twocolumns__columns order-2 \">\r\n\t\t<div class=\"row\">\r\n\t\t\t<div class=\"d-flex flex-column flex-lg-row\">\r\n\t\t\t\t<div class=\"col-12 col-lg-6  first-column\">\r\n\t\t\t\t\t<p><img loading=\"lazy\" decoding=\"async\" src=\"\/app\/uploads\/2022\/09\/Parallax-Image-31.png\" alt=\"Loch i gConamara\" width=\"602\" height=\"441\" class=\"alignnone size-full wp-image-11126\" \/><\/p>\n\t\t\t\t<\/div>\r\n\t\t\t\t<div class=\"col-12 col-lg-6  mb-3 mb-lg-5 second-column\">\r\n\t\t\t\t\t<div class=\"p-3 p-lg-5\">\n<p>Is in iarthar na h\u00c9ireann i gContae na Gaillimhe at\u00e1 P\u00e1irc N\u00e1isi\u00fanta Chonamara suite, a chl\u00fada\u00edonn 2,000 heicte\u00e1r de shl\u00e9ibhte \u00e1ille, de limist\u00e9ir portach, de fhraochmh\u00e1nna, d\u2019fh\u00e9araigh agus de choillearnacha. Is cuid de na Beanna Beola iad roinnt de shl\u00e9ibhte na P\u00e1irce, amhail An Bhinn Bh\u00e1n, An Chailleach, An Bhinn Bhreac agus Mucanacht go h\u00e1irithe. In 1980 buna\u00edodh P\u00e1irc N\u00e1isi\u00fanta Chonamara agus oscla\u00edodh don phobal \u00ed.<\/p>\n<p>T\u00edrdhreach \u00e9ags\u00fail agus fl\u00fairseach in aice l\u00e1imhe linn at\u00e1 i bP\u00e1irc N\u00e1isi\u00fanta Chonamara, agus t\u00e1 fl\u00f3ra agus f\u00e1na \u00e9ags\u00fail inti, chomh maith le p\u00f3rtha oidhreachta ar leith. Is iad an fiadh\u00falra agus beostoc seo, le ch\u00e9ile le hoidhreacht \u00e9ags\u00fail agus cult\u00fair na P\u00e1irce, a dh\u00e9anann muid a spreagadh i leith \u00e1r n-iarrachta\u00ed agus \u00e1r dtionscadal maidir leis an d\u00falra agus leis an gcaomhn\u00fa.<\/p>\n<p><a class=\"btn-02 border-radius-small d-table mt-4\" href=\"#projects\">Tionscadail Chaomhnaithe<\/a>\n<\/div>\n\t\t\t\t<\/div>\r\n\t\t\t<\/div>\r\n\t\t<\/div>\r\n\t<\/div>\r\n\t\t\r\n<\/section>\r\n\n\n\r\n<a id=\"protect\" style=\"\"><\/a>\r\n\r\n\r\n\n\n\r\n<section id=\"block_031b4c8d5eb61369cb19b0147af76139\" class=\"section-twocolumns py-4 py-lg-4 bg-color-beige color-black\" style=\"background-image:url(); \">\r\n\t\t<div class=\"d-flex flex-column\">\r\n\t\t\r\n\t \t\r\n\t<div class=\"container-fluid px-3 px-lg-5 section-twocolumns__columns order-2 \">\r\n\t\t<div class=\"row\">\r\n\t\t\t<div class=\"d-flex flex-column flex-lg-row\">\r\n\t\t\t\t<div class=\"col-12 col-lg-6  first-column\">\r\n\t\t\t\t\t<p><img decoding=\"async\" src=\"https:\/\/www.nationalparks.ie\/app\/uploads\/2022\/11\/protect_nature_ga.png\" alt=\"Cosain an D\u00falra\" width=\"\" height=\"111\" class=\"alignnone size-full wp-image-394\" \/><\/p>\n\t\t\t\t<\/div>\r\n\t\t\t\t<div class=\"col-12 col-lg-6  mb-3 mb-lg-5 second-column\">\r\n\t\t\t\t\t<h3 class=\"h3\">Go raibh maith agat as cuidi\u00fa linn gn\u00e1th\u00f3ga agus fiadh\u00falra Ph\u00e1irc N\u00e1isi\u00fanta Chonamara a chosaint. Nuair a bhaineann t\u00fa taitneamh as caitheamh aimsire lasmuigh a dh\u00e9anamh ar bhealach freagrach anseo, cuid\u00edonn t\u00fa linn fi\u00e1ntas Chonamara agus gach rud uath\u00fail at\u00e1 inti a chaomhn\u00fa.<\/h3>\n\t\t\t\t<\/div>\r\n\t\t\t<\/div>\r\n\t\t<\/div>\r\n\t<\/div>\r\n\t\t\r\n<\/section>\r\n\n\n\r\n<section id=\"block_4a352388fe9d8d32e428f3a5915fbac5\" class=\"section-icon-list bg-color-tea\">\r\n\t<div class=\"container-fluid px-3 px-lg-5 section-icon-list__title\">\t\r\n\t\t<h2 class=\"d-block font-size-heading color-cyprus py-4 px-3 px-lg-4 mb-0\">\r\n\t\t\tLeideanna \u00das\u00e1ideacha\t\t<\/h2>\r\n\t<\/div>\r\n\t<div class=\"row tipslist bg-color-tea\">\r\n\t\t\t\t\t<div class='container-fluid px-3 px-lg-5'><div class='row align-items-stretch'>\t\r\n\t\t\t\t<!-- <p>GAR 1<\/p> -->\r\n\t\t\t\t<div class=\"tipslist__item col-12 col-lg-6 \">\r\n\t\t\t\t\t<div class=\"px-3 py-4\">\r\n\t\t\t\t\t\t\t\t\t\t\t\t<div class=\"row\">\r\n\t\t\t\t\t\t\t<div class=\"col-4\">\r\n\t\t\t\t\t\t\t\t<img decoding=\"async\" class=\"w-100 d-table mx-auto pe-3\" style=\"max-width:120px;\" src=\"https:\/\/www.nationalparks.ie\/app\/uploads\/2022\/02\/Frame.png\" alt=\"\" \/>\r\n\t\t\t\t\t\t\t<\/div>\r\n\t\t\t\t\t\t\t<div class=\"col-8 color-cyprus\">\r\n\t\t\t\t\t\t\t\t<div class=\"mb-0 ps-3\"><p><strong>Plean\u00e1il Roimh R\u00e9<\/strong><\/p>\n<p>Smaoinigh ar an am is fearr chun cuairt a thabhairt ar an bp\u00e1irc agus ar an mbealach taistil a bheidh agat, chun an tionchar a bheidh agat ar an timpeallacht a laghd\u00fa. Seice\u00e1il an aimsir agus b\u00ed cinnte go bhfuil gach rud a theast\u00f3idh uait agat.<\/p>\n<\/div>\r\n\t\t\t\t\t\t\t<\/div>\r\n\t\t\t\t\t\t<\/div>\r\n\t\t\t\t\t\t\t\t\t\t\t\t\t\t\t\t\t<\/div>\r\n\t\t\t\t<\/div>\r\n\t\t\t\t\r\n\t\t\t\t<!-- <p>GAR 0<\/p> -->\r\n\t\t\t\t<div class=\"tipslist__item col-12 col-lg-6 tipslist__item--noborder\">\r\n\t\t\t\t\t<div class=\"px-3 py-4\">\r\n\t\t\t\t\t\t\t\t\t\t\t\t<div class=\"row\">\r\n\t\t\t\t\t\t\t<div class=\"col-4\">\r\n\t\t\t\t\t\t\t\t<img decoding=\"async\" class=\"w-100 d-table mx-auto pe-3\" style=\"max-width:120px;\" src=\"https:\/\/www.nationalparks.ie\/app\/uploads\/2022\/02\/Frame-2.png\" alt=\"\" \/>\r\n\t\t\t\t\t\t\t<\/div>\r\n\t\t\t\t\t\t\t<div class=\"col-8 color-cyprus\">\r\n\t\t\t\t\t\t\t\t<div class=\"mb-0 ps-3\"><p><strong>Glac daoine eile san \u00e1ireamh<\/strong><\/p>\n<p>B\u00ed feasach maidir leis an gcaoi ar f\u00e9idir le do ghn\u00edomha\u00edochta\u00ed agus d\u2019iompar tionchar a bheith acu ar thaith\u00ed cuairteoir\u00ed eile agus ar an bhfoireann a oibr\u00edonn anseo. B\u00ed aireach maidir le haon torann a dh\u00e9anann t\u00fa agus maidir leis an gcaoi a nd\u00e9anann t\u00fa caidreamh le daoine eile feadh an bhealaigh.<\/p>\n<\/div>\r\n\t\t\t\t\t\t\t<\/div>\r\n\t\t\t\t\t\t<\/div>\r\n\t\t\t\t\t\t\t\t\t\t\t\t\t\t\t\t\t<\/div>\r\n\t\t\t\t<\/div>\r\n\t\t\t<\/div><\/div><hr class='m-0' style='opacity:1; border-bottom:1px solid #9c949496; background-color: transparent;'\/><div class='container-fluid px-3 px-lg-5'><div class='row align-items-stretch'>\t\r\n\t\t\t\t<!-- <p>GAR 1<\/p> -->\r\n\t\t\t\t<div class=\"tipslist__item col-12 col-lg-6 \">\r\n\t\t\t\t\t<div class=\"px-3 py-4\">\r\n\t\t\t\t\t\t\t\t\t\t\t\t<div class=\"row\">\r\n\t\t\t\t\t\t\t<div class=\"col-4\">\r\n\t\t\t\t\t\t\t\t<img decoding=\"async\" class=\"w-100 d-table mx-auto pe-3\" style=\"max-width:120px;\" src=\"https:\/\/www.nationalparks.ie\/app\/uploads\/2022\/02\/Group.png\" alt=\"\" \/>\r\n\t\t\t\t\t\t\t<\/div>\r\n\t\t\t\t\t\t\t<div class=\"col-8 color-cyprus\">\r\n\t\t\t\t\t\t\t\t<div class=\"mb-0 ps-3\"><p><strong>Meas a l\u00e9iri\u00fa ar Fhiadh\u00falra<\/strong><\/p>\n<p>Cuirtear f\u00e1ilte roimh mhadra\u00ed ach iad a bheith iall, agus n\u00ed m\u00f3r duit salachar madra a chur i m\u00e1la agus \u00e9 a chur sa bhosca bruscair.<\/p>\n<\/div>\r\n\t\t\t\t\t\t\t<\/div>\r\n\t\t\t\t\t\t<\/div>\r\n\t\t\t\t\t\t\t\t\t\t\t\t\t\t\t\t\t<\/div>\r\n\t\t\t\t<\/div>\r\n\t\t\t\t\r\n\t\t\t\t<!-- <p>GAR 0<\/p> -->\r\n\t\t\t\t<div class=\"tipslist__item col-12 col-lg-6 tipslist__item--noborder\">\r\n\t\t\t\t\t<div class=\"px-3 py-4\">\r\n\t\t\t\t\t\t\t\t\t\t\t\t<div class=\"row\">\r\n\t\t\t\t\t\t\t<div class=\"col-4\">\r\n\t\t\t\t\t\t\t\t<img decoding=\"async\" class=\"w-100 d-table mx-auto pe-3\" style=\"max-width:120px;\" src=\"https:\/\/www.nationalparks.ie\/app\/uploads\/2022\/02\/Frame-5.png\" alt=\"\" \/>\r\n\t\t\t\t\t\t\t<\/div>\r\n\t\t\t\t\t\t\t<div class=\"col-8 color-cyprus\">\r\n\t\t\t\t\t\t\t\t<div class=\"mb-0 ps-3\"><p><strong>Taistil agus Camp\u00e1il ar Thalamh Marthanach<\/strong><\/p>\n<p>Leis na conair\u00ed marc\u00e1ilte b\u00edonn t\u00fa in ann an chuid is fearr d\u2019fhi\u00e1ntas Chonamara a fheice\u00e1il. N\u00edor cheart ach do shi\u00fal\u00f3ir\u00ed a bhfuil taith\u00ed acu dul amach n\u00edos faide sna cnoic. N\u00ed cheada\u00edtear camp\u00e1il fhi\u00e1in ach amh\u00e1in in \u00e1iteanna at\u00e1 laistigh de chodanna n\u00edos iarg\u00falta Ph\u00e1irc N\u00e1isi\u00fanta Chonamara: f\u00e9ach ar na treoirl\u00ednte anseo.<\/p>\n<\/div>\r\n\t\t\t\t\t\t\t<\/div>\r\n\t\t\t\t\t\t<\/div>\r\n\t\t\t\t\t\t\t\t\t\t\t\t\t\t\t\t\t<\/div>\r\n\t\t\t\t<\/div>\r\n\t\t\t<\/div><\/div><hr class='m-0' style='opacity:1; border-bottom:1px solid #9c949496; background-color: transparent;'\/><div class='container-fluid px-3 px-lg-5'><div class='row align-items-stretch'>\t\r\n\t\t\t\t<!-- <p>GAR 1<\/p> -->\r\n\t\t\t\t<div class=\"tipslist__item col-12 col-lg-6 \">\r\n\t\t\t\t\t<div class=\"px-3 py-4\">\r\n\t\t\t\t\t\t\t\t\t\t\t\t<div class=\"row\">\r\n\t\t\t\t\t\t\t<div class=\"col-4\">\r\n\t\t\t\t\t\t\t\t<img decoding=\"async\" class=\"w-100 d-table mx-auto pe-3\" style=\"max-width:120px;\" src=\"https:\/\/www.nationalparks.ie\/app\/uploads\/2022\/02\/Frame-1.png\" alt=\"\" \/>\r\n\t\t\t\t\t\t\t<\/div>\r\n\t\t\t\t\t\t\t<div class=\"col-8 color-cyprus\">\r\n\t\t\t\t\t\t\t\t<div class=\"mb-0 ps-3\"><p><strong>F\u00e1g P\u00e9 Rud a Thagann T\u00fa Air i Do Dhiaidh<\/strong><\/p>\n<p>Is f\u00e9idir grianghraif den t\u00edrdhreach agus de na planda\u00ed a ghlacadh, ach n\u00e1 lag l\u00e1mh fi\u00fa ar na nithe is l\u00fa, ionas gur f\u00e9idir le daoine eile sult a bhaint as fi\u00e1ntas Chonamara mar a bhain t\u00fa f\u00e9in sult as.<\/p>\n<\/div>\r\n\t\t\t\t\t\t\t<\/div>\r\n\t\t\t\t\t\t<\/div>\r\n\t\t\t\t\t\t\t\t\t\t\t\t\t\t\t\t\t<\/div>\r\n\t\t\t\t<\/div>\r\n\t\t\t\t\r\n\t\t\t\t<!-- <p>GAR 0<\/p> -->\r\n\t\t\t\t<div class=\"tipslist__item col-12 col-lg-6 tipslist__item--noborder\">\r\n\t\t\t\t\t<div class=\"px-3 py-4\">\r\n\t\t\t\t\t\t\t\t\t\t\t\t<div class=\"row\">\r\n\t\t\t\t\t\t\t<div class=\"col-4\">\r\n\t\t\t\t\t\t\t\t<img decoding=\"async\" class=\"w-100 d-table mx-auto pe-3\" style=\"max-width:120px;\" src=\"https:\/\/www.nationalparks.ie\/app\/uploads\/2022\/02\/Frame-3.png\" alt=\"\" \/>\r\n\t\t\t\t\t\t\t<\/div>\r\n\t\t\t\t\t\t\t<div class=\"col-8 color-cyprus\">\r\n\t\t\t\t\t\t\t\t<div class=\"mb-0 ps-3\"><p><strong>Faigh r\u00e9idh le Bruscar mar is ceart<\/strong><\/p>\n<p>T\u00e1 baol m\u00f3r i gceist leis an mbruscar don d\u00falra. Tr\u00ed do bhruscar a thabhairt abhaile leat, cuid\u00edonn t\u00fa leis an bp\u00e1irc agus leis an bhfiadh\u00falra at\u00e1 inti a chosaint, agus le P\u00e1irc N\u00e1isi\u00fanta Chonamara a choinne\u00e1il sl\u00e1inti\u00fail.<\/p>\n<\/div>\r\n\t\t\t\t\t\t\t<\/div>\r\n\t\t\t\t\t\t<\/div>\r\n\t\t\t\t\t\t\t\t\t\t\t\t\t\t\t\t\t<\/div>\r\n\t\t\t\t<\/div>\r\n\t\t\t<\/div><\/div><hr class='m-0' style='opacity:1; border-bottom:1px solid #9c949496; background-color: transparent;'\/><div class='container-fluid px-3 px-lg-5'><div class='row align-items-stretch'>\t\r\n\t\t\t\t<!-- <p>GAR 1<\/p> -->\r\n\t\t\t\t<div class=\"tipslist__item col-12 col-lg-6 tipslist__item--lastitem\">\r\n\t\t\t\t\t<div class=\"px-3 py-4\">\r\n\t\t\t\t\t\t\t\t\t\t\t\t<div class=\"row\">\r\n\t\t\t\t\t\t\t<div class=\"col-4\">\r\n\t\t\t\t\t\t\t\t<img decoding=\"async\" class=\"w-100 d-table mx-auto pe-3\" style=\"max-width:120px;\" src=\"https:\/\/www.nationalparks.ie\/app\/uploads\/2022\/02\/Frame-4.png\" alt=\"\" \/>\r\n\t\t\t\t\t\t\t<\/div>\r\n\t\t\t\t\t\t\t<div class=\"col-8 color-cyprus\">\r\n\t\t\t\t\t\t\t\t<div class=\"mb-0 ps-3\"><p><strong>\u00cdoslaghdaigh \u00c9ifeachta\u00ed Tine<\/strong><\/p>\n<p>N\u00ed cheada\u00edmid tinte d\u2019aon chine\u00e1l i bP\u00e1irc N\u00e1isi\u00fanta Chonamara. Is f\u00e9idir tionchair bhuana a bheith ag tinte agus is f\u00e9idir leo planda\u00ed agus ainmhithe a scriosadh.  Labhair le Treoraithe na P\u00e1irce N\u00e1isi\u00fanta m\u00e1 t\u00e1 comhairle de dh\u00edth ort, agus seice\u00e1il an treoir at\u00e1 againn maidir le Camp\u00e1il Fhi\u00e1in chun sonra\u00ed a fh\u00e1il.<\/p>\n<\/div>\r\n\t\t\t\t\t\t\t<\/div>\r\n\t\t\t\t\t\t<\/div>\r\n\t\t\t\t\t\t\t\t\t\t\t\t\t\t\t\t\t<\/div>\r\n\t\t\t\t<\/div>\r\n\t\t\t<\/div><\/div>\t\t\t\r\n\t\t<hr class=\"m-0\" style=\"opacity:1; border-bottom:1px solid #9c949496; background-color: transparent;\"\/>\r\n\t\t<\/div>\r\n\t\t\r\n\t<\/div>\r\n<\/section>\n\n\n\n<section id=\"section-video-block_43d08a454f70b2dad2fddc202c6eff49\" class=\"section-video d-flex justify-content-center\" style=\"margin-top:0;\">\n\t\n\t\t\t<div aria-hidden=\"true\" class=\"img-wrap\" style=\"width:100%; min-width:1280px; position:relative; height:420px; overflow:hidden; background-image:url(https:\/\/www.nationalparks.ie\/app\/uploads\/2022\/09\/Breaker-Section-Video.png); background-size:cover;\"><\/div>\n\t<\/section>\n\n\r\n<a id=\"projects\" style=\"\"><\/a>\r\n\r\n\r\n\n\n<section id=\"block_4d69d3308218f73140304204e6ae1f54\" class=\"section-park-projects bg-color-beige pt-5\">\r\n\t<h2 class=\"h1 color-black d-block text-capitalised pb-5 pt-4 px-3 px-lg-5\">Conservation Projects<\/h2>\r\n\t<div class=\"container-fluid py-0 px-0\">\r\n\t\t<div class=\"row\">\r\n\t\t\t<div class=\"park-projects-container\" id=\"park-projects-container\">\r\n\t\t\t\t\t\t\t\t\t\t\t\t\t\t<div class=\"park-projects-items\">\r\n\t\t\t\t\t\t<div data-bs-toggle=\"collapse\" data-bs-target=\"#collapseProject-1\"  class=\" park-projects-container-item py-lg-4 px-4 d-flex align-items-center justify-content-start mb-0 h1 color-white\" style=\"min-width:100%;\">\r\n\t\t\t\t\t\t\t<div><span class=\"stripe-img my-2 my-lg-0 me-4\" style=\"background-image:url(https:\/\/www.nationalparks.ie\/app\/uploads\/2022\/09\/yoksel-zok-YuikCYna7nU-small.jpg); border-radius:50%;\" ><\/span><\/div>\r\n\t\t\t\t\t\t\t<h3 class=\"m-0 color-black\">Tionscadal 01: Rial\u00fa an R\u00f3slabhrais<\/h3>\r\n\t\t\t\t\t\t<\/div>\r\n\t\t\t\t\t\t<div class=\"park-projects-content collapse color-white\" data-bs-parent=\"#park-projects-container\" id=\"collapseProject-1\">\r\n\t\t\t\t\t\t\t<div class=\"container\">\r\n\t\t\t\t\t\t\t\t<div class=\"row\">\r\n\t\t\t\t\t\t\t\t\t<div class=\"col-md-4\">\r\n\t\t\t\t\t\t\t\t\t\r\n\t\t\t\t\t\t\t\t\t\t\t\t\t\t\t\t\t\t\t\r\n\t\t\t\t\t\t\t\t\t\t<img decoding=\"async\" src=\"https:\/\/www.nationalparks.ie\/app\/uploads\/2022\/09\/yoksel-zok-YuikCYna7nU-small.jpg\" alt=\"Thuas: R\u00f3slabhrais\" \/>\r\n\t\t\t\t\t\t\t\t\t\t<p class=\"pt-2 px-3\">Thuas: R\u00f3slabhrais<\/p>\r\n\t\t\t\t\t\t\t\t\t<\/div>\r\n\t\t\t\t\t\t\t\t\t<div class=\"col-md-7 mb-4 position-relative\">\r\n\t\t\t\t\t\t\t\t\t\t<div class=\"ps-2 ps-md-4 ps-lg-5\">\r\n\t\t\t\t\t\t\t\t\t\t\t<h4 class=\"h5 mt-4 mt-lg-5 px-3 color-white\">Tionscadal 01: Rial\u00fa an R\u00f3slabhrais<\/h4>\r\n\t\t\t\t\t\t\t\t\t\t\t<div class=\"h4 mt-4 px-3\">\r\n\t\t\t\t\t\t\t\t\t\t\t\t<p class=\"h3 font-family-naisiuntamedium mb-4\">Is obair th\u00e1bhachtach \u00ed baint an R\u00f3slabhrais \u00f3n bP\u00e1irc N\u00e1isi\u00fanta chun an d\u00falra a chosaint agus chun bith\u00e9ags\u00falacht dh\u00fachasach a athch\u00f3iri\u00fa. Tugadh faoin obair lean\u00fanach seo at\u00e1 dian ar shaothar le dh\u00e1 gheimhreadh anuas sa Ph\u00e1irc N\u00e1isi\u00fanta.<\/p>\n<p>Is speiceas ionrach neamhdh\u00facasach \u00e9 R\u00f3slabhras laistigh den Ph\u00e1irc N\u00e1isi\u00fanta. Tugadh isteach go h\u00c9irinn ar dt\u00fas \u00e9 mar phlanda gaird\u00edn san 18\u00fa haois. Is fearr leis na hithreacha m\u00f3inteacha fliucha agus aig\u00e9adacha at\u00e1 le f\u00e1il ar ch\u00f3sta thiar na h\u00c9ireann. Is tor s\u00edorghlas \u00e9 le bl\u00e1thanna geala b\u00e1ndearga agus a fh\u00e1sann go tapa. Sc\u00e1tha\u00edonn s\u00e9 an f\u00e1sra d\u00fachasach ar fad at\u00e1 ag f\u00e1s faoina bhun. Chun na ceantair fhraochmh\u00e1nna fliucha t\u00e1bhachtacha a chaomhn\u00fa agus coillearnach a athghini\u00faint t\u00e1 s\u00e9 riachtanach \u00e9 a rial\u00fa tr\u00edd \u00e9 a ghearradh agus tr\u00ed ch\u00f3ire\u00e1il a dh\u00e9anamh ar le luibhic\u00edd ar bhealach rialaithe.<\/p>\n<p>Is f\u00e9idir treoir maidir le bainisit\u00fa an speicis a \u00edosl\u00f3d\u00e1il ar shu\u00edomh Gr\u00e9as\u00e1in na bP\u00e1irceanna N\u00e1isi\u00fanta<\/a><\/p>\n<p><a class=\"btn-01 btn-download mb-4 mb-lg-0 d-block d-lg-table text-uppercase color-white\" href=\"https:\/\/www.npws.ie\/...\/files\/publications\/pdf\/IWM33.pdf\" target=\"_blank\" rel=\"noopener\">R\u00f3slabhrais<\/a><\/p>\n\t\r\n\t\t\t\t\t\t\t\t\t\t\t<\/div>\r\n\t\t\t\t\t\t\t\t\t\t<\/div>\r\n\t\t\t\t\t\t\t\t\t<\/div>\r\n\t\t\t\t\t\t\t\t\t<div class=\"col-md-1 mb-4 position-relative\">\r\n\t\t\t\t\t\t\t\t\t\t<img decoding=\"async\" data-bs-toggle=\"collapse\" data-bs-target=\"#collapseProject-1\" aria-expanded=\"false\" aria-controls=\"collapseProject-1\" style=\"position:absolute; top:1rem; right:1rem; cursor:pointer;\" src=\"\/app\/themes\/NationalParks\/resources\/assets\/images\/arrow-circle-up-white.png\" alt=\"\"\/>\r\n\t\t\t\t\t\t\t\t\t<\/div>\r\n\t\t\t\t\t\t\t\t<\/div>\r\n\t\t\t\t\t\t\t<\/div>\r\n\t\t\t\t\t\t\t\t\t\t\t\t\r\n\t\t\t\t\t\t<\/div>\r\n\t\t\t\t\t<\/div>\r\n\t\t\t\t\t\t\t\t\t\t<div class=\"park-projects-items\">\r\n\t\t\t\t\t\t<div data-bs-toggle=\"collapse\" data-bs-target=\"#collapseProject-2\"  class=\" park-projects-container-item py-lg-4 px-4 d-flex align-items-center justify-content-start mb-0 h1 color-white\" style=\"min-width:100%;\">\r\n\t\t\t\t\t\t\t<div><span class=\"stripe-img my-2 my-lg-0 me-4\" style=\"background-image:url(https:\/\/www.nationalparks.ie\/app\/uploads\/2022\/11\/CNP_sheep_exclosure_showing_veg_recovery-e1669295405683.jpg); border-radius:50%;\" ><\/span><\/div>\r\n\t\t\t\t\t\t\t<h3 class=\"m-0 color-black\">Tionscadal 02: Limist\u00e9ar Coiscthe an Mhaoilinn<\/h3>\r\n\t\t\t\t\t\t<\/div>\r\n\t\t\t\t\t\t<div class=\"park-projects-content collapse color-white\" data-bs-parent=\"#park-projects-container\" id=\"collapseProject-2\">\r\n\t\t\t\t\t\t\t<div class=\"container\">\r\n\t\t\t\t\t\t\t\t<div class=\"row\">\r\n\t\t\t\t\t\t\t\t\t<div class=\"col-md-4\">\r\n\t\t\t\t\t\t\t\t\t\r\n\t\t\t\t\t\t\t\t\t\t\t\t\t\t\t\t\t\t\t\r\n\t\t\t\t\t\t\t\t\t\t<img decoding=\"async\" src=\"https:\/\/www.nationalparks.ie\/app\/uploads\/2022\/11\/CNP_sheep_exclosure_showing_veg_recovery-e1669295405683.jpg\" alt=\"THUAS: Limist\u00e9ar Coiscthe Caorach\" \/>\r\n\t\t\t\t\t\t\t\t\t\t<p class=\"pt-2 px-3\">THUAS: Limist\u00e9ar Coiscthe Caorach<\/p>\r\n\t\t\t\t\t\t\t\t\t<\/div>\r\n\t\t\t\t\t\t\t\t\t<div class=\"col-md-7 mb-4 position-relative\">\r\n\t\t\t\t\t\t\t\t\t\t<div class=\"ps-2 ps-md-4 ps-lg-5\">\r\n\t\t\t\t\t\t\t\t\t\t\t<h4 class=\"h5 mt-4 mt-lg-5 px-3 color-white\">Tionscadal 02: Limist\u00e9ar Coiscthe an Mhaoilinn<\/h4>\r\n\t\t\t\t\t\t\t\t\t\t\t<div class=\"h4 mt-4 px-3\">\r\n\t\t\t\t\t\t\t\t\t\t\t\t<p class=\"h3 font-family-naisiuntamedium mb-4\">Athch\u00f3ir\u00edodh iarbhanrach fia, ar baineadh \u00fas\u00e1id asti roimhe sin le linn athbhun\u00fa an Fhia Rua d\u00fachais chuig an bP\u00e1irc N\u00e1isi\u00fanta sna 1980id\u00ed, mar limist\u00e9ar coinnithe amach caorach chun an tionchar at\u00e1 ag br\u00fa innilte ar cheantair ardtal\u00fan a l\u00e9iri\u00fa. Bh\u00ed drochthionchar ag dianinnilt caorach ar ghn\u00e1th\u00f3ga tosa\u00edochta at\u00e1 faoi chosaint ag an AE cos\u00fail le bratphortach, loig Rhyncosporion (pobal t\u00e9isclime faoi bhagairt a bhfuil f\u00e1il air sna tailte portaigh), fraochmh\u00e1 fhliuch, f\u00e1na\u00ed carraigeacha cailcreacha agus silici\u00fala at\u00e1 laistigh den Ph\u00e1irc N\u00e1isi\u00fanta le blianta anuas.<\/p>\n<p>Cuireadh t\u00fas leis an tionscnamh seo chun iarracht a dh\u00e9anamh thart ar 60 acra (24 heicte\u00e1r) leiceann cnoic teacht chuige f\u00e9in \u00f3 bhr\u00fa innilte neamh-inbhuanaithe. Is d\u00f3cha go mbeidh roinnt blianta ag teast\u00e1il \u00f3 na gn\u00e1th\u00f3ga an-leochaileacha at\u00e1 luaite thuas chun teacht ar ais chuig st\u00e1das caomhantais maith. D&#8217;fh\u00e9adfadh an obair seo an g\u00e1 at\u00e1 leis an modh bainist\u00edochta seo tr\u00edd an bP\u00e1irc N\u00e1isi\u00fanta ina hioml\u00e1ine a l\u00e9iri\u00fa.<\/p>\n\t\r\n\t\t\t\t\t\t\t\t\t\t\t<\/div>\r\n\t\t\t\t\t\t\t\t\t\t<\/div>\r\n\t\t\t\t\t\t\t\t\t<\/div>\r\n\t\t\t\t\t\t\t\t\t<div class=\"col-md-1 mb-4 position-relative\">\r\n\t\t\t\t\t\t\t\t\t\t<img decoding=\"async\" data-bs-toggle=\"collapse\" data-bs-target=\"#collapseProject-2\" aria-expanded=\"false\" aria-controls=\"collapseProject-2\" style=\"position:absolute; top:1rem; right:1rem; cursor:pointer;\" src=\"\/app\/themes\/NationalParks\/resources\/assets\/images\/arrow-circle-up-white.png\" alt=\"\"\/>\r\n\t\t\t\t\t\t\t\t\t<\/div>\r\n\t\t\t\t\t\t\t\t<\/div>\r\n\t\t\t\t\t\t\t<\/div>\r\n\t\t\t\t\t\t\t\t\t\t\t\t\r\n\t\t\t\t\t\t<\/div>\r\n\t\t\t\t\t<\/div>\r\n\t\t\t\t\t\t\t\t\t\t<div class=\"park-projects-items\">\r\n\t\t\t\t\t\t<div data-bs-toggle=\"collapse\" data-bs-target=\"#collapseProject-3\"  class=\" park-projects-container-item py-lg-4 px-4 d-flex align-items-center justify-content-start mb-0 h1 color-white\" style=\"min-width:100%;\">\r\n\t\t\t\t\t\t\t<div><span class=\"stripe-img my-2 my-lg-0 me-4\" style=\"background-image:url(https:\/\/www.nationalparks.ie\/app\/uploads\/2022\/11\/CNP_TreeSapling_NewFoundWoodland-scaled-e1669295375625.jpg); border-radius:50%;\" ><\/span><\/div>\r\n\t\t\t\t\t\t\t<h3 class=\"m-0 color-black\">Tionscadal 03: Coill Nua-Aimsithe<\/h3>\r\n\t\t\t\t\t\t<\/div>\r\n\t\t\t\t\t\t<div class=\"park-projects-content collapse color-white\" data-bs-parent=\"#park-projects-container\" id=\"collapseProject-3\">\r\n\t\t\t\t\t\t\t<div class=\"container\">\r\n\t\t\t\t\t\t\t\t<div class=\"row\">\r\n\t\t\t\t\t\t\t\t\t<div class=\"col-md-4\">\r\n\t\t\t\t\t\t\t\t\t\r\n\t\t\t\t\t\t\t\t\t\t\t\t\t\t\t\t\t\t\t\r\n\t\t\t\t\t\t\t\t\t\t<img decoding=\"async\" src=\"https:\/\/www.nationalparks.ie\/app\/uploads\/2022\/11\/CNP_TreeSapling_NewFoundWoodland-scaled-e1669295375625.jpg\" alt=\"THUAS: Crann \u00d3g\" \/>\r\n\t\t\t\t\t\t\t\t\t\t<p class=\"pt-2 px-3\">THUAS: Crann \u00d3g<\/p>\r\n\t\t\t\t\t\t\t\t\t<\/div>\r\n\t\t\t\t\t\t\t\t\t<div class=\"col-md-7 mb-4 position-relative\">\r\n\t\t\t\t\t\t\t\t\t\t<div class=\"ps-2 ps-md-4 ps-lg-5\">\r\n\t\t\t\t\t\t\t\t\t\t\t<h4 class=\"h5 mt-4 mt-lg-5 px-3 color-white\">Tionscadal 03: Coill Nua-Aimsithe<\/h4>\r\n\t\t\t\t\t\t\t\t\t\t\t<div class=\"h4 mt-4 px-3\">\r\n\t\t\t\t\t\t\t\t\t\t\t\t<p class=\"h3 font-family-naisiuntamedium mb-4\">Suite ar thaobh thiar na P\u00e1irce N\u00e1isi\u00fanta, crutha\u00edodh l\u00e1thair 2 acra (0.81 heicte\u00e1r) de choillearnach dh\u00fachais nua sa bhliain 2020. Crutha\u00edodh an l\u00e1thair sin chun cailleadh coillearna\u00ed bunaithe le taobh an N59 a mhaol\u00fa, a baineadh chun cr\u00edocha athail\u00ednithe b\u00f3thair. Tugadh an t-ainm &#8216;Coill Nua-Aimsithe&#8217; ar an gcoill in on\u00f3ir \u00e1r nasctha le P\u00e1irc N\u00e1isi\u00fanta Terra Nova i dTalamh an \u00c9isc, Ceanada.<\/p>\n<p>T\u00e1 cla\u00ed fianna timpeall ar an gceapach sin chun crainn \u00f3ga a chosaint \u00f3 innilt ainmhithe cl\u00f3is agus fi\u00e1ine. Is iad na speicis crann at\u00e1 ann n\u00e1 an Dair Ghaelach, an Bheith Chl\u00famhach, an Crann Caorthainn, an P\u00e9ine Albanach, an Sceach Gheal, an Coll, an Fhearn\u00f3g agus an Crann Creathach. Rinneadh tuairisc cheana f\u00e9in ar fhl\u00f3ra coillearna\u00ed amhail an Cloig\u00edn Gorm, an tSeams\u00f3g, Lus na gCnap\u00e1n agus an Gi\u00fanach M\u00f3r ar an su\u00edomh \u00f3 cuireadh deireadh le hinnilt an bheostoic ann.<\/p>\n<p>T\u00e1thar ag s\u00fail le go gcuirfidh an ceantar coillearna\u00ed seo le c\u00e9atad\u00e1n an-bheag na coillearna\u00ed at\u00e1 sa Ph\u00e1irc N\u00e1isi\u00fanta faoi l\u00e1thair. Samhla\u00edtear go gcruth\u00f3far n\u00edos m\u00f3 cl\u00fadach coillearna\u00ed laistigh den Ph\u00e1irc N\u00e1isi\u00fanta le himeacht ama.<\/p>\n\t\r\n\t\t\t\t\t\t\t\t\t\t\t<\/div>\r\n\t\t\t\t\t\t\t\t\t\t<\/div>\r\n\t\t\t\t\t\t\t\t\t<\/div>\r\n\t\t\t\t\t\t\t\t\t<div class=\"col-md-1 mb-4 position-relative\">\r\n\t\t\t\t\t\t\t\t\t\t<img decoding=\"async\" data-bs-toggle=\"collapse\" data-bs-target=\"#collapseProject-3\" aria-expanded=\"false\" aria-controls=\"collapseProject-3\" style=\"position:absolute; top:1rem; right:1rem; cursor:pointer;\" src=\"\/app\/themes\/NationalParks\/resources\/assets\/images\/arrow-circle-up-white.png\" alt=\"\"\/>\r\n\t\t\t\t\t\t\t\t\t<\/div>\r\n\t\t\t\t\t\t\t\t<\/div>\r\n\t\t\t\t\t\t\t<\/div>\r\n\t\t\t\t\t\t\t\t\t\t\t\t\r\n\t\t\t\t\t\t<\/div>\r\n\t\t\t\t\t<\/div>\r\n\t\t\t\t\t\t\t\t\t\t<div class=\"park-projects-items\">\r\n\t\t\t\t\t\t<div data-bs-toggle=\"collapse\" data-bs-target=\"#collapseProject-4\"  class=\" park-projects-container-item py-lg-4 px-4 d-flex align-items-center justify-content-start mb-0 h1 color-white\" style=\"min-width:100%;\">\r\n\t\t\t\t\t\t\t<div><span class=\"stripe-img my-2 my-lg-0 me-4\" style=\"background-image:url(https:\/\/www.nationalparks.ie\/app\/uploads\/2022\/09\/Image-1.png); border-radius:50%;\" ><\/span><\/div>\r\n\t\t\t\t\t\t\t<h3 class=\"m-0 color-black\">Tionscadal 04: Capaill\u00edn Chonamara<\/h3>\r\n\t\t\t\t\t\t<\/div>\r\n\t\t\t\t\t\t<div class=\"park-projects-content collapse color-white\" data-bs-parent=\"#park-projects-container\" id=\"collapseProject-4\">\r\n\t\t\t\t\t\t\t<div class=\"container\">\r\n\t\t\t\t\t\t\t\t<div class=\"row\">\r\n\t\t\t\t\t\t\t\t\t<div class=\"col-md-4\">\r\n\t\t\t\t\t\t\t\t\t\r\n\t\t\t\t\t\t\t\t\t\t\t\t\t\t\t\t\t\t\t\r\n\t\t\t\t\t\t\t\t\t\t<img decoding=\"async\" src=\"https:\/\/www.nationalparks.ie\/app\/uploads\/2022\/09\/Image-1.png\" alt=\"Thuas: Capaill\u00edn Chonamara\" \/>\r\n\t\t\t\t\t\t\t\t\t\t<p class=\"pt-2 px-3\">Thuas: Capaill\u00edn Chonamara<\/p>\r\n\t\t\t\t\t\t\t\t\t<\/div>\r\n\t\t\t\t\t\t\t\t\t<div class=\"col-md-7 mb-4 position-relative\">\r\n\t\t\t\t\t\t\t\t\t\t<div class=\"ps-2 ps-md-4 ps-lg-5\">\r\n\t\t\t\t\t\t\t\t\t\t\t<h4 class=\"h5 mt-4 mt-lg-5 px-3 color-white\">Tionscadal 04: Capaill\u00edn Chonamara<\/h4>\r\n\t\t\t\t\t\t\t\t\t\t\t<div class=\"h4 mt-4 px-3\">\r\n\t\t\t\t\t\t\t\t\t\t\t\t<p class=\"h3 font-family-naisiuntamedium mb-4\">Is gn\u00e9 th\u00e1bhachtach den Ph\u00e1irc N\u00e1isi\u00fanta capaill\u00edn\u00ed Chonamara, a raibh r\u00f3l t\u00e1bhachtach aici in<br \/>\nainmhithe a ph\u00f3r\u00fa \u00f3 thug Erskine Childers, Uachtar\u00e1n na h\u00c9ireann nach maireann, tr\u00e9ad don St\u00e1t sna 1980id\u00ed.<\/p>\n<p>\u00das\u00e1idtear Banrach na gCapaill\u00edn\u00ed feadh an tSruth\u00e1in Bhu\u00ed mar \u00e1it taispe\u00e1ntais do ph\u00f3rtha oidhreachta agus t\u00e1 capaill\u00edn Chonamara ina measc. B\u00edonn seisi\u00fain eolais maidir le capaill\u00edn Chonamara ar si\u00fal i rith mh\u00ed I\u00fail agus mh\u00ed L\u00fanasa nuair is f\u00e9idir le cuairteoir\u00ed cuairt a thabhairt ar St\u00e1bla\u00ed na gCapaill\u00edn\u00ed, capaill\u00edn a fheice\u00e1il agus iad gar d\u00f3 agus tuilleadh eolais a fhoghlaim faoin bp\u00f3r.<\/p>\n<p>In 2019, bronnadh capaill\u00edn Chonamara ar fheirm Ainmhithe na Tamhna\u00ed M\u00f3ire do Ph\u00f3rtha Neamhchoitianta in Craigavon, Tuaisceart \u00c9ireann, mar mhalairt ar bhod\u00f3g mhaol. Bh\u00ed an comhoibri\u00fa seo an-t\u00e1bhachtach i bhfeasacht a ard\u00fa i leith oidhreacht cult\u00fair agus talmha\u00edochta na bp\u00f3rtha oidhreachta seo, i leith an t\u00e1bhacht a bhaineann le hiad a chaomhn\u00fa agus i leith an t\u00e1bhacht at\u00e1 leo i ngn\u00e1th\u00f3ga sa Ph\u00e1irc N\u00e1isi\u00fanta a bhainisti\u00fa agus a chaomhn\u00fa.<\/p>\n\t\r\n\t\t\t\t\t\t\t\t\t\t\t<\/div>\r\n\t\t\t\t\t\t\t\t\t\t<\/div>\r\n\t\t\t\t\t\t\t\t\t<\/div>\r\n\t\t\t\t\t\t\t\t\t<div class=\"col-md-1 mb-4 position-relative\">\r\n\t\t\t\t\t\t\t\t\t\t<img decoding=\"async\" data-bs-toggle=\"collapse\" data-bs-target=\"#collapseProject-4\" aria-expanded=\"false\" aria-controls=\"collapseProject-4\" style=\"position:absolute; top:1rem; right:1rem; cursor:pointer;\" src=\"\/app\/themes\/NationalParks\/resources\/assets\/images\/arrow-circle-up-white.png\" alt=\"\"\/>\r\n\t\t\t\t\t\t\t\t\t<\/div>\r\n\t\t\t\t\t\t\t\t<\/div>\r\n\t\t\t\t\t\t\t<\/div>\r\n\t\t\t\t\t\t\t\t\t\t\t\t\r\n\t\t\t\t\t\t<\/div>\r\n\t\t\t\t\t<\/div>\r\n\t\t\t\t\t\t\t\t\t\t<div class=\"park-projects-items\">\r\n\t\t\t\t\t\t<div data-bs-toggle=\"collapse\" data-bs-target=\"#collapseProject-5\"  class=\" park-projects-container-item py-lg-4 px-4 d-flex align-items-center justify-content-start mb-0 h1 color-white\" style=\"min-width:100%;\">\r\n\t\t\t\t\t\t\t<div><span class=\"stripe-img my-2 my-lg-0 me-4\" style=\"background-image:url(https:\/\/www.nationalparks.ie\/app\/uploads\/2022\/09\/Image-6-1.png); border-radius:50%;\" ><\/span><\/div>\r\n\t\t\t\t\t\t\t<h3 class=\"m-0 color-black\">Tionscadal 05: Coiste Caomhnaithe na Caorach Cladoir<\/h3>\r\n\t\t\t\t\t\t<\/div>\r\n\t\t\t\t\t\t<div class=\"park-projects-content collapse color-white\" data-bs-parent=\"#park-projects-container\" id=\"collapseProject-5\">\r\n\t\t\t\t\t\t\t<div class=\"container\">\r\n\t\t\t\t\t\t\t\t<div class=\"row\">\r\n\t\t\t\t\t\t\t\t\t<div class=\"col-md-4\">\r\n\t\t\t\t\t\t\t\t\t\r\n\t\t\t\t\t\t\t\t\t\t\t\t\t\t\t\t\t\t\t\r\n\t\t\t\t\t\t\t\t\t\t<img decoding=\"async\" src=\"https:\/\/www.nationalparks.ie\/app\/uploads\/2022\/09\/Image-6-1.png\" alt=\"Thuas: Caora Cladoir\" \/>\r\n\t\t\t\t\t\t\t\t\t\t<p class=\"pt-2 px-3\">Thuas: Caora Cladoir<\/p>\r\n\t\t\t\t\t\t\t\t\t<\/div>\r\n\t\t\t\t\t\t\t\t\t<div class=\"col-md-7 mb-4 position-relative\">\r\n\t\t\t\t\t\t\t\t\t\t<div class=\"ps-2 ps-md-4 ps-lg-5\">\r\n\t\t\t\t\t\t\t\t\t\t\t<h4 class=\"h5 mt-4 mt-lg-5 px-3 color-white\">Tionscadal 05: Coiste Caomhnaithe na Caorach Cladoir<\/h4>\r\n\t\t\t\t\t\t\t\t\t\t\t<div class=\"h4 mt-4 px-3\">\r\n\t\t\t\t\t\t\t\t\t\t\t\t<p class=\"h3 font-family-naisiuntamedium mb-4\">Is pr\u00edomhph\u00e1irt\u00ed i gCoiste Caomhnaithe na Caorach Cladoir \u00ed P\u00e1irc N\u00e1isi\u00fanta Chonamara. Ba ph\u00f3r d\u00fachais i gConamara iad caoraigh Cladoir ach creideadh go forleathan go raibh siad d\u00edofa, agus n\u00e1rbh fh\u00e9idir leo ach a bheith ina n-ainmhithe crosantacha.<\/p>\n<p>Ar an dea-uair, tar \u00e9is anail\u00eds DNA a dh\u00e9anamh ar 65 caora in 2020, fuarthas amach go raibh m\u00e9ideanna suntasacha DNA uath\u00fail a bhaineann le p\u00f3r Cladoir ag 56 caora agus bh\u00ed m\u00e9ideanna DNA n\u00edos l\u00fa ag na naoi gcaora a bh\u00ed f\u00e1gtha. Is tr\u00ed chl\u00e1r p\u00f3r\u00fach\u00e1in beartaithe at\u00e1thar ag s\u00fail gur f\u00e9idir \u00edonacht an stoic a mh\u00e9ad\u00fa.<\/p>\n\t\r\n\t\t\t\t\t\t\t\t\t\t\t<\/div>\r\n\t\t\t\t\t\t\t\t\t\t<\/div>\r\n\t\t\t\t\t\t\t\t\t<\/div>\r\n\t\t\t\t\t\t\t\t\t<div class=\"col-md-1 mb-4 position-relative\">\r\n\t\t\t\t\t\t\t\t\t\t<img decoding=\"async\" data-bs-toggle=\"collapse\" data-bs-target=\"#collapseProject-5\" aria-expanded=\"false\" aria-controls=\"collapseProject-5\" style=\"position:absolute; top:1rem; right:1rem; cursor:pointer;\" src=\"\/app\/themes\/NationalParks\/resources\/assets\/images\/arrow-circle-up-white.png\" alt=\"\"\/>\r\n\t\t\t\t\t\t\t\t\t<\/div>\r\n\t\t\t\t\t\t\t\t<\/div>\r\n\t\t\t\t\t\t\t<\/div>\r\n\t\t\t\t\t\t\t\t\t\t\t\t\r\n\t\t\t\t\t\t<\/div>\r\n\t\t\t\t\t<\/div>\r\n\t\t\t\t\t\t\t\t\t\t<div class=\"park-projects-items\">\r\n\t\t\t\t\t\t<div data-bs-toggle=\"collapse\" data-bs-target=\"#collapseProject-6\"  class=\" park-projects-container-item py-lg-4 px-4 d-flex align-items-center justify-content-start mb-0 h1 color-white\" style=\"min-width:100%;\">\r\n\t\t\t\t\t\t\t<div><span class=\"stripe-img my-2 my-lg-0 me-4\" style=\"background-image:url(https:\/\/www.nationalparks.ie\/app\/uploads\/2022\/09\/Image-8-1.png); border-radius:50%;\" ><\/span><\/div>\r\n\t\t\t\t\t\t\t<h3 class=\"m-0 color-black\">Tionscadal 06: An tEallach Maol &amp; Innilt Chaomhnaithe<\/h3>\r\n\t\t\t\t\t\t<\/div>\r\n\t\t\t\t\t\t<div class=\"park-projects-content collapse color-white\" data-bs-parent=\"#park-projects-container\" id=\"collapseProject-6\">\r\n\t\t\t\t\t\t\t<div class=\"container\">\r\n\t\t\t\t\t\t\t\t<div class=\"row\">\r\n\t\t\t\t\t\t\t\t\t<div class=\"col-md-4\">\r\n\t\t\t\t\t\t\t\t\t\r\n\t\t\t\t\t\t\t\t\t\t\t\t\t\t\t\t\t\t\t\r\n\t\t\t\t\t\t\t\t\t\t<img decoding=\"async\" src=\"https:\/\/www.nationalparks.ie\/app\/uploads\/2022\/09\/Image-8-1.png\" alt=\"Thuas: An tEallach Maol\" \/>\r\n\t\t\t\t\t\t\t\t\t\t<p class=\"pt-2 px-3\">Thuas: An tEallach Maol<\/p>\r\n\t\t\t\t\t\t\t\t\t<\/div>\r\n\t\t\t\t\t\t\t\t\t<div class=\"col-md-7 mb-4 position-relative\">\r\n\t\t\t\t\t\t\t\t\t\t<div class=\"ps-2 ps-md-4 ps-lg-5\">\r\n\t\t\t\t\t\t\t\t\t\t\t<h4 class=\"h5 mt-4 mt-lg-5 px-3 color-white\">Tionscadal 06: An tEallach Maol &amp; Innilt Chaomhnaithe<\/h4>\r\n\t\t\t\t\t\t\t\t\t\t\t<div class=\"h4 mt-4 px-3\">\r\n\t\t\t\t\t\t\t\t\t\t\t\t<p class=\"h3 font-family-naisiuntamedium mb-4\">In 2019 bronnadh capaill\u00edn Chonamara ar fheirm Ainmhithe na Tamhna\u00ed M\u00f3ire do Ph\u00f3rtha Neamhchoitianta in Craigavon, Tuaisceart \u00c9ireann, mar mhalairt ar bhod\u00f3g mhaol.<\/p>\n<p>Is \u00ed Feirm na Tamhna\u00ed M\u00f3ire an t-aon fheirm amh\u00e1in at\u00e1 ceadaithe ag Iontaobhas Marthanais na bP\u00f3rtha Neamhchoitianta in \u00c9irinn a bhfuil r\u00f3l t\u00e1bhachtach aici i roinnt p\u00f3rtha feirme d\u00fachais a chaomhn\u00fa a bhfuil cosaint de dh\u00edth orthu agus an t-eallach maol san \u00e1ireamh. \u00das\u00e1idtear na p\u00f3rtha d\u00fachais seo don innilt chaomhnaithe i roinnt r\u00e9admhaoin at\u00e1 t\u00e1bhachtach \u00f3 thaobh c\u00farsa\u00ed \u00e9iceola\u00edochta in Craigavon a bhainisti\u00fa.<\/p>\n<p>Fuarthas saineolas suntasach maidir le cine\u00e1lacha speiceas agus gn\u00e1th\u00f3g \u00e1irithe a bhainisti\u00fa, agus saineolas maidir le roinnt speicis ionracha a rial\u00fa san \u00e1ireamh. T\u00e1 tr\u00e9ad beag eallaigh mhaoil forbartha ag P\u00e1irc N\u00e1isi\u00fanta Chonamara d\u2019fhonn an p\u00f3r oidhreachta seo a \u00fas\u00e1id don innilt chaomhnaithe laistigh den Ph\u00e1irc N\u00e1isi\u00fanta.<\/p>\n\t\r\n\t\t\t\t\t\t\t\t\t\t\t<\/div>\r\n\t\t\t\t\t\t\t\t\t\t<\/div>\r\n\t\t\t\t\t\t\t\t\t<\/div>\r\n\t\t\t\t\t\t\t\t\t<div class=\"col-md-1 mb-4 position-relative\">\r\n\t\t\t\t\t\t\t\t\t\t<img decoding=\"async\" data-bs-toggle=\"collapse\" data-bs-target=\"#collapseProject-6\" aria-expanded=\"false\" aria-controls=\"collapseProject-6\" style=\"position:absolute; top:1rem; right:1rem; cursor:pointer;\" src=\"\/app\/themes\/NationalParks\/resources\/assets\/images\/arrow-circle-up-white.png\" alt=\"\"\/>\r\n\t\t\t\t\t\t\t\t\t<\/div>\r\n\t\t\t\t\t\t\t\t<\/div>\r\n\t\t\t\t\t\t\t<\/div>\r\n\t\t\t\t\t\t\t\t\t\t\t\t\r\n\t\t\t\t\t\t<\/div>\r\n\t\t\t\t\t<\/div>\r\n\t\t\t\t\t\t\t\t\t\t\t\t<\/div>\r\n\t\t<\/div>\r\n\t<\/div>\r\n<\/section>\r\n<style>\r\n\t.section-park-projects .park-projects-container {  }\r\n\t.section-park-projects .park-projects-container .park-projects-container-item { border-bottom:1px solid rgb(255 255 255 \/ 100%); cursor:pointer; }\r\n\t.section-park-projects .park-projects-container h3{ font-size:2rem; margin:0; }\r\n\t.stripe-img { width:108px; height:108px; border-radius:100%; background-position:center center; background-size:cover; float:left; }\r\n\t@media (max-width: 768px){\r\n\t\t.section-park-projects .park-projects-container h3{ font-size:2rem; margin:0; }\r\n\t\t.section-park-projects .park-projects-container p { font-size:1.2rem; margin:0; }\r\n\t\t.stripe-img { width:88px; height:88px; }\r\n\t}\r\n<\/style>\n\n\r\n<a id=\"meet\" style=\"\"><\/a>\r\n\r\n\r\n\n\n\r\n<section id=\"block_aa0617aea6795e30d337fff00a6d4127\" class=\"section-twocolumns py-4 py-lg-4 bg-color-blue color-white\" style=\"background-image:url(); \">\r\n\t\t<div class=\"d-flex flex-column\">\r\n\t\t\r\n\t \t\r\n\t<div class=\"container-fluid px-3 px-lg-5 section-twocolumns__columns order-2 \">\r\n\t\t<div class=\"row\">\r\n\t\t\t<div class=\"d-flex flex-column flex-lg-row\">\r\n\t\t\t\t<div class=\"col-12 col-lg-4  first-column\">\r\n\t\t\t\t\t<h2>Buail leis an bhFoireann<\/h2>\n\t\t\t\t<\/div>\r\n\t\t\t\t<div class=\"col-12 col-lg-8 has-iframe mb-3 mb-lg-5 second-column\">\r\n\t\t\t\t\t<div style=\"padding: 56.25% 0 0 0; position: relative;\"><iframe style=\"position: absolute; top: 0; left: 0; width: 100%; height: 100%;\" title=\"production ID_5025814.mp4\" src=\"https:\/\/player.vimeo.com\/video\/568441964?h=f5e200101c&amp;badge=0&amp;autopause=0&amp;player_id=0&amp;app_id=58479\" frameborder=\"0\" allowfullscreen=\"allowfullscreen\"><\/iframe><\/div>\n<p><script src=\"https:\/\/player.vimeo.com\/api\/player.js\"><\/script><\/p>\n\t\t\t\t<\/div>\r\n\t\t\t<\/div>\r\n\t\t<\/div>\r\n\t<\/div>\r\n\t\t\r\n<\/section>\r\n\n\n\r\n<a id=\"flora\" style=\"\"><\/a>\r\n\r\n\r\n\n\n\r\n<section id=\"block_ddd9611afb679b59058c9aec4d16f3e7\" class=\"section-twocolumns py-4 py-lg-4 bg-color-beige color-black\" style=\"background-image:url(); \">\r\n\t\t\r\n\t\t<div class=\"container-fluid px-3 px-lg-5\">\r\n\t\t\t<div class=\"row\">\r\n\t\t\t\t<div class=\"col-12 section-twocolumns__title\">\r\n\t\t\t\t\t<h2 class=\"font-size-heading\">Fl\u00f3ra<\/h2>\r\n\t\t\t\t<\/div>\r\n\t\t\t<\/div>\t\r\n\t\t<\/div>\t\r\n\t\t<hr>\r\n\t\t<div class=\"d-flex flex-column\">\r\n\t\t\r\n\t \t\r\n\t<div class=\"container-fluid px-3 px-lg-5 section-twocolumns__columns order-2 \">\r\n\t\t<div class=\"row\">\r\n\t\t\t<div class=\"d-flex flex-column flex-lg-row\">\r\n\t\t\t\t<div class=\"col-12 col-lg-6  first-column\">\r\n\t\t\t\t\t<h3>Planda\u00ed Coitianta agus Neamhchoitianta<\/h3>\n\t\t\t\t<\/div>\r\n\t\t\t\t<div class=\"col-12 col-lg-6  mb-3 mb-lg-5 second-column\">\r\n\t\t\t\t\t<p class=\"h3 font-family-naisiuntamedium mb-4\">Cl\u00fada\u00edonn fraoch taobhanna na sl\u00e9ibhte, agus t\u00e1 an fraoch naosca\u00ed agus an fraoch cloig\u00edneach an-choitianta ar fad. Is d\u00f3cha gurb \u00e9 an fionn\u00e1n an planda is coitianta sa ph\u00e1irc, arb \u00e9 is c\u00fais leis an dath at\u00e1 ar an-chuid den t\u00edrdhreach i gcaitheamh na bliana. Is cuid l\u00e1rnach de phobal an phortaigh iad planda\u00ed feithiditeacha. Beireann dr\u00facht\u00edn\u00ed agus bod\u00e1in mheasc\u00e1in ar fheithid\u00ed agus itheann siad iad lena nduilleoga chun cothaithigh a fh\u00e1il, at\u00e1 gann go leor sna portaigh.\n<\/p>\n<p>D\u2019fh\u00e9adfa\u00ed speicis planda\u00ed neamhchoitianta \u00f3 limist\u00e9ir n\u00edos fuaire na hEorpa agus an Artaigh a aimsi\u00fa go hard sna sl\u00e9ibhte, amhail lus na laoch, m\u00f3r\u00e1in sl\u00e9ibhe agus r\u00e9altacha, d\u00e9dhuilleog bheag, agus samhadh sl\u00e9ibhe.<br \/>\n\u00c9 sin r\u00e1ite, aims\u00edtear planda\u00ed \u00f3n Sp\u00e1inn agus \u00f3n bPortaing\u00e9il sa ph\u00e1irc freisin, go h\u00e1irithe leith uisce bheag, fraoch San Daboec, ar ball d\u2019fhine fraoigh \u00e9, agus cab\u00e1iste Ph\u00e1draig.<\/p>\n\t\t\t\t<\/div>\r\n\t\t\t<\/div>\r\n\t\t<\/div>\r\n\t<\/div>\r\n\t\t\r\n<\/section>\r\n\n\n\r\n<section id=\"block_dad24009f67724773df8cd0de029bc32\" class=\"section-dropdown-gallery bg-color-beige color-black pb-5\">\r\n\t<div class=\"container\">\r\n\t\t\t<\/div>\r\n\t<hr class=\"my-0\" style=\"border-top:1px solid #9C9494; opacity: 1;\" \/>\r\n\t<div class=\"container-fluid px-3 px-lg-5\">\r\n\t\t<div class=\"row\">\t\t\r\n\t\t\t\t\r\n\t\t\t\t\t\r\n\t\t\t\r\n\t\t\t\t\t<div class=\"col-12 col-md-6 col-lg-4 park_gallery_item\">\r\n\t\t\t\t\t\t\r\n\t\t\t\t\t\t\t\t\t\t\t\t\t<div class=\"w-100 bg-img overflow-hidden\" style=\"background-image:url(https:\/\/www.nationalparks.ie\/app\/uploads\/2022\/09\/Parallax-Image-1.png); background-size:cover; background-repeat:no-repeat; min-height:450px;\">\r\n\t\t\t\t\t\t\t\t<div class=\"bg-color-beige collapse park-gallery-dropdown\" id=\"collapse-dropdown-gallery-1\">\r\n\t\t\t\t\t\t\t\t\t<div style=\"font-size:inherit; height: 92px;\" class=\"p-3 bg-color-beige accordion-button accordion-button-color-black collapsed\" data-bs-toggle=\"collapse\" href=\"#collapse-dropdown-gallery-1\" role=\"button\" aria-expanded=\"false\" aria-controls=\"collapseExample\">\r\n\t\t\t\t\t\t\t\t\t\t<div class=\"w-100\">\r\n\t\t\t\t\t\t\t\t\t\t\t<h3 class=\"font-size-heading color-black\">Fionn\u00e1n<\/h3>\r\n\t\t\t\t\t\t\t\t\t\t\t<div class=\"font-family-gibson-300 color-black\">Molinia caerulea<\/div>\r\n\t\t\t\t\t\t\t\t\t\t<\/div>\r\n\t\t\t\t\t\t\t\t\t<\/div>\r\n\t\t\t\t\t\t\t\t\t<div class=\"flex-grow-1 p-3\">\r\n\t\t\t\t\t\t\t\t\t\t<p>Aims\u00edtear an planda d\u00fachais seo ar bhratphortaigh, sna fraochmh\u00e1nna, agus ar fh\u00e1na\u00ed na n-ardtailte ar an bhf\u00e9arthalamh fliuch, mar b\u00edonn siad faoi bhl\u00e1th i dtalamh a bh\u00edonn fliuch go minic n\u00f3 i gc\u00f3na\u00ed. Is \u00e9 an t-am sa bhliain is d\u00f3ich\u00ed go bhfeicfidh cuairteoir\u00ed an planda d\u00fachais seo n\u00e1 le linn sh\u00e9as\u00far an tsamhraidh nuair is minic a bh\u00edonn dath corcra ar a dhuilleoga agus ar a thruaill\u00ed duille.<\/p>\n\t\t\t\t\t\t\t\t\t<\/div>\r\n\t\t\t\t\t\t\t\t<\/div>\t\r\n\t\t\t\t\t\t\t<\/div>\t\r\n\t\t\t\t\t\t\t<hr class=\"my-0\" style=\"border-top:1px solid #9C9494; opacity: 1;\" \/>\t\r\n\t\t\t\t\t\t\t<div style=\"font-size:inherit; height: 92px;\" class=\"p-3 bg-color-beige accordion-button accordion-button-color-black collapsed\" data-bs-toggle=\"collapse\" href=\"#collapse-dropdown-gallery-1\" role=\"button\" aria-expanded=\"false\" aria-controls=\"collapseExample\">\r\n\t\t\t\t\t\t\t\t<div class=\"w-100\">\r\n\t\t\t\t\t\t\t\t\t<h3 class=\"font-size-heading color-black\">Fionn\u00e1n<\/h3>\r\n\t\t\t\t\t\t\t\t\t<div class=\"font-family-gibson-300 color-black\">Molinia caerulea<\/div>\r\n\t\t\t\t\t\t\t\t<\/div>\r\n\t\t\t\t\t\t\t<\/div>\t\t\t\t\t\r\n\t\t\t\t\t\t\t\t\t\t\t<\/div>\r\n\t\t\t\t\t\t\t\r\n\t\t\t\t\t\r\n\t\t\t\r\n\t\t\t\t\t<div class=\"col-12 col-md-6 col-lg-4 park_gallery_item\">\r\n\t\t\t\t\t\t\r\n\t\t\t\t\t\t\t\t\t\t\t\t\t<div class=\"w-100 bg-img overflow-hidden\" style=\"background-image:url(https:\/\/www.nationalparks.ie\/app\/uploads\/2022\/09\/Rectangle-5.png); background-size:cover; background-repeat:no-repeat; min-height:450px;\">\r\n\t\t\t\t\t\t\t\t<div class=\"bg-color-beige collapse park-gallery-dropdown\" id=\"collapse-dropdown-gallery-2\">\r\n\t\t\t\t\t\t\t\t\t<div style=\"font-size:inherit; height: 92px;\" class=\"p-3 bg-color-beige accordion-button accordion-button-color-black collapsed\" data-bs-toggle=\"collapse\" href=\"#collapse-dropdown-gallery-2\" role=\"button\" aria-expanded=\"false\" aria-controls=\"collapseExample\">\r\n\t\t\t\t\t\t\t\t\t\t<div class=\"w-100\">\r\n\t\t\t\t\t\t\t\t\t\t\t<h3 class=\"font-size-heading color-black\">Dr\u00facht\u00edn\u00ed<\/h3>\r\n\t\t\t\t\t\t\t\t\t\t\t<div class=\"font-family-gibson-300 color-black\">Drosera rotundifolia<\/div>\r\n\t\t\t\t\t\t\t\t\t\t<\/div>\r\n\t\t\t\t\t\t\t\t\t<\/div>\r\n\t\t\t\t\t\t\t\t\t<div class=\"flex-grow-1 p-3\">\r\n\t\t\t\t\t\t\t\t\t\t<p>Is f\u00e9idir an planda seo a fheice\u00e1il ag bl\u00e1th\u00fa idir Meitheamh agus L\u00fanasa agus is coitianta bhfeictear \u00e9 ar thalamh bog agus ar fhraochmh\u00e1nna fliucha ar fud na P\u00e1irce N\u00e1isi\u00fanta. N\u00edl m\u00f3r\u00e1n cothaitheach ann chun tac\u00fa leis an bhf\u00e1s mar gheall ar an gcine\u00e1l gn\u00e1th\u00f3ige at\u00e1 ann agus chuaigh s\u00e9 in oiri\u00faint do mhodhanna eile d\u00e1 bharr. Ar na duilleoga is f\u00e9idir leat na rib\u00ed a fheice\u00e1il agus braon beag \u2018dr\u00fachta\u2019. Is \u00e9 seo a bheireann greim ar na feithid\u00ed, a dh\u00e9anann an dr\u00facht\u00edn iad a athr\u00fa ina mbia do na planda\u00ed ansin.<\/p>\n<p>Baineadh \u00fas\u00e1id as dr\u00facht\u00edn\u00ed mar leigheas casachta san am at\u00e1 thart agus t\u00e1 siad f\u00f3s in \u00fas\u00e1id mar chomh\u00e1bhar i gc\u00f3gais casachta an lae inniu.<\/p>\n\t\t\t\t\t\t\t\t\t<\/div>\r\n\t\t\t\t\t\t\t\t<\/div>\t\r\n\t\t\t\t\t\t\t<\/div>\t\r\n\t\t\t\t\t\t\t<hr class=\"my-0\" style=\"border-top:1px solid #9C9494; opacity: 1;\" \/>\t\r\n\t\t\t\t\t\t\t<div style=\"font-size:inherit; height: 92px;\" class=\"p-3 bg-color-beige accordion-button accordion-button-color-black collapsed\" data-bs-toggle=\"collapse\" href=\"#collapse-dropdown-gallery-2\" role=\"button\" aria-expanded=\"false\" aria-controls=\"collapseExample\">\r\n\t\t\t\t\t\t\t\t<div class=\"w-100\">\r\n\t\t\t\t\t\t\t\t\t<h3 class=\"font-size-heading color-black\">Dr\u00facht\u00edn\u00ed<\/h3>\r\n\t\t\t\t\t\t\t\t\t<div class=\"font-family-gibson-300 color-black\">Drosera rotundifolia<\/div>\r\n\t\t\t\t\t\t\t\t<\/div>\r\n\t\t\t\t\t\t\t<\/div>\t\t\t\t\t\r\n\t\t\t\t\t\t\t\t\t\t\t<\/div>\r\n\t\t\t\t\t\t\t\r\n\t\t\t\t\t\r\n\t\t\t\r\n\t\t\t\t\t<div class=\"col-12 col-md-6 col-lg-4 park_gallery_item\">\r\n\t\t\t\t\t\t\r\n\t\t\t\t\t\t\t\t\t\t\t\t\t<div class=\"w-100 bg-img overflow-hidden\" style=\"background-image:url(https:\/\/www.nationalparks.ie\/app\/uploads\/2022\/09\/Parallax-Image-2.png); background-size:cover; background-repeat:no-repeat; min-height:450px;\">\r\n\t\t\t\t\t\t\t\t<div class=\"bg-color-beige collapse park-gallery-dropdown\" id=\"collapse-dropdown-gallery-3\">\r\n\t\t\t\t\t\t\t\t\t<div style=\"font-size:inherit; height: 92px;\" class=\"p-3 bg-color-beige accordion-button accordion-button-color-black collapsed\" data-bs-toggle=\"collapse\" href=\"#collapse-dropdown-gallery-3\" role=\"button\" aria-expanded=\"false\" aria-controls=\"collapseExample\">\r\n\t\t\t\t\t\t\t\t\t\t<div class=\"w-100\">\r\n\t\t\t\t\t\t\t\t\t\t\t<h3 class=\"font-size-heading color-black\">Bod\u00e1in mheasc\u00e1in<\/h3>\r\n\t\t\t\t\t\t\t\t\t\t\t<div class=\"font-family-gibson-300 color-black\">Pinguicula vulgaris<\/div>\r\n\t\t\t\t\t\t\t\t\t\t<\/div>\r\n\t\t\t\t\t\t\t\t\t<\/div>\r\n\t\t\t\t\t\t\t\t\t<div class=\"flex-grow-1 p-3\">\r\n\t\t\t\t\t\t\t\t\t\t<p>Is f\u00e9idir an planda beag seo a fh\u00e1il sa Ph\u00e1irc le linn s\u00e9as\u00far an tsamhraidh agus \u00e9 ag bl\u00e1th\u00fa \u00f3 Bhealtaine go L\u00fanasa. T\u00e1 gn\u00e1th\u00f3ga na P\u00e1irce N\u00e1isi\u00fanta foirfe don phlanda d\u00fachasach seo, mar go mb\u00edonn rath air i bportaigh, i gcarraigeacha fliucha agus i bhfraochmh\u00e1nna sl\u00e9ibhe. C\u00e9 nach bhfuil an chuma sin air, is feoiliteoir \u00e9 an leith uisce seo. Gabhann s\u00e9 feithid\u00ed ar dhuilleoga greamaitheacha d\u00e1 chuid a bhfuil dath glas l\u00edoma orthu, ag cur moille ar an lobhadh agus ag cur cothaithigh nach bhfuil an planda in ann a fh\u00e1il \u00f3na ghn\u00e1th\u00f3g ar aghaidh.<\/p>\n\t\t\t\t\t\t\t\t\t<\/div>\r\n\t\t\t\t\t\t\t\t<\/div>\t\r\n\t\t\t\t\t\t\t<\/div>\t\r\n\t\t\t\t\t\t\t<hr class=\"my-0\" style=\"border-top:1px solid #9C9494; opacity: 1;\" \/>\t\r\n\t\t\t\t\t\t\t<div style=\"font-size:inherit; height: 92px;\" class=\"p-3 bg-color-beige accordion-button accordion-button-color-black collapsed\" data-bs-toggle=\"collapse\" href=\"#collapse-dropdown-gallery-3\" role=\"button\" aria-expanded=\"false\" aria-controls=\"collapseExample\">\r\n\t\t\t\t\t\t\t\t<div class=\"w-100\">\r\n\t\t\t\t\t\t\t\t\t<h3 class=\"font-size-heading color-black\">Bod\u00e1in mheasc\u00e1in<\/h3>\r\n\t\t\t\t\t\t\t\t\t<div class=\"font-family-gibson-300 color-black\">Pinguicula vulgaris<\/div>\r\n\t\t\t\t\t\t\t\t<\/div>\r\n\t\t\t\t\t\t\t<\/div>\t\t\t\t\t\r\n\t\t\t\t\t\t\t\t\t\t\t<\/div>\r\n\t\t\t\t\t\t\t\r\n\t\t\t\t\t\r\n\t\t\t\r\n\t\t\t\t\t<div class=\"col-12 col-md-6 col-lg-4 park_gallery_item\">\r\n\t\t\t\t\t\t\r\n\t\t\t\t\t\t\t\t\t\t\t\t\t<div class=\"w-100 bg-img overflow-hidden\" style=\"background-image:url(https:\/\/www.nationalparks.ie\/app\/uploads\/2022\/09\/Parallax-Image-3.png); background-size:cover; background-repeat:no-repeat; min-height:450px;\">\r\n\t\t\t\t\t\t\t\t<div class=\"bg-color-beige collapse park-gallery-dropdown\" id=\"collapse-dropdown-gallery-4\">\r\n\t\t\t\t\t\t\t\t\t<div style=\"font-size:inherit; height: 92px;\" class=\"p-3 bg-color-beige accordion-button accordion-button-color-black collapsed\" data-bs-toggle=\"collapse\" href=\"#collapse-dropdown-gallery-4\" role=\"button\" aria-expanded=\"false\" aria-controls=\"collapseExample\">\r\n\t\t\t\t\t\t\t\t\t\t<div class=\"w-100\">\r\n\t\t\t\t\t\t\t\t\t\t\t<h3 class=\"font-size-heading color-black\">Lus na Laoch<\/h3>\r\n\t\t\t\t\t\t\t\t\t\t\t<div class=\"font-family-gibson-300 color-black\">Sedum rosea<\/div>\r\n\t\t\t\t\t\t\t\t\t\t<\/div>\r\n\t\t\t\t\t\t\t\t\t<\/div>\r\n\t\t\t\t\t\t\t\t\t<div class=\"flex-grow-1 p-3\">\r\n\t\t\t\t\t\t\t\t\t\t<p>Planda bl\u00e1thanna samhraidh eile, m\u00e1 t\u00e1 an t-\u00e1dh leat gheobhaidh t\u00fa lus na laoch ag bl\u00e1th\u00fa i measc carraigeacha na P\u00e1irce N\u00e1isi\u00fanta \u00f3 Bhealtaine go L\u00fanasa. Is planda c\u00f3sta \u00e9 den chuid is m\u00f3, a bh\u00edonn ar f\u00e1il ar fud na t\u00edre ar laft\u00e1in aillte farraige agus ar shl\u00e9ibhte in aice leis an bhfarraige. N\u00ed fhaightear lus na laoch go h\u00e9asca sa Ph\u00e1irc N\u00e1isi\u00fanta mar gheall ar an \u00e1it a bhf\u00e1sann siad.<\/p>\n\t\t\t\t\t\t\t\t\t<\/div>\r\n\t\t\t\t\t\t\t\t<\/div>\t\r\n\t\t\t\t\t\t\t<\/div>\t\r\n\t\t\t\t\t\t\t<hr class=\"my-0\" style=\"border-top:1px solid #9C9494; opacity: 1;\" \/>\t\r\n\t\t\t\t\t\t\t<div style=\"font-size:inherit; height: 92px;\" class=\"p-3 bg-color-beige accordion-button accordion-button-color-black collapsed\" data-bs-toggle=\"collapse\" href=\"#collapse-dropdown-gallery-4\" role=\"button\" aria-expanded=\"false\" aria-controls=\"collapseExample\">\r\n\t\t\t\t\t\t\t\t<div class=\"w-100\">\r\n\t\t\t\t\t\t\t\t\t<h3 class=\"font-size-heading color-black\">Lus na Laoch<\/h3>\r\n\t\t\t\t\t\t\t\t\t<div class=\"font-family-gibson-300 color-black\">Sedum rosea<\/div>\r\n\t\t\t\t\t\t\t\t<\/div>\r\n\t\t\t\t\t\t\t<\/div>\t\t\t\t\t\r\n\t\t\t\t\t\t\t\t\t\t\t<\/div>\r\n\t\t\t\t\t\t\t\r\n\t\t\t\t\t\r\n\t\t\t\r\n\t\t\t\t\t<div class=\"col-12 col-md-6 col-lg-4 park_gallery_item\">\r\n\t\t\t\t\t\t\r\n\t\t\t\t\t\t\t\t\t\t\t\t\t<div class=\"w-100 bg-img overflow-hidden\" style=\"background-image:url(https:\/\/www.nationalparks.ie\/app\/uploads\/2022\/09\/Parallax-Image-4.png); background-size:cover; background-repeat:no-repeat; min-height:450px;\">\r\n\t\t\t\t\t\t\t\t<div class=\"bg-color-beige collapse park-gallery-dropdown\" id=\"collapse-dropdown-gallery-5\">\r\n\t\t\t\t\t\t\t\t\t<div style=\"font-size:inherit; height: 92px;\" class=\"p-3 bg-color-beige accordion-button accordion-button-color-black collapsed\" data-bs-toggle=\"collapse\" href=\"#collapse-dropdown-gallery-5\" role=\"button\" aria-expanded=\"false\" aria-controls=\"collapseExample\">\r\n\t\t\t\t\t\t\t\t\t\t<div class=\"w-100\">\r\n\t\t\t\t\t\t\t\t\t\t\t<h3 class=\"font-size-heading color-black\">M\u00f3r\u00e1n Sl\u00e9ibhe<\/h3>\r\n\t\t\t\t\t\t\t\t\t\t\t<div class=\"font-family-gibson-300 color-black\">Saxifraga oppositifolia<\/div>\r\n\t\t\t\t\t\t\t\t\t\t<\/div>\r\n\t\t\t\t\t\t\t\t\t<\/div>\r\n\t\t\t\t\t\t\t\t\t<div class=\"flex-grow-1 p-3\">\r\n\t\t\t\t\t\t\t\t\t\t<p>Is planda beag \u00e9 m\u00f3r\u00e1n sl\u00e9ibhe a fh\u00e1sann i su\u00edomhanna sl\u00e9ibhteacha: cib\u00e9 acu ar laft\u00e1in carraige fliucha, aillte, in aice le sruth\u00e1in sl\u00e9ibhe n\u00f3 i scoilteanna carraige. Is \u00e9 an t\u00edr-raon sl\u00e9ibhe laistigh den Ph\u00e1irc N\u00e1isi\u00fanta a chuireann na coinn\u00edollacha foirfe ar f\u00e1il don phlanda seo a mb\u00edonn coinn\u00edollacha taise agus ithreacha aig\u00e9adacha ann. Is f\u00e9idir \u00e9 a fheice\u00e1il aon am idir m\u00ed Aibre\u00e1in agus m\u00ed L\u00fanasa. N\u00ed aims\u00edtear m\u00f3r\u00e1n sl\u00e9ibhe go h\u00e9asca sa Ph\u00e1irc N\u00e1isi\u00fanta mar gheall ar na h\u00e1iteanna ina bhf\u00e1sann siad.<\/p>\n\t\t\t\t\t\t\t\t\t<\/div>\r\n\t\t\t\t\t\t\t\t<\/div>\t\r\n\t\t\t\t\t\t\t<\/div>\t\r\n\t\t\t\t\t\t\t<hr class=\"my-0\" style=\"border-top:1px solid #9C9494; opacity: 1;\" \/>\t\r\n\t\t\t\t\t\t\t<div style=\"font-size:inherit; height: 92px;\" class=\"p-3 bg-color-beige accordion-button accordion-button-color-black collapsed\" data-bs-toggle=\"collapse\" href=\"#collapse-dropdown-gallery-5\" role=\"button\" aria-expanded=\"false\" aria-controls=\"collapseExample\">\r\n\t\t\t\t\t\t\t\t<div class=\"w-100\">\r\n\t\t\t\t\t\t\t\t\t<h3 class=\"font-size-heading color-black\">M\u00f3r\u00e1n Sl\u00e9ibhe<\/h3>\r\n\t\t\t\t\t\t\t\t\t<div class=\"font-family-gibson-300 color-black\">Saxifraga oppositifolia<\/div>\r\n\t\t\t\t\t\t\t\t<\/div>\r\n\t\t\t\t\t\t\t<\/div>\t\t\t\t\t\r\n\t\t\t\t\t\t\t\t\t\t\t<\/div>\r\n\t\t\t\t\t\t\t\r\n\t\t\t\t\t\r\n\t\t\t\r\n\t\t\t\t\t<div class=\"col-12 col-md-6 col-lg-4 park_gallery_item\">\r\n\t\t\t\t\t\t\r\n\t\t\t\t\t\t\t\t\t\t\t\t\t<div class=\"w-100 bg-img overflow-hidden\" style=\"background-image:url(https:\/\/www.nationalparks.ie\/app\/uploads\/2022\/09\/Parallax-Image-5.png); background-size:cover; background-repeat:no-repeat; min-height:450px;\">\r\n\t\t\t\t\t\t\t\t<div class=\"bg-color-beige collapse park-gallery-dropdown\" id=\"collapse-dropdown-gallery-6\">\r\n\t\t\t\t\t\t\t\t\t<div style=\"font-size:inherit; height: 92px;\" class=\"p-3 bg-color-beige accordion-button accordion-button-color-black collapsed\" data-bs-toggle=\"collapse\" href=\"#collapse-dropdown-gallery-6\" role=\"button\" aria-expanded=\"false\" aria-controls=\"collapseExample\">\r\n\t\t\t\t\t\t\t\t\t\t<div class=\"w-100\">\r\n\t\t\t\t\t\t\t\t\t\t\t<h3 class=\"font-size-heading color-black\">M\u00f3r\u00e1n R\u00e9altach<\/h3>\r\n\t\t\t\t\t\t\t\t\t\t\t<div class=\"font-family-gibson-300 color-black\">Micranthes stellaris<\/div>\r\n\t\t\t\t\t\t\t\t\t\t<\/div>\r\n\t\t\t\t\t\t\t\t\t<\/div>\r\n\t\t\t\t\t\t\t\t\t<div class=\"flex-grow-1 p-3\">\r\n\t\t\t\t\t\t\t\t\t\t<p>T\u00e1 m\u00f3r\u00e1n r\u00e9altach cos\u00fail le m\u00f3r\u00e1n sl\u00e9ibhe agus is as an gclann planda\u00ed ch\u00e9anna iad. F\u00e1sann siad i su\u00edomhanna sl\u00e9ibhteacha: cib\u00e9 acu ar laft\u00e1in carraige fliucha, aillte, in aice le sruth\u00e1in sl\u00e9ibhe n\u00f3 i scoilteanna carraige. Cuireann an t\u00edr-raon sl\u00e9ibhti\u00fail laistigh den Ph\u00e1irc N\u00e1isi\u00fanta conn\u00edollacha foirfe ar f\u00e1il don phlanda seo \u00e1it a mb\u00edonn coinn\u00edollacha taise agus ithreacha aig\u00e9adacha i r\u00e9im. N\u00ed bhl\u00e1tha\u00edonn an speiceas seo ach \u00f3 Mheitheamh go L\u00fanasa, \u00e1fach, rud a fh\u00e1gann gur bl\u00e1th fi\u00e1in sh\u00e9as\u00far an tsamhraidh \u00e9. Bl\u00e1tha\u00edonn an m\u00f3r\u00e1n r\u00e9altach \u00f3 Mheitheamh go L\u00fanasa agus d\u00e1 bharr n\u00ed bh\u00edonn s\u00e9 le f\u00e1il go h\u00e9asca sa Ph\u00e1irc N\u00e1isi\u00fanta mar gheall ar an \u00e1it a bhf\u00e1sann siad.<\/p>\n\t\t\t\t\t\t\t\t\t<\/div>\r\n\t\t\t\t\t\t\t\t<\/div>\t\r\n\t\t\t\t\t\t\t<\/div>\t\r\n\t\t\t\t\t\t\t<hr class=\"my-0\" style=\"border-top:1px solid #9C9494; opacity: 1;\" \/>\t\r\n\t\t\t\t\t\t\t<div style=\"font-size:inherit; height: 92px;\" class=\"p-3 bg-color-beige accordion-button accordion-button-color-black collapsed\" data-bs-toggle=\"collapse\" href=\"#collapse-dropdown-gallery-6\" role=\"button\" aria-expanded=\"false\" aria-controls=\"collapseExample\">\r\n\t\t\t\t\t\t\t\t<div class=\"w-100\">\r\n\t\t\t\t\t\t\t\t\t<h3 class=\"font-size-heading color-black\">M\u00f3r\u00e1n R\u00e9altach<\/h3>\r\n\t\t\t\t\t\t\t\t\t<div class=\"font-family-gibson-300 color-black\">Micranthes stellaris<\/div>\r\n\t\t\t\t\t\t\t\t<\/div>\r\n\t\t\t\t\t\t\t<\/div>\t\t\t\t\t\r\n\t\t\t\t\t\t\t\t\t\t\t<\/div>\r\n\t\t\t\t\t\t\t\r\n\t\t\t\t\t\r\n\t\t\t\r\n\t\t\t\t\t<div class=\"col-12 col-md-6 col-lg-4 park_gallery_item\">\r\n\t\t\t\t\t\t\r\n\t\t\t\t\t\t\t\t\t\t\t\t\t<div class=\"w-100 bg-img overflow-hidden\" style=\"background-image:url(https:\/\/www.nationalparks.ie\/app\/uploads\/2022\/09\/Parallax-Image-6.png); background-size:cover; background-repeat:no-repeat; min-height:450px;\">\r\n\t\t\t\t\t\t\t\t<div class=\"bg-color-beige collapse park-gallery-dropdown\" id=\"collapse-dropdown-gallery-7\">\r\n\t\t\t\t\t\t\t\t\t<div style=\"font-size:inherit; height: 92px;\" class=\"p-3 bg-color-beige accordion-button accordion-button-color-black collapsed\" data-bs-toggle=\"collapse\" href=\"#collapse-dropdown-gallery-7\" role=\"button\" aria-expanded=\"false\" aria-controls=\"collapseExample\">\r\n\t\t\t\t\t\t\t\t\t\t<div class=\"w-100\">\r\n\t\t\t\t\t\t\t\t\t\t\t<h3 class=\"font-size-heading color-black\">D\u00e9dhuilleog Bheag<\/h3>\r\n\t\t\t\t\t\t\t\t\t\t\t<div class=\"font-family-gibson-300 color-black\">Neottia cordata<\/div>\r\n\t\t\t\t\t\t\t\t\t\t<\/div>\r\n\t\t\t\t\t\t\t\t\t<\/div>\r\n\t\t\t\t\t\t\t\t\t<div class=\"flex-grow-1 p-3\">\r\n\t\t\t\t\t\t\t\t\t\t<p>Cuireann limist\u00e9ir an fhraoigh, an chaonaigh agus na coillearna\u00ed fliche na coinn\u00edollacha gn\u00e1th\u00f3ige foirfe ar f\u00e1il don phlanda seo. Tagann s\u00e9 i mbl\u00e1th idir m\u00ed an Mheithimh agus m\u00ed L\u00fanasa. Ar aon dul le magairl\u00edn\u00ed eile, braitheann an planda seo ar fhungais d\u00e1 fh\u00e1s agus d\u00e1 choth\u00fa. Nuair a bh\u00edonn duilleoga an phlanda forbartha go hioml\u00e1n, athra\u00edonn an D\u00e9dhuilleog Bheag na modhanna a \u00fas\u00e1ideann s\u00e9, a mb\u00edonn s\u00e9 ag brath ar an bhf\u00f3taisint\u00e9is don chuid eile den s\u00e9as\u00far bl\u00e1tha a bh\u00edonn aige. <\/p>\n\t\t\t\t\t\t\t\t\t<\/div>\r\n\t\t\t\t\t\t\t\t<\/div>\t\r\n\t\t\t\t\t\t\t<\/div>\t\r\n\t\t\t\t\t\t\t<hr class=\"my-0\" style=\"border-top:1px solid #9C9494; opacity: 1;\" \/>\t\r\n\t\t\t\t\t\t\t<div style=\"font-size:inherit; height: 92px;\" class=\"p-3 bg-color-beige accordion-button accordion-button-color-black collapsed\" data-bs-toggle=\"collapse\" href=\"#collapse-dropdown-gallery-7\" role=\"button\" aria-expanded=\"false\" aria-controls=\"collapseExample\">\r\n\t\t\t\t\t\t\t\t<div class=\"w-100\">\r\n\t\t\t\t\t\t\t\t\t<h3 class=\"font-size-heading color-black\">D\u00e9dhuilleog Bheag<\/h3>\r\n\t\t\t\t\t\t\t\t\t<div class=\"font-family-gibson-300 color-black\">Neottia cordata<\/div>\r\n\t\t\t\t\t\t\t\t<\/div>\r\n\t\t\t\t\t\t\t<\/div>\t\t\t\t\t\r\n\t\t\t\t\t\t\t\t\t\t\t<\/div>\r\n\t\t\t\t\t\t\t\r\n\t\t\t\t\t\r\n\t\t\t\r\n\t\t\t\t\t<div class=\"col-12 col-md-6 col-lg-4 park_gallery_item\">\r\n\t\t\t\t\t\t\r\n\t\t\t\t\t\t\t\t\t\t\t\t\t<div class=\"w-100 bg-img overflow-hidden\" style=\"background-image:url(https:\/\/www.nationalparks.ie\/app\/uploads\/2022\/09\/Parallax-Image-7.png); background-size:cover; background-repeat:no-repeat; min-height:450px;\">\r\n\t\t\t\t\t\t\t\t<div class=\"bg-color-beige collapse park-gallery-dropdown\" id=\"collapse-dropdown-gallery-8\">\r\n\t\t\t\t\t\t\t\t\t<div style=\"font-size:inherit; height: 92px;\" class=\"p-3 bg-color-beige accordion-button accordion-button-color-black collapsed\" data-bs-toggle=\"collapse\" href=\"#collapse-dropdown-gallery-8\" role=\"button\" aria-expanded=\"false\" aria-controls=\"collapseExample\">\r\n\t\t\t\t\t\t\t\t\t\t<div class=\"w-100\">\r\n\t\t\t\t\t\t\t\t\t\t\t<h3 class=\"font-size-heading color-black\">Samhadh sl\u00e9ibhe<\/h3>\r\n\t\t\t\t\t\t\t\t\t\t\t<div class=\"font-family-gibson-300 color-black\">Oxyria digyna<\/div>\r\n\t\t\t\t\t\t\t\t\t\t<\/div>\r\n\t\t\t\t\t\t\t\t\t<\/div>\r\n\t\t\t\t\t\t\t\t\t<div class=\"flex-grow-1 p-3\">\r\n\t\t\t\t\t\t\t\t\t\t<p>Bl\u00e1tha\u00edonn an planda seo i rith an tsamhraidh, agus is f\u00e9idir \u00e9 a fheice\u00e1il sa Ph\u00e1irc N\u00e1isi\u00fanta \u00f3 Bhealtaine go L\u00fanasa. Is speiceas planda \u00e9 a thagann \u00f3 fhine lus na gcearc, agus aims\u00edtear go pr\u00edomha i r\u00e9igi\u00fain sl\u00e9ibhe na p\u00e1irce n\u00e1isi\u00fanta \u00e9.<\/p>\n\t\t\t\t\t\t\t\t\t<\/div>\r\n\t\t\t\t\t\t\t\t<\/div>\t\r\n\t\t\t\t\t\t\t<\/div>\t\r\n\t\t\t\t\t\t\t<hr class=\"my-0\" style=\"border-top:1px solid #9C9494; opacity: 1;\" \/>\t\r\n\t\t\t\t\t\t\t<div style=\"font-size:inherit; height: 92px;\" class=\"p-3 bg-color-beige accordion-button accordion-button-color-black collapsed\" data-bs-toggle=\"collapse\" href=\"#collapse-dropdown-gallery-8\" role=\"button\" aria-expanded=\"false\" aria-controls=\"collapseExample\">\r\n\t\t\t\t\t\t\t\t<div class=\"w-100\">\r\n\t\t\t\t\t\t\t\t\t<h3 class=\"font-size-heading color-black\">Samhadh sl\u00e9ibhe<\/h3>\r\n\t\t\t\t\t\t\t\t\t<div class=\"font-family-gibson-300 color-black\">Oxyria digyna<\/div>\r\n\t\t\t\t\t\t\t\t<\/div>\r\n\t\t\t\t\t\t\t<\/div>\t\t\t\t\t\r\n\t\t\t\t\t\t\t\t\t\t\t<\/div>\r\n\t\t\t\t\t\t\t\r\n\t\t\t\t\t\r\n\t\t\t\r\n\t\t\t\t\t<div class=\"col-12 col-md-6 col-lg-4 park_gallery_item\">\r\n\t\t\t\t\t\t\r\n\t\t\t\t\t\t\t\t\t\t\t\t\t<div class=\"w-100 bg-img overflow-hidden\" style=\"background-image:url(https:\/\/www.nationalparks.ie\/app\/uploads\/2022\/09\/Mountain-Sorrel.png); background-size:cover; background-repeat:no-repeat; min-height:450px;\">\r\n\t\t\t\t\t\t\t\t<div class=\"bg-color-beige collapse park-gallery-dropdown\" id=\"collapse-dropdown-gallery-9\">\r\n\t\t\t\t\t\t\t\t\t<div style=\"font-size:inherit; height: 92px;\" class=\"p-3 bg-color-beige accordion-button accordion-button-color-black collapsed\" data-bs-toggle=\"collapse\" href=\"#collapse-dropdown-gallery-9\" role=\"button\" aria-expanded=\"false\" aria-controls=\"collapseExample\">\r\n\t\t\t\t\t\t\t\t\t\t<div class=\"w-100\">\r\n\t\t\t\t\t\t\t\t\t\t\t<h3 class=\"font-size-heading color-black\">Leith Uisce Bheag<\/h3>\r\n\t\t\t\t\t\t\t\t\t\t\t<div class=\"font-family-gibson-300 color-black\">Pinguicula lusitanica<\/div>\r\n\t\t\t\t\t\t\t\t\t\t<\/div>\r\n\t\t\t\t\t\t\t\t\t<\/div>\r\n\t\t\t\t\t\t\t\t\t<div class=\"flex-grow-1 p-3\">\r\n\t\t\t\t\t\t\t\t\t\t<p>An ceann is l\u00fa d&#8217;fhine na leithe uisce in \u00c9irinn, is minic gur f\u00e9idir an planda feoiliteach seo a aimsi\u00fa i measc fraochmh\u00e1nna taise na P\u00e1irce N\u00e1isi\u00fanta. T\u00e1 an planda seo le f\u00e1il faoi bhl\u00e1th \u00f3 Mheitheamh go Me\u00e1n F\u00f3mhair.<\/p>\n\t\t\t\t\t\t\t\t\t<\/div>\r\n\t\t\t\t\t\t\t\t<\/div>\t\r\n\t\t\t\t\t\t\t<\/div>\t\r\n\t\t\t\t\t\t\t<hr class=\"my-0\" style=\"border-top:1px solid #9C9494; opacity: 1;\" \/>\t\r\n\t\t\t\t\t\t\t<div style=\"font-size:inherit; height: 92px;\" class=\"p-3 bg-color-beige accordion-button accordion-button-color-black collapsed\" data-bs-toggle=\"collapse\" href=\"#collapse-dropdown-gallery-9\" role=\"button\" aria-expanded=\"false\" aria-controls=\"collapseExample\">\r\n\t\t\t\t\t\t\t\t<div class=\"w-100\">\r\n\t\t\t\t\t\t\t\t\t<h3 class=\"font-size-heading color-black\">Leith Uisce Bheag<\/h3>\r\n\t\t\t\t\t\t\t\t\t<div class=\"font-family-gibson-300 color-black\">Pinguicula lusitanica<\/div>\r\n\t\t\t\t\t\t\t\t<\/div>\r\n\t\t\t\t\t\t\t<\/div>\t\t\t\t\t\r\n\t\t\t\t\t\t\t\t\t\t\t<\/div>\r\n\t\t\t\t\t\t\t\r\n\t\t\t\t\t\r\n\t\t\t\r\n\t\t\t\t\t<div class=\"col-12 col-md-6 col-lg-4 park_gallery_item\">\r\n\t\t\t\t\t\t\r\n\t\t\t\t\t\t\t\t\t\t\t\t\t<div class=\"w-100 bg-img overflow-hidden\" style=\"background-image:url(https:\/\/www.nationalparks.ie\/app\/uploads\/2022\/09\/Parallax-Image-8.png); background-size:cover; background-repeat:no-repeat; min-height:450px;\">\r\n\t\t\t\t\t\t\t\t<div class=\"bg-color-beige collapse park-gallery-dropdown\" id=\"collapse-dropdown-gallery-10\">\r\n\t\t\t\t\t\t\t\t\t<div style=\"font-size:inherit; height: 92px;\" class=\"p-3 bg-color-beige accordion-button accordion-button-color-black collapsed\" data-bs-toggle=\"collapse\" href=\"#collapse-dropdown-gallery-10\" role=\"button\" aria-expanded=\"false\" aria-controls=\"collapseExample\">\r\n\t\t\t\t\t\t\t\t\t\t<div class=\"w-100\">\r\n\t\t\t\t\t\t\t\t\t\t\t<h3 class=\"font-size-heading color-black\">St. Fraoch San Daboec<\/h3>\r\n\t\t\t\t\t\t\t\t\t\t\t<div class=\"font-family-gibson-300 color-black\">Daboecia cantabrica<\/div>\r\n\t\t\t\t\t\t\t\t\t\t<\/div>\r\n\t\t\t\t\t\t\t\t\t<\/div>\r\n\t\t\t\t\t\t\t\t\t<div class=\"flex-grow-1 p-3\">\r\n\t\t\t\t\t\t\t\t\t\t<p>Aims\u00edtear an planda d\u00fachais seo in iarthar na h\u00c9ireann go pr\u00edomha. Aims\u00edtear an tor seo a fh\u00e1sann go h\u00edseal i ngn\u00e1th\u00f3ga fraochmh\u00e1 tirime agus i lom\u00e1in chloiche laistigh den Ph\u00e1irc N\u00e1isi\u00fanta.  Is f\u00e9idir \u00e9 a fheice\u00e1il i s\u00e9as\u00fair an tsamhraidh agus an fh\u00f3mhair mar go mb\u00edonn s\u00e9 faoi bhl\u00e1th idir m\u00ed na Bealtaine agus m\u00ed Dheireadh F\u00f3mhair.<\/p>\n\t\t\t\t\t\t\t\t\t<\/div>\r\n\t\t\t\t\t\t\t\t<\/div>\t\r\n\t\t\t\t\t\t\t<\/div>\t\r\n\t\t\t\t\t\t\t<hr class=\"my-0\" style=\"border-top:1px solid #9C9494; opacity: 1;\" \/>\t\r\n\t\t\t\t\t\t\t<div style=\"font-size:inherit; height: 92px;\" class=\"p-3 bg-color-beige accordion-button accordion-button-color-black collapsed\" data-bs-toggle=\"collapse\" href=\"#collapse-dropdown-gallery-10\" role=\"button\" aria-expanded=\"false\" aria-controls=\"collapseExample\">\r\n\t\t\t\t\t\t\t\t<div class=\"w-100\">\r\n\t\t\t\t\t\t\t\t\t<h3 class=\"font-size-heading color-black\">St. Fraoch San Daboec<\/h3>\r\n\t\t\t\t\t\t\t\t\t<div class=\"font-family-gibson-300 color-black\">Daboecia cantabrica<\/div>\r\n\t\t\t\t\t\t\t\t<\/div>\r\n\t\t\t\t\t\t\t<\/div>\t\t\t\t\t\r\n\t\t\t\t\t\t\t\t\t\t\t<\/div>\r\n\t\t\t\t\t\t\t\r\n\t\t\t\t\t\r\n\t\t\t\r\n\t\t\t\t\t<div class=\"col-12 col-md-6 col-lg-4 park_gallery_item\">\r\n\t\t\t\t\t\t\r\n\t\t\t\t\t\t\t\t\t\t\t\t\t<div class=\"w-100 bg-img overflow-hidden\" style=\"background-image:url(https:\/\/www.nationalparks.ie\/app\/uploads\/2022\/09\/Parallax-Image-9.png); background-size:cover; background-repeat:no-repeat; min-height:450px;\">\r\n\t\t\t\t\t\t\t\t<div class=\"bg-color-beige collapse park-gallery-dropdown\" id=\"collapse-dropdown-gallery-11\">\r\n\t\t\t\t\t\t\t\t\t<div style=\"font-size:inherit; height: 92px;\" class=\"p-3 bg-color-beige accordion-button accordion-button-color-black collapsed\" data-bs-toggle=\"collapse\" href=\"#collapse-dropdown-gallery-11\" role=\"button\" aria-expanded=\"false\" aria-controls=\"collapseExample\">\r\n\t\t\t\t\t\t\t\t\t\t<div class=\"w-100\">\r\n\t\t\t\t\t\t\t\t\t\t\t<h3 class=\"font-size-heading color-black\">Cab\u00e1iste Ph\u00e1draig<\/h3>\r\n\t\t\t\t\t\t\t\t\t\t\t<div class=\"font-family-gibson-300 color-black\">Saxifraga spathularis<\/div>\r\n\t\t\t\t\t\t\t\t\t\t<\/div>\r\n\t\t\t\t\t\t\t\t\t<\/div>\r\n\t\t\t\t\t\t\t\t\t<div class=\"flex-grow-1 p-3\">\r\n\t\t\t\t\t\t\t\t\t\t<p>Ar aon dul le fraoch San Daboec, aims\u00edtear an planda d\u00fachais seo in iarthar na h\u00c9ireann. B\u00edonn s\u00e9 faoi bhl\u00e1th idir m\u00ed na Bealtaine agus m\u00ed L\u00fanasa. Is fearr leis an bplanda seo gn\u00e1th\u00f3ga carraigeacha agus chun cuidi\u00fa le greim a choinne\u00e1il b\u00edonn a dhuilleoga i bhfoirm basal rosette.<\/p>\n\t\t\t\t\t\t\t\t\t<\/div>\r\n\t\t\t\t\t\t\t\t<\/div>\t\r\n\t\t\t\t\t\t\t<\/div>\t\r\n\t\t\t\t\t\t\t<hr class=\"my-0\" style=\"border-top:1px solid #9C9494; opacity: 1;\" \/>\t\r\n\t\t\t\t\t\t\t<div style=\"font-size:inherit; height: 92px;\" class=\"p-3 bg-color-beige accordion-button accordion-button-color-black collapsed\" data-bs-toggle=\"collapse\" href=\"#collapse-dropdown-gallery-11\" role=\"button\" aria-expanded=\"false\" aria-controls=\"collapseExample\">\r\n\t\t\t\t\t\t\t\t<div class=\"w-100\">\r\n\t\t\t\t\t\t\t\t\t<h3 class=\"font-size-heading color-black\">Cab\u00e1iste Ph\u00e1draig<\/h3>\r\n\t\t\t\t\t\t\t\t\t<div class=\"font-family-gibson-300 color-black\">Saxifraga spathularis<\/div>\r\n\t\t\t\t\t\t\t\t<\/div>\r\n\t\t\t\t\t\t\t<\/div>\t\t\t\t\t\r\n\t\t\t\t\t\t\t\t\t\t\t<\/div>\r\n\t\t\t\t\t\t\t\r\n\t\t\t\t\t\t\t\t\r\n\t\t<\/div>\r\n\t<\/div>\r\n\t<hr class=\"my-0\" style=\"border-top:1px solid #9C9494; opacity: 1;\" \/>\r\n<\/section>\r\n\r\n\r\n\r\n\r\n\n\n\n\n<section id=\"section-video-block_80e36d097eea2cb5a5b288a39a813da0\" class=\"section-video d-flex justify-content-center\" style=\"margin-top:0;\">\n\t\n\t\t\t<div aria-hidden=\"true\" class=\"img-wrap\" style=\"width:100%; min-width:1280px; position:relative; height:420px; overflow:hidden; background-image:url(https:\/\/www.nationalparks.ie\/app\/uploads\/2022\/09\/Parallax-Image-10.png); background-size:cover;\"><\/div>\n\t<\/section>\n\n\r\n<a id=\"habitats\" style=\"\"><\/a>\r\n\r\n\r\n\n\n\r\n<section id=\"block_be5a7a316e5d65808655f6f5d55c9131\" class=\"section-twocolumns py-4 py-lg-4 bg-color-eden-light-1 color-black\" style=\"background-image:url(); \">\r\n\t\t<div class=\"d-flex flex-column\">\r\n\t\t\r\n\t \t\r\n\t<div class=\"container-fluid px-3 px-lg-5 section-twocolumns__columns order-2 \">\r\n\t\t<div class=\"row\">\r\n\t\t\t<div class=\"d-flex flex-column flex-lg-row\">\r\n\t\t\t\t<div class=\"col-12 col-lg-6  first-column\">\r\n\t\t\t\t\t<h2>Gn\u00e1th\u00f3ga<\/h2>\n\t\t\t\t<\/div>\r\n\t\t\t\t<div class=\"col-12 col-lg-6  mb-3 mb-lg-5 second-column\">\r\n\t\t\t\t\t<p class=\"h3 font-family-naisiuntamedium mb-4\">Bratphortaigh an Iarthair agus fraochmh\u00e1 an f\u00e1sra is m\u00f3 at\u00e1 sa Ph\u00e1irc. B\u00edonn na portaigh, at\u00e1 suite i limist\u00e9ir \u00edsle, an-fhliuch de ghn\u00e1th, agus n\u00edos faide suas na sl\u00e9ibhte, forbra\u00edtear limist\u00e9ar bratphortach sl\u00e9ibhe at\u00e1 n\u00edos tirime.<\/p>\n\t\t\t\t<\/div>\r\n\t\t\t<\/div>\r\n\t\t<\/div>\r\n\t<\/div>\r\n\t\t\r\n<\/section>\r\n\n\n<section id=\"block_ef4a1e1169de85a455e6258b69a07acf\" class=\"section-highlight-box bg-color-beige bg-color-eden-light-1 color-black  py-5\">\n\t<div class=\"container-fluid px-3 px-lg-5\">\n\t\t<div class=\"row\">\n\t\t\t<div class=\"col-12\">\n\t\t\t\t<h2 class=\"font-size-heading ps-lg-3 pb-lg-4\"><\/h2>\n\t\t\t<\/div>\n\t\t<\/div>\n\t<\/div>\n\t<hr class=\"m-0\" style=\"opacity:1; border-bottom:1px solid #9C9494; background-color: transparent;\"\/>\n\t<div class=\"container-fluid px-3 px-lg-5\">\n\t\t\t<div class=\"row\">\t\n\t\t\t\t\t\t\t\t\t\t\t\t\n\t\t\t\t\t\t\t\t\t\t\n\t\t\t\t\t\t<div class=\"col-12\" style=\"outline:1px solid #9C9494;\">\n\t\t\t\t\t\t\t<div class=\"row\">\n\t\t\t\t\t\t\t\t<div class=\"col-12 col-md-6 order-md-1\">\n\t\t\t\t\t\t\t\t\t<div class=\"highlight-img-wrap w-100\" style=\"position:relative;\">\n\t\t\t\t\t\t\t\t\t\t<div class=\"\" style=\"display:block; padding-bottom:100%;\">\n\t\t\t\t\t\t\t\t\t\t\t\n\t\t\t\t\t\t\t\t\t\t\t<span class=\"w-100 h-100\" style=\"background-image:url('https:\/\/www.nationalparks.ie\/app\/uploads\/2022\/09\/Parallax-Image-11.png'); background-position:center center; background-size:cover; position:absolute;\" role=\"img\" aria-label=\"Ceantar Sl\u00e9ibhe\"><\/span>\t\t\t\t\t\t\t\t\n\t\t\t\t\t\t\t\t\t\t<\/div>\n\t\t\t\t\t\t\t\t\t<\/div>\n\t\t\t\t\t\t\t\t<\/div>\n\t\t\t\t\t\t\t\t<div class=\"col-12 col-md-6 order-md-2\">\n\t\t\t\t\t\t\t\t\t<div class=\"p-3\">\n\t\t\t\t\t\t\t\t\t\t<h3 class=\"font-size-heading-small mt-lg-4\">Ceantar Sl\u00e9ibhe<\/h3>\n\t\t\t\t\t\t\t\t\t\t<p class=\"color-black text-uppercase font-size-capitalised\"><\/p>\n\t\t\t\t\t\t\t\t\t\t<hr\/>\n\t\t\t\t\t\t\t\t\t\t<div class=\"font-size-body-small\"><p>C\u00e9 gur sl\u00e9ibhte agus carraigeacha iad den chuid is m\u00f3, t\u00e1 raon fl\u00f3ra agus f\u00e1na thar a bheith suimi\u00fail sna hardtailte i bP\u00e1irc N\u00e1isi\u00fanta Chonamara. D&#8217;fh\u00e9adfa\u00ed go bhfeicfe\u00e1 Fia Rua d\u00fachasach n\u00f3 p\u00f3rtha oidhreachta ar n\u00f3s an Fhia Rua, Seanghabhar na h\u00c9ireann i measc na bhfraoch agus na bhf\u00e9arthailte a chl\u00fada\u00edonn an ceantar. Mar gheall ar airde mh\u00f3r, is gn\u00e1ch go mb\u00edonn an portach agus na portaigh n\u00edos tirime i gcompar\u00e1id leis na portaigh \u00edsle.<\/p>\n<\/div>\n\t\t\t\t\t\t\t\t\t\t\n\t\t\t\t\t\t\t\t\t\t\t\t\t\t\t\t\t\t\t<\/div>\n\t\t\t\t\t\t\t\t<\/div>\n\t\t\t\t\t\t\t<\/div>\n\t\t\t\t\t\t<\/div>\n\t\t\t\t\t\t\n\t\t\t\t\t\t\t\t\t\t\n\t\t\t\t\t\t\t\t\t\n\t\t\t\t\t\t\t\t\t\t\n\t\t\t\t\t\t<div class=\"col-12\" style=\"outline:1px solid #9C9494;\">\n\t\t\t\t\t\t\t<div class=\"row\">\n\t\t\t\t\t\t\t\t<div class=\"col-12 col-md-6 order-md-2\">\n\t\t\t\t\t\t\t\t\t<div class=\"highlight-img-wrap w-100\" style=\"position:relative;\">\n\t\t\t\t\t\t\t\t\t\t<div class=\"\" style=\"display:block; padding-bottom:100%;\">\n\t\t\t\t\t\t\t\t\t\t\t\n\t\t\t\t\t\t\t\t\t\t\t<span class=\"w-100 h-100\" style=\"background-image:url('https:\/\/www.nationalparks.ie\/app\/uploads\/2022\/09\/Parallax-Image-12.png'); background-position:center center; background-size:cover; position:absolute;\" role=\"img\" aria-label=\"Portaigh\"><\/span>\t\t\t\t\t\t\t\t\n\t\t\t\t\t\t\t\t\t\t<\/div>\n\t\t\t\t\t\t\t\t\t<\/div>\n\t\t\t\t\t\t\t\t<\/div>\n\t\t\t\t\t\t\t\t<div class=\"col-12 col-md-6 order-md-1\">\n\t\t\t\t\t\t\t\t\t<div class=\"p-3\">\n\t\t\t\t\t\t\t\t\t\t<h3 class=\"font-size-heading-small mt-lg-4\">Portaigh<\/h3>\n\t\t\t\t\t\t\t\t\t\t<p class=\"color-black text-uppercase font-size-capitalised\"><\/p>\n\t\t\t\t\t\t\t\t\t\t<hr\/>\n\t\t\t\t\t\t\t\t\t\t<div class=\"font-size-body-small\"><p>Is pr\u00edomhghn\u00e9 de th\u00edrdhreach Ph\u00e1irc N\u00e1isi\u00fanta Chonamara iad na portaigh. T\u00e1 cuma f\u00e9ir ar an mbratphortach iartharach a fhaightear sa Ph\u00e1irc N\u00e1isi\u00fanta mar gheall ar an bhfionn\u00e1n at\u00e1 thart timpeall air. I measc phr\u00edomhghn\u00e9ithe na mbratphortach sin, t\u00e1 dromchla\u00ed de linnte, borrfh\u00e1s, \u00e1iteanna r\u00e9idhe agus claonta ar fiar. Is gn\u00e9 eile iad na s\u00famair\u00ed agus n\u00ed m\u00f3r a bheith ag faire amach d\u00f3ibh m\u00e1 th\u00e9ann t\u00fa anuas den chos\u00e1n sa Ph\u00e1irc N\u00e1isi\u00fanta.<\/p>\n<\/div>\n\t\t\t\t\t\t\t\t\t\t\n\t\t\t\t\t\t\t\t\t\t\t\t\t\t\t\t\t\t\t<\/div>\n\t\t\t\t\t\t\t\t<\/div>\n\t\t\t\t\t\t\t<\/div>\n\t\t\t\t\t\t<\/div>\n\t\t\t\t\t\t\n\t\t\t\t\t\t\t\t\t\t\n\t\t\t\t\t\t\t\n\t\t<\/div>\n\t\t<\/div>\n\t<hr class=\"m-0\" style=\"opacity:1; border-top:1px solid #9C9494; background-color: transparent;\"\/>\n<\/section>\n\n\r\n<a id=\"fauna\" style=\"\"><\/a>\r\n\r\n\r\n\n\n\r\n<section id=\"block_03896bb5f42c5c89c05c43fe12dec836\" class=\"section-video-boxes py-4 py-lg-5 bg-color-blue color-white\">\r\n\t<div class=\"container\">\r\n\t\t<div class=\"row\">\r\n\t\t\t<div class=\"col-12\">\r\n\t\t\t\t<h2 class=\"display-6\">F\u00e1na<\/h2>\r\n\t\t\t\t<hr\/>\r\n\t\t\t\t<div class=\"h4 font-family-naisiuntamedium my-4 my-lg-5\"><h3>T\u00e1 fl\u00fairse fiadh\u00falra i bP\u00e1irc N\u00e1isi\u00fanta Chonamara. T\u00e1 r\u00e9imse leathan speiceas \u00e9an agus mamach le feice\u00e1il sa Ph\u00e1irc N\u00e1isi\u00fanta, i dteannta le P\u00f3rtha Oidhreachta na P\u00e1irce.<\/h3>\n<\/div>\r\n\t\t\t<\/div>\r\n\t\t<\/div>\r\n\t<\/div>\r\n\t<div class=\"container mt-4\">\r\n\t\t<div class=\"row\">\t\t\r\n\t\t\t\t\r\n\t\t\t\t\t\r\n\t\t\t\r\n\t\t\t\t\t<div class=\"col-12 col-lg-4\">\r\n\t\t\t\t\t\t<div class=\"m-2\">\r\n\t\t\t\t\t\t\t\r\n\t\t\t\t\t\t\t<div style=\"font-size:inherit;\" class=\"p-3 bg-color-wine accordion-button accordion-button-color-white color-white collapsed\" data-bs-toggle=\"collapse\" href=\"#collapse-video-boxes-1\" role=\"button\" aria-expanded=\"false\" aria-controls=\"collapseExample\">\r\n\t\t\t\t\t\t\t\t<h3 class=\"h4 color-white\">Beathra \u00c9an<\/h3>\r\n\t\t\t\t\t\t\t<\/div>\r\n\t\t\t\t\t\t\t\r\n\t\t\t\t\t\t\t\r\n\t\t\t\t\t\t\t\r\n\t\t\t\t\t\t\t<hr class=\"my-0\" style=\"border-top:1px solid #9C9494; opacity: 1;\" \/>\r\n\t\t\t\t\t\t\t<div class=\"w-100 bg-img overflow-hidden position-relative\" style=\"min-height:450px;\">\r\n\t\t\t\t\t\t\t\t<div class=\"w-100 h-100 overflow-hidden border-radius-smaller\" style=\"position:absolute; top:0; left:0;\">\r\n\t\t\t\t\t\t\t\t\t<div class=\"w-100 h-100\">\r\n\t\t\t\t\t\t\t\t\t\t\t\t\t\t\t\t\t\t\t\t\t<div style=\"background-image:url('https:\/\/www.nationalparks.ie\/app\/uploads\/2022\/11\/CNP_Birdlife_Dermot_Breen-5-scaled-e1669310092241.jpg'); background-size:cover; background-position:center center; height:100%; width:100%;\"><\/div>\r\n\t\t\t\t\t\t\t\t\t\t <!-- <img decoding=\"async\" src=\"\" style=\"width:100%; height:auto;\" \/> -->\r\n\t\t\t\t\t\t\t\t\t\t\t\t\t\t\t\t\t\t\t<\/div>\r\n\t\t\t\t\t\t\t\t<\/div>\r\n\t\t\t\t\t\t\t\t<div style=\"position:relative; z-index:1;\" class=\"p-3 bg-color-wine collapse\" id=\"collapse-video-boxes-1\">\r\n\t\t\t\t\t\t\t\t\t<p>T\u00e1 beathra \u00e9an na p\u00e1irce \u00e9ags\u00fail, agus b\u00edonn \u00e9in cheoil coitianta ina measc amhail riabh\u00f3ga m\u00f3na, fuiseoga, caisl\u00edn\u00ed clocha, r\u00edtheacha rua, spideoga agus dreoil\u00edn\u00ed. Feictear \u00e9in chreiche \u00f3 am go ham, de ghn\u00e1th is iad na pocair\u00ed gaoithe agus na spior\u00f3ga a bh\u00edonn ann, agus tagann na meirli\u00fain agus na fabhc\u00fain ghorma ar cuairt \u00f3 am go ch\u00e9ile.<\/p>\n<p>Sa gheimhreadh tagann m\u00e9ad\u00fa ar l\u00edon na speiceas at\u00e1 d\u00fachasach d\u2019\u00c9irinn amhail an creabhar, an naoscach, an druid, an sm\u00f3lach ceoil agus an liatr\u00e1isc, a nd\u00e9anann cuairteoir\u00ed \u00f3 \u00e1iteanna eile na h\u00c9ireann agus thar lear iad a mh\u00e9ad\u00fa, chomh maith le h\u00e9in imirce geimhridh \u00f3 oirthuaisceart na hEorpa, amhail an dearg\u00e1n sneachta.<\/p>\n\t\t\t\t\t\t\t\t<\/div>\t\r\n\t\t\t\t\t\t\t<\/div>\t\r\n\t\t\t\t\t\t<\/div>\t\r\n\t\t\t\t\t<\/div>\r\n\t\t\t\t\t\t\t\r\n\t\t\t\t\t\r\n\t\t\t\r\n\t\t\t\t\t<div class=\"col-12 col-lg-4\">\r\n\t\t\t\t\t\t<div class=\"m-2\">\r\n\t\t\t\t\t\t\t\r\n\t\t\t\t\t\t\t<div style=\"font-size:inherit;\" class=\"p-3 bg-color-wine accordion-button accordion-button-color-white color-white collapsed\" data-bs-toggle=\"collapse\" href=\"#collapse-video-boxes-2\" role=\"button\" aria-expanded=\"false\" aria-controls=\"collapseExample\">\r\n\t\t\t\t\t\t\t\t<h3 class=\"h4 color-white\">Mamaigh<\/h3>\r\n\t\t\t\t\t\t\t<\/div>\r\n\t\t\t\t\t\t\t\r\n\t\t\t\t\t\t\t\r\n\t\t\t\t\t\t\t\r\n\t\t\t\t\t\t\t<hr class=\"my-0\" style=\"border-top:1px solid #9C9494; opacity: 1;\" \/>\r\n\t\t\t\t\t\t\t<div class=\"w-100 bg-img overflow-hidden position-relative\" style=\"min-height:450px;\">\r\n\t\t\t\t\t\t\t\t<div class=\"w-100 h-100 overflow-hidden border-radius-smaller\" style=\"position:absolute; top:0; left:0;\">\r\n\t\t\t\t\t\t\t\t\t<div class=\"w-100 h-100\">\r\n\t\t\t\t\t\t\t\t\t\t\t\t\t\t\t\t\t\t\t\t\t<div style=\"background-image:url('https:\/\/www.nationalparks.ie\/app\/uploads\/2022\/11\/CNP_Mammals_st4-scaled-e1669310197132.jpg'); background-size:cover; background-position:center center; height:100%; width:100%;\"><\/div>\r\n\t\t\t\t\t\t\t\t\t\t <!-- <img decoding=\"async\" src=\"\" style=\"width:100%; height:auto;\" \/> -->\r\n\t\t\t\t\t\t\t\t\t\t\t\t\t\t\t\t\t\t\t<\/div>\r\n\t\t\t\t\t\t\t\t<\/div>\r\n\t\t\t\t\t\t\t\t<div style=\"position:relative; z-index:1;\" class=\"p-3 bg-color-wine collapse\" id=\"collapse-video-boxes-2\">\r\n\t\t\t\t\t\t\t\t\t<p>Is minic a fheictear broic, cait chrainn agus ialt\u00f3ga san o\u00edche. Ar na mamaigh eile a fheictear sa Ph\u00e1irc N\u00e1isi\u00fanta t\u00e1 fianna rua, madra\u00ed uisce, giorriacha, eas\u00f3ga, lucha f\u00e9ir agus dall\u00f3ga fraoigh.<\/p>\n<p>Is \u00e9 capaill\u00edn Chonamara an mamach is m\u00f3 at\u00e1 sa ph\u00e1irc. C\u00e9 gur ainmh\u00ed cl\u00f3is \u00e9 an capaill\u00edn seo, is cinnte go bhfuil s\u00e9 ina cuid de cheantar tuaithe Chonamara.<\/p>\n\t\t\t\t\t\t\t\t<\/div>\t\r\n\t\t\t\t\t\t\t<\/div>\t\r\n\t\t\t\t\t\t<\/div>\t\r\n\t\t\t\t\t<\/div>\r\n\t\t\t\t\t\t\t\r\n\t\t\t\t\t\r\n\t\t\t\r\n\t\t\t\t\t<div class=\"col-12 col-lg-4\">\r\n\t\t\t\t\t\t<div class=\"m-2\">\r\n\t\t\t\t\t\t\t\r\n\t\t\t\t\t\t\t<div style=\"font-size:inherit;\" class=\"p-3 bg-color-wine accordion-button accordion-button-color-white color-white collapsed\" data-bs-toggle=\"collapse\" href=\"#collapse-video-boxes-3\" role=\"button\" aria-expanded=\"false\" aria-controls=\"collapseExample\">\r\n\t\t\t\t\t\t\t\t<h3 class=\"h4 color-white\">F\u00e1na Eile<\/h3>\r\n\t\t\t\t\t\t\t<\/div>\r\n\t\t\t\t\t\t\t\r\n\t\t\t\t\t\t\t\r\n\t\t\t\t\t\t\t\r\n\t\t\t\t\t\t\t<hr class=\"my-0\" style=\"border-top:1px solid #9C9494; opacity: 1;\" \/>\r\n\t\t\t\t\t\t\t<div class=\"w-100 bg-img overflow-hidden position-relative\" style=\"min-height:450px;\">\r\n\t\t\t\t\t\t\t\t<div class=\"w-100 h-100 overflow-hidden border-radius-smaller\" style=\"position:absolute; top:0; left:0;\">\r\n\t\t\t\t\t\t\t\t\t<div class=\"w-100 h-100\">\r\n\t\t\t\t\t\t\t\t\t\t\t\t\t\t\t\t\t\t\t\t\t<div style=\"background-image:url('https:\/\/www.nationalparks.ie\/app\/uploads\/2022\/11\/CNP_other_smooth-newt-e1669310303172.png'); background-size:cover; background-position:center center; height:100%; width:100%;\"><\/div>\r\n\t\t\t\t\t\t\t\t\t\t <!-- <img decoding=\"async\" src=\"\" style=\"width:100%; height:auto;\" \/> -->\r\n\t\t\t\t\t\t\t\t\t\t\t\t\t\t\t\t\t\t\t<\/div>\r\n\t\t\t\t\t\t\t\t<\/div>\r\n\t\t\t\t\t\t\t\t<div style=\"position:relative; z-index:1;\" class=\"p-3 bg-color-wine collapse\" id=\"collapse-video-boxes-3\">\r\n\t\t\t\t\t\t\t\t\t<p>Leis an r\u00e9imse gn\u00e1th\u00f3g at\u00e1 i bP\u00e1irc N\u00e1isi\u00fanta Chonamara is f\u00e9idir leis an bp\u00e1irc tac\u00fa le r\u00e9imse \u00e9ags\u00fail speiceas m\u00e1s i sl\u00e9ibhte na dtailte arda n\u00f3 i gcoillearnacha agus i bhf\u00e9arthalamh sna h\u00edsealchr\u00edocha iad. T\u00e1 bric, brad\u00e1in agus di\u00failic\u00edn\u00ed P\u00e9arla Fionnuisce sna haibhneacha.<\/p>\n<p>T\u00e1 dh\u00e1 cheann de na tr\u00ed speiceas amfaibiacha is f\u00e9idir a aimsi\u00fa in \u00c9irinn i gConamara: an frog coiteann agus an t-earc luachra.<\/p>\n\t\t\t\t\t\t\t\t<\/div>\t\r\n\t\t\t\t\t\t\t<\/div>\t\r\n\t\t\t\t\t\t<\/div>\t\r\n\t\t\t\t\t<\/div>\r\n\t\t\t\t\t\t\t\r\n\t\t\t\t\t\t\t\t\r\n\t\t<\/div>\r\n\t<\/div>\r\n<\/section>\r\n\r\n\r\n\r\n\r\n\n\n\r\n<a id=\"breeds\" style=\"\"><\/a>\r\n\r\n\r\n\n\n\r\n<section id=\"block_fe4f4a7551bcb9981f64e93d0e407d8a\" class=\"section-twocolumns py-4 py-lg-4 bg-color-eden-light-3 color-white\" style=\"background-image:url(); \">\r\n\t\t<div class=\"d-flex flex-column\">\r\n\t\t\r\n\t \t\r\n\t<div class=\"container-fluid px-3 px-lg-5 section-twocolumns__columns order-2 \">\r\n\t\t<div class=\"row\">\r\n\t\t\t<div class=\"d-flex flex-column flex-lg-row\">\r\n\t\t\t\t<div class=\"col-12 col-lg-4  first-column\">\r\n\t\t\t\t\t<h3 class=\"h2\">P\u00f3rtha Oidhreachta<\/h3>\n\t\t\t\t<\/div>\r\n\t\t\t\t<div class=\"col-12 col-lg-8  mb-3 mb-lg-5 second-column\">\r\n\t\t\t\t\t<div class=\"h3\">I bP\u00e1irc N\u00e1isi\u00fanta Chonamara, t\u00e1imid tiomanta do ph\u00f3rtha oidhreachta a chaomhn\u00fa agus taca\u00edmid le lean\u00faint na gcleachtas fairsing talmha\u00edochta a ghlacann le stair bhainist\u00edochta \u00edsealchr\u00edocha na P\u00e1irce N\u00e1isi\u00fanta.<\/div>\n<p>T\u00e1 an fhoireann bhainist\u00edochta sa Ph\u00e1irc N\u00e1isi\u00fanta ag obair go dl\u00fath le Comhairle Contae Fhine Gall agus Teach &#038; Dim\u00e9in Dhroichead Nua chun cl\u00e1r p\u00f3rtha oidhreachta agus eisp\u00e9ireas cuarta\u00edochta i bP\u00e1irc N\u00e1isi\u00fanta Chonamara a fhorbairt<\/p>\n<p>Faigh tuilleadh eolais faoin\u00e1r gcuid oibre agus faoin gcaoi a chomhoibr\u00edmid le heagra\u00edochta\u00ed comhph\u00e1irt\u00edochta chun p\u00f3rtha oidhreachta a chaomhn\u00fa in\u00e1r dtionscadail chaomhnaithe th\u00edos.<\/p>\n\t\t\t\t<\/div>\r\n\t\t\t<\/div>\r\n\t\t<\/div>\r\n\t<\/div>\r\n\t\t\r\n<\/section>\r\n\n\n\n\n<section id=\"section-video-block_476220872e1b44093709a996957e4f07\" class=\"section-video d-flex justify-content-center\" style=\"margin-top:0;\">\n\t\n\t\t\t<div aria-hidden=\"true\" class=\"img-wrap\" style=\"width:100%; min-width:1280px; position:relative; height:420px; overflow:hidden; background-image:url(https:\/\/www.nationalparks.ie\/app\/uploads\/2022\/09\/Parallax-Image-13.png); background-size:cover;\"><\/div>\n\t<\/section>\n\n\r\n<a id=\"geology\" style=\"\"><\/a>\r\n\r\n\r\n\n\n\r\n<section id=\"block_d324372a5ab0c628e286d748aa103333\" class=\"section-twocolumns py-4 py-lg-4 bg-color-eden-light-1 color-black\" style=\"background-image:url(); \">\r\n\t\t\r\n\t\t<div class=\"container-fluid px-3 px-lg-5\">\r\n\t\t\t<div class=\"row\">\r\n\t\t\t\t<div class=\"col-12 section-twocolumns__title\">\r\n\t\t\t\t\t<h2 class=\"font-size-heading\">Geola\u00edocht<\/h2>\r\n\t\t\t\t<\/div>\r\n\t\t\t<\/div>\t\r\n\t\t<\/div>\t\r\n\t\t<hr>\r\n\t\t<div class=\"d-flex flex-column\">\r\n\t\t\t<div class=\"container-fluid px-3 px-lg-5 section-twocolumns__text section-twocolumns__columns order-1\">\r\n\t\t\t<div class=\"row\">\r\n\t\t\t\t\t<div class=\"col-12 \">\r\n\t\t\t\t\t\t<div class=\"h4 font-family-naisiuntamedium\"><p><img loading=\"lazy\" decoding=\"async\" src=\"https:\/\/www.nationalparks.ie\/app\/uploads\/2022\/09\/Birds-Image-1.png\" alt=\"Carraig mheiteamorfacha\" width=\"1257\" height=\"456\" class=\"alignnone size-full wp-image-11322\" srcset=\"https:\/\/www.nationalparks.ie\/app\/uploads\/2022\/09\/Birds-Image-1.png 1257w, https:\/\/www.nationalparks.ie\/app\/uploads\/2022\/09\/Birds-Image-1-300x109.png 300w, https:\/\/www.nationalparks.ie\/app\/uploads\/2022\/09\/Birds-Image-1-1024x371.png 1024w, https:\/\/www.nationalparks.ie\/app\/uploads\/2022\/09\/Birds-Image-1-768x279.png 768w\" sizes=\"auto, (max-width: 1257px) 100vw, 1257px\" \/><\/p>\n<\/div>\r\n\t\t\t\t\t<\/div>\r\n\t\t\t<\/div>\r\n\t\t<\/div>\t\r\n\t\t\r\n\t \t\r\n\t<div class=\"container-fluid px-3 px-lg-5 section-twocolumns__columns order-2 \">\r\n\t\t<div class=\"row\">\r\n\t\t\t<div class=\"d-flex flex-column flex-lg-row\">\r\n\t\t\t\t<div class=\"col-12 col-lg-8  first-column\">\r\n\t\t\t\t\t<h3 class=\"h1 pe-0 pe-lg-5 pt-4 pt-lg-5\">Faoin bP\u00e1irc N\u00e1isi\u00fanta t\u00e1 carraigeacha meiteamorfacha at\u00e1 coitianta i gceantar Bheanna Beola. Tagann na carraigeacha seo \u00f3 dhr\u00edodair a sil-leagadh ar mhuir scairbhe te idir 700 agus 500 milli\u00fan bliain \u00f3 shin.<\/h3>\n\t\t\t\t<\/div>\r\n\t\t\t\t<div class=\"col-12 col-lg-4  mb-3 mb-lg-5 second-column\">\r\n\t\t\t\t\t<p class=\"pt-4 pt-lg-5\">De bharr talamhardaithe i screamh an Domhain rinneadh na dr\u00edodair ina siosta\u00ed criostalta laistigh d\u2019fhr\u00e9amhacha sliabhraon s\u00ednte. De bharr an ardaithe r\u00e9igi\u00fanaigh agus an chreimthe t\u00e1 na carraigeacha tagtha go barr na tal\u00fan.<\/p>\n<p>Grianchloich\u00edt at\u00e1 n\u00edos frithsheasmha\u00ed at\u00e1 i bhformh\u00f3r mhulla\u00ed na sl\u00e9ibhte, agus is \u00e9 at\u00e1 sna taobhanna siosta\u00ed nach bhfuil chomh frithsheasmhach c\u00e9anna agus marmar liath. Leis an oighearaois dheireanach, a raibh deireadh l\u00e9i thart ar 10,000 bliain \u00f3 shin, cuireadh cruth deiridh ar an t\u00edrdhreach agus f\u00e1gadh fosuithe log\u00e1nta gainimh agus gairbh\u00e9il, cr\u00e9 bholl\u00e1in forleithne agus boll\u00e1in chorr ina diaidh.<\/p>\n<p>Is iad na gn\u00e9ithe seo a chinnt\u00edonn patr\u00fan na bpobal planda\u00ed at\u00e1 sa ph\u00e1irc.<\/p>\n\t\t\t\t<\/div>\r\n\t\t\t<\/div>\r\n\t\t<\/div>\r\n\t<\/div>\r\n\t\t\r\n<\/section>\r\n\n\n\r\n<a id=\"archaeology\" style=\"\"><\/a>\r\n\r\n\r\n\n\n\r\n<section id=\"block_1943655961abfdc2cbd41b94c1096302\" class=\"section-twocolumns py-4 py-lg-4 bg-color-beige color-black\" style=\"background-image:url(); \">\r\n\t\t\r\n\t\t<div class=\"container-fluid px-3 px-lg-5\">\r\n\t\t\t<div class=\"row\">\r\n\t\t\t\t<div class=\"col-12 section-twocolumns__title\">\r\n\t\t\t\t\t<h2 class=\"font-size-heading\">An tSeand\u00e1la\u00edocht &#038; Seaniarsma Staire<\/h2>\r\n\t\t\t\t<\/div>\r\n\t\t\t<\/div>\t\r\n\t\t<\/div>\t\r\n\t\t<hr>\r\n\t\t<div class=\"d-flex flex-column\">\r\n\t\t\t<div class=\"container-fluid px-3 px-lg-5 section-twocolumns__text section-twocolumns__columns order-1\">\r\n\t\t\t<div class=\"row\">\r\n\t\t\t\t\t<div class=\"col-12 \">\r\n\t\t\t\t\t\t<div class=\"h4 font-family-naisiuntamedium\"><h3 class=\"h1\">T\u00e1 cuid mh\u00f3r su\u00edomhanna i bP\u00e1irc N\u00e1isi\u00fanta Chonamara a bhfuil t\u00e1bhacht seand\u00e1la\u00edochta agus staire ag baint leo, a bhfuil cuid acu ag dul siar na m\u00edlte bliain, rud a chuireann b\u00e9im ar stair shaibhir thailte na P\u00e1irce N\u00e1isi\u00fanta agus ar an bp\u00e1irc a bheith ina \u00e1it ch\u00f3naithe don duine le fada an l\u00e1.<\/h3>\n<\/div>\r\n\t\t\t\t\t<\/div>\r\n\t\t\t<\/div>\r\n\t\t<\/div>\t\r\n\t\t\r\n\t \t\r\n\t<div class=\"container-fluid px-3 px-lg-5 section-twocolumns__columns order-2 \">\r\n\t\t<div class=\"row\">\r\n\t\t\t<div class=\"d-flex flex-column flex-lg-row\">\r\n\t\t\t\t<div class=\"col-12 col-lg-6  first-column\">\r\n\t\t\t\t\t<div class=\"pt-4 pt-lg-5 pe-4 pe-lg-5\">\n<p>T\u00e1 suirbh\u00e9 seand\u00e1la\u00edochta ar an bp\u00e1irc ar bun ag Helen Riekstins (Treora\u00ed na P\u00e1irce N\u00e1isi\u00fanta &#038; Seand\u00e1la\u00ed arb ea \u00ed) \u00f3 2017. Go dt\u00ed seo cuireadh 13 su\u00edomh nua ar taifead, a chuireann leis an d\u00e1 thuama meigiliteacha a bh\u00ed ar eolas cheana. Sheice\u00e1il Seirbh\u00eds na S\u00e9adchomhartha\u00ed N\u00e1isi\u00fanta (NMS) na Roinne Tith\u00edochta, Rialtais \u00c1iti\u00fail agus Oidhreachta s\u00e9 cinn de na su\u00edomhanna nua.<\/p>\n<p>I measc na su\u00edomhanna seo t\u00e1 carn, gall\u00e1n, teach, imfh\u00e1laithe, balla r\u00e9amhphortaigh agus both\u00e1n at\u00e1 gar don \u00e1it. T\u00e1 s\u00e9 beartaithe na seacht su\u00edomh at\u00e1 f\u00e1gtha a chur san \u00e1ireamh sa ch\u00e9ad leas\u00fa eile a dh\u00e9anfar ar Thaifead na S\u00e9adchomhartha\u00ed agus na n\u00c1iteanna (RMP), mar a l\u00e9ir\u00edtear ar an amharc\u00f3ir poibl\u00ed. F\u00e9ach tuilleadh sa treoir is f\u00e9idir \u00edosl\u00f3d\u00e1il.\n<\/p>\n<div class=\"d-flex flex-column flex-lg-row mt-5\">\n<a class=\"btn-02 border-radius-small d-table mt-4 me-4\" href=\"https:\/\/maps.archaeology.ie\/HistoricEnvironment\/\" target=\"_blank\">Amharc\u00f3ir Poibl\u00ed RMP<\/a><br \/>\n<a class=\"btn-01 btn-download mb-4 mb-lg-0 d-block d-lg-table text-uppercase color-black\" href=\"\/app\/uploads\/2022\/09\/Monuments_CNP_web.pdf\" target=\"_blank\" rel=\"noopener\">Treoir na S\u00e9adchomhartha\u00ed<\/a>\n<\/div>\n<\/div>\n\t\t\t\t<\/div>\r\n\t\t\t\t<div class=\"col-12 col-lg-6  mb-3 mb-lg-5 second-column\">\r\n\t\t\t\t\t<p><img loading=\"lazy\" decoding=\"async\" src=\"\/app\/uploads\/2022\/09\/walledsite.jpg\" alt=\"Foirgneamh Stairi\u00fail\" width=\"621\" height=\"762\" class=\"alignnone size-full wp-image-11333\" \/><\/p>\n\t\t\t\t<\/div>\r\n\t\t\t<\/div>\r\n\t\t<\/div>\r\n\t<\/div>\r\n\t\t\r\n<\/section>\r\n\n\n\r\n<a id=\"protected\" style=\"\"><\/a>\r\n\r\n\r\n\n\n\r\n<section id=\"block_45e5b443f775394d1155e480df20d726\" class=\"section-twocolumns py-4 py-lg-4 bg-color-eden-light-1 color-black\" style=\"background-image:url(); \">\r\n\t\t\r\n\t\t<div class=\"container-fluid px-3 px-lg-5\">\r\n\t\t\t<div class=\"row\">\r\n\t\t\t\t<div class=\"col-12 section-twocolumns__title\">\r\n\t\t\t\t\t<h2 class=\"font-size-heading\">Su\u00edomhanna Cosanta Eile<\/h2>\r\n\t\t\t\t<\/div>\r\n\t\t\t<\/div>\t\r\n\t\t<\/div>\t\r\n\t\t<hr>\r\n\t\t<div class=\"d-flex flex-column\">\r\n\t\t\r\n\t \t\r\n\t<div class=\"container-fluid px-3 px-lg-5 section-twocolumns__columns order-2 \">\r\n\t\t<div class=\"row\">\r\n\t\t\t<div class=\"d-flex flex-column flex-lg-row\">\r\n\t\t\t\t<div class=\"col-12 col-lg-6  first-column\">\r\n\t\t\t\t\t<div style=\"padding: 0 0 0 1rem;\"><img loading=\"lazy\" decoding=\"async\" src=\"https:\/\/www.nationalparks.ie\/app\/uploads\/2022\/09\/Birds-Image-2.png\" alt=\"Loch Dhoire an Chl\u00e1ir\" width=\"622\" height=\"520\" class=\"alignnone size-full wp-image-11349\" srcset=\"https:\/\/www.nationalparks.ie\/app\/uploads\/2022\/09\/Birds-Image-2.png 622w, https:\/\/www.nationalparks.ie\/app\/uploads\/2022\/09\/Birds-Image-2-300x251.png 300w\" sizes=\"auto, (max-width: 622px) 100vw, 622px\" \/><\/p>\n<p>Thuas: Loch Dhoire an Chl\u00e1ir<\/p>\n<\/div>\n\t\t\t\t<\/div>\r\n\t\t\t\t<div class=\"col-12 col-lg-6  mb-3 mb-lg-5 second-column\">\r\n\t\t\t\t\t<div style=\"padding: 0 1rem;\">\n<p class=\"h3 font-family-naisiuntamedium mb-4\">Is dh\u00e1 shu\u00edomh chosanta eile iad seo a leanas a bhfuil t\u00e1bhacht cult\u00fair agus staire ag baint leo at\u00e1 c\u00f3ngarach do cheantar na P\u00e1irce N\u00e1isi\u00fanta: Coill Knockma, B\u00e9al Chl\u00e1ir, Co. na Gaillimhe agus Anaclann D\u00falra Dhoire an Chl\u00e1ir, Eidhneach, Co. na Gaillimhe.<\/p>\n<\/div>\n\t\t\t\t<\/div>\r\n\t\t\t<\/div>\r\n\t\t<\/div>\r\n\t<\/div>\r\n\t\t\r\n<\/section>\r\n\n\n\n\n<section id=\"section-video-block_2bbeff066b88c6a640b5c5b1b155485c\" class=\"section-video d-flex justify-content-center\" style=\"margin-top:0;\">\n\t\n\t\t\t<div aria-hidden=\"true\" class=\"img-wrap\" style=\"width:100%; min-width:1280px; position:relative; height:420px; overflow:hidden; background-image:url(https:\/\/www.nationalparks.ie\/app\/uploads\/2022\/09\/Parallax-Image-30.png); background-size:cover;\"><\/div>\n\t<\/section>","protected":false},"excerpt":{"rendered":"","protected":false},"author":14,"featured_media":0,"parent":7792,"menu_order":0,"comment_status":"closed","ping_status":"closed","template":"","meta":{"_acf_changed":false,"_uag_custom_page_level_css":"","footnotes":""},"class_list":["post-7795","page","type-page","status-publish","hentry"],"acf":[],"yoast_head":"<!-- This site is optimized with the Yoast SEO plugin v27.5 - https:\/\/yoast.com\/product\/yoast-seo-wordpress\/ -->\n<title>Nature &amp; Conservation - P\u00e1irc N\u00e1isi\u00fanta Chonamara - National Parks of Ireland<\/title>\n<meta name=\"robots\" content=\"index, follow, max-snippet:-1, max-image-preview:large, max-video-preview:-1\" \/>\n<link rel=\"canonical\" href=\"https:\/\/www.nationalparks.ie\/ga\/connemara\/nature-conservation\/\" \/>\n<meta property=\"og:locale\" content=\"ga_IE\" \/>\n<meta property=\"og:type\" content=\"article\" \/>\n<meta property=\"og:title\" content=\"Nature &amp; Conservation - P\u00e1irc N\u00e1isi\u00fanta Chonamara - National Parks of Ireland\" \/>\n<meta property=\"og:url\" content=\"https:\/\/www.nationalparks.ie\/ga\/connemara\/nature-conservation\/\" \/>\n<meta property=\"og:site_name\" content=\"National Parks of Ireland\" \/>\n<meta property=\"article:modified_time\" content=\"2023-02-15T11:23:00+00:00\" \/>\n<meta name=\"twitter:card\" content=\"summary_large_image\" \/>\n<script type=\"application\/ld+json\" class=\"yoast-schema-graph\">{\"@context\":\"https:\\\/\\\/schema.org\",\"@graph\":[{\"@type\":\"WebPage\",\"@id\":\"https:\\\/\\\/www.nationalparks.ie\\\/ga\\\/connemara\\\/nature-conservation\\\/\",\"url\":\"https:\\\/\\\/www.nationalparks.ie\\\/ga\\\/connemara\\\/nature-conservation\\\/\",\"name\":\"Nature & Conservation - P\u00e1irc N\u00e1isi\u00fanta Chonamara - National Parks of Ireland\",\"isPartOf\":{\"@id\":\"https:\\\/\\\/www.nationalparks.ie\\\/ga\\\/#website\"},\"datePublished\":\"2022-09-02T08:34:49+00:00\",\"dateModified\":\"2023-02-15T11:23:00+00:00\",\"breadcrumb\":{\"@id\":\"https:\\\/\\\/www.nationalparks.ie\\\/ga\\\/connemara\\\/nature-conservation\\\/#breadcrumb\"},\"inLanguage\":\"ga-IE\",\"potentialAction\":[{\"@type\":\"ReadAction\",\"target\":[\"https:\\\/\\\/www.nationalparks.ie\\\/ga\\\/connemara\\\/nature-conservation\\\/\"]}]},{\"@type\":\"BreadcrumbList\",\"@id\":\"https:\\\/\\\/www.nationalparks.ie\\\/ga\\\/connemara\\\/nature-conservation\\\/#breadcrumb\",\"itemListElement\":[{\"@type\":\"ListItem\",\"position\":1,\"name\":\"Home\",\"item\":\"https:\\\/\\\/www.nationalparks.ie\\\/ga\\\/\"},{\"@type\":\"ListItem\",\"position\":2,\"name\":\"Chonamara\",\"item\":\"https:\\\/\\\/www.nationalparks.ie\\\/ga\\\/connemara\\\/\"},{\"@type\":\"ListItem\",\"position\":3,\"name\":\"Nature &#038; Conservation\"}]},{\"@type\":\"WebSite\",\"@id\":\"https:\\\/\\\/www.nationalparks.ie\\\/ga\\\/#website\",\"url\":\"https:\\\/\\\/www.nationalparks.ie\\\/ga\\\/\",\"name\":\"National Parks of Ireland\",\"description\":\"Where Nature Speaks\",\"publisher\":{\"@id\":\"https:\\\/\\\/www.nationalparks.ie\\\/ga\\\/#organization\"},\"potentialAction\":[{\"@type\":\"SearchAction\",\"target\":{\"@type\":\"EntryPoint\",\"urlTemplate\":\"https:\\\/\\\/www.nationalparks.ie\\\/ga\\\/?s={search_term_string}\"},\"query-input\":{\"@type\":\"PropertyValueSpecification\",\"valueRequired\":true,\"valueName\":\"search_term_string\"}}],\"inLanguage\":\"ga-IE\"},{\"@type\":\"Organization\",\"@id\":\"https:\\\/\\\/www.nationalparks.ie\\\/ga\\\/#organization\",\"name\":\"National Parks of Ireland\",\"url\":\"https:\\\/\\\/www.nationalparks.ie\\\/ga\\\/\",\"logo\":{\"@type\":\"ImageObject\",\"inLanguage\":\"ga-IE\",\"@id\":\"https:\\\/\\\/www.nationalparks.ie\\\/ga\\\/#\\\/schema\\\/logo\\\/image\\\/\",\"url\":\"https:\\\/\\\/www.nationalparks.ie\\\/app\\\/uploads\\\/2022\\\/02\\\/np-logo-icon.png\",\"contentUrl\":\"https:\\\/\\\/www.nationalparks.ie\\\/app\\\/uploads\\\/2022\\\/02\\\/np-logo-icon.png\",\"width\":97,\"height\":90,\"caption\":\"National Parks of Ireland\"},\"image\":{\"@id\":\"https:\\\/\\\/www.nationalparks.ie\\\/ga\\\/#\\\/schema\\\/logo\\\/image\\\/\"}}]}<\/script>\n<!-- \/ Yoast SEO plugin. -->","yoast_head_json":{"title":"Nature & Conservation - P\u00e1irc N\u00e1isi\u00fanta Chonamara - National Parks of Ireland","robots":{"index":"index","follow":"follow","max-snippet":"max-snippet:-1","max-image-preview":"max-image-preview:large","max-video-preview":"max-video-preview:-1"},"canonical":"https:\/\/www.nationalparks.ie\/ga\/connemara\/nature-conservation\/","og_locale":"ga_IE","og_type":"article","og_title":"Nature & Conservation - P\u00e1irc N\u00e1isi\u00fanta Chonamara - National Parks of Ireland","og_url":"https:\/\/www.nationalparks.ie\/ga\/connemara\/nature-conservation\/","og_site_name":"National Parks of Ireland","article_modified_time":"2023-02-15T11:23:00+00:00","twitter_card":"summary_large_image","schema":{"@context":"https:\/\/schema.org","@graph":[{"@type":"WebPage","@id":"https:\/\/www.nationalparks.ie\/ga\/connemara\/nature-conservation\/","url":"https:\/\/www.nationalparks.ie\/ga\/connemara\/nature-conservation\/","name":"Nature & Conservation - P\u00e1irc N\u00e1isi\u00fanta Chonamara - National Parks of Ireland","isPartOf":{"@id":"https:\/\/www.nationalparks.ie\/ga\/#website"},"datePublished":"2022-09-02T08:34:49+00:00","dateModified":"2023-02-15T11:23:00+00:00","breadcrumb":{"@id":"https:\/\/www.nationalparks.ie\/ga\/connemara\/nature-conservation\/#breadcrumb"},"inLanguage":"ga-IE","potentialAction":[{"@type":"ReadAction","target":["https:\/\/www.nationalparks.ie\/ga\/connemara\/nature-conservation\/"]}]},{"@type":"BreadcrumbList","@id":"https:\/\/www.nationalparks.ie\/ga\/connemara\/nature-conservation\/#breadcrumb","itemListElement":[{"@type":"ListItem","position":1,"name":"Home","item":"https:\/\/www.nationalparks.ie\/ga\/"},{"@type":"ListItem","position":2,"name":"Chonamara","item":"https:\/\/www.nationalparks.ie\/ga\/connemara\/"},{"@type":"ListItem","position":3,"name":"Nature &#038; Conservation"}]},{"@type":"WebSite","@id":"https:\/\/www.nationalparks.ie\/ga\/#website","url":"https:\/\/www.nationalparks.ie\/ga\/","name":"National Parks of Ireland","description":"Where Nature Speaks","publisher":{"@id":"https:\/\/www.nationalparks.ie\/ga\/#organization"},"potentialAction":[{"@type":"SearchAction","target":{"@type":"EntryPoint","urlTemplate":"https:\/\/www.nationalparks.ie\/ga\/?s={search_term_string}"},"query-input":{"@type":"PropertyValueSpecification","valueRequired":true,"valueName":"search_term_string"}}],"inLanguage":"ga-IE"},{"@type":"Organization","@id":"https:\/\/www.nationalparks.ie\/ga\/#organization","name":"National Parks of Ireland","url":"https:\/\/www.nationalparks.ie\/ga\/","logo":{"@type":"ImageObject","inLanguage":"ga-IE","@id":"https:\/\/www.nationalparks.ie\/ga\/#\/schema\/logo\/image\/","url":"https:\/\/www.nationalparks.ie\/app\/uploads\/2022\/02\/np-logo-icon.png","contentUrl":"https:\/\/www.nationalparks.ie\/app\/uploads\/2022\/02\/np-logo-icon.png","width":97,"height":90,"caption":"National Parks of Ireland"},"image":{"@id":"https:\/\/www.nationalparks.ie\/ga\/#\/schema\/logo\/image\/"}}]}},"spectra_custom_meta":{"_wp_page_template":["default"],"_edit_last":["11"],"_edit_lock":["1676460205:11"],"_wpml_media_featured":["1","1"],"_wpml_media_duplicate":["1","1"],"_yoast_wpseo_estimated-reading-time-minutes":["0"],"_wpml_word_count":["{\"total\":13,\"to_translate\":{\"ga\":13}}"],"_yoast_wpseo_title":["%%title%% %%page%% %%sep%% P\u00e1irc N\u00e1isi\u00fanta Chonamara %%sep%% %%sitename%%"],"cmplz_hide_cookiebanner":[""],"_yoast_wpseo_wordproof_timestamp":[""],"_dp_original":["505"],"_last_translation_edit_mode":["native-editor"],"_wpml_location_migration_done":["1"],"_cmplz_remote_scanned_post":["1"],"_tribe_ticket_capacity":["0"],"_tribe_ticket_version":["5.21.1"],"_uag_css_file_name":["uag-css-7795.css"],"_uagb_previous_block_counts":["a:90:{s:21:\"uagb\/advanced-heading\";i:0;s:15:\"uagb\/blockquote\";i:0;s:12:\"uagb\/buttons\";i:0;s:18:\"uagb\/buttons-child\";i:0;s:19:\"uagb\/call-to-action\";i:0;s:15:\"uagb\/cf7-styler\";i:0;s:11:\"uagb\/column\";i:0;s:12:\"uagb\/columns\";i:0;s:14:\"uagb\/container\";i:0;s:21:\"uagb\/content-timeline\";i:0;s:27:\"uagb\/content-timeline-child\";i:0;s:14:\"uagb\/countdown\";i:0;s:12:\"uagb\/counter\";i:0;s:8:\"uagb\/faq\";i:0;s:14:\"uagb\/faq-child\";i:0;s:10:\"uagb\/forms\";i:0;s:17:\"uagb\/forms-accept\";i:0;s:19:\"uagb\/forms-checkbox\";i:0;s:15:\"uagb\/forms-date\";i:0;s:16:\"uagb\/forms-email\";i:0;s:17:\"uagb\/forms-hidden\";i:0;s:15:\"uagb\/forms-name\";i:0;s:16:\"uagb\/forms-phone\";i:0;s:16:\"uagb\/forms-radio\";i:0;s:17:\"uagb\/forms-select\";i:0;s:19:\"uagb\/forms-textarea\";i:0;s:17:\"uagb\/forms-toggle\";i:0;s:14:\"uagb\/forms-url\";i:0;s:14:\"uagb\/gf-styler\";i:0;s:15:\"uagb\/google-map\";i:0;s:11:\"uagb\/how-to\";i:0;s:16:\"uagb\/how-to-step\";i:0;s:9:\"uagb\/icon\";i:0;s:14:\"uagb\/icon-list\";i:0;s:20:\"uagb\/icon-list-child\";i:0;s:10:\"uagb\/image\";i:0;s:18:\"uagb\/image-gallery\";i:0;s:13:\"uagb\/info-box\";i:0;s:18:\"uagb\/inline-notice\";i:0;s:11:\"uagb\/lottie\";i:0;s:21:\"uagb\/marketing-button\";i:0;s:10:\"uagb\/modal\";i:0;s:18:\"uagb\/popup-builder\";i:0;s:16:\"uagb\/post-button\";i:0;s:18:\"uagb\/post-carousel\";i:0;s:17:\"uagb\/post-excerpt\";i:0;s:14:\"uagb\/post-grid\";i:0;s:15:\"uagb\/post-image\";i:0;s:17:\"uagb\/post-masonry\";i:0;s:14:\"uagb\/post-meta\";i:0;s:18:\"uagb\/post-taxonomy\";i:0;s:18:\"uagb\/post-timeline\";i:0;s:15:\"uagb\/post-title\";i:0;s:20:\"uagb\/restaurant-menu\";i:0;s:26:\"uagb\/restaurant-menu-child\";i:0;s:11:\"uagb\/review\";i:0;s:12:\"uagb\/section\";i:0;s:14:\"uagb\/separator\";i:0;s:11:\"uagb\/slider\";i:0;s:17:\"uagb\/slider-child\";i:0;s:17:\"uagb\/social-share\";i:0;s:23:\"uagb\/social-share-child\";i:0;s:16:\"uagb\/star-rating\";i:0;s:23:\"uagb\/sure-cart-checkout\";i:0;s:22:\"uagb\/sure-cart-product\";i:0;s:15:\"uagb\/sure-forms\";i:0;s:22:\"uagb\/table-of-contents\";i:0;s:9:\"uagb\/tabs\";i:0;s:15:\"uagb\/tabs-child\";i:0;s:18:\"uagb\/taxonomy-list\";i:0;s:9:\"uagb\/team\";i:0;s:16:\"uagb\/testimonial\";i:0;s:14:\"uagb\/wp-search\";i:0;s:19:\"uagb\/instagram-feed\";i:0;s:10:\"uagb\/login\";i:0;s:17:\"uagb\/loop-builder\";i:0;s:18:\"uagb\/loop-category\";i:0;s:20:\"uagb\/loop-pagination\";i:0;s:15:\"uagb\/loop-reset\";i:0;s:16:\"uagb\/loop-search\";i:0;s:14:\"uagb\/loop-sort\";i:0;s:17:\"uagb\/loop-wrapper\";i:0;s:13:\"uagb\/register\";i:0;s:19:\"uagb\/register-email\";i:0;s:24:\"uagb\/register-first-name\";i:0;s:23:\"uagb\/register-last-name\";i:0;s:22:\"uagb\/register-password\";i:0;s:30:\"uagb\/register-reenter-password\";i:0;s:19:\"uagb\/register-terms\";i:0;s:22:\"uagb\/register-username\";i:0;}"],"_uag_page_assets":["a:9:{s:3:\"css\";s:260:\".uag-blocks-common-selector{z-index:var(--z-index-desktop) !important}@media(max-width: 976px){.uag-blocks-common-selector{z-index:var(--z-index-tablet) !important}}@media(max-width: 767px){.uag-blocks-common-selector{z-index:var(--z-index-mobile) !important}}\";s:2:\"js\";s:0:\"\";s:18:\"current_block_list\";a:17:{i:0;s:22:\"acf\/park---hero-banner\";i:1;s:28:\"acf\/park---anchor-navigation\";i:2;s:22:\"acf\/park---two-columns\";i:3;s:27:\"acf\/park--block-anchor-link\";i:4;s:20:\"acf\/park---icon-list\";i:5;s:32:\"acf\/all-parks---background-video\";i:6;s:19:\"acf\/park---projects\";i:7;s:27:\"acf\/park---dropdown-gallery\";i:8;s:26:\"acf\/park---highlight-boxes\";i:9;s:22:\"acf\/park---video-boxes\";i:10;s:11:\"core\/search\";i:11;s:10:\"core\/group\";i:12;s:12:\"core\/heading\";i:13;s:17:\"core\/latest-posts\";i:14;s:20:\"core\/latest-comments\";i:15;s:13:\"core\/archives\";i:16;s:15:\"core\/categories\";}s:8:\"uag_flag\";b:0;s:11:\"uag_version\";s:10:\"1777465068\";s:6:\"gfonts\";a:0:{}s:10:\"gfonts_url\";s:0:\"\";s:12:\"gfonts_files\";a:0:{}s:14:\"uag_faq_layout\";b:0;}"]},"uagb_featured_image_src":{"full":false,"thumbnail":false,"medium":false,"medium_large":false,"large":false,"1536x1536":false,"2048x2048":false,"gform-image-choice-sm":false,"gform-image-choice-md":false,"gform-image-choice-lg":false},"uagb_author_info":{"display_name":"Connemara National Park","author_link":"https:\/\/www.nationalparks.ie\/ga\/author\/connemara\/"},"uagb_comment_info":0,"uagb_excerpt":null,"_links":{"self":[{"href":"https:\/\/www.nationalparks.ie\/ga\/wp-json\/wp\/v2\/pages\/7795","targetHints":{"allow":["GET"]}}],"collection":[{"href":"https:\/\/www.nationalparks.ie\/ga\/wp-json\/wp\/v2\/pages"}],"about":[{"href":"https:\/\/www.nationalparks.ie\/ga\/wp-json\/wp\/v2\/types\/page"}],"author":[{"embeddable":true,"href":"https:\/\/www.nationalparks.ie\/ga\/wp-json\/wp\/v2\/users\/14"}],"replies":[{"embeddable":true,"href":"https:\/\/www.nationalparks.ie\/ga\/wp-json\/wp\/v2\/comments?post=7795"}],"version-history":[{"count":102,"href":"https:\/\/www.nationalparks.ie\/ga\/wp-json\/wp\/v2\/pages\/7795\/revisions"}],"predecessor-version":[{"id":16941,"href":"https:\/\/www.nationalparks.ie\/ga\/wp-json\/wp\/v2\/pages\/7795\/revisions\/16941"}],"up":[{"embeddable":true,"href":"https:\/\/www.nationalparks.ie\/ga\/wp-json\/wp\/v2\/pages\/7792"}],"wp:attachment":[{"href":"https:\/\/www.nationalparks.ie\/ga\/wp-json\/wp\/v2\/media?parent=7795"}],"curies":[{"name":"wp","href":"https:\/\/api.w.org\/{rel}","templated":true}]}}