{"id":7814,"date":"2022-09-22T08:58:32","date_gmt":"2022-09-22T07:58:32","guid":{"rendered":"https:\/\/www.nationalparks.ie\/?page_id=7814"},"modified":"2023-06-08T16:49:07","modified_gmt":"2023-06-08T15:49:07","slug":"nature-conservation","status":"publish","type":"page","link":"https:\/\/www.nationalparks.ie\/ga\/killarney\/nature-conservation\/","title":{"rendered":"D\u00falra &#038; Caomhn\u00fa"},"content":{"rendered":"\n\n<!--#section-hero\" -->\n<section id=\"block_67cc8c50c1b397d705d2569991dba0e5\" class=\"section-hero section-hero-park section-first bg-color-grey bg-img \" style=\"background-image:url(https:\/\/www.nationalparks.ie\/app\/uploads\/2022\/09\/Rectangle-52.jpg); background-attachment:fixed; background-size: cover;\">\n\t<div class=\"container-fluid px-0 mx-0 d-flex flex-column justify-content-center\">\n\t\t\t\t\t\t<div class=\"row w-100 mt-auto m-lg-auto align-items-stretch\">\n\t\t\t<div class=\"d-none d-lg-block bg-color-beige\" style=\"border-right:1px solid #9C9494; width:100px; flex-basis:70px; \"><\/div>\n\t\t\t<div class=\"col\">\n\t\t\t\t<div class=\"row\">\n\t\t\t\t<div class=\"col-12 col-lg-6\">\n\t\t\t\t<div class=\"section-hero-text d-flex flex-column justify-content-start bg-color-beige px-2 px-lg-4 py-3 py-lg-4\">\t\t\t\t\t\n\t\t\t\t\t<!--<a href=\"\/\" style=\"position:absolute; left:1.5rem; top:1rem;\" class=\"section-menu__logo\">-->\n\t\t\t\t\t<a href=\"\/\" class=\"section-menu__logo\">\n\t\t\t\t\t\t<img decoding=\"async\" src=\"\/app\/themes\/NationalParks\/resources\/assets\/images\/logo-green.png\" alt=\"National Parks\">\n\t\t\t\t\t<\/a>\n\t\t\t\t\t<div class=\"col-12 col-xl-9 p-0 flex-fill d-flex flex-column justify-content-center\">\n\t\t\t\t\t\t<h2 class=\"font-size-quote mb-3\">Is fi\u00e1ntas iontach, dra\u00edocht\u00fail \u00e9 Cill Airne, agus is ann a mhaireann cuid de na speicis is neamhchoitianta ar domhan.<\/h2>\n\t\t\t\t\t<\/div>\n\t\t\t\t<\/div>\n\t\t\t<\/div>\n\t\t\t<div class=\"col-12 col-lg-6\" style=\"background-image:url(https:\/\/www.nationalparks.ie\/app\/uploads\/2022\/09\/Rectangle-52.jpg); background-size:cover; background-position:center center;\"><\/div>\n\t\t\t\t<\/div>\n\t\t\t<\/div>\n\t\t<\/div>\n\t\t<div class=\"section-menu pt-4 bg-color-navy px-2 px-lg-0\">\n\t\t\t\t\t<div class=\"row\">\n\t\t\t\t<div class=\"col-10 col-sm-5 col-lg-4\">\n\t\t\t\t\t<div class=\"ps-lg-3 d-flex align-items-center\">\n\t\t\t\t\t\t\n\t\t\t\t\t\t<button class=\"navbar-toggler navbar-toggler-right collapsed p-3 p-lg-4\" type=\"button\" data-bs-toggle=\"collapse\" data-bs-target=\"#navbarResponsive\" aria-controls=\"navbarResponsive\" aria-expanded=\"false\" aria-label=\"Toggle navigation\">\n\t\t\t\t\t\t\t<span class=\"icon-bar top-bar bg-color-chartreuse\"><\/span>\n\t\t\t\t\t\t\t<!--<span class=\"icon-bar middle-bar bg-color-chartreuse\"><\/span>-->\n\t\t\t\t\t\t\t<span class=\"icon-bar bottom-bar bg-color-chartreuse\"><\/span>\t\n\t\t\t\t\t\t<\/button>\n\t\t\t\t\t\t\n\t\t\t\t\t\t<h1 class=\"h4 is-inside-park\">\n\t\t\t\t\t\t\t<a class=\"color-white text-decoration-none\" href=\"https:\/\/www.nationalparks.ie\/ga\/killarney\/\">\n\t\t\t\t\t\t\t\t<span lang=\"ga-IE\">P\u00e1irc N\u00e1isi\u00fanta Cill Airne<\/span> <br\/>\n\t\t\t\t\t\t\t\t<span class=\"color-chartreuse\" lang=\"en-US\">Killarney National Park<\/span>\n\t\t\t\t\t\t\t<\/a>\n\t\t\t\t\t\t<\/h1>\n\t\t\t\t\t\t\n\t\t\t\t\t<\/div>\n\t\t\t\t<\/div>\t\t\t\n\t\t\t\t<div class=\"col-2 col-lg-8 px-lg-0\">\n\t\t\t\t\t<div class=\"info-box font-family-gibson-300 h-100 color-white d-flex justify-content-end align-items-center py-0 px-lg-0 me-lg-5\">\n\t\t\t\t\t\t\t\t\t\t\t\t\t\t\t\t\n\t\t\t\t\t\t<div class=\"d-none d-lg-flex align-items-center weather-box me-5 py-2\">\n\t\t\t\t\t\t\t<span class=\"font-size-body-small\">\t\t\t\t\t\t\t\t\n\t\t\t\t\t\t\t\tCill Airne 15\t\t\t\t\t\t\t\t \u00b0C\n\t\t\t\t\t\t\t<\/span>  \n\t\t\t\t\t\t\t<img decoding=\"async\" class=\"weather-icon me-1 ms-3\" style=\"height:24px;\" src=\"\/app\/themes\/NationalParks\/resources\/assets\/images\/weather_icons\/light_icons\/02d.png\" alt=\"\" \/> \n\t\t\t\t\t\t\t<span class=\"weather-description font-size-body-small me-1\">Fair<\/span>\n\t\t\t\t\t\t<\/div>\n\n\t\t\t\t\t\t<img decoding=\"async\" class=\"d-block\" src=\"https:\/\/www.nationalparks.ie\/app\/uploads\/2022\/09\/National-Parks_Web-Icons__89-1.png\" alt=\"Killarney National Park logo\" style=\"max-width:75px;\" \/>\n\t\t\t\t\t<\/div>\n\t\t\t\t<\/div>\n\t\t\t<\/div>\n\t\t\t\t\t\t\n\t\t\t<!--\n\t\t\t\t\t\t\t<ul class=\"park-nav mt-4 mb-0 px-0\">\n\t\t\t\t\t<li class=\"page_item\"><a href=\"\/glenveagh\/nature-conservation\/\">Nature &amp; Conservation<\/a><\/li>\n\t\t\t\t\t<li class=\"page_item\"><a href=\"\/glenveagh\/things-to-do\/\">Things To Do<\/a><\/li>\n\t\t\t\t\t<li class=\"page_item\"><a href=\"\/glenveagh\/learn\/\">Learn<\/a><\/li>\n\t\t\t\t\t<li class=\"page_item\"><a href=\"\/glenveagh\/about-us\/\">About us<\/a><\/li>\n\t\t\t\t\t<li class=\"page_item\"><a href=\"\/glenveagh\/contact\/\">Contact<\/a><\/li>\n\t\t\t\t<\/ul>\n\t\t\t\t\t\t\t<ul class=\"park-nav mt-4 mb-0 px-0\">\n\t\t\t\t\t<li class=\"page_item\"><a href=\"\/glenveagh\/nature-conservation\/\">An D\u00falra & Caomhn\u00fa<\/a><\/li>\n\t\t\t\t\t<li class=\"page_item\"><a href=\"\/glenveagh\/things-to-do\/\">Ruda\u00ed le d\u00e9anamh<\/a><\/li>\n\t\t\t\t\t<li class=\"page_item\"><a href=\"\/glenveagh\/learn\/\">Foghlaim<\/a><\/li>\n\t\t\t\t\t<li class=\"page_item\"><a href=\"\/glenveagh\/about-us\/\">F\u00fainn<\/a><\/li>\n\t\t\t\t\t<li class=\"page_item\"><a href=\"\/glenveagh\/contact\/\">Teagmh\u00e1il Linn<\/a><\/li>\n\t\t\t\t<\/ul>\n\t\t\t\t\t\t-->\n\t\t<\/div>\n\t<\/div>\n<\/section>\n\n\r\n<section id=\"block_6b84d2a2315fa760bc38edec5521b518\" class=\"section-park-anchor-navigation bg-color-navy\">\r\n\t<div class=\"container-fluid px-0\">\r\n\t\t<div class=\"row\">\r\n\t\t\r\n\t\t\t\t\t\t\t<ul class=\"park-nav mt-4 mb-0 px-0\">\r\n\t\t\t\t\r\n\t\t\t\t\t\r\n\t\t\t\t\t\r\n\t\t\t\t\t<li class=\"park-nav-item \">\r\n\t\t\t\t\t\t\r\n\t\t\t\t\t\t<a href=\"\/ga\/killarney\/\">Baile<\/a>\r\n\t\t\t\t\t\t\r\n\t\t\t\t\t\t\t\r\n\t\t\t\t\t\t\r\n\t\t\t\t\t<\/li>\r\n\t\t\t\t\t\t\t\t\r\n\t\t\t\t\t\t\t\t\t\t\r\n\t\t\t\t\t\r\n\t\t\t\t\t\r\n\t\t\t\t\t\r\n\t\t\t\t\t<li class=\"park-nav-item current_page_item\">\r\n\t\t\t\t\t\t\r\n\t\t\t\t\t\t<a href=\"\/ga\/killarney\/nature-conservation\/\">D\u00falra &amp; Caomhn\u00fa<\/a>\r\n\t\t\t\t\t\t\r\n\t\t\t\t\t\t\t\t\t\t\t\t\t<div class=\"mb-0 px-4 pt-4 pb-lg-4 mx-0 park-subnav w-100\">\r\n\t\t\t\t\t\t\t\t\t\r\n\t\t\t\t\t\t\t\t\t\r\n\t\t\t\t\t\t\t\t\t<ul class=\"mb-4 mb-lg-0 px-2 mx-lg-4\">\r\n\t\t\t\t\t\t\t\t\t\t\r\n\t\t\t\t\t\t\t\t\t\t\t\t\t\t\t\t\t\t\t\t\t<li><span class=\"park-subnav-name w-100 px-2 mb-3\">CAOMHN\u00da<\/span><\/li>\r\n\t\t\t\t\t\t\t\t\t\t\t\t\t\t\t\t\t\t\t\t\r\n\t\t\t\t\t\t\t\t\t\t\t\t\t\t\t\t\t\t\t\t\t\t\t\t\t\t\t\t\t\t\t\t\t<li>\r\n\t\t\t\t\t\t\t\t\t\t\t\t\t<a class=\"px-2 py-2\" href=\"#protect\">Cosain an D\u00falra<\/a>\r\n\t\t\t\t\t\t\t\t\t\t\t\t<\/li>\r\n\t\t\t\t\t\t\t\t\t\t\t\t\t\t\t\t\t\t\t\t\t\t\t<li>\r\n\t\t\t\t\t\t\t\t\t\t\t\t\t<a class=\"px-2 py-2\" href=\"#projects\">Tionscadail Chaomhnaithe &amp; Speicis Neamhchoitianta<\/a>\r\n\t\t\t\t\t\t\t\t\t\t\t\t<\/li>\r\n\t\t\t\t\t\t\t\t\t\t\t\t\t\t\t\t\t\t\t\t\t\t\t<li>\r\n\t\t\t\t\t\t\t\t\t\t\t\t\t<a class=\"px-2 py-2\" href=\"#tips\">Leideanna \u00das\u00e1ideacha<\/a>\r\n\t\t\t\t\t\t\t\t\t\t\t\t<\/li>\r\n\t\t\t\t\t\t\t\t\t\t\t\t\t\t\t\t\t\t\t\t\t\t\t\t\t\t\t\t\t\t\t\r\n\t\t\t\t\t\t\t\t\t<\/ul>\r\n\t\t\t\t\t\t\t\t\t\r\n\t\t\t\t\t\t\t\t\t\r\n\t\t\t\t\t\t\t\t\t\r\n\t\t\t\t\t\t\t\t\t<ul class=\"mb-4 mb-lg-0 px-2 mx-lg-4\">\r\n\t\t\t\t\t\t\t\t\t\t\r\n\t\t\t\t\t\t\t\t\t\t\t\t\t\t\t\t\t\t\t\t\t<li><span class=\"park-subnav-name w-100 px-2 mb-3\">FL\u00d3RA &amp; F\u00c1NA<\/span><\/li>\r\n\t\t\t\t\t\t\t\t\t\t\t\t\t\t\t\t\t\t\t\t\r\n\t\t\t\t\t\t\t\t\t\t\t\t\t\t\t\t\t\t\t\t\t\t\t\t\t\t\t\t\t\t\t\t\t<li>\r\n\t\t\t\t\t\t\t\t\t\t\t\t\t<a class=\"px-2 py-2\" href=\"#flora\">Fl\u00f3ra<\/a>\r\n\t\t\t\t\t\t\t\t\t\t\t\t<\/li>\r\n\t\t\t\t\t\t\t\t\t\t\t\t\t\t\t\t\t\t\t\t\t\t\t<li>\r\n\t\t\t\t\t\t\t\t\t\t\t\t\t<a class=\"px-2 py-2\" href=\"#wildflowers\">Bl\u00e1thanna Fi\u00e1ine<\/a>\r\n\t\t\t\t\t\t\t\t\t\t\t\t<\/li>\r\n\t\t\t\t\t\t\t\t\t\t\t\t\t\t\t\t\t\t\t\t\t\t\t<li>\r\n\t\t\t\t\t\t\t\t\t\t\t\t\t<a class=\"px-2 py-2\" href=\"#rareflora\">Fl\u00f3ra at\u00e1 faoi Chosaint &amp; Fl\u00f3ra at\u00e1 Neamhchoitianta<\/a>\r\n\t\t\t\t\t\t\t\t\t\t\t\t<\/li>\r\n\t\t\t\t\t\t\t\t\t\t\t\t\t\t\t\t\t\t\t\t\t\t\t<li>\r\n\t\t\t\t\t\t\t\t\t\t\t\t\t<a class=\"px-2 py-2\" href=\"#fauna\">F\u00e1na<\/a>\r\n\t\t\t\t\t\t\t\t\t\t\t\t<\/li>\r\n\t\t\t\t\t\t\t\t\t\t\t\t\t\t\t\t\t\t\t\t\t\t\t\t\t\t\t\t\t\t\t\r\n\t\t\t\t\t\t\t\t\t<\/ul>\r\n\t\t\t\t\t\t\t\t\t\r\n\t\t\t\t\t\t\t\t\t\r\n\t\t\t\t\t\t\t\t\t\r\n\t\t\t\t\t\t\t\t\t<ul class=\"mb-4 mb-lg-0 px-2 mx-lg-4\">\r\n\t\t\t\t\t\t\t\t\t\t\r\n\t\t\t\t\t\t\t\t\t\t\t\t\t\t\t\t\t\t\t\t\t<li><span class=\"park-subnav-name w-100 px-2 mb-3\">T\u00cdRDHREACH<\/span><\/li>\r\n\t\t\t\t\t\t\t\t\t\t\t\t\t\t\t\t\t\t\t\t\r\n\t\t\t\t\t\t\t\t\t\t\t\t\t\t\t\t\t\t\t\t\t\t\t\t\t\t\t\t\t\t\t\t\t<li>\r\n\t\t\t\t\t\t\t\t\t\t\t\t\t<a class=\"px-2 py-2\" href=\"#habitats\">Gn\u00e1th\u00f3ga<\/a>\r\n\t\t\t\t\t\t\t\t\t\t\t\t<\/li>\r\n\t\t\t\t\t\t\t\t\t\t\t\t\t\t\t\t\t\t\t\t\t\t\t<li>\r\n\t\t\t\t\t\t\t\t\t\t\t\t\t<a class=\"px-2 py-2\" href=\"#geology\">Geola\u00edocht<\/a>\r\n\t\t\t\t\t\t\t\t\t\t\t\t<\/li>\r\n\t\t\t\t\t\t\t\t\t\t\t\t\t\t\t\t\t\t\t\t\t\t\t\t\t\t\t\t\t\t\t\r\n\t\t\t\t\t\t\t\t\t<\/ul>\r\n\t\t\t\t\t\t\t\t\t\r\n\t\t\t\t\t\t\t\t\t\t\t\t\t\t\t<\/div>\r\n\t\t\t\t\t\t\t\r\n\t\t\t\t\t\t\t\r\n\t\t\t\t\t\t\r\n\t\t\t\t\t<\/li>\r\n\t\t\t\t\t\t\t\t\r\n\t\t\t\t\t\t\t\t\t\t\r\n\t\t\t\t\t\r\n\t\t\t\t\t\r\n\t\t\t\t\t\r\n\t\t\t\t\t<li class=\"park-nav-item \">\r\n\t\t\t\t\t\t\r\n\t\t\t\t\t\t<a href=\"\/ga\/killarney\/things-to-do\/\">Ruda\u00ed le D\u00e9anamh<\/a>\r\n\t\t\t\t\t\t\r\n\t\t\t\t\t\t\t\r\n\t\t\t\t\t\t\r\n\t\t\t\t\t<\/li>\r\n\t\t\t\t\t\t\t\t\r\n\t\t\t\t\t\t\t\t\t\t\r\n\t\t\t\t\t\r\n\t\t\t\t\t\r\n\t\t\t\t\t\r\n\t\t\t\t\t<li class=\"park-nav-item \">\r\n\t\t\t\t\t\t\r\n\t\t\t\t\t\t<a href=\"\/ga\/killarney\/learn\/\">Foghlaim<\/a>\r\n\t\t\t\t\t\t\r\n\t\t\t\t\t\t\t\r\n\t\t\t\t\t\t\r\n\t\t\t\t\t<\/li>\r\n\t\t\t\t\t\t\t\t\r\n\t\t\t\t\t\t\t\t\t\t\r\n\t\t\t\t\t\r\n\t\t\t\t\t\r\n\t\t\t\t\t\r\n\t\t\t\t\t<li class=\"park-nav-item \">\r\n\t\t\t\t\t\t\r\n\t\t\t\t\t\t<a href=\"\/ga\/killarney\/about-us\/\">F\u00fainn<\/a>\r\n\t\t\t\t\t\t\r\n\t\t\t\t\t\t\t\r\n\t\t\t\t\t\t\r\n\t\t\t\t\t<\/li>\r\n\t\t\t\t\t\t\t\t\r\n\t\t\t\t\t\t\t\t\t\t\r\n\t\t\t\t\t\r\n\t\t\t\t\t\r\n\t\t\t\t\t\r\n\t\t\t\t\t<li class=\"park-nav-item \">\r\n\t\t\t\t\t\t\r\n\t\t\t\t\t\t<a href=\"\/ga\/killarney\/contact\/\">Teagmh\u00e1il<\/a>\r\n\t\t\t\t\t\t\r\n\t\t\t\t\t\t\t\r\n\t\t\t\t\t\t\r\n\t\t\t\t\t<\/li>\r\n\t\t\t\t\t\t\t\t\r\n\t\t\t\t\t\t\t\t\t\t\r\n\t\t\t\t\t\r\n\t\t\t\t\t\t\t\t<\/ul>\r\n\t\t\t\t\r\n\t\t\t\r\n\t\t<\/div>\r\n\t<\/div>\r\n<\/section>\n\n\r\n<section id=\"block_0160bfb9af634f2b0dcff06af745e969\" class=\"section-twocolumns py-4 py-lg-4 bg-color-pink color-black\" style=\"background-image:url(https:\/\/www.nationalparks.ie\/app\/uploads\/2022\/09\/Frame-5-1.png); background-position:bottom right; background-repeat:no-repeat;\">\r\n\t\t\r\n\t\t<div class=\"container-fluid px-3 px-lg-5\">\r\n\t\t\t<div class=\"row\">\r\n\t\t\t\t<div class=\"col-12 section-twocolumns__title\">\r\n\t\t\t\t\t<h2 class=\"font-size-heading\">D\u00falra &#038; Caomhn\u00fa<\/h2>\r\n\t\t\t\t<\/div>\r\n\t\t\t<\/div>\t\r\n\t\t<\/div>\t\r\n\t\t<hr>\r\n\t\t<div class=\"d-flex flex-column\">\r\n\t\t\t<div class=\"container-fluid px-3 px-lg-5 section-twocolumns__text section-twocolumns__columns order-1\">\r\n\t\t\t<div class=\"row\">\r\n\t\t\t\t\t<div class=\"col-12 \">\r\n\t\t\t\t\t\t<div class=\"h4 font-family-naisiuntamedium\"><h3 class=\"font-size-quote py-4\">T\u00e1 codanna \u00e1irithe de Ph\u00e1irc N\u00e1isi\u00fanta Chill Airne n\u00e1r cuireadh as d\u00f3ibh m\u00f3r\u00e1n le c\u00fapla c\u00e9ad bliain, rud a thug deis do chine\u00e1lacha \u00e9ags\u00fala fl\u00f3ra agus f\u00e1na d\u00fachasacha bl\u00e1th\u00fa.  Is de bharr fl\u00f3ra neamhghn\u00e1ch den saghas sin a bheith ann a hainmn\u00edodh an Ph\u00e1irc N\u00e1isi\u00fanta mar thearmann bithsf\u00e9ir.<\/h3>\n<\/div>\r\n\t\t\t\t\t<\/div>\r\n\t\t\t<\/div>\r\n\t\t<\/div>\t\r\n\t\t\r\n\t \t\r\n\t<div class=\"container-fluid px-3 px-lg-5 section-twocolumns__columns order-2 \">\r\n\t\t<div class=\"row\">\r\n\t\t\t<div class=\"d-flex flex-column flex-lg-row\">\r\n\t\t\t\t<div class=\"col-12 col-lg-6  first-column\">\r\n\t\t\t\t\t<div class=\"p-3 p-lg-5\">\n<img loading=\"lazy\" decoding=\"async\" class=\"alignnone wp-image-8765 size-full\" src=\"https:\/\/www.nationalparks.ie\/app\/uploads\/2022\/09\/Rectangle-5-14.jpg\" alt=\"Lochanna Chill Airne\" width=\"602\" height=\"441\" srcset=\"https:\/\/www.nationalparks.ie\/app\/uploads\/2022\/09\/Rectangle-5-14.jpg 602w, https:\/\/www.nationalparks.ie\/app\/uploads\/2022\/09\/Rectangle-5-14-300x220.jpg 300w\" sizes=\"auto, (max-width: 602px) 100vw, 602px\" \/><\/p>\n<p><strong>THUAS:<\/strong>Lochanna Chill Airne i bP\u00e1irc N\u00e1isi\u00fanta Chill Airne<\/p>\n<\/div>\n\t\t\t\t<\/div>\r\n\t\t\t\t<div class=\"col-12 col-lg-6  mb-3 mb-lg-5 second-column\">\r\n\t\t\t\t\t<div class=\"p-3 p-lg-5\">\n<p>Ar chuid eile de na gn\u00e1th\u00f3ga agus na speicis eile ar fi\u00fa suntas a thabhairt d\u00f3ibh t\u00e1 an tr\u00e9ad fia rua d\u00fachasach agus coill i\u00fair Reenadinna.<\/p>\n<p>Is iad na fianna rua i bP\u00e1irc N\u00e1isi\u00fanta Chill Airne an tr\u00e9ad d\u00fachasach deireanach d&#8217;fhia rua na h\u00c9ireann at\u00e1 f\u00f3s sa t\u00edr.  T\u00e1 tr\u00e9ad Chill Airne anseo \u00f3n tr\u00e9imhse Neoiliteach.  Sh\u00edolraigh gach tr\u00e9ad fia rua eile sa t\u00edr \u00f3 stoc a tugadh isteach athuair.<\/p>\n<p>Is \u00e9 Coill Reenadinna an limist\u00e9ar is m\u00f3 de choillearnach i\u00fair at\u00e1 in Iarthar na hEorpa agus t\u00e1 s\u00e9 ainmnithe ina Limist\u00e9ar faoi Chaomhn\u00fa Speisialta.  Meastar go bhfuil crainn laistigh de at\u00e1 idir 200 agus 250 bliain d&#8217;aois.<\/p>\n<\/div>\n\t\t\t\t<\/div>\r\n\t\t\t<\/div>\r\n\t\t<\/div>\r\n\t<\/div>\r\n\t\t\r\n<\/section>\r\n\n\n\r\n<a id=\"protect\" style=\"\"><\/a>\r\n\r\n\r\n\n\n\r\n<section id=\"block_83eb3474dd2a90f7e20541848db92f08\" class=\"section-twocolumns py-4 py-lg-4 bg-color-beige color-black\" style=\"background-image:url(); \">\r\n\t\t<div class=\"d-flex flex-column\">\r\n\t\t\r\n\t \t\r\n\t<div class=\"container-fluid px-3 px-lg-5 section-twocolumns__columns order-2 \">\r\n\t\t<div class=\"row\">\r\n\t\t\t<div class=\"d-flex flex-column flex-lg-row\">\r\n\t\t\t\t<div class=\"col-12 col-lg-6  first-column\">\r\n\t\t\t\t\t<p><img decoding=\"async\" class=\"alignnone wp-image-394 size-full\" src=\"https:\/\/www.nationalparks.ie\/app\/uploads\/2022\/11\/protect_nature_ga.png\" alt=\"Cosain an D\u00falra\" width=\"481\" \/><\/p>\n\t\t\t\t<\/div>\r\n\t\t\t\t<div class=\"col-12 col-lg-6  mb-3 mb-lg-5 second-column\">\r\n\t\t\t\t\t<p class=\"h3 font-family-naisiuntamedium mb-4\">Go raibh maith agat as cabhr\u00fa linn Cosain an D\u00falra i bP\u00e1irc N\u00e1isi\u00fanta Chill Airne.  Agus t\u00fa ag baint taitneamh as caithimh aimsire amuigh faoin aer ar bhealach freagrach, t\u00e1 t\u00fa ag cabhr\u00fa linn na hainmhithe agus na gn\u00e1th\u00f3ga ar leith at\u00e1 i nd\u00falra fi\u00e1in Chill Airne a chosaint.<\/p>\n\t\t\t\t<\/div>\r\n\t\t\t<\/div>\r\n\t\t<\/div>\r\n\t<\/div>\r\n\t\t\r\n<\/section>\r\n\n\n\r\n<a id=\"tips\" style=\"\"><\/a>\r\n\r\n\r\n\n\n\r\n<section id=\"block_2705cdce8c5109ab47fda5d44fbb1044\" class=\"section-icon-list bg-color-tea\">\r\n\t<div class=\"container-fluid px-3 px-lg-5 section-icon-list__title\">\t\r\n\t\t<h2 class=\"d-block font-size-heading color-cyprus py-4 px-3 px-lg-4 mb-0\">\r\n\t\t\tLeideanna \u00das\u00e1ideacha\t\t<\/h2>\r\n\t<\/div>\r\n\t<div class=\"row tipslist bg-color-tea\">\r\n\t\t\t\t\t<div class='container-fluid px-3 px-lg-5'><div class='row align-items-stretch'>\t\r\n\t\t\t\t<!-- <p>GAR 1<\/p> -->\r\n\t\t\t\t<div class=\"tipslist__item col-12 col-lg-6 \">\r\n\t\t\t\t\t<div class=\"px-3 py-4\">\r\n\t\t\t\t\t\t\t\t\t\t\t\t<div class=\"row\">\r\n\t\t\t\t\t\t\t<div class=\"col-4\">\r\n\t\t\t\t\t\t\t\t<img decoding=\"async\" class=\"w-100 d-table mx-auto pe-3\" style=\"max-width:120px;\" src=\"https:\/\/www.nationalparks.ie\/app\/uploads\/2022\/02\/Frame.png\" alt=\"\" \/>\r\n\t\t\t\t\t\t\t<\/div>\r\n\t\t\t\t\t\t\t<div class=\"col-8 color-cyprus\">\r\n\t\t\t\t\t\t\t\t<div class=\"mb-0 ps-3\"><p><strong>Plean\u00e1il Roimh R\u00e9<\/strong><\/p>\n<p>Smaoinigh ar an am is fearr chun cuairt a thabhairt ar an bp\u00e1irc agus ar an mbealach taistil a bheidh agat, chun an tionchar a bheidh agat ar an timpeallacht a laghd\u00fa. Seice\u00e1il an aimsir agus d\u00e9an cinnte go bhfuil gach rud a theast\u00f3idh uait tugtha leat agat.<\/p>\n<\/div>\r\n\t\t\t\t\t\t\t<\/div>\r\n\t\t\t\t\t\t<\/div>\r\n\t\t\t\t\t\t\t\t\t\t\t\t\t\t\t\t\t<\/div>\r\n\t\t\t\t<\/div>\r\n\t\t\t\t\r\n\t\t\t\t<!-- <p>GAR 0<\/p> -->\r\n\t\t\t\t<div class=\"tipslist__item col-12 col-lg-6 tipslist__item--noborder\">\r\n\t\t\t\t\t<div class=\"px-3 py-4\">\r\n\t\t\t\t\t\t\t\t\t\t\t\t<div class=\"row\">\r\n\t\t\t\t\t\t\t<div class=\"col-4\">\r\n\t\t\t\t\t\t\t\t<img decoding=\"async\" class=\"w-100 d-table mx-auto pe-3\" style=\"max-width:120px;\" src=\"https:\/\/www.nationalparks.ie\/app\/uploads\/2022\/02\/Frame-2.png\" alt=\"\" \/>\r\n\t\t\t\t\t\t\t<\/div>\r\n\t\t\t\t\t\t\t<div class=\"col-8 color-cyprus\">\r\n\t\t\t\t\t\t\t\t<div class=\"mb-0 ps-3\"><p><strong>B\u00ed Tuisceanach<\/strong><\/p>\n<p>B\u00ed tuisceanach faoi go bhf\u00e9adfadh do ghn\u00edomha\u00edochta\u00ed agus d&#8217;iompar tionchar a imirt ar an d\u00falra, ar thaith\u00ed na gcuairteoir\u00ed eile agus orthu si\u00fad at\u00e1 ag obair anseo. B\u00ed aireach maidir le haon torann a dh\u00e9anann t\u00fa agus maidir leis an gcaoi a nd\u00e9anann t\u00fa caidreamh le daoine eile feadh an bhealaigh.<\/p>\n<\/div>\r\n\t\t\t\t\t\t\t<\/div>\r\n\t\t\t\t\t\t<\/div>\r\n\t\t\t\t\t\t\t\t\t\t\t\t\t\t\t\t\t<\/div>\r\n\t\t\t\t<\/div>\r\n\t\t\t<\/div><\/div><hr class='m-0' style='opacity:1; border-bottom:1px solid #9c949496; background-color: transparent;'\/><div class='container-fluid px-3 px-lg-5'><div class='row align-items-stretch'>\t\r\n\t\t\t\t<!-- <p>GAR 1<\/p> -->\r\n\t\t\t\t<div class=\"tipslist__item col-12 col-lg-6 \">\r\n\t\t\t\t\t<div class=\"px-3 py-4\">\r\n\t\t\t\t\t\t\t\t\t\t\t\t<div class=\"row\">\r\n\t\t\t\t\t\t\t<div class=\"col-4\">\r\n\t\t\t\t\t\t\t\t<img decoding=\"async\" class=\"w-100 d-table mx-auto pe-3\" style=\"max-width:120px;\" src=\"https:\/\/www.nationalparks.ie\/app\/uploads\/2022\/02\/Group.png\" alt=\"\" \/>\r\n\t\t\t\t\t\t\t<\/div>\r\n\t\t\t\t\t\t\t<div class=\"col-8 color-cyprus\">\r\n\t\t\t\t\t\t\t\t<div class=\"mb-0 ps-3\"><p><strong>L\u00e9irigh meas ar an bhFiadh\u00falra<\/strong><\/p>\n<p>T\u00e1 an-fh\u00e1ilte roimh mhadra\u00ed ach caithfidh siad a bheith ar \u00e9ill. M\u00e1s f\u00e9idir \u00e9, seachain amanna a bheadh leochaileach \u00f3 thaobh nead\u00fa agus s\u00edolr\u00fa an fhiadh\u00falra.<\/p>\n<\/div>\r\n\t\t\t\t\t\t\t<\/div>\r\n\t\t\t\t\t\t<\/div>\r\n\t\t\t\t\t\t\t\t\t\t\t\t\t\t\t\t\t<\/div>\r\n\t\t\t\t<\/div>\r\n\t\t\t\t\r\n\t\t\t\t<!-- <p>GAR 0<\/p> -->\r\n\t\t\t\t<div class=\"tipslist__item col-12 col-lg-6 tipslist__item--noborder\">\r\n\t\t\t\t\t<div class=\"px-3 py-4\">\r\n\t\t\t\t\t\t\t\t\t\t\t\t<div class=\"row\">\r\n\t\t\t\t\t\t\t<div class=\"col-4\">\r\n\t\t\t\t\t\t\t\t<img decoding=\"async\" class=\"w-100 d-table mx-auto pe-3\" style=\"max-width:120px;\" src=\"https:\/\/www.nationalparks.ie\/app\/uploads\/2022\/09\/Frame.png\" alt=\"\" \/>\r\n\t\t\t\t\t\t\t<\/div>\r\n\t\t\t\t\t\t\t<div class=\"col-8 color-cyprus\">\r\n\t\t\t\t\t\t\t\t<div class=\"mb-0 ps-3\"><p><strong>Taisteal agus Camp\u00e1il ar Thalamh Marthanach<\/strong><\/p>\n<p>Leis na conair\u00ed marc\u00e1ilte b\u00edonn t\u00fa in ann an chuid is fearr d\u2019fhi\u00e1ntas Ghleann Bheatha a fheice\u00e1il. N\u00edor cheart ach do shi\u00fal\u00f3ir\u00ed a bhfuil taith\u00ed acu dul amach n\u00edos faide sna cnoic. N\u00ed cheada\u00edtear ach Camp\u00e1il sa bhFi\u00e1ntas: caith s\u00fail ar na treoirl\u00ednte anseo.<\/p>\n<\/div>\r\n\t\t\t\t\t\t\t<\/div>\r\n\t\t\t\t\t\t<\/div>\r\n\t\t\t\t\t\t\t\t\t\t\t\t\t\t\t\t\t<\/div>\r\n\t\t\t\t<\/div>\r\n\t\t\t<\/div><\/div><hr class='m-0' style='opacity:1; border-bottom:1px solid #9c949496; background-color: transparent;'\/><div class='container-fluid px-3 px-lg-5'><div class='row align-items-stretch'>\t\r\n\t\t\t\t<!-- <p>GAR 1<\/p> -->\r\n\t\t\t\t<div class=\"tipslist__item col-12 col-lg-6 \">\r\n\t\t\t\t\t<div class=\"px-3 py-4\">\r\n\t\t\t\t\t\t\t\t\t\t\t\t<div class=\"row\">\r\n\t\t\t\t\t\t\t<div class=\"col-4\">\r\n\t\t\t\t\t\t\t\t<img decoding=\"async\" class=\"w-100 d-table mx-auto pe-3\" style=\"max-width:120px;\" src=\"https:\/\/www.nationalparks.ie\/app\/uploads\/2022\/02\/Frame-1.png\" alt=\"\" \/>\r\n\t\t\t\t\t\t\t<\/div>\r\n\t\t\t\t\t\t\t<div class=\"col-8 color-cyprus\">\r\n\t\t\t\t\t\t\t\t<div class=\"mb-0 ps-3\"><p><strong>F\u00e1g i do dhiaidh aon rud a aims\u00edonn t\u00fa<\/strong><\/p>\n<p>T\u00f3g grianghraif den t\u00edrdhreach agus de phlanda\u00ed, ach f\u00e1g fi\u00fa na ruda\u00ed is l\u00fa gan athr\u00fa, ionas go bhf\u00e9adfaidh daoine eile taitneamh a bhaint as fi\u00e1ntas Ghleann Bheatha d\u00edreach mar a rinne tusa.<\/p>\n<\/div>\r\n\t\t\t\t\t\t\t<\/div>\r\n\t\t\t\t\t\t<\/div>\r\n\t\t\t\t\t\t\t\t\t\t\t\t\t\t\t\t\t<\/div>\r\n\t\t\t\t<\/div>\r\n\t\t\t\t\r\n\t\t\t\t<!-- <p>GAR 0<\/p> -->\r\n\t\t\t\t<div class=\"tipslist__item col-12 col-lg-6 tipslist__item--noborder\">\r\n\t\t\t\t\t<div class=\"px-3 py-4\">\r\n\t\t\t\t\t\t\t\t\t\t\t\t<div class=\"row\">\r\n\t\t\t\t\t\t\t<div class=\"col-4\">\r\n\t\t\t\t\t\t\t\t<img decoding=\"async\" class=\"w-100 d-table mx-auto pe-3\" style=\"max-width:120px;\" src=\"https:\/\/www.nationalparks.ie\/app\/uploads\/2022\/02\/Frame-3.png\" alt=\"\" \/>\r\n\t\t\t\t\t\t\t<\/div>\r\n\t\t\t\t\t\t\t<div class=\"col-8 color-cyprus\">\r\n\t\t\t\t\t\t\t\t<div class=\"mb-0 ps-3\"><p><strong>Faigh r\u00e9idh le Bruscar mar is ceart<\/strong><\/p>\n<p>T\u00e1 baol m\u00f3r i gceist leis an mbruscar don d\u00falra. Tr\u00ed do bhruscar a thabhairt abhaile leat, cuid\u00edonn t\u00fa leis an bp\u00e1irc agus leis an bhfiadh\u00falra at\u00e1 inti a chosaint, agus le Gleann Bheatha a choinne\u00e1il sl\u00e1inti\u00fail.<\/p>\n<\/div>\r\n\t\t\t\t\t\t\t<\/div>\r\n\t\t\t\t\t\t<\/div>\r\n\t\t\t\t\t\t\t\t\t\t\t\t\t\t\t\t\t<\/div>\r\n\t\t\t\t<\/div>\r\n\t\t\t<\/div><\/div><hr class='m-0' style='opacity:1; border-bottom:1px solid #9c949496; background-color: transparent;'\/><div class='container-fluid px-3 px-lg-5'><div class='row align-items-stretch'>\t\r\n\t\t\t\t<!-- <p>GAR 1<\/p> -->\r\n\t\t\t\t<div class=\"tipslist__item col-12 col-lg-6 tipslist__item--lastitem\">\r\n\t\t\t\t\t<div class=\"px-3 py-4\">\r\n\t\t\t\t\t\t\t\t\t\t\t\t<div class=\"row\">\r\n\t\t\t\t\t\t\t<div class=\"col-4\">\r\n\t\t\t\t\t\t\t\t<img decoding=\"async\" class=\"w-100 d-table mx-auto pe-3\" style=\"max-width:120px;\" src=\"https:\/\/www.nationalparks.ie\/app\/uploads\/2022\/02\/Frame-4.png\" alt=\"\" \/>\r\n\t\t\t\t\t\t\t<\/div>\r\n\t\t\t\t\t\t\t<div class=\"col-8 color-cyprus\">\r\n\t\t\t\t\t\t\t\t<div class=\"mb-0 ps-3\"><p><strong>\u00cdoslaghdaigh an tionchar a bh\u00edonn ag tinte<\/strong><\/p>\n<p>N\u00ed cheada\u00edmid tinte d\u2019aon chine\u00e1l in\u00e1r gcuid p\u00e1irceanna n\u00e1isi\u00fanta. Is f\u00e9idir tionchair bhuana a bheith ag tinte agus is f\u00e9idir leo planda\u00ed agus ainmhithe a scriosadh. Labhair len\u00e1r saoist\u00ed n\u00f3 len\u00e1r bhfoireann Oideachais m\u00e1 t\u00e1 comhairle de dh\u00edth ort, agus seice\u00e1il an treoir at\u00e1 againn maidir le Camp\u00e1il sa bhFi\u00e1ntas chun sonra\u00ed a fh\u00e1il.<\/p>\n<\/div>\r\n\t\t\t\t\t\t\t<\/div>\r\n\t\t\t\t\t\t<\/div>\r\n\t\t\t\t\t\t\t\t\t\t\t\t\t\t\t\t\t<\/div>\r\n\t\t\t\t<\/div>\r\n\t\t\t<\/div><\/div>\t\t\t\r\n\t\t<hr class=\"m-0\" style=\"opacity:1; border-bottom:1px solid #9c949496; background-color: transparent;\"\/>\r\n\t\t<\/div>\r\n\t\t\r\n\t<\/div>\r\n<\/section>\n\n\n\n<section id=\"section-video-block_9b629f714c037a43200c770618f5bde1\" class=\"section-video d-flex justify-content-center\" style=\"margin-top:0;\">\n\t\n\t\t\t<div aria-hidden=\"true\" class=\"video-wrap\" style=\"width:100%; min-width:1280px; position:relative; height:420px; overflow:hidden;\">\n\t\t\t<video class=\"w-100\" playsinline=\"\" autoplay=\"autoplay\" loop=\"loop\" muted=\"true\" style=\"position:absolute; top:0; left:0;\">\n\t\t\t\t<source src=\"https:\/\/player.vimeo.com\/progressive_redirect\/playback\/702922600\/rendition\/1080p?loc=external&#038;signature=ca7733d03d94313779f22ed95f2fbdd3bdb4006cf180f11219619c3b90e5f94e\" type=\"video\/mp4\">\n\t\t\t<\/video>\n\t\t<\/div>\n\t<\/section>\n\n\r\n<a id=\"projects\" style=\"\"><\/a>\r\n\r\n\r\n\n\n<section id=\"block_84a962715074a362fe6518fcfb96311d\" class=\"section-park-projects bg-color-beige pt-5\">\r\n\t<h2 class=\"h1 color-black d-block text-capitalised pb-5 pt-4 px-3 px-lg-5\">Tionscadail Chaomhnaithe &#038; Speicis Neamhchoitianta<\/h2>\r\n\t<div class=\"container-fluid py-0 px-0\">\r\n\t\t<div class=\"row\">\r\n\t\t\t<div class=\"park-projects-container\" id=\"park-projects-container\">\r\n\t\t\t\t\t\t\t\t\t\t\t\t\t\t<div class=\"park-projects-items\">\r\n\t\t\t\t\t\t<div data-bs-toggle=\"collapse\" data-bs-target=\"#collapseProject-1\"  class=\" park-projects-container-item py-lg-4 px-4 d-flex align-items-center justify-content-start mb-0 h1 color-white\" style=\"min-width:100%;\">\r\n\t\t\t\t\t\t\t<div><span class=\"stripe-img my-2 my-lg-0 me-4\" style=\"background-image:url(https:\/\/www.nationalparks.ie\/app\/uploads\/2023\/06\/CuckooWithTagSmall.jpg); border-radius:50%;\" ><\/span><\/div>\r\n\t\t\t\t\t\t\t<h3 class=\"m-0 color-black\">Caomhn\u00fa: Tionscadal Rianaithe Chuach na h\u00c9ireann<\/h3>\r\n\t\t\t\t\t\t<\/div>\r\n\t\t\t\t\t\t<div class=\"park-projects-content collapse color-white\" data-bs-parent=\"#park-projects-container\" id=\"collapseProject-1\">\r\n\t\t\t\t\t\t\t<div class=\"container\">\r\n\t\t\t\t\t\t\t\t<div class=\"row\">\r\n\t\t\t\t\t\t\t\t\t<div class=\"col-md-4\">\r\n\t\t\t\t\t\t\t\t\t\r\n\t\t\t\t\t\t\t\t\t\t\t\t\t\t\t\t\t\t\t\r\n\t\t\t\t\t\t\t\t\t\t<img decoding=\"async\" src=\"https:\/\/www.nationalparks.ie\/app\/uploads\/2023\/06\/CuckooWithTagSmall.jpg\" alt=\"THUAS: Cuach Carran.\" \/>\r\n\t\t\t\t\t\t\t\t\t\t<p class=\"pt-2 px-3\">THUAS: Cuach Carran.<\/p>\r\n\t\t\t\t\t\t\t\t\t<\/div>\r\n\t\t\t\t\t\t\t\t\t<div class=\"col-md-7 mb-4 position-relative\">\r\n\t\t\t\t\t\t\t\t\t\t<div class=\"ps-2 ps-md-4 ps-lg-5\">\r\n\t\t\t\t\t\t\t\t\t\t\t<h4 class=\"h5 mt-4 mt-lg-5 px-3 color-white\">Caomhn\u00fa: Tionscadal Rianaithe Chuach na h\u00c9ireann<\/h4>\r\n\t\t\t\t\t\t\t\t\t\t\t<div class=\"h4 mt-4 px-3\">\r\n\t\t\t\t\t\t\t\t\t\t\t\t<h4>An Chuach n\u00f3 Cuach<\/h4>\n<p>T\u00e1 stair fhada ag an gCuach, mar aon leis an bhF\u00e1inleog agus an Traonach, mar chomhartha go bhfuil an samhradh linn, ag sroichint na t\u00edre sna laethanta deiridh d\u2019Aibre\u00e1n, tr\u00e9imhse ama ar a dtugtar \u2018r\u00e9 na cuaiche\u2019 air go minic.<\/p>\n<p>Imirceach samhraidh go h\u00c9irinn iad na cuacha agus n\u00ed bh\u00edonn na h\u00e9in fh\u00e1sta anseo ach \u00f3 Aibre\u00e1n go t\u00fas mh\u00ed I\u00fail, tar \u00e9is d\u00f3ibh an geimhreadh a chaitheamh san Afraic agus is \u00e9an uath\u00fail in \u00c9irinn iad mar beireann siad a gcuid uibheacha i neadacha \u00e9an eile agus n\u00edl baint n\u00e1 p\u00e1irt acu le t\u00f3g\u00e1il a n-\u00f3g\u00e1nach.<\/p>\n<p>T\u00e1 laghd\u00fa 27 % tugtha faoi deara tagtha ar an gCuach i nd\u00e1ileadh p\u00f3r\u00fach\u00e1in \u00f3n gc\u00e9ad daon\u00e1ireamh n\u00e1isi\u00fanta, Atl\u00e1s \u00c9an (1968-1972), agus an tAtlas \u00c9an is d\u00e9ana\u00ed (2007-2011). San Atlas \u00c9an is d\u00e9ana\u00ed l\u00e9ir\u00edonn treochta\u00ed daonra ar fud na Breataine agus na h\u00c9ireann laghduithe m\u00f3ra ar fud Shasana agus na Breataine Bige, m\u00e9aduithe in Albain agus cobhsa\u00edocht choibhneasta in \u00c9irinn. Mar sin, l\u00e9ir\u00edonn an Chuach aistri\u00fa daonra \u00f3 thuaidh agus siar cos\u00fail le roinnt imirceach eile a bh\u00edonn ag geimhri\u00fa i r\u00e9igi\u00fain thaise na hAfraice. Mar sin f\u00e9in, is beag eolas at\u00e1 ann faoi na c\u00faiseanna agus na spreactha\u00ed a d\u2019fh\u00e9adfadh a bheith leis na laghduithe sin.<\/p>\n<h4>Cuacha a Rian\u00fa<\/h4>\n<p>In 2011, thug Iontaobhas na Breataine um \u00c9aneola\u00edocht (BTO) faoi thionscadal nua chun staid\u00e9ar a dh\u00e9anamh ar phatr\u00fain imirce na Cuaiche. C\u00e9 go raibh staid\u00e9ar maith d\u00e9anta ar an gCuach le linn an ts\u00e9as\u00fair ph\u00f3raithe sa R\u00edocht Aontaithe, chomh luath agus a thug siad faoi imirce, is beag eolais a bh\u00ed ar na beala\u00ed a th\u00f3g siad n\u00f3 ar c\u00e9n \u00e1it san Afraic ar chaith siad m\u00edonna an gheimhridh. D\u00e1 bhf\u00e9adfa\u00ed na r\u00e9ims\u00ed a bhfuil t\u00e1bhacht leo do na h\u00e9in seo a aithint, d\u2019fh\u00e9adfaid\u00eds staid\u00e9ar a dh\u00e9anamh ar bhr\u00fanna a d\u2019fh\u00e9adfadh caillteanais dhaonra na gCuach a mh\u00edni\u00fa.<\/p>\n<p>\u00d3 dheireadh 2022 ann, t\u00e1 clibe\u00e1il d\u00e9anta ar n\u00edos m\u00f3 n\u00e1 100 cuach f\u00e1sta ar fud na Breataine agus t\u00e1 go leor foghlamtha faoi na beala\u00ed a t\u00f3gadh, agus faoi roinnt de na br\u00fanna a bh\u00edonn orthu dul i ngleic leo agus iad ar imirce. Ach is \u00ed an cheist mh\u00f3r d\u00fainne n\u00e1 an bhfuil na ceisteanna c\u00e9anna le s\u00e1r\u00fa ag Cuach na h\u00c9ireann n\u00f3 an dtugann siad faoi strait\u00e9is imirce \u00e9ags\u00fail agus aghaidh ar dh\u00fashl\u00e1in \u00e9ags\u00fala?<\/p>\n<p>Mar sin i mBealtaine 2023, chruthaigh an tSeirbh\u00eds P\u00e1irceanna N\u00e1isi\u00fanta agus Fiadh\u00falra (NPWS) nasc le foireann Chuach an BTO chun tabhairt faoi rian\u00fa satail\u00edte ar cheithre chuach \u00c9ireannach. Tr\u00ed cinn as P\u00e1irc N\u00e1isi\u00fanta Chill Airne, Co. Chiarra\u00ed agus ceann as P\u00e1irc N\u00e1isi\u00fanta Bhoirne, Co. an Chl\u00e1ir. Bh\u00ed tr\u00ed cinn de na h\u00e9in seo urraithe go d\u00edreach ag an NPWS agus an ceathr\u00fa \u00e9an ag urraitheoir pr\u00edobh\u00e1ideach. Feist\u00edodh na h\u00e9in seo le clibeanna satail\u00edte agus is f\u00e9idir a ngluaiseachta\u00ed a lean\u00faint ar na naisc th\u00edos:<\/p>\n<p><!-- Link Buttons --><\/p>\n<div class=\"wp-block-columns is-layout-flex wp-container-7 image-link-outer\" style=\"padding-right:0px;padding-left:0px\">\n<div class=\"wp-block-column is-layout-flow\">\n<a target=\"_blank\" href=\"https:\/\/www.bto.org\/our-science\/projects\/cuckoo-tracking-project\/cuach-torc\" class=\"image-link\" aria-label=\"View Cuach Torc on the BTO Website\"><\/p>\n<figure class=\"wp-block-image aligncenter size-large\">\n<img decoding=\"async\" loading=\"lazy\" src=\"\/app\/uploads\/2023\/06\/CuachTorc.jpg\" \/><figcaption>Torc<\/figcaption><\/figure>\n<p><\/a>\n<\/div>\n<div class=\"wp-block-column is-layout-flow\">\n<a target=\"_blank\" href=\"https:\/\/www.bto.org\/our-science\/projects\/cuckoo-tracking-project\/kp\" class=\"image-link\" aria-label=\"View KP on the BTO Website\"><\/p>\n<figure class=\"wp-block-image aligncenter size-large\">\n<img decoding=\"async\" loading=\"lazy\" src=\"\/app\/uploads\/2023\/06\/CuachKP.jpg\" \/><figcaption>KP<\/figcaption><\/figure>\n<p><\/a>\n<\/div>\n<\/div>\n<div class=\"wp-block-columns is-layout-flex wp-container-7 image-link-outer\" style=\"padding-right:0px;padding-left:0px\">\n<div class=\"wp-block-column is-layout-flow\">\n<a target=\"_blank\" href=\"https:\/\/www.bto.org\/our-science\/projects\/cuckoo-tracking-project\/cuach-cores\" class=\"image-link\" aria-label=\"View Cuach Cores on the BTO Website\"><\/p>\n<figure class=\"wp-block-image aligncenter size-large\">\n<img decoding=\"async\" loading=\"lazy\" src=\"\/app\/uploads\/2023\/06\/CuachCores.jpg\" \/><figcaption>Cores<\/figcaption><\/figure>\n<p><\/a>\n<\/div>\n<div class=\"wp-block-column is-layout-flow\">\n<a target=\"_blank\" href=\"https:\/\/www.bto.org\/our-science\/projects\/cuckoo-tracking-project\/cuach-carran\" class=\"image-link\" aria-label=\"View Cuach Carran on the BTO Website\"><\/p>\n<figure class=\"wp-block-image aligncenter size-large\">\n<img decoding=\"async\" loading=\"lazy\" src=\"\/app\/uploads\/2023\/06\/CuachCarran.jpg\" \/><figcaption>Carran<\/figcaption><\/figure>\n<p><\/a>\n<\/div>\n<\/div>\n\t\r\n\t\t\t\t\t\t\t\t\t\t\t<\/div>\r\n\t\t\t\t\t\t\t\t\t\t<\/div>\r\n\t\t\t\t\t\t\t\t\t<\/div>\r\n\t\t\t\t\t\t\t\t\t<div class=\"col-md-1 mb-4 position-relative\">\r\n\t\t\t\t\t\t\t\t\t\t<img decoding=\"async\" data-bs-toggle=\"collapse\" data-bs-target=\"#collapseProject-1\" aria-expanded=\"false\" aria-controls=\"collapseProject-1\" style=\"position:absolute; top:1rem; right:1rem; cursor:pointer;\" src=\"\/app\/themes\/NationalParks\/resources\/assets\/images\/arrow-circle-up-white.png\" alt=\"\"\/>\r\n\t\t\t\t\t\t\t\t\t<\/div>\r\n\t\t\t\t\t\t\t\t<\/div>\r\n\t\t\t\t\t\t\t<\/div>\r\n\t\t\t\t\t\t\t\t\t\t\t\t\r\n\t\t\t\t\t\t<\/div>\r\n\t\t\t\t\t<\/div>\r\n\t\t\t\t\t\t\t\t\t\t<div class=\"park-projects-items\">\r\n\t\t\t\t\t\t<div data-bs-toggle=\"collapse\" data-bs-target=\"#collapseProject-2\"  class=\" park-projects-container-item py-lg-4 px-4 d-flex align-items-center justify-content-start mb-0 h1 color-white\" style=\"min-width:100%;\">\r\n\t\t\t\t\t\t\t<div><span class=\"stripe-img my-2 my-lg-0 me-4\" style=\"background-image:url(https:\/\/www.nationalparks.ie\/app\/uploads\/2022\/09\/Rectangle-5-1-1.jpg); border-radius:50%;\" ><\/span><\/div>\r\n\t\t\t\t\t\t\t<h3 class=\"m-0 color-black\">Caomhn\u00fa: Tr\u00e9ad na bhFianna Rua D\u00fachasacha<\/h3>\r\n\t\t\t\t\t\t<\/div>\r\n\t\t\t\t\t\t<div class=\"park-projects-content collapse color-white\" data-bs-parent=\"#park-projects-container\" id=\"collapseProject-2\">\r\n\t\t\t\t\t\t\t<div class=\"container\">\r\n\t\t\t\t\t\t\t\t<div class=\"row\">\r\n\t\t\t\t\t\t\t\t\t<div class=\"col-md-4\">\r\n\t\t\t\t\t\t\t\t\t\r\n\t\t\t\t\t\t\t\t\t\t\t\t\t\t\t\t\t\t\t\r\n\t\t\t\t\t\t\t\t\t\t<img decoding=\"async\" src=\"https:\/\/www.nationalparks.ie\/app\/uploads\/2022\/09\/Rectangle-5-1-1.jpg\" alt=\"THUAS: fia rua fireann\" \/>\r\n\t\t\t\t\t\t\t\t\t\t<p class=\"pt-2 px-3\">THUAS: fia rua fireann<\/p>\r\n\t\t\t\t\t\t\t\t\t<\/div>\r\n\t\t\t\t\t\t\t\t\t<div class=\"col-md-7 mb-4 position-relative\">\r\n\t\t\t\t\t\t\t\t\t\t<div class=\"ps-2 ps-md-4 ps-lg-5\">\r\n\t\t\t\t\t\t\t\t\t\t\t<h4 class=\"h5 mt-4 mt-lg-5 px-3 color-white\">Caomhn\u00fa: Tr\u00e9ad na bhFianna Rua D\u00fachasacha<\/h4>\r\n\t\t\t\t\t\t\t\t\t\t\t<div class=\"h4 mt-4 px-3\">\r\n\t\t\t\t\t\t\t\t\t\t\t\t<p class=\"h3 font-family-naisiuntamedium mb-4\">T\u00e9ann tr\u00e9ad na bhfianna rua at\u00e1 le f\u00e1il sa Ph\u00e1irc N\u00e1isi\u00fanta siar chomh fada leis an Aois Neoiliteach agus is iad an t-aon tr\u00e9ad d\u00fachasach sa t\u00edr iad anois. C\u00e9 go bhfuil tr\u00e9ada fianna rua le f\u00e1il in \u00e1iteanna eile in \u00c9irinn, is \u00f3 stoc athbhunaithe a th\u00e1inig siad (\u00f3 Albain go pr\u00edomha).<\/p>\n<p>Is \u00e9 an fia rua an mamach tal\u00fan is m\u00f3 in \u00c9irinn agus d\u2019fh\u00e9adfadh na fianna rua fireanna a bheith chomh trom le 220kg. D\u2019fh\u00e9adfadh an fia rua baineann a bheith chomh trom le 110kg. Mar a thugann an t-ainm le fios, t\u00e1 fionnadh ar dhath deargdhonn a iompa\u00edonn donnghlas sa gheimhreadh orthu tr\u00e1th a n-\u00e9ir\u00edonn an fionnadh n\u00edos tibhe le cosaint a chur ar f\u00e1il d\u00f3ibh \u00f3n aimsir. Is f\u00e9ar\u00e1naigh go pr\u00edomha iad na fianna rua ach itheann siad fraoch, toir agus f\u00e9ar garbh freisin. Sceitheann na fianna rua fireanna a gcuid beanna gach uile bhliain, rud a chinnt\u00edonn go mb\u00edonn teacht aniar iontu do sh\u00e9as\u00far na reith\u00edochta.<\/p>\n\t\r\n\t\t\t\t\t\t\t\t\t\t\t<\/div>\r\n\t\t\t\t\t\t\t\t\t\t<\/div>\r\n\t\t\t\t\t\t\t\t\t<\/div>\r\n\t\t\t\t\t\t\t\t\t<div class=\"col-md-1 mb-4 position-relative\">\r\n\t\t\t\t\t\t\t\t\t\t<img decoding=\"async\" data-bs-toggle=\"collapse\" data-bs-target=\"#collapseProject-2\" aria-expanded=\"false\" aria-controls=\"collapseProject-2\" style=\"position:absolute; top:1rem; right:1rem; cursor:pointer;\" src=\"\/app\/themes\/NationalParks\/resources\/assets\/images\/arrow-circle-up-white.png\" alt=\"\"\/>\r\n\t\t\t\t\t\t\t\t\t<\/div>\r\n\t\t\t\t\t\t\t\t<\/div>\r\n\t\t\t\t\t\t\t<\/div>\r\n\t\t\t\t\t\t\t\t\t\t\t\t\r\n\t\t\t\t\t\t<\/div>\r\n\t\t\t\t\t<\/div>\r\n\t\t\t\t\t\t\t\t\t\t<div class=\"park-projects-items\">\r\n\t\t\t\t\t\t<div data-bs-toggle=\"collapse\" data-bs-target=\"#collapseProject-3\"  class=\" park-projects-container-item py-lg-4 px-4 d-flex align-items-center justify-content-start mb-0 h1 color-white\" style=\"min-width:100%;\">\r\n\t\t\t\t\t\t\t<div><span class=\"stripe-img my-2 my-lg-0 me-4\" style=\"background-image:url(https:\/\/www.nationalparks.ie\/app\/uploads\/2022\/09\/Rectangle-5-2-1.jpg); border-radius:50%;\" ><\/span><\/div>\r\n\t\t\t\t\t\t\t<h3 class=\"m-0 color-black\">Speicis Neamhchoitianta Tr\u00e9ad B\u00f3 D\u00fachasach Chiarra\u00ed<\/h3>\r\n\t\t\t\t\t\t<\/div>\r\n\t\t\t\t\t\t<div class=\"park-projects-content collapse color-white\" data-bs-parent=\"#park-projects-container\" id=\"collapseProject-3\">\r\n\t\t\t\t\t\t\t<div class=\"container\">\r\n\t\t\t\t\t\t\t\t<div class=\"row\">\r\n\t\t\t\t\t\t\t\t\t<div class=\"col-md-4\">\r\n\t\t\t\t\t\t\t\t\t\r\n\t\t\t\t\t\t\t\t\t\t\t\t\t\t\t\t\t\t\t\r\n\t\t\t\t\t\t\t\t\t\t<img decoding=\"async\" src=\"https:\/\/www.nationalparks.ie\/app\/uploads\/2022\/09\/Rectangle-5-2-1.jpg\" alt=\"THUAS: b\u00f3 Chiarra\u00ed\" \/>\r\n\t\t\t\t\t\t\t\t\t\t<p class=\"pt-2 px-3\">THUAS: b\u00f3 Chiarra\u00ed<\/p>\r\n\t\t\t\t\t\t\t\t\t<\/div>\r\n\t\t\t\t\t\t\t\t\t<div class=\"col-md-7 mb-4 position-relative\">\r\n\t\t\t\t\t\t\t\t\t\t<div class=\"ps-2 ps-md-4 ps-lg-5\">\r\n\t\t\t\t\t\t\t\t\t\t\t<h4 class=\"h5 mt-4 mt-lg-5 px-3 color-white\">Speicis Neamhchoitianta Tr\u00e9ad B\u00f3 D\u00fachasach Chiarra\u00ed<\/h4>\r\n\t\t\t\t\t\t\t\t\t\t\t<div class=\"h4 mt-4 px-3\">\r\n\t\t\t\t\t\t\t\t\t\t\t\t<p class=\"h3 font-family-naisiuntamedium mb-4\">Is f\u00e9idir tr\u00e9ad b\u00f3 d\u00fachasach Chiarra\u00ed a fheice\u00e1il ag innilt go minic i bP\u00e1irc N\u00e1isi\u00fanta Chill Airne. Meastar iad a bheith ina speiceas neamhchoitianta anois agus is furasta iad a aithint \u00f3n dath at\u00e1 orthu agus an mh\u00e9id at\u00e1 iontu.<\/p>\n<p><p>T\u00e1 B\u00f3 Chiarra\u00ed beagnach dubh go hioml\u00e1n seachas an paiste beag aisteach at\u00e1 ar an \u00fatha. Me\u00e1nn b\u00f3 fhireann suas go dt\u00ed 550kg agus an bh\u00f3 bhaineann 350 \u2013 450kg agus c\u00e9 go bhfuil siad n\u00edos l\u00fa n\u00e1 p\u00f3rtha eile, t\u00e1 teacht aniar iontu agus t\u00e1 siad l\u00e1idir. Creidtear go bhfuil siad ar cheann de na p\u00f3rtha is sine san Eoraip agus is le haghaidh bainne is m\u00f3 a \u00fas\u00e1ideadh iad. N\u00edl ach f\u00edorbheag\u00e1n de thr\u00e9ad B\u00f3 Chiarra\u00ed f\u00e1gtha ach t\u00e1 tr\u00e9ada le f\u00e1il in \u00c9irinn, sa R\u00edocht Aontaithe, i gCeanada agus i Meirice\u00e1.<\/p>\n\t\r\n\t\t\t\t\t\t\t\t\t\t\t<\/div>\r\n\t\t\t\t\t\t\t\t\t\t<\/div>\r\n\t\t\t\t\t\t\t\t\t<\/div>\r\n\t\t\t\t\t\t\t\t\t<div class=\"col-md-1 mb-4 position-relative\">\r\n\t\t\t\t\t\t\t\t\t\t<img decoding=\"async\" data-bs-toggle=\"collapse\" data-bs-target=\"#collapseProject-3\" aria-expanded=\"false\" aria-controls=\"collapseProject-3\" style=\"position:absolute; top:1rem; right:1rem; cursor:pointer;\" src=\"\/app\/themes\/NationalParks\/resources\/assets\/images\/arrow-circle-up-white.png\" alt=\"\"\/>\r\n\t\t\t\t\t\t\t\t\t<\/div>\r\n\t\t\t\t\t\t\t\t<\/div>\r\n\t\t\t\t\t\t\t<\/div>\r\n\t\t\t\t\t\t\t\t\t\t\t\t\r\n\t\t\t\t\t\t<\/div>\r\n\t\t\t\t\t<\/div>\r\n\t\t\t\t\t\t\t\t\t\t<div class=\"park-projects-items\">\r\n\t\t\t\t\t\t<div data-bs-toggle=\"collapse\" data-bs-target=\"#collapseProject-4\"  class=\" park-projects-container-item py-lg-4 px-4 d-flex align-items-center justify-content-start mb-0 h1 color-white\" style=\"min-width:100%;\">\r\n\t\t\t\t\t\t\t<div><span class=\"stripe-img my-2 my-lg-0 me-4\" style=\"background-image:url(https:\/\/www.nationalparks.ie\/app\/uploads\/2022\/09\/Rectangle-5-3-1.jpg); border-radius:50%;\" ><\/span><\/div>\r\n\t\t\t\t\t\t\t<h3 class=\"m-0 color-black\">Caomhn\u00fa: An Cl\u00e1r Athbhunaithe Iolair<\/h3>\r\n\t\t\t\t\t\t<\/div>\r\n\t\t\t\t\t\t<div class=\"park-projects-content collapse color-white\" data-bs-parent=\"#park-projects-container\" id=\"collapseProject-4\">\r\n\t\t\t\t\t\t\t<div class=\"container\">\r\n\t\t\t\t\t\t\t\t<div class=\"row\">\r\n\t\t\t\t\t\t\t\t\t<div class=\"col-md-4\">\r\n\t\t\t\t\t\t\t\t\t\r\n\t\t\t\t\t\t\t\t\t\t\t\t\t\t\t\t\t\t\t\r\n\t\t\t\t\t\t\t\t\t\t<img decoding=\"async\" src=\"https:\/\/www.nationalparks.ie\/app\/uploads\/2022\/09\/Rectangle-5-3-1.jpg\" alt=\"THUAS: iolar mara\" \/>\r\n\t\t\t\t\t\t\t\t\t\t<p class=\"pt-2 px-3\">THUAS: iolar mara<\/p>\r\n\t\t\t\t\t\t\t\t\t<\/div>\r\n\t\t\t\t\t\t\t\t\t<div class=\"col-md-7 mb-4 position-relative\">\r\n\t\t\t\t\t\t\t\t\t\t<div class=\"ps-2 ps-md-4 ps-lg-5\">\r\n\t\t\t\t\t\t\t\t\t\t\t<h4 class=\"h5 mt-4 mt-lg-5 px-3 color-white\">Caomhn\u00fa: An Cl\u00e1r Athbhunaithe Iolair<\/h4>\r\n\t\t\t\t\t\t\t\t\t\t\t<div class=\"h4 mt-4 px-3\">\r\n\t\t\t\t\t\t\t\t\t\t\t\t<p class=\"h3 font-family-naisiuntamedium mb-4\">An tIolar Mara (Haliaeetus albicilla) \u2013 n\u00ed raibh iolair le feice\u00e1il in \u00c9irinn \u00f3 th\u00fas na 20\u00fa haoise gur cuireadh cl\u00e1r athbhunaithe ar si\u00fal i bP\u00e1irc N\u00e1isi\u00fanta Chill Airne, agus t\u00e1 an t-iolar mara le feice\u00e1il sa sp\u00e9ir ar\u00eds.<\/p>\n<p>Is \u00e9 an t-iolar mara an t-\u00e9an c\u00f3naithe is m\u00f3 in \u00c9irinn le r\u00e9ise sciath\u00e1n suas le 2.4 m\u00e9adar agus t\u00e1 fad a choirp thart ar mh\u00e9adar amh\u00e1in. Is \u00e9 an t-iolar baineann an t-\u00e9an is m\u00f3 ag thart ar 6kg agus an t-iolar fireann thart ar 4kg. Is dath donn at\u00e1 ar an iolar f\u00e1sta le cloigeann b\u00e1n agus f\u00e1sann an t-eireaball saini\u00fail b\u00e1n nuair a bh\u00edonn siad idir 3-4 bliana d&#8217;aois. Is os cionn Loch L\u00e9in sa Ph\u00e1irc N\u00e1isi\u00fanta is m\u00f3r a mb\u00edonn an t-iolar le feice\u00e1il.<\/p>\n<p>T\u00e1 tuilleadh f\u00edric\u00ed agus f\u00edse\u00e1in \u00f3 thaifeadta\u00ed beo ceamara gr\u00e9as\u00e1in ar an Iolar Mara B\u00e1n ar f\u00e1il \u00f3 shu\u00edomh <a class=\"color-white\" href=\"https:\/\/www.glengarriffnaturereserve.ie\/white-tailed-sea-eagle-facts\/\" rel=\"noopener\" target=\"_blank\">Gr\u00e9as\u00e1in Thearmann D\u00falra Ghleann Garbh<\/a>.<\/p>\n\t\r\n\t\t\t\t\t\t\t\t\t\t\t<\/div>\r\n\t\t\t\t\t\t\t\t\t\t<\/div>\r\n\t\t\t\t\t\t\t\t\t<\/div>\r\n\t\t\t\t\t\t\t\t\t<div class=\"col-md-1 mb-4 position-relative\">\r\n\t\t\t\t\t\t\t\t\t\t<img decoding=\"async\" data-bs-toggle=\"collapse\" data-bs-target=\"#collapseProject-4\" aria-expanded=\"false\" aria-controls=\"collapseProject-4\" style=\"position:absolute; top:1rem; right:1rem; cursor:pointer;\" src=\"\/app\/themes\/NationalParks\/resources\/assets\/images\/arrow-circle-up-white.png\" alt=\"\"\/>\r\n\t\t\t\t\t\t\t\t\t<\/div>\r\n\t\t\t\t\t\t\t\t<\/div>\r\n\t\t\t\t\t\t\t<\/div>\r\n\t\t\t\t\t\t\t\t\t\t\t\t\r\n\t\t\t\t\t\t<\/div>\r\n\t\t\t\t\t<\/div>\r\n\t\t\t\t\t\t\t\t\t\t<div class=\"park-projects-items\">\r\n\t\t\t\t\t\t<div data-bs-toggle=\"collapse\" data-bs-target=\"#collapseProject-5\"  class=\" park-projects-container-item py-lg-4 px-4 d-flex align-items-center justify-content-start mb-0 h1 color-white\" style=\"min-width:100%;\">\r\n\t\t\t\t\t\t\t<div><span class=\"stripe-img my-2 my-lg-0 me-4\" style=\"background-image:url(https:\/\/www.nationalparks.ie\/app\/uploads\/2022\/09\/Rectangle-5-4-1.jpg); border-radius:50%;\" ><\/span><\/div>\r\n\t\t\t\t\t\t\t<h3 class=\"m-0 color-black\">Speicis Neamhchoitianta Sead Fhallacsach Chill Airne<\/h3>\r\n\t\t\t\t\t\t<\/div>\r\n\t\t\t\t\t\t<div class=\"park-projects-content collapse color-white\" data-bs-parent=\"#park-projects-container\" id=\"collapseProject-5\">\r\n\t\t\t\t\t\t\t<div class=\"container\">\r\n\t\t\t\t\t\t\t\t<div class=\"row\">\r\n\t\t\t\t\t\t\t\t\t<div class=\"col-md-4\">\r\n\t\t\t\t\t\t\t\t\t\r\n\t\t\t\t\t\t\t\t\t\t\t\t\t\t\t\t\t\t\t\r\n\t\t\t\t\t\t\t\t\t\t<img decoding=\"async\" src=\"https:\/\/www.nationalparks.ie\/app\/uploads\/2022\/09\/Rectangle-5-4-1.jpg\" alt=\"THUAS: Sead Chill Airne\" \/>\r\n\t\t\t\t\t\t\t\t\t\t<p class=\"pt-2 px-3\">THUAS: Sead Chill Airne<\/p>\r\n\t\t\t\t\t\t\t\t\t<\/div>\r\n\t\t\t\t\t\t\t\t\t<div class=\"col-md-7 mb-4 position-relative\">\r\n\t\t\t\t\t\t\t\t\t\t<div class=\"ps-2 ps-md-4 ps-lg-5\">\r\n\t\t\t\t\t\t\t\t\t\t\t<h4 class=\"h5 mt-4 mt-lg-5 px-3 color-white\">Speicis Neamhchoitianta Sead Fhallacsach Chill Airne<\/h4>\r\n\t\t\t\t\t\t\t\t\t\t\t<div class=\"h4 mt-4 px-3\">\r\n\t\t\t\t\t\t\t\t\t\t\t\t<p class=\"h3 font-family-naisiuntamedium mb-4\">T\u00e1 Sead Fhallacsach Chill Airne (Alosa killarnensis) \u2013 a dtugtar \u2018gabhair\u00edn\u2019 air go h\u00e1iti\u00fail, uath\u00fail in \u00c9irinn ach t\u00e1 s\u00e9 uath\u00fail i gCiarra\u00ed freisin agus n\u00edl siad le f\u00e1il ach in aon loch amh\u00e1in laistigh de Ph\u00e1irc N\u00e1isi\u00fanta Chill Airne, Loch L\u00e9in.<\/p>\n<p>F\u00e1sann siad go 20cm ar fad agus t\u00e1 cuma scad\u00e1in orthu, t\u00e1 saol r\u00e9 de c\u00faig bliana ag an tsead. Is z\u00f3planct\u00f3n at\u00e1 le f\u00e1il in aibhneacha is m\u00f3 a itheann siad. T\u00e1 an tsead bhaineann beag\u00e1n n\u00edos m\u00f3 n\u00e1 an tsead fhireann agus \u00fas\u00e1ideann siad limist\u00e9ir ghairbh\u00e9il in aice na n-oile\u00e1n at\u00e1 ar an loch mar limist\u00e9ir sceite le linn mh\u00edonna an Mheithimh agus I\u00fail. T\u00e1 an speiceas seo thar a bheith sp\u00e9isi\u00fail mar go gcreidtear gur th\u00e1inig siad chun an locha le linn na hoighearaoise deiridh suas le 10,000 bliain \u00f3 shin, agus mar a thosaigh na hoighearchl\u00faideacha ag le\u00e1 bh\u00ed orthu iad f\u00e9in a chur in oiri\u00faint mar speiceas talamhiata.<\/p>\n\t\r\n\t\t\t\t\t\t\t\t\t\t\t<\/div>\r\n\t\t\t\t\t\t\t\t\t\t<\/div>\r\n\t\t\t\t\t\t\t\t\t<\/div>\r\n\t\t\t\t\t\t\t\t\t<div class=\"col-md-1 mb-4 position-relative\">\r\n\t\t\t\t\t\t\t\t\t\t<img decoding=\"async\" data-bs-toggle=\"collapse\" data-bs-target=\"#collapseProject-5\" aria-expanded=\"false\" aria-controls=\"collapseProject-5\" style=\"position:absolute; top:1rem; right:1rem; cursor:pointer;\" src=\"\/app\/themes\/NationalParks\/resources\/assets\/images\/arrow-circle-up-white.png\" alt=\"\"\/>\r\n\t\t\t\t\t\t\t\t\t<\/div>\r\n\t\t\t\t\t\t\t\t<\/div>\r\n\t\t\t\t\t\t\t<\/div>\r\n\t\t\t\t\t\t\t\t\t\t\t\t\r\n\t\t\t\t\t\t<\/div>\r\n\t\t\t\t\t<\/div>\r\n\t\t\t\t\t\t\t\t\t\t<div class=\"park-projects-items\">\r\n\t\t\t\t\t\t<div data-bs-toggle=\"collapse\" data-bs-target=\"#collapseProject-6\"  class=\" park-projects-container-item py-lg-4 px-4 d-flex align-items-center justify-content-start mb-0 h1 color-white\" style=\"min-width:100%;\">\r\n\t\t\t\t\t\t\t<div><span class=\"stripe-img my-2 my-lg-0 me-4\" style=\"background-image:url(https:\/\/www.nationalparks.ie\/app\/uploads\/2022\/09\/Rectangle-5-5-1.jpg); border-radius:50%;\" ><\/span><\/div>\r\n\t\t\t\t\t\t\t<h3 class=\"m-0 color-black\">Speicis Neamhchoitianta An Chuil Chad\u00e1in (Setodes argentipunctellus)<\/h3>\r\n\t\t\t\t\t\t<\/div>\r\n\t\t\t\t\t\t<div class=\"park-projects-content collapse color-white\" data-bs-parent=\"#park-projects-container\" id=\"collapseProject-6\">\r\n\t\t\t\t\t\t\t<div class=\"container\">\r\n\t\t\t\t\t\t\t\t<div class=\"row\">\r\n\t\t\t\t\t\t\t\t\t<div class=\"col-md-4\">\r\n\t\t\t\t\t\t\t\t\t\r\n\t\t\t\t\t\t\t\t\t\t\t\t\t\t\t\t\t\t\t\r\n\t\t\t\t\t\t\t\t\t\t<img decoding=\"async\" src=\"https:\/\/www.nationalparks.ie\/app\/uploads\/2022\/09\/Rectangle-5-5-1.jpg\" alt=\"THUAS: an chuil chad\u00e1in\" \/>\r\n\t\t\t\t\t\t\t\t\t\t<p class=\"pt-2 px-3\">THUAS: an chuil chad\u00e1in<\/p>\r\n\t\t\t\t\t\t\t\t\t<\/div>\r\n\t\t\t\t\t\t\t\t\t<div class=\"col-md-7 mb-4 position-relative\">\r\n\t\t\t\t\t\t\t\t\t\t<div class=\"ps-2 ps-md-4 ps-lg-5\">\r\n\t\t\t\t\t\t\t\t\t\t\t<h4 class=\"h5 mt-4 mt-lg-5 px-3 color-white\">Speicis Neamhchoitianta An Chuil Chad\u00e1in (Setodes argentipunctellus)<\/h4>\r\n\t\t\t\t\t\t\t\t\t\t\t<div class=\"h4 mt-4 px-3\">\r\n\t\t\t\t\t\t\t\t\t\t\t\t<p class=\"h3 font-family-naisiuntamedium mb-4\">Is feithide uisceach r\u00ed-annamh \u00ed an Chuil Chad\u00e1in in \u00c9irinn agus n\u00edl f\u00e1il uirthi ach i bP\u00e1irc N\u00e1isi\u00fanta Chill Airne amh\u00e1in. Creidtear go bhfuil an Chuil Chad\u00e1in fanta \u00f3n oighearaois dheiridh.<\/p>\n<p>In ainneoin a hainm, n\u00ed cuileog at\u00e1 i gceist; d\u00e9 bhr\u00ed nach bhfuil ach p\u00e9ire amh\u00e1in sciath\u00e1in ar chuileog, t\u00e1 dh\u00e1 ph\u00e9ire sciath\u00e1n ar an gCuil Chad\u00e1in. T\u00e1 s\u00ed le f\u00e1il thart ar imeall lochanna, aibhneacha agus sruth\u00e1in agus is uisceach at\u00e1 larbha na Cuile Cad\u00e1in. N\u00ed mhaireann an Chuil Chad\u00e1in ach c\u00fapla seachtain. Is foinse th\u00e1bhachtach bia at\u00e1 sa Chuil Chad\u00e1in agus an larbha d\u2019\u00e9isc agus d\u2019\u00e9in.<\/p>\n\t\r\n\t\t\t\t\t\t\t\t\t\t\t<\/div>\r\n\t\t\t\t\t\t\t\t\t\t<\/div>\r\n\t\t\t\t\t\t\t\t\t<\/div>\r\n\t\t\t\t\t\t\t\t\t<div class=\"col-md-1 mb-4 position-relative\">\r\n\t\t\t\t\t\t\t\t\t\t<img decoding=\"async\" data-bs-toggle=\"collapse\" data-bs-target=\"#collapseProject-6\" aria-expanded=\"false\" aria-controls=\"collapseProject-6\" style=\"position:absolute; top:1rem; right:1rem; cursor:pointer;\" src=\"\/app\/themes\/NationalParks\/resources\/assets\/images\/arrow-circle-up-white.png\" alt=\"\"\/>\r\n\t\t\t\t\t\t\t\t\t<\/div>\r\n\t\t\t\t\t\t\t\t<\/div>\r\n\t\t\t\t\t\t\t<\/div>\r\n\t\t\t\t\t\t\t\t\t\t\t\t\r\n\t\t\t\t\t\t<\/div>\r\n\t\t\t\t\t<\/div>\r\n\t\t\t\t\t\t\t\t\t\t<div class=\"park-projects-items\">\r\n\t\t\t\t\t\t<div data-bs-toggle=\"collapse\" data-bs-target=\"#collapseProject-7\"  class=\" park-projects-container-item py-lg-4 px-4 d-flex align-items-center justify-content-start mb-0 h1 color-white\" style=\"min-width:100%;\">\r\n\t\t\t\t\t\t\t<div><span class=\"stripe-img my-2 my-lg-0 me-4\" style=\"background-image:url(https:\/\/www.nationalparks.ie\/app\/uploads\/2022\/09\/Rectangle-5-6-1.jpg); border-radius:50%;\" ><\/span><\/div>\r\n\t\t\t\t\t\t\t<h3 class=\"m-0 color-black\">Speicis Neamhchoitianta Sn\u00e1thaid Mh\u00f3r, Smaragaid an Tuaiscirt (Somatochlora arctica)<\/h3>\r\n\t\t\t\t\t\t<\/div>\r\n\t\t\t\t\t\t<div class=\"park-projects-content collapse color-white\" data-bs-parent=\"#park-projects-container\" id=\"collapseProject-7\">\r\n\t\t\t\t\t\t\t<div class=\"container\">\r\n\t\t\t\t\t\t\t\t<div class=\"row\">\r\n\t\t\t\t\t\t\t\t\t<div class=\"col-md-4\">\r\n\t\t\t\t\t\t\t\t\t\r\n\t\t\t\t\t\t\t\t\t\t\t\t\t\t\t\t\t\t\t\r\n\t\t\t\t\t\t\t\t\t\t<img decoding=\"async\" src=\"https:\/\/www.nationalparks.ie\/app\/uploads\/2022\/09\/Rectangle-5-6-1.jpg\" alt=\"THUAS: sn\u00e1thaid mh\u00f3r smaragaid an tuaiscirt\" \/>\r\n\t\t\t\t\t\t\t\t\t\t<p class=\"pt-2 px-3\">THUAS: sn\u00e1thaid mh\u00f3r smaragaid an tuaiscirt<\/p>\r\n\t\t\t\t\t\t\t\t\t<\/div>\r\n\t\t\t\t\t\t\t\t\t<div class=\"col-md-7 mb-4 position-relative\">\r\n\t\t\t\t\t\t\t\t\t\t<div class=\"ps-2 ps-md-4 ps-lg-5\">\r\n\t\t\t\t\t\t\t\t\t\t\t<h4 class=\"h5 mt-4 mt-lg-5 px-3 color-white\">Speicis Neamhchoitianta Sn\u00e1thaid Mh\u00f3r, Smaragaid an Tuaiscirt (Somatochlora arctica)<\/h4>\r\n\t\t\t\t\t\t\t\t\t\t\t<div class=\"h4 mt-4 px-3\">\r\n\t\t\t\t\t\t\t\t\t\t\t\t<p class=\"h3 font-family-naisiuntamedium mb-4\">Is \u00ed seo an tSn\u00e1thaid Mh\u00f3r is neamhchoitianta in \u00c9irinn, agus meastar nach bhfuil s\u00ed le f\u00e1il ach in dh\u00e1 limist\u00e9ar bheaga i bP\u00e1irc N\u00e1isi\u00fanta Chill Airne. N\u00ed mhaireann Smaragaid an Tuaiscirt fh\u00e1sta ach seal gearr, idir seachtain amh\u00e1in agus ocht seachtaine, de ghn\u00e1th.<\/p>\n<p>Le linn an ama sin is f\u00e9idir teacht orthu in aice na tal\u00fan \u00e1it a mb\u00edonn siad crochta ar fh\u00e1sra n\u00f3 ar th\u00f3ir for\u00e1iste go hard i mbarr crainn. Is f\u00e9idir iad a fheice\u00e1il idir m\u00edonna na Bealtaine agus Me\u00e1n F\u00f3mhair ach is m\u00f3 seans gur idir m\u00edonna an Mheithimh agus I\u00fail a bheidh siad le feice\u00e1il. F\u00e1gann Smaragaid an Tuaiscirt baineann a cuid larbha i linnte m\u00f3na \u00e9adomhain agus is f\u00e9idir a gcuid uibheacha beaga b\u00eddeacha a fheice\u00e1il ar gh\u00e9ag\u00e1in agus ar dhuilleoga phlanda\u00ed uisceacha n\u00f3 in uisce n\u00f3 i bpuiteach bog. Meastar go bhfuil pobal n\u00edos l\u00fa n\u00e1 1,000 de Smaragaid an Tuaiscirt f\u00e1sta in \u00c9irinn.<\/p>\n\t\r\n\t\t\t\t\t\t\t\t\t\t\t<\/div>\r\n\t\t\t\t\t\t\t\t\t\t<\/div>\r\n\t\t\t\t\t\t\t\t\t<\/div>\r\n\t\t\t\t\t\t\t\t\t<div class=\"col-md-1 mb-4 position-relative\">\r\n\t\t\t\t\t\t\t\t\t\t<img decoding=\"async\" data-bs-toggle=\"collapse\" data-bs-target=\"#collapseProject-7\" aria-expanded=\"false\" aria-controls=\"collapseProject-7\" style=\"position:absolute; top:1rem; right:1rem; cursor:pointer;\" src=\"\/app\/themes\/NationalParks\/resources\/assets\/images\/arrow-circle-up-white.png\" alt=\"\"\/>\r\n\t\t\t\t\t\t\t\t\t<\/div>\r\n\t\t\t\t\t\t\t\t<\/div>\r\n\t\t\t\t\t\t\t<\/div>\r\n\t\t\t\t\t\t\t\t\t\t\t\t\r\n\t\t\t\t\t\t<\/div>\r\n\t\t\t\t\t<\/div>\r\n\t\t\t\t\t\t\t\t\t\t\t\t<\/div>\r\n\t\t<\/div>\r\n\t<\/div>\r\n<\/section>\r\n<style>\r\n\t.section-park-projects .park-projects-container {  }\r\n\t.section-park-projects .park-projects-container .park-projects-container-item { border-bottom:1px solid rgb(255 255 255 \/ 100%); cursor:pointer; }\r\n\t.section-park-projects .park-projects-container h3{ font-size:2rem; margin:0; }\r\n\t.stripe-img { width:108px; height:108px; border-radius:100%; background-position:center center; background-size:cover; float:left; }\r\n\t@media (max-width: 768px){\r\n\t\t.section-park-projects .park-projects-container h3{ font-size:2rem; margin:0; }\r\n\t\t.section-park-projects .park-projects-container p { font-size:1.2rem; margin:0; }\r\n\t\t.stripe-img { width:88px; height:88px; }\r\n\t}\r\n<\/style>\n\n\r\n<a id=\"flora\" style=\"\"><\/a>\r\n\r\n\r\n\n\n\r\n<section id=\"block_8ebcdbfd14c04b05e0cf2e1e7c146325\" class=\"section-twocolumns py-4 py-lg-4 bg-color-beige color-black\" style=\"background-image:url(); \">\r\n\t\t\r\n\t\t<div class=\"container-fluid px-3 px-lg-5\">\r\n\t\t\t<div class=\"row\">\r\n\t\t\t\t<div class=\"col-12 section-twocolumns__title\">\r\n\t\t\t\t\t<h2 class=\"font-size-heading\">Fl\u00f3ra<\/h2>\r\n\t\t\t\t<\/div>\r\n\t\t\t<\/div>\t\r\n\t\t<\/div>\t\r\n\t\t<hr>\r\n\t\t<div class=\"d-flex flex-column\">\r\n\t\t\r\n\t \t\r\n\t<div class=\"container-fluid px-3 px-lg-5 section-twocolumns__columns order-2 \">\r\n\t\t<div class=\"row\">\r\n\t\t\t<div class=\"d-flex flex-column flex-lg-row\">\r\n\t\t\t\t<div class=\"col-12 col-lg-6  first-column\">\r\n\t\t\t\t\t<div class=\"pt-3 pt-lg-5 pe-0 pe-lg-5\">\n<p class=\"h3 font-family-naisiuntamedium mb-4\">T\u00e1 codanna \u00e1irithe de Ph\u00e1irc N\u00e1isi\u00fanta Chill Airne n\u00e1r cuireadh isteach orthu m\u00f3r\u00e1n le c\u00fapla c\u00e9ad bliain.  Thug s\u00e9 seo deis do speicis \u00e9ags\u00fala bl\u00e1thanna agus planda\u00ed a bheith faoi bhl\u00e1th.  Is in \u00c9irinn amh\u00e1in a fhaightear cuid de na planda\u00ed at\u00e1 sa Ph\u00e1irc N\u00e1isi\u00fanta.  Ainmn\u00edodh an Ph\u00e1irc N\u00e1isi\u00fanta mar thearmann bithsf\u00e9ir mar gheall ar speicis neamhchoitianta den chine\u00e1l sin a bheith ann.<\/p>\n<\/div>\n\t\t\t\t<\/div>\r\n\t\t\t\t<div class=\"col-12 col-lg-6  mb-3 mb-lg-5 second-column\">\r\n\t\t\t\t\t<p><img loading=\"lazy\" decoding=\"async\" class=\"alignnone size-full wp-image-8793\" src=\"https:\/\/www.nationalparks.ie\/app\/uploads\/2022\/09\/Rectangle-5-8-1.jpg\" alt=\"Crann i\u00fair\" width=\"620\" height=\"620\" srcset=\"https:\/\/www.nationalparks.ie\/app\/uploads\/2022\/09\/Rectangle-5-8-1.jpg 620w, https:\/\/www.nationalparks.ie\/app\/uploads\/2022\/09\/Rectangle-5-8-1-300x300.jpg 300w, https:\/\/www.nationalparks.ie\/app\/uploads\/2022\/09\/Rectangle-5-8-1-150x150.jpg 150w\" sizes=\"auto, (max-width: 620px) 100vw, 620px\" \/><\/p>\n<p><strong>THUAS:<\/strong> Crann i\u00fair<\/p>\n\t\t\t\t<\/div>\r\n\t\t\t<\/div>\r\n\t\t<\/div>\r\n\t<\/div>\r\n\t\t\r\n<\/section>\r\n\n\n\r\n<a id=\"rareflora\" style=\"\"><\/a>\r\n\r\n\r\n\n\n\r\n<section id=\"block_621f44f93e319864473afaf5aeb41f46\" class=\"section-dropdown-gallery bg-color-beige color-black pb-5\">\r\n\t<div class=\"container\">\r\n\t\t\t\t\t<h2 class=\"display-6 mb-4 pt-5\">Fl\u00f3ra at\u00e1 faoi Chosaint &#038; Fl\u00f3ra at\u00e1 Neamhchoitianta<\/h2>\r\n\t\t\t<\/div>\r\n\t<hr class=\"my-0\" style=\"border-top:1px solid #9C9494; opacity: 1;\" \/>\r\n\t<div class=\"container-fluid px-3 px-lg-5\">\r\n\t\t<div class=\"row\">\t\t\r\n\t\t\t\t\r\n\t\t\t\t\t\r\n\t\t\t\r\n\t\t\t\t\t<div class=\"col-12 col-md-6 col-lg-4 park_gallery_item\">\r\n\t\t\t\t\t\t\r\n\t\t\t\t\t\t\t\t\t\t\t\t\t<div class=\"w-100 bg-img overflow-hidden\" style=\"background-image:url(https:\/\/www.nationalparks.ie\/app\/uploads\/2022\/09\/Rectangle-5-15.jpg); background-size:cover; background-repeat:no-repeat; min-height:450px;\">\r\n\t\t\t\t\t\t\t\t<div class=\"bg-color-beige collapse park-gallery-dropdown\" id=\"collapse-dropdown-gallery-1\">\r\n\t\t\t\t\t\t\t\t\t<div style=\"font-size:inherit; height: 92px;\" class=\"p-3 bg-color-beige accordion-button accordion-button-color-black collapsed\" data-bs-toggle=\"collapse\" href=\"#collapse-dropdown-gallery-1\" role=\"button\" aria-expanded=\"false\" aria-controls=\"collapseExample\">\r\n\t\t\t\t\t\t\t\t\t\t<div class=\"w-100\">\r\n\t\t\t\t\t\t\t\t\t\t\t<h3 class=\"font-size-heading color-black\">Cab\u00e1iste an Mhadra Rua<\/h3>\r\n\t\t\t\t\t\t\t\t\t\t\t<div class=\"font-family-gibson-300 color-black\">Saxifraga spathularis<\/div>\r\n\t\t\t\t\t\t\t\t\t\t<\/div>\r\n\t\t\t\t\t\t\t\t\t<\/div>\r\n\t\t\t\t\t\t\t\t\t<div class=\"flex-grow-1 p-3\">\r\n\t\t\t\t\t\t\t\t\t\t<p>T\u00e1 dh\u00e1 mh\u00f3r\u00e1n Cab\u00e1iste an Mhadra Rua (Saxifraga spathularis) agus an M\u00f3r\u00e1n Giobach (Saxifraga hirsuta), a bh\u00edonn le f\u00e1il go minic sa Ph\u00e1irc N\u00e1isi\u00fanta, le f\u00e1il freisin in iarthar na h\u00c9ireann, i dtuaisceart na Sp\u00e1inne agus sa Phortaing\u00e9il.<\/p>\n<p>Is speiceas saxifrage at\u00e1 \u00f3 dh\u00fachas in\u00c9irinn, sa Phortaing\u00e9il agus sa Sp\u00e1inn \u00e9 an Saxifraga spathularis, n\u00f3 cab\u00e1iste an mhadra rua.  Baineann s\u00e9 leis an bhfl\u00f3ra a dtugtar Lusitanian air, sraith bheag planda\u00ed at\u00e1 \u00f3 dh\u00fachas in \u00c9irinn. N\u00ed fhaightear \u00e9 ar chor ar bith sa mBreatain Mh\u00f3r, ach n\u00ed fios c\u00e9n f\u00e1th.  Is \u00e9ard at\u00e1 ann n\u00e1 bunr\u00f3is\u00e9ad de dhuilleoga s\u00famhara, fadaithe, ubhchruthacha at\u00e1 timpeall ar ghas d\u00edreach bl\u00e1thach gan duille air.  Is cos\u00fail gur fearr a fh\u00e1sann s\u00e9 i ngn\u00e1th\u00f3ga alpacha h\u00famasacha i measc carraigeacha aig\u00e9adacha.<\/p>\n<p style=\"bottom: 0px;position: absolute\">Foins\u00ed: <a href=\"https:\/\/en.wikipedia.org\/wiki\/Saxifraga_spathularis\" rel=\"noopener\" target=\"_blank\">Vicip\u00e9id<\/a><\/p>\n\t\t\t\t\t\t\t\t\t<\/div>\r\n\t\t\t\t\t\t\t\t<\/div>\t\r\n\t\t\t\t\t\t\t<\/div>\t\r\n\t\t\t\t\t\t\t<hr class=\"my-0\" style=\"border-top:1px solid #9C9494; opacity: 1;\" \/>\t\r\n\t\t\t\t\t\t\t<div style=\"font-size:inherit; height: 92px;\" class=\"p-3 bg-color-beige accordion-button accordion-button-color-black collapsed\" data-bs-toggle=\"collapse\" href=\"#collapse-dropdown-gallery-1\" role=\"button\" aria-expanded=\"false\" aria-controls=\"collapseExample\">\r\n\t\t\t\t\t\t\t\t<div class=\"w-100\">\r\n\t\t\t\t\t\t\t\t\t<h3 class=\"font-size-heading color-black\">Cab\u00e1iste an Mhadra Rua<\/h3>\r\n\t\t\t\t\t\t\t\t\t<div class=\"font-family-gibson-300 color-black\">Saxifraga spathularis<\/div>\r\n\t\t\t\t\t\t\t\t<\/div>\r\n\t\t\t\t\t\t\t<\/div>\t\t\t\t\t\r\n\t\t\t\t\t\t\t\t\t\t\t<\/div>\r\n\t\t\t\t\t\t\t\r\n\t\t\t\t\t\r\n\t\t\t\r\n\t\t\t\t\t<div class=\"col-12 col-md-6 col-lg-4 park_gallery_item\">\r\n\t\t\t\t\t\t\r\n\t\t\t\t\t\t\t\t\t\t\t\t\t<div class=\"w-100 bg-img overflow-hidden\" style=\"background-image:url(https:\/\/www.nationalparks.ie\/app\/uploads\/2022\/09\/Rectangle-5-1-2.jpg); background-size:cover; background-repeat:no-repeat; min-height:450px;\">\r\n\t\t\t\t\t\t\t\t<div class=\"bg-color-beige collapse park-gallery-dropdown\" id=\"collapse-dropdown-gallery-2\">\r\n\t\t\t\t\t\t\t\t\t<div style=\"font-size:inherit; height: 92px;\" class=\"p-3 bg-color-beige accordion-button accordion-button-color-black collapsed\" data-bs-toggle=\"collapse\" href=\"#collapse-dropdown-gallery-2\" role=\"button\" aria-expanded=\"false\" aria-controls=\"collapseExample\">\r\n\t\t\t\t\t\t\t\t\t\t<div class=\"w-100\">\r\n\t\t\t\t\t\t\t\t\t\t\t<h3 class=\"font-size-heading color-black\">An M\u00f3r\u00e1n Giobach<\/h3>\r\n\t\t\t\t\t\t\t\t\t\t\t<div class=\"font-family-gibson-300 color-black\">Saxifraga hirsuta<\/div>\r\n\t\t\t\t\t\t\t\t\t\t<\/div>\r\n\t\t\t\t\t\t\t\t\t<\/div>\r\n\t\t\t\t\t\t\t\t\t<div class=\"flex-grow-1 p-3\">\r\n\t\t\t\t\t\t\t\t\t\t<p>Is ilbhliant\u00f3g mata-fhoirmithe, s\u00edorghlas \u00e9 An M\u00f3r\u00e1n Giobacha bhfuil r\u00f3is\u00e9id de dhuilleoga d\u00faghlasa air at\u00e1 ramhardhuilleach, gruagach, fiaclach, agus cruth du\u00e1in orthu, chomh maith le painicil scaoilte de bhl\u00e1thanna b\u00e1na r\u00e9altchruthacha, a thagann amach i ndeireadh an earraigh agus i dt\u00fas an tsamhraidh.<\/p>\n<p>Luibh ilbhliant\u00fail at\u00e1 ann le st\u00f3lain air nach bhf\u00e1sann ach in \u00e1iteanna taise, sc\u00e1thaithe, ar n\u00f3s coillte, aillte agus bruacha a bhfuil a n-aghaidh \u00f3 thuaidh, agus ina aice le sruth\u00e1in agus ar charraigeacha sna sl\u00e9ibhte.  Is minic a fhaightear cuid ag f\u00e1s in aolchloch sa Bhreatain, nach bhfuil n\u00e1d\u00fartha don t\u00edr, ach a d\u2019\u00e9alaigh as gaird\u00edn\u00ed. In \u00c9irinn, a \u00e1it d\u00fachais, \u00e1fach n\u00ed fh\u00e1sann s\u00e9 ach ar charraig shili\u00fail.<\/p>\n<p style=\"bottom: 0px;position: absolute\">Foins\u00ed: <a href=\"https:\/\/www.shootgardening.co.uk\/plant\/saxifraga-hirsuta\" rel=\"noopener\" target=\"_blank\">Shoot Gardening<\/a>, <a href=\"https:\/\/plantatlas.brc.ac.uk\/plant\/saxifraga-hirsuta\" rel=\"noopener\" target=\"_blank\">Biological Records Centre \u2013 Plant Atlas<\/a><\/p>\n\t\t\t\t\t\t\t\t\t<\/div>\r\n\t\t\t\t\t\t\t\t<\/div>\t\r\n\t\t\t\t\t\t\t<\/div>\t\r\n\t\t\t\t\t\t\t<hr class=\"my-0\" style=\"border-top:1px solid #9C9494; opacity: 1;\" \/>\t\r\n\t\t\t\t\t\t\t<div style=\"font-size:inherit; height: 92px;\" class=\"p-3 bg-color-beige accordion-button accordion-button-color-black collapsed\" data-bs-toggle=\"collapse\" href=\"#collapse-dropdown-gallery-2\" role=\"button\" aria-expanded=\"false\" aria-controls=\"collapseExample\">\r\n\t\t\t\t\t\t\t\t<div class=\"w-100\">\r\n\t\t\t\t\t\t\t\t\t<h3 class=\"font-size-heading color-black\">An M\u00f3r\u00e1n Giobach<\/h3>\r\n\t\t\t\t\t\t\t\t\t<div class=\"font-family-gibson-300 color-black\">Saxifraga hirsuta<\/div>\r\n\t\t\t\t\t\t\t\t<\/div>\r\n\t\t\t\t\t\t\t<\/div>\t\t\t\t\t\r\n\t\t\t\t\t\t\t\t\t\t\t<\/div>\r\n\t\t\t\t\t\t\t\r\n\t\t\t\t\t\r\n\t\t\t\r\n\t\t\t\t\t<div class=\"col-12 col-md-6 col-lg-4 park_gallery_item\">\r\n\t\t\t\t\t\t\r\n\t\t\t\t\t\t\t\t\t\t\t\t\t<div class=\"w-100 bg-img overflow-hidden\" style=\"background-image:url(https:\/\/www.nationalparks.ie\/app\/uploads\/2022\/09\/Rectangle-5-2-2.jpg); background-size:cover; background-repeat:no-repeat; min-height:450px;\">\r\n\t\t\t\t\t\t\t\t<div class=\"bg-color-beige collapse park-gallery-dropdown\" id=\"collapse-dropdown-gallery-3\">\r\n\t\t\t\t\t\t\t\t\t<div style=\"font-size:inherit; height: 92px;\" class=\"p-3 bg-color-beige accordion-button accordion-button-color-black collapsed\" data-bs-toggle=\"collapse\" href=\"#collapse-dropdown-gallery-3\" role=\"button\" aria-expanded=\"false\" aria-controls=\"collapseExample\">\r\n\t\t\t\t\t\t\t\t\t\t<div class=\"w-100\">\r\n\t\t\t\t\t\t\t\t\t\t\t<h3 class=\"font-size-heading color-black\">Leith Uisce<\/h3>\r\n\t\t\t\t\t\t\t\t\t\t\t<div class=\"font-family-gibson-300 color-black\">Pinguicula grandiflora<\/div>\r\n\t\t\t\t\t\t\t\t\t\t<\/div>\r\n\t\t\t\t\t\t\t\t\t<\/div>\r\n\t\t\t\t\t\t\t\t\t<div class=\"flex-grow-1 p-3\">\r\n\t\t\t\t\t\t\t\t\t\t<p>C\u00e9 go bhfuil an Leith Uisce n\u00f3 an tSadhbh\u00f3g Sl\u00e9ibhe n\u00edos m\u00f3 n\u00e1 an Bod\u00e1n Measc\u00e1in mar sin f\u00e9in is ilbhliant\u00f3g \u00e9.  Mar gheall ar an mbl\u00e1th at\u00e1 air measann go leor luibheolaithe gurb \u00e9 an fl\u00f3ra is \u00e1ille \u00e9 de fhl\u00f3ra na h\u00c9ireann; dath saibhir corcairghorm at\u00e1 air.<\/p>\n<p>Ar n\u00f3s an Bhod\u00e1in Measc\u00e1in is planda \u00e9 nach n-itheann ach feithid\u00ed, iompa\u00edonn na duilleoga greamaitheacha, bu\u00ed isteach chun breith ar fheithid\u00ed agus iad a ithe.  F\u00e1sann s\u00e9 seo freisin i bportaigh, i r\u00e9itigh taise sna coillte, i m\u00f3intigh fliucha agus ar charraigeacha.  Ach murab ionann is an Bod\u00e1n Measc\u00e1in n\u00ed fh\u00e1sann s\u00e9 seo ach i gceantair \u00e1irithe:  Corcaigh agus Ciarra\u00ed, \u00e1it a bhfuil s\u00e9 fl\u00fairseach, agus Luimneach agus an Cl\u00e1r, \u00e1it a bhfuil s\u00e9 neamhghn\u00e1ch.  Is f\u00e9idir \u00e9 a shaothr\u00fa i dteach Alpach n\u00f3 mar phlanda gaird\u00edn in ithir aig\u00e9adach bhog.<\/p>\n<p>Tagann na bl\u00e1thanna amach i m\u00ed na Bealtaine agus i m\u00ed an Mheithimh.<\/p>\n<p style=\"bottom: 0px;position: absolute\">Foins\u00ed: <a href=\"http:\/\/www.irelandseye.com\/irish\/nature\/flowers\/irish_wild_flowers\/summer\/greater_butterwort.shtm\" rel=\"noopener\" target=\"_blank\">Ireland&#8217;s Eye<\/a><\/p>\n\t\t\t\t\t\t\t\t\t<\/div>\r\n\t\t\t\t\t\t\t\t<\/div>\t\r\n\t\t\t\t\t\t\t<\/div>\t\r\n\t\t\t\t\t\t\t<hr class=\"my-0\" style=\"border-top:1px solid #9C9494; opacity: 1;\" \/>\t\r\n\t\t\t\t\t\t\t<div style=\"font-size:inherit; height: 92px;\" class=\"p-3 bg-color-beige accordion-button accordion-button-color-black collapsed\" data-bs-toggle=\"collapse\" href=\"#collapse-dropdown-gallery-3\" role=\"button\" aria-expanded=\"false\" aria-controls=\"collapseExample\">\r\n\t\t\t\t\t\t\t\t<div class=\"w-100\">\r\n\t\t\t\t\t\t\t\t\t<h3 class=\"font-size-heading color-black\">Leith Uisce<\/h3>\r\n\t\t\t\t\t\t\t\t\t<div class=\"font-family-gibson-300 color-black\">Pinguicula grandiflora<\/div>\r\n\t\t\t\t\t\t\t\t<\/div>\r\n\t\t\t\t\t\t\t<\/div>\t\t\t\t\t\r\n\t\t\t\t\t\t\t\t\t\t\t<\/div>\r\n\t\t\t\t\t\t\t\r\n\t\t\t\t\t\r\n\t\t\t\r\n\t\t\t\t\t<div class=\"col-12 col-md-6 col-lg-4 park_gallery_item\">\r\n\t\t\t\t\t\t\r\n\t\t\t\t\t\t\t\t\t\t\t\t\t<div class=\"w-100 bg-img overflow-hidden\" style=\"background-image:url(https:\/\/www.nationalparks.ie\/app\/uploads\/2022\/09\/Rectangle-5-3-2.jpg); background-size:cover; background-repeat:no-repeat; min-height:450px;\">\r\n\t\t\t\t\t\t\t\t<div class=\"bg-color-beige collapse park-gallery-dropdown\" id=\"collapse-dropdown-gallery-4\">\r\n\t\t\t\t\t\t\t\t\t<div style=\"font-size:inherit; height: 92px;\" class=\"p-3 bg-color-beige accordion-button accordion-button-color-black collapsed\" data-bs-toggle=\"collapse\" href=\"#collapse-dropdown-gallery-4\" role=\"button\" aria-expanded=\"false\" aria-controls=\"collapseExample\">\r\n\t\t\t\t\t\t\t\t\t\t<div class=\"w-100\">\r\n\t\t\t\t\t\t\t\t\t\t\t<h3 class=\"font-size-heading color-black\">An Feilistr\u00edn Gorm<\/h3>\r\n\t\t\t\t\t\t\t\t\t\t\t<div class=\"font-family-gibson-300 color-black\">Sisyrinchium bermudiana<\/div>\r\n\t\t\t\t\t\t\t\t\t\t<\/div>\r\n\t\t\t\t\t\t\t\t\t<\/div>\r\n\t\t\t\t\t\t\t\t\t<div class=\"flex-grow-1 p-3\">\r\n\t\t\t\t\t\t\t\t\t\t<p>Is \u00e9ard at\u00e1 sa bhfeilistr\u00edn gorm n\u00e1 ilbhliant\u00f3g beag dosach d&#8217;fh\u00e9araigh fhliucha, de bhruacha locha agus de chiumhaiseanna f\u00e9ir at\u00e1 forleathan i Meirice\u00e1 Thuaidh agus \u00f3 thaobh na hEorpa de is in \u00c9irinn at\u00e1 s\u00e9 go pr\u00edomha.<\/p>\n<p>Tugadh a ainm eola\u00edoch, Sisyrinchium bermudiana, air nuair a chreid luibheolaithe, agus dul am\u00fa orthu, gur i mBeirmi\u00fada amh\u00e1in a bh\u00ed s\u00e9 ag f\u00e1s.<\/p>\n<p>Is fearr leis an bplanda ithir a fhanann tais i gc\u00f3na\u00ed ach a  mb\u00edonn draen\u00e1il mhaith ann ag an am c\u00e9anna.  D\u00e1 bhr\u00ed sin, is minic a fhaightear \u00e9 ar scaineag\u00e1n tais, agus in ithir at\u00e1 gairbh\u00e9alach n\u00f3 gainmheach agus an talamh bocht n\u00f3 r\u00e9as\u00fanta m\u00e9ith, agus a imoibri\u00fa idir a bheith neodrach agus beag\u00e1n alcaileach.<\/p>\n<p>N\u00ed oscla\u00edonn na bl\u00e1thanna beaga b\u00e1nghorma ach ar laethanta geala, gr\u00e9ine i l\u00e1r an tsamhraidh, rud a fh\u00e1gann go mbeadh s\u00e9 an-\u00e9asca an speiceas a ligeann i ndearmad.<\/p>\n<p style=\"bottom: 0px;position: absolute\">Foins\u00ed: <a href=\"http:\/\/www.habitas.org.uk\/priority\/species.asp?item=2263\" rel=\"noopener\" target=\"_blank\">Habitas<\/a><\/p>\n\t\t\t\t\t\t\t\t\t<\/div>\r\n\t\t\t\t\t\t\t\t<\/div>\t\r\n\t\t\t\t\t\t\t<\/div>\t\r\n\t\t\t\t\t\t\t<hr class=\"my-0\" style=\"border-top:1px solid #9C9494; opacity: 1;\" \/>\t\r\n\t\t\t\t\t\t\t<div style=\"font-size:inherit; height: 92px;\" class=\"p-3 bg-color-beige accordion-button accordion-button-color-black collapsed\" data-bs-toggle=\"collapse\" href=\"#collapse-dropdown-gallery-4\" role=\"button\" aria-expanded=\"false\" aria-controls=\"collapseExample\">\r\n\t\t\t\t\t\t\t\t<div class=\"w-100\">\r\n\t\t\t\t\t\t\t\t\t<h3 class=\"font-size-heading color-black\">An Feilistr\u00edn Gorm<\/h3>\r\n\t\t\t\t\t\t\t\t\t<div class=\"font-family-gibson-300 color-black\">Sisyrinchium bermudiana<\/div>\r\n\t\t\t\t\t\t\t\t<\/div>\r\n\t\t\t\t\t\t\t<\/div>\t\t\t\t\t\r\n\t\t\t\t\t\t\t\t\t\t\t<\/div>\r\n\t\t\t\t\t\t\t\r\n\t\t\t\t\t\r\n\t\t\t\r\n\t\t\t\t\t<div class=\"col-12 col-md-6 col-lg-4 park_gallery_item\">\r\n\t\t\t\t\t\t\r\n\t\t\t\t\t\t\t\t\t\t\t\t\t<div class=\"w-100 bg-img overflow-hidden\" style=\"background-image:url(https:\/\/www.nationalparks.ie\/app\/uploads\/2022\/09\/Rectangle-5-4-2.jpg); background-size:cover; background-repeat:no-repeat; min-height:450px;\">\r\n\t\t\t\t\t\t\t\t<div class=\"bg-color-beige collapse park-gallery-dropdown\" id=\"collapse-dropdown-gallery-5\">\r\n\t\t\t\t\t\t\t\t\t<div style=\"font-size:inherit; height: 92px;\" class=\"p-3 bg-color-beige accordion-button accordion-button-color-black collapsed\" data-bs-toggle=\"collapse\" href=\"#collapse-dropdown-gallery-5\" role=\"button\" aria-expanded=\"false\" aria-controls=\"collapseExample\">\r\n\t\t\t\t\t\t\t\t\t\t<div class=\"w-100\">\r\n\t\t\t\t\t\t\t\t\t\t\t<h3 class=\"font-size-heading color-black\">An Samhadh Sl\u00e9ibhe<\/h3>\r\n\t\t\t\t\t\t\t\t\t\t\t<div class=\"font-family-gibson-300 color-black\">Oxyria digyna<\/div>\r\n\t\t\t\t\t\t\t\t\t\t<\/div>\r\n\t\t\t\t\t\t\t\t\t<\/div>\r\n\t\t\t\t\t\t\t\t\t<div class=\"flex-grow-1 p-3\">\r\n\t\t\t\t\t\t\t\t\t\t<p>Is planda ilbhliant\u00fail \u00e9 an samhadh sl\u00e9ibhe a bhfuil socfhr\u00e9amh l\u00e1idir air agus a fh\u00e1sann go dt\u00ed idir 10 agus 30 cm. F\u00e1sann s\u00e9 i dtoim dhl\u00fatha agus go hiond\u00fail n\u00ed bh\u00edonn g\u00e9aga n\u00e1 gruaig ar an ngas.  Dath cine\u00e1l dearg a bh\u00edonn ar na gais bhl\u00e1thacha agus ar ghais na nduilleog.  Cruth du\u00e1in a bh\u00edonn ar na duilleoga, iad beag\u00e1n ramhardhuilleach, agus iad ar ghais a thagann an\u00edos \u00f3n mbunghas.  Tagann bl\u00e1thanna beaga, glasa orthu a iompa\u00edonn scothdhearg  ina dhiaidh, agus  iad ina ngr\u00fapa i mbraisle ingearach oscailte.  Cn\u00f3 beag at\u00e1 sa toradh, agus sciath\u00e1n leathan ina thimpeall a iompa\u00edonn dearg sa deireadh.  Agus \u00e9 i gcruth toim at\u00e1 dl\u00fath, dearg, is furasta an planda seo a aithint.<\/p>\n<p>T\u00e1 blas g\u00e9ar n\u00f3 blas \u00far aig\u00e9adach ar dhuilleoga an tsamhaidh sl\u00e9ibhe agus t\u00e1 go leor vitim\u00edn C iontu. Is f\u00e9idir iad a ithe amh n\u00f3 iad a ch\u00f3car\u00e1il.<\/p>\n<p style=\"bottom: 0px;position: absolute\">Foins\u00ed: <a href=\"https:\/\/en.wikipedia.org\/wiki\/Oxyria_digyna\" rel=\"noopener\" target=\"_blank\">Vicip\u00e9id<\/a><\/p>\n\t\t\t\t\t\t\t\t\t<\/div>\r\n\t\t\t\t\t\t\t\t<\/div>\t\r\n\t\t\t\t\t\t\t<\/div>\t\r\n\t\t\t\t\t\t\t<hr class=\"my-0\" style=\"border-top:1px solid #9C9494; opacity: 1;\" \/>\t\r\n\t\t\t\t\t\t\t<div style=\"font-size:inherit; height: 92px;\" class=\"p-3 bg-color-beige accordion-button accordion-button-color-black collapsed\" data-bs-toggle=\"collapse\" href=\"#collapse-dropdown-gallery-5\" role=\"button\" aria-expanded=\"false\" aria-controls=\"collapseExample\">\r\n\t\t\t\t\t\t\t\t<div class=\"w-100\">\r\n\t\t\t\t\t\t\t\t\t<h3 class=\"font-size-heading color-black\">An Samhadh Sl\u00e9ibhe<\/h3>\r\n\t\t\t\t\t\t\t\t\t<div class=\"font-family-gibson-300 color-black\">Oxyria digyna<\/div>\r\n\t\t\t\t\t\t\t\t<\/div>\r\n\t\t\t\t\t\t\t<\/div>\t\t\t\t\t\r\n\t\t\t\t\t\t\t\t\t\t\t<\/div>\r\n\t\t\t\t\t\t\t\r\n\t\t\t\t\t\r\n\t\t\t\r\n\t\t\t\t\t<div class=\"col-12 col-md-6 col-lg-4 park_gallery_item\">\r\n\t\t\t\t\t\t\r\n\t\t\t\t\t\t\t\t\t\t\t\t\t<div class=\"w-100 bg-img overflow-hidden\" style=\"background-image:url(https:\/\/www.nationalparks.ie\/app\/uploads\/2022\/09\/Rectangle-5-5-2.jpg); background-size:cover; background-repeat:no-repeat; min-height:450px;\">\r\n\t\t\t\t\t\t\t\t<div class=\"bg-color-beige collapse park-gallery-dropdown\" id=\"collapse-dropdown-gallery-6\">\r\n\t\t\t\t\t\t\t\t\t<div style=\"font-size:inherit; height: 92px;\" class=\"p-3 bg-color-beige accordion-button accordion-button-color-black collapsed\" data-bs-toggle=\"collapse\" href=\"#collapse-dropdown-gallery-6\" role=\"button\" aria-expanded=\"false\" aria-controls=\"collapseExample\">\r\n\t\t\t\t\t\t\t\t\t\t<div class=\"w-100\">\r\n\t\t\t\t\t\t\t\t\t\t\t<h3 class=\"font-size-heading color-black\">An Fionncha Glas<\/h3>\r\n\t\t\t\t\t\t\t\t\t\t\t<div class=\"font-family-gibson-300 color-black\">Asplenium viride<\/div>\r\n\t\t\t\t\t\t\t\t\t\t<\/div>\r\n\t\t\t\t\t\t\t\t\t<\/div>\r\n\t\t\t\t\t\t\t\t\t<div class=\"flex-grow-1 p-3\">\r\n\t\t\t\t\t\t\t\t\t\t<p>Is raithneach \u00e9 an Asplenium viride agus tugtar An Fionncha Glas air de bharr go bhfuil str\u00edoca agus pr\u00edomhghas glas air. Mar gheall ar an ngn\u00e9 seo t\u00e1 s\u00e9 \u00e9asca idirdheal\u00fa a dh\u00e9anamh idir \u00e9 f\u00e9in agus an fionncha d\u00fachasach, Asplenium trichomanes, at\u00e1 an-chos\u00fail leis.<\/p>\n<p>Is speiceas n\u00e1d\u00fartha \u00e9 an fionncha glas i dtuaisceart agus in iarthar Mheirice\u00e1 Thuaidh, i dtuaisceart na hEorpa agus san \u00c1ise.  Is raithneach bheag charraige \u00e9, a fh\u00e1sann ar charraig chailceach.<\/p>\n<p style=\"bottom: 0px;position: absolute\">Foins\u00ed: <a href=\"https:\/\/en.wikipedia.org\/wiki\/Asplenium_viride\" rel=\"noopener\" target=\"_blank\">Vicip\u00e9id<\/a><\/p>\n\t\t\t\t\t\t\t\t\t<\/div>\r\n\t\t\t\t\t\t\t\t<\/div>\t\r\n\t\t\t\t\t\t\t<\/div>\t\r\n\t\t\t\t\t\t\t<hr class=\"my-0\" style=\"border-top:1px solid #9C9494; opacity: 1;\" \/>\t\r\n\t\t\t\t\t\t\t<div style=\"font-size:inherit; height: 92px;\" class=\"p-3 bg-color-beige accordion-button accordion-button-color-black collapsed\" data-bs-toggle=\"collapse\" href=\"#collapse-dropdown-gallery-6\" role=\"button\" aria-expanded=\"false\" aria-controls=\"collapseExample\">\r\n\t\t\t\t\t\t\t\t<div class=\"w-100\">\r\n\t\t\t\t\t\t\t\t\t<h3 class=\"font-size-heading color-black\">An Fionncha Glas<\/h3>\r\n\t\t\t\t\t\t\t\t\t<div class=\"font-family-gibson-300 color-black\">Asplenium viride<\/div>\r\n\t\t\t\t\t\t\t\t<\/div>\r\n\t\t\t\t\t\t\t<\/div>\t\t\t\t\t\r\n\t\t\t\t\t\t\t\t\t\t\t<\/div>\r\n\t\t\t\t\t\t\t\r\n\t\t\t\t\t\r\n\t\t\t\r\n\t\t\t\t\t<div class=\"col-12 col-md-6 col-lg-4 park_gallery_item\">\r\n\t\t\t\t\t\t\r\n\t\t\t\t\t\t\t\t\t\t\t\t\t<div class=\"w-100 bg-img overflow-hidden\" style=\"background-image:url(https:\/\/www.nationalparks.ie\/app\/uploads\/2022\/09\/Rectangle-5-6-2.jpg); background-size:cover; background-repeat:no-repeat; min-height:450px;\">\r\n\t\t\t\t\t\t\t\t<div class=\"bg-color-beige collapse park-gallery-dropdown\" id=\"collapse-dropdown-gallery-7\">\r\n\t\t\t\t\t\t\t\t\t<div style=\"font-size:inherit; height: 92px;\" class=\"p-3 bg-color-beige accordion-button accordion-button-color-black collapsed\" data-bs-toggle=\"collapse\" href=\"#collapse-dropdown-gallery-7\" role=\"button\" aria-expanded=\"false\" aria-controls=\"collapseExample\">\r\n\t\t\t\t\t\t\t\t\t\t<div class=\"w-100\">\r\n\t\t\t\t\t\t\t\t\t\t\t<h3 class=\"font-size-heading color-black\">An Gharbh\u00f3g Alpach<\/h3>\r\n\t\t\t\t\t\t\t\t\t\t\t<div class=\"font-family-gibson-300 color-black\">Diphasiastrum alpinum<\/div>\r\n\t\t\t\t\t\t\t\t\t\t<\/div>\r\n\t\t\t\t\t\t\t\t\t<\/div>\r\n\t\t\t\t\t\t\t\t\t<div class=\"flex-grow-1 p-3\">\r\n\t\t\t\t\t\t\t\t\t\t<p>Is speiceas garbh\u00f3ige \u00e9 diphasiastrum alpinum, an gharbh\u00f3g alpach.  Ba \u00e9 Carl Linnaeus a rinne cur s\u00edos air den ch\u00e9ad uair ina leabhar Flora Lapponica, 1737, \u00f3 eiseamail a bh\u00ed faighte san Fhionlainn.  T\u00e1 s\u00e9 le f\u00e1il i gcuid mhaith de na codanna is faide \u00f3 thuaidh den Leathsf\u00e9ar Thuaidh: cuid mhaith de Cheanada, an chuid thiar thuaidh de na St\u00e1it Aontaithe, tuaisceart agus l\u00e1r na hEorpa, an R\u00fais, an tS\u00edn agus an tSeap\u00e1in.<\/p>\n<p>F\u00e1sann an alpinum diphasiastrum go dt\u00ed 10\u201320 cm \u00f3 ghais a fh\u00e1sann d\u00edreach th\u00edos faoi dhromchla na tal\u00fan.  T\u00e1 na duilleoga cuasach ag a mbun.<\/p>\n<p style=\"bottom: 0px;position: absolute\">Foins\u00ed: <a href=\"https:\/\/en.wikipedia.org\/wiki\/Diphasiastrum_alpinum\" rel=\"noopener\" target=\"_blank\">Vicip\u00e9id<\/a><\/p>\n\t\t\t\t\t\t\t\t\t<\/div>\r\n\t\t\t\t\t\t\t\t<\/div>\t\r\n\t\t\t\t\t\t\t<\/div>\t\r\n\t\t\t\t\t\t\t<hr class=\"my-0\" style=\"border-top:1px solid #9C9494; opacity: 1;\" \/>\t\r\n\t\t\t\t\t\t\t<div style=\"font-size:inherit; height: 92px;\" class=\"p-3 bg-color-beige accordion-button accordion-button-color-black collapsed\" data-bs-toggle=\"collapse\" href=\"#collapse-dropdown-gallery-7\" role=\"button\" aria-expanded=\"false\" aria-controls=\"collapseExample\">\r\n\t\t\t\t\t\t\t\t<div class=\"w-100\">\r\n\t\t\t\t\t\t\t\t\t<h3 class=\"font-size-heading color-black\">An Gharbh\u00f3g Alpach<\/h3>\r\n\t\t\t\t\t\t\t\t\t<div class=\"font-family-gibson-300 color-black\">Diphasiastrum alpinum<\/div>\r\n\t\t\t\t\t\t\t\t<\/div>\r\n\t\t\t\t\t\t\t<\/div>\t\t\t\t\t\r\n\t\t\t\t\t\t\t\t\t\t\t<\/div>\r\n\t\t\t\t\t\t\t\r\n\t\t\t\t\t\r\n\t\t\t\r\n\t\t\t\t\t<div class=\"col-12 col-md-6 col-lg-4 park_gallery_item\">\r\n\t\t\t\t\t\t\r\n\t\t\t\t\t\t\t\t\t\t\t\t\t<div class=\"w-100 bg-img overflow-hidden\" style=\"background-image:url(https:\/\/www.nationalparks.ie\/app\/uploads\/2022\/09\/Rectangle-5-7-2.jpg); background-size:cover; background-repeat:no-repeat; min-height:450px;\">\r\n\t\t\t\t\t\t\t\t<div class=\"bg-color-beige collapse park-gallery-dropdown\" id=\"collapse-dropdown-gallery-8\">\r\n\t\t\t\t\t\t\t\t\t<div style=\"font-size:inherit; height: 92px;\" class=\"p-3 bg-color-beige accordion-button accordion-button-color-black collapsed\" data-bs-toggle=\"collapse\" href=\"#collapse-dropdown-gallery-8\" role=\"button\" aria-expanded=\"false\" aria-controls=\"collapseExample\">\r\n\t\t\t\t\t\t\t\t\t\t<div class=\"w-100\">\r\n\t\t\t\t\t\t\t\t\t\t\t<h3 class=\"font-size-heading color-black\">An M\u00f3r\u00e1n Gaelach<\/h3>\r\n\t\t\t\t\t\t\t\t\t\t\t<div class=\"font-family-gibson-300 color-black\">Saxifraga rosacea<\/div>\r\n\t\t\t\t\t\t\t\t\t\t<\/div>\r\n\t\t\t\t\t\t\t\t\t<\/div>\r\n\t\t\t\t\t\t\t\t\t<div class=\"flex-grow-1 p-3\">\r\n\t\t\t\t\t\t\t\t\t\t<p>Is planda luibheach \u00e9 Saxifraga rosacea, n\u00f3 an M\u00f3r\u00e1n Gaelach as fine an saxifragaceae.  Scaipeann s\u00e9 amach tr\u00ed \u00fas\u00e1id a bhaint as a stol\u00e1in, a dh\u00e9anann c\u00fais\u00edn dl\u00fath de ph\u00e9ac\u00e1in dhuilleacha ghearra.  D&#8217;fh\u00e9adfadh na gais bl\u00e1thacha a bheith suas le 25cm ar airde, agus 4-5 de bhl\u00e1thanna b\u00e1na orthu agus peitil a bh\u00edonn 6-10mm ar fad.<\/p>\n<p>T\u00e1 s\u00e9 le f\u00e1il in iarthar na h\u00c9ireann agus na Breataine M\u00f3ire agus san \u00cdoslainn.  T\u00e1 s\u00e9 d\u00edofa i Sasana \u00f3n mbliain 1960.  De ghn\u00e1th faightear \u00e9 in aice le sruth\u00e1in sl\u00e9ibhe, ach f\u00e1sann s\u00e9 freisin ar aillte agus ar fh\u00e1na\u00ed screath\u00e1in.<\/p>\n<p style=\"bottom: 0px;position: absolute\">Foins\u00ed: <a href=\"https:\/\/en.wikipedia.org\/wiki\/Saxifraga_rosacea\" rel=\"noopener\" target=\"_blank\">Vicip\u00e9id<\/a><\/p>\n\t\t\t\t\t\t\t\t\t<\/div>\r\n\t\t\t\t\t\t\t\t<\/div>\t\r\n\t\t\t\t\t\t\t<\/div>\t\r\n\t\t\t\t\t\t\t<hr class=\"my-0\" style=\"border-top:1px solid #9C9494; opacity: 1;\" \/>\t\r\n\t\t\t\t\t\t\t<div style=\"font-size:inherit; height: 92px;\" class=\"p-3 bg-color-beige accordion-button accordion-button-color-black collapsed\" data-bs-toggle=\"collapse\" href=\"#collapse-dropdown-gallery-8\" role=\"button\" aria-expanded=\"false\" aria-controls=\"collapseExample\">\r\n\t\t\t\t\t\t\t\t<div class=\"w-100\">\r\n\t\t\t\t\t\t\t\t\t<h3 class=\"font-size-heading color-black\">An M\u00f3r\u00e1n Gaelach<\/h3>\r\n\t\t\t\t\t\t\t\t\t<div class=\"font-family-gibson-300 color-black\">Saxifraga rosacea<\/div>\r\n\t\t\t\t\t\t\t\t<\/div>\r\n\t\t\t\t\t\t\t<\/div>\t\t\t\t\t\r\n\t\t\t\t\t\t\t\t\t\t\t<\/div>\r\n\t\t\t\t\t\t\t\r\n\t\t\t\t\t\r\n\t\t\t\r\n\t\t\t\t\t<div class=\"col-12 col-md-6 col-lg-4 park_gallery_item\">\r\n\t\t\t\t\t\t\r\n\t\t\t\t\t\t\t\t\t\t\t\t\t<div class=\"w-100 bg-img overflow-hidden\" style=\"background-image:url(https:\/\/www.nationalparks.ie\/app\/uploads\/2023\/06\/Killarney-Fern-scaled.jpg); background-size:cover; background-repeat:no-repeat; min-height:450px;\">\r\n\t\t\t\t\t\t\t\t<div class=\"bg-color-beige collapse park-gallery-dropdown\" id=\"collapse-dropdown-gallery-9\">\r\n\t\t\t\t\t\t\t\t\t<div style=\"font-size:inherit; height: 92px;\" class=\"p-3 bg-color-beige accordion-button accordion-button-color-black collapsed\" data-bs-toggle=\"collapse\" href=\"#collapse-dropdown-gallery-9\" role=\"button\" aria-expanded=\"false\" aria-controls=\"collapseExample\">\r\n\t\t\t\t\t\t\t\t\t\t<div class=\"w-100\">\r\n\t\t\t\t\t\t\t\t\t\t\t<h3 class=\"font-size-heading color-black\">Raithneach Chill Airne<\/h3>\r\n\t\t\t\t\t\t\t\t\t\t\t<div class=\"font-family-gibson-300 color-black\">Trichomanes speciosum<\/div>\r\n\t\t\t\t\t\t\t\t\t\t<\/div>\r\n\t\t\t\t\t\t\t\t\t<\/div>\r\n\t\t\t\t\t\t\t\t\t<div class=\"flex-grow-1 p-3\">\r\n\t\t\t\t\t\t\t\t\t\t<p>Is d\u00edol suntais \u00e9 raithneach Chill Airne toisc \u00e9 a bheith chomh neamhghn\u00e1ch in \u00c9irinn agus t\u00e1 s\u00e9 liostaithe faoin Ord\u00fa um Chosaint Fl\u00f3ra (1999).  Bh\u00edodh raithneach Chill Airne forleathan roimhe seo timpeall Chill Airne, ach bh\u00ed s\u00e9 \u00eddithe go m\u00f3r sa 19\u00fa haois toisc go mb\u00edodh eiseamail bheo \u00e1 mbaili\u00fa agus \u00e1 nd\u00edol ar bhonn tr\u00e1cht\u00e1la mar gheall ar an t\u00f3ir a bh\u00ed in aimsir Victeoiriach ar raithneach.  Mar thoradh air sin n\u00edl ach c\u00fapla pobal acu fanta anois i gceantar Chill Airne.<\/p>\n<p>Is raithneach ar mhe\u00e1nmh\u00e9id, a mhaireann i bhfad \u00e9 raithneach Chill Airne agus froinn mh\u00edne, an-roinnte air.  Is maith leis an speiceas seo su\u00edomhanna at\u00e1 tais, dorcha, fosc\u00fail in aice le heasanna, i sc\u00e1int\u00ed i gcarraigeacha agus faoi charraigeacha tarchrochta. T\u00e1 an speiceas leochaileach agus an-neamhghn\u00e1ch seo faoi chosaint in \u00c9irinn.  T\u00e1 s\u00e9 ar cheann de thr\u00ed speiceas Eorpach a bhfuil duilleoga tr\u00e9shoilseacha orthu agus teasta\u00edonn timpeallacht tais, saor \u00f3 shioc uaidh.<\/p>\n<p style=\"bottom: 0px;position: absolute\">Foins\u00ed: <a href=\"https:\/\/en.wikipedia.org\/wiki\/Vandenboschia_speciosa\" rel=\"noopener\" target=\"_blank\">Vicip\u00e9id<\/a><\/p>\n\t\t\t\t\t\t\t\t\t<\/div>\r\n\t\t\t\t\t\t\t\t<\/div>\t\r\n\t\t\t\t\t\t\t<\/div>\t\r\n\t\t\t\t\t\t\t<hr class=\"my-0\" style=\"border-top:1px solid #9C9494; opacity: 1;\" \/>\t\r\n\t\t\t\t\t\t\t<div style=\"font-size:inherit; height: 92px;\" class=\"p-3 bg-color-beige accordion-button accordion-button-color-black collapsed\" data-bs-toggle=\"collapse\" href=\"#collapse-dropdown-gallery-9\" role=\"button\" aria-expanded=\"false\" aria-controls=\"collapseExample\">\r\n\t\t\t\t\t\t\t\t<div class=\"w-100\">\r\n\t\t\t\t\t\t\t\t\t<h3 class=\"font-size-heading color-black\">Raithneach Chill Airne<\/h3>\r\n\t\t\t\t\t\t\t\t\t<div class=\"font-family-gibson-300 color-black\">Trichomanes speciosum<\/div>\r\n\t\t\t\t\t\t\t\t<\/div>\r\n\t\t\t\t\t\t\t<\/div>\t\t\t\t\t\r\n\t\t\t\t\t\t\t\t\t\t\t<\/div>\r\n\t\t\t\t\t\t\t\r\n\t\t\t\t\t\r\n\t\t\t\r\n\t\t\t\t\t<div class=\"col-12 col-md-6 col-lg-4 park_gallery_item\">\r\n\t\t\t\t\t\t\r\n\t\t\t\t\t\t\t\t\t\t\t\t\t<div class=\"w-100 bg-img overflow-hidden\" style=\"background-image:url(https:\/\/www.nationalparks.ie\/app\/uploads\/2022\/09\/Rectangle-5-9-1.jpg); background-size:cover; background-repeat:no-repeat; min-height:450px;\">\r\n\t\t\t\t\t\t\t\t<div class=\"bg-color-beige collapse park-gallery-dropdown\" id=\"collapse-dropdown-gallery-10\">\r\n\t\t\t\t\t\t\t\t\t<div style=\"font-size:inherit; height: 92px;\" class=\"p-3 bg-color-beige accordion-button accordion-button-color-black collapsed\" data-bs-toggle=\"collapse\" href=\"#collapse-dropdown-gallery-10\" role=\"button\" aria-expanded=\"false\" aria-controls=\"collapseExample\">\r\n\t\t\t\t\t\t\t\t\t\t<div class=\"w-100\">\r\n\t\t\t\t\t\t\t\t\t\t\t<h3 class=\"font-size-heading color-black\">Lus an Phiollaire<\/h3>\r\n\t\t\t\t\t\t\t\t\t\t\t<div class=\"font-family-gibson-300 color-black\">Pilularia globulifera<\/div>\r\n\t\t\t\t\t\t\t\t\t\t<\/div>\r\n\t\t\t\t\t\t\t\t\t<\/div>\r\n\t\t\t\t\t\t\t\t\t<div class=\"flex-grow-1 p-3\">\r\n\t\t\t\t\t\t\t\t\t\t<p>Planda beag thar a bheith suntasach agus ar n\u00f3s f\u00e9ir \u00e9 Lus an Phiollaire. Is raithneach uisceach \u00e9 le duilleoga tana\u00ed, ar n\u00f3s sn\u00e1ith\u00edn a dh\u00edr\u00edonn amach \u00f3 bheith ina gcorna\u00ed dl\u00fatha de r\u00e9ir mar a fh\u00e1sann s\u00e9. T\u00e1 c\u00e1sanna crua sp\u00f3ir aige \u2018na piollair\u00ed\u2019 ag bun na ngas. Sna coinn\u00edollacha cearta, d\u00e9anann s\u00e9 mata reatha ar phuiteach nocht ag imill na loch\u00e1n agus lochanna a mb\u00edonn cuma air ar n\u00f3s faiche gheal ghlas bheag.<\/p>\n<p>T\u00e1 s\u00e9 d\u00fachasach d\u2019iarthar na hEorpa \u00e1it a bhf\u00e1sann s\u00e9 ar imill lochanna, loch\u00e1n, draenacha agus bogach, ar chr\u00e9 fhliuch n\u00f3 ithir chr\u00e9-ghainimh, uaireanta in uisce suas le 30cm ar doimhneacht.<\/p>\n<p style=\"bottom: 0px;position: absolute\">Foins\u00ed: <a href=\"https:\/\/freshwaterhabitats.org.uk\/pond-clinic\/identifying-freshwater-plants\/pillwort-pilularia-globulifera\/\" rel=\"noopener\" target=\"_blank\">Freshwater Habitats Trust<\/a>, <a href=\"https:\/\/en.wikipedia.org\/wiki\/Pilularia_globulifera\" rel=\"noopener\" target=\"_blank\">Vicip\u00e9id<\/a><\/p>\n\t\t\t\t\t\t\t\t\t<\/div>\r\n\t\t\t\t\t\t\t\t<\/div>\t\r\n\t\t\t\t\t\t\t<\/div>\t\r\n\t\t\t\t\t\t\t<hr class=\"my-0\" style=\"border-top:1px solid #9C9494; opacity: 1;\" \/>\t\r\n\t\t\t\t\t\t\t<div style=\"font-size:inherit; height: 92px;\" class=\"p-3 bg-color-beige accordion-button accordion-button-color-black collapsed\" data-bs-toggle=\"collapse\" href=\"#collapse-dropdown-gallery-10\" role=\"button\" aria-expanded=\"false\" aria-controls=\"collapseExample\">\r\n\t\t\t\t\t\t\t\t<div class=\"w-100\">\r\n\t\t\t\t\t\t\t\t\t<h3 class=\"font-size-heading color-black\">Lus an Phiollaire<\/h3>\r\n\t\t\t\t\t\t\t\t\t<div class=\"font-family-gibson-300 color-black\">Pilularia globulifera<\/div>\r\n\t\t\t\t\t\t\t\t<\/div>\r\n\t\t\t\t\t\t\t<\/div>\t\t\t\t\t\r\n\t\t\t\t\t\t\t\t\t\t\t<\/div>\r\n\t\t\t\t\t\t\t\r\n\t\t\t\t\t\r\n\t\t\t\r\n\t\t\t\t\t<div class=\"col-12 col-md-6 col-lg-4 park_gallery_item\">\r\n\t\t\t\t\t\t\r\n\t\t\t\t\t\t\t\t\t\t\t\t\t<div class=\"w-100 bg-img overflow-hidden\" style=\"background-image:url(https:\/\/www.nationalparks.ie\/app\/uploads\/2022\/09\/Rectangle-5-10-1.jpg); background-size:cover; background-repeat:no-repeat; min-height:450px;\">\r\n\t\t\t\t\t\t\t\t<div class=\"bg-color-beige collapse park-gallery-dropdown\" id=\"collapse-dropdown-gallery-11\">\r\n\t\t\t\t\t\t\t\t\t<div style=\"font-size:inherit; height: 92px;\" class=\"p-3 bg-color-beige accordion-button accordion-button-color-black collapsed\" data-bs-toggle=\"collapse\" href=\"#collapse-dropdown-gallery-11\" role=\"button\" aria-expanded=\"false\" aria-controls=\"collapseExample\">\r\n\t\t\t\t\t\t\t\t\t\t<div class=\"w-100\">\r\n\t\t\t\t\t\t\t\t\t\t\t<h3 class=\"font-size-heading color-black\">An Lus Beatha<\/h3>\r\n\t\t\t\t\t\t\t\t\t\t\t<div class=\"font-family-gibson-300 color-black\">Betonica officinalis<\/div>\r\n\t\t\t\t\t\t\t\t\t\t<\/div>\r\n\t\t\t\t\t\t\t\t\t<\/div>\r\n\t\t\t\t\t\t\t\t\t<div class=\"flex-grow-1 p-3\">\r\n\t\t\t\t\t\t\t\t\t\t<p>Is speiceas de phlanda bl\u00e1thach as fine an mhiontais, Lamiaceae, \u00e9 An Lus Beatha at\u00e1 n\u00e1d\u00fartha san Eoraip, iarthar na h\u00c1ise, agus tuaisceart na hAfraice.<\/p>\n<p>B\u00edonn na duilleoga ar crochadh \u00f3 ghais ingearacha, cruth caol ubhchruthach orthu agus an bun i gcruth cro\u00ed. T\u00e1 uigeacht cine\u00e1l rocach acu agus imill fhiaclacha.  B\u00edonn bl\u00e1thanna geala deargchorcra orthu i rith an tsamhraidh agus i dt\u00fas an fh\u00f3mhair.<\/p>\n<p style=\"bottom: 0px;position: absolute\">Foins\u00ed: <a href=\"https:\/\/en.wikipedia.org\/wiki\/Betonica_officinalis\" rel=\"noopener\" target=\"_blank\">Vicip\u00e9id<\/a><\/p>\n\t\t\t\t\t\t\t\t\t<\/div>\r\n\t\t\t\t\t\t\t\t<\/div>\t\r\n\t\t\t\t\t\t\t<\/div>\t\r\n\t\t\t\t\t\t\t<hr class=\"my-0\" style=\"border-top:1px solid #9C9494; opacity: 1;\" \/>\t\r\n\t\t\t\t\t\t\t<div style=\"font-size:inherit; height: 92px;\" class=\"p-3 bg-color-beige accordion-button accordion-button-color-black collapsed\" data-bs-toggle=\"collapse\" href=\"#collapse-dropdown-gallery-11\" role=\"button\" aria-expanded=\"false\" aria-controls=\"collapseExample\">\r\n\t\t\t\t\t\t\t\t<div class=\"w-100\">\r\n\t\t\t\t\t\t\t\t\t<h3 class=\"font-size-heading color-black\">An Lus Beatha<\/h3>\r\n\t\t\t\t\t\t\t\t\t<div class=\"font-family-gibson-300 color-black\">Betonica officinalis<\/div>\r\n\t\t\t\t\t\t\t\t<\/div>\r\n\t\t\t\t\t\t\t<\/div>\t\t\t\t\t\r\n\t\t\t\t\t\t\t\t\t\t\t<\/div>\r\n\t\t\t\t\t\t\t\r\n\t\t\t\t\t\r\n\t\t\t\r\n\t\t\t\t\t<div class=\"col-12 col-md-6 col-lg-4 park_gallery_item\">\r\n\t\t\t\t\t\t\r\n\t\t\t\t\t\t\t\t\t\t\t\t\t<div class=\"w-100 bg-img overflow-hidden\" style=\"background-image:url(https:\/\/www.nationalparks.ie\/app\/uploads\/2022\/09\/Rectangle-5-11-1.jpg); background-size:cover; background-repeat:no-repeat; min-height:450px;\">\r\n\t\t\t\t\t\t\t\t<div class=\"bg-color-beige collapse park-gallery-dropdown\" id=\"collapse-dropdown-gallery-12\">\r\n\t\t\t\t\t\t\t\t\t<div style=\"font-size:inherit; height: 92px;\" class=\"p-3 bg-color-beige accordion-button accordion-button-color-black collapsed\" data-bs-toggle=\"collapse\" href=\"#collapse-dropdown-gallery-12\" role=\"button\" aria-expanded=\"false\" aria-controls=\"collapseExample\">\r\n\t\t\t\t\t\t\t\t\t\t<div class=\"w-100\">\r\n\t\t\t\t\t\t\t\t\t\t\t<h3 class=\"font-size-heading color-black\">An Ch\u00e1ithluibh chaol<\/h3>\r\n\t\t\t\t\t\t\t\t\t\t\t<div class=\"font-family-gibson-300 color-black\">Filago minima<\/div>\r\n\t\t\t\t\t\t\t\t\t\t<\/div>\r\n\t\t\t\t\t\t\t\t\t<\/div>\r\n\t\t\t\t\t\t\t\t\t<div class=\"flex-grow-1 p-3\">\r\n\t\t\t\t\t\t\t\t\t\t<p>Is speiceas neamhchoitianta \u00e9 an planda d\u00fachasach seo \u00f3 fhine Asteraceae a fh\u00e1sann i gceantair at\u00e1 tirim, neamhthorth\u00fail, oscailte, gainmheach n\u00f3 gairbh\u00e9alta.<\/p>\n<p>T\u00e1 s\u00e9 d\u00e9anta de bhraisl\u00ed ina bhfuil 3-6 cinn de bhl\u00e1thanna, gach braisle acu 5-8mm ar leithead.  T\u00e1 duilleoga liatha caola air le sp\u00e1sanna m\u00f3ra eatarthu agus iad cl\u00fadaithe le rib\u00ed b\u00e1na lomracha.  Planda beag is ea an ch\u00e1ithluibh chaol a fh\u00e1sann go dt\u00ed thart ar 5-15cm.<\/p>\n<p>Is as Tuaisceart \u00c9ireann na taifid is d\u00e9ana\u00ed, ach t\u00e1 s\u00e9 faighte in oirthear agus in oirdheisceart na h\u00c9ireann freisin.<\/p>\n<p>B\u00edonn s\u00e9 faoi bhl\u00e1th idir m\u00ed an Mheithimh agus m\u00ed Mhe\u00e1n F\u00f3mhair. <\/p>\n\t\t\t\t\t\t\t\t\t<\/div>\r\n\t\t\t\t\t\t\t\t<\/div>\t\r\n\t\t\t\t\t\t\t<\/div>\t\r\n\t\t\t\t\t\t\t<hr class=\"my-0\" style=\"border-top:1px solid #9C9494; opacity: 1;\" \/>\t\r\n\t\t\t\t\t\t\t<div style=\"font-size:inherit; height: 92px;\" class=\"p-3 bg-color-beige accordion-button accordion-button-color-black collapsed\" data-bs-toggle=\"collapse\" href=\"#collapse-dropdown-gallery-12\" role=\"button\" aria-expanded=\"false\" aria-controls=\"collapseExample\">\r\n\t\t\t\t\t\t\t\t<div class=\"w-100\">\r\n\t\t\t\t\t\t\t\t\t<h3 class=\"font-size-heading color-black\">An Ch\u00e1ithluibh chaol<\/h3>\r\n\t\t\t\t\t\t\t\t\t<div class=\"font-family-gibson-300 color-black\">Filago minima<\/div>\r\n\t\t\t\t\t\t\t\t<\/div>\r\n\t\t\t\t\t\t\t<\/div>\t\t\t\t\t\r\n\t\t\t\t\t\t\t\t\t\t\t<\/div>\r\n\t\t\t\t\t\t\t\r\n\t\t\t\t\t\t\t\t\r\n\t\t<\/div>\r\n\t<\/div>\r\n\t<hr class=\"my-0\" style=\"border-top:1px solid #9C9494; opacity: 1;\" \/>\r\n<\/section>\r\n\r\n\r\n\r\n\r\n\n\n\r\n<a id=\"wildflowers\" style=\"\"><\/a>\r\n\r\n\r\n\n\n\r\n<section id=\"block_4ab15e2579281b167e32df6e999f4c8b\" class=\"section-twocolumns py-4 py-lg-4 bg-color-beige color-black\" style=\"background-image:url(); \">\r\n\t\t<div class=\"d-flex flex-column\">\r\n\t\t\r\n\t \t\r\n\t<div class=\"container-fluid px-3 px-lg-5 section-twocolumns__columns order-2 \">\r\n\t\t<div class=\"row\">\r\n\t\t\t<div class=\"d-flex flex-column flex-lg-row\">\r\n\t\t\t\t<div class=\"col-12 col-lg-4  first-column\">\r\n\t\t\t\t\t<p><img loading=\"lazy\" decoding=\"async\" class=\"alignnone size-full wp-image-9072\" src=\"https:\/\/www.nationalparks.ie\/app\/uploads\/2022\/09\/Rectangle-5-19.jpg\" alt=\"Bl\u00e1thanna Fi\u00e1ine\" width=\"428\" height=\"490\" srcset=\"https:\/\/www.nationalparks.ie\/app\/uploads\/2022\/09\/Rectangle-5-19.jpg 428w, https:\/\/www.nationalparks.ie\/app\/uploads\/2022\/09\/Rectangle-5-19-262x300.jpg 262w\" sizes=\"auto, (max-width: 428px) 100vw, 428px\" \/><\/p>\n\t\t\t\t<\/div>\r\n\t\t\t\t<div class=\"col-12 col-lg-8  mb-3 mb-lg-5 second-column\">\r\n\t\t\t\t\t<div style=\"padding: 0 1rem;\">\n<h3 class=\"h2\">Bl\u00e1thanna Fi\u00e1ine<\/h3>\n<p class=\"h4 font-family-naisiuntamedium mb-4\">F\u00e1sann bl\u00e1thanna fi\u00e1ine go neamhshrianta san fhi\u00e1ntas agus is cuid th\u00e1bhachtach iad \u00f3 thaobh an bhith\u00e9ags\u00falacht a chosaint. T\u00e1 os cionn 800 sampla de phlanda\u00ed faoi bhl\u00e1th againn in \u00c9irinn. T\u00e1 na bl\u00e1thanna fi\u00e1ine faoi bhagairt mar gheall ar chleachtais talmha\u00edochta, speicis choimhth\u00edocha agus athz\u00f3n\u00e1il tal\u00fan chun cr\u00edocha t\u00f3g\u00e1la. T\u00e1 thart ar 120 speiceas de bhl\u00e1thanna fi\u00e1ine faoi bhagairt in \u00c9irinn.<\/p>\n<p>\u00c1ir\u00edtear ar speiceas at\u00e1 le f\u00e1il sa Ph\u00e1irc N\u00e1isi\u00fanta: astair, cloig\u00edn gorm, an f\u00e9ithleann coitianta, peasair shearbh, lus na gcnap\u00e1n, an buachal\u00e1n bu\u00ed, luachair chaol, feochad\u00e1n, cluas luch\u00f3ige choiteann, m\u00ednscoth, lus na seabhac, seamair choille, lus na h\u00f3ige, sciollam na m\u00f3na, bod\u00e1n measc\u00e1in agus an dr\u00facht\u00edn m\u00f3na. T\u00e1 Lile Fh\u00edon\u00e1in neamhchoitianta agus ina speiceas faoi chosaint le f\u00e1il sa Ph\u00e1irc N\u00e1isi\u00fanta.<\/p>\n<\/div>\n\t\t\t\t<\/div>\r\n\t\t\t<\/div>\r\n\t\t<\/div>\r\n\t<\/div>\r\n\t\t\r\n<\/section>\r\n\n\n\n\n<section id=\"section-video-block_33aea0975d8ee79d649a61384f2fbbd6\" class=\"section-video d-flex justify-content-center\" style=\"margin-top:0;\">\n\t\n\t\t\t<div aria-hidden=\"true\" class=\"img-wrap\" style=\"width:100%; min-width:1280px; position:relative; height:420px; overflow:hidden; background-image:url(https:\/\/www.nationalparks.ie\/app\/uploads\/2022\/04\/Rectangle-5-41.png); background-size:cover;\"><\/div>\n\t<\/section>\n\n\r\n<a id=\"fauna\" style=\"\"><\/a>\r\n\r\n\r\n\n\n\r\n<section id=\"block_ea65abaef6ba12f9f9104747ae34c121\" class=\"section-video-boxes py-4 py-lg-5 bg-color-blue color-white\">\r\n\t<div class=\"container\">\r\n\t\t<div class=\"row\">\r\n\t\t\t<div class=\"col-12\">\r\n\t\t\t\t<h2 class=\"display-6\">F\u00e1na<\/h2>\r\n\t\t\t\t<hr\/>\r\n\t\t\t\t<div class=\"h4 font-family-naisiuntamedium my-4 my-lg-5\"><h3>C\u00e9 nach bhfuil an oiread c\u00e9anna speiceas ainmhithe in \u00c9irinn agus at\u00e1 sa gcuid eile den Eoraip, t\u00e1 t\u00e1bhacht idirn\u00e1isi\u00fanta ag baint le go leor d\u00e1r speicis agus d\u00e1r ngn\u00e1th\u00f3ga.  T\u00e1 roinnt speiceas i bP\u00e1irc N\u00e1isi\u00fanta Chill Airne at\u00e1 uath\u00fail, n\u00ed hamh\u00e1in d&#8217;\u00c9irinn ach don Ph\u00e1irc N\u00e1isi\u00fanta f\u00e9in.<\/h3>\n<\/div>\r\n\t\t\t<\/div>\r\n\t\t<\/div>\r\n\t<\/div>\r\n\t<div class=\"container mt-4\">\r\n\t\t<div class=\"row\">\t\t\r\n\t\t\t\t\r\n\t\t\t\t\t\r\n\t\t\t\r\n\t\t\t\t\t<div class=\"col-12 col-lg-4\">\r\n\t\t\t\t\t\t<div class=\"m-2\">\r\n\t\t\t\t\t\t\t\r\n\t\t\t\t\t\t\t<div style=\"font-size:inherit;\" class=\"p-3 bg-color-wine accordion-button accordion-button-color-white color-white collapsed\" data-bs-toggle=\"collapse\" href=\"#collapse-video-boxes-1\" role=\"button\" aria-expanded=\"false\" aria-controls=\"collapseExample\">\r\n\t\t\t\t\t\t\t\t<h3 class=\"h4 color-white\">\u00c9in<\/h3>\r\n\t\t\t\t\t\t\t<\/div>\r\n\t\t\t\t\t\t\t\r\n\t\t\t\t\t\t\t\r\n\t\t\t\t\t\t\t\r\n\t\t\t\t\t\t\t<hr class=\"my-0\" style=\"border-top:1px solid #9C9494; opacity: 1;\" \/>\r\n\t\t\t\t\t\t\t<div class=\"w-100 bg-img overflow-hidden position-relative\" style=\"min-height:450px;\">\r\n\t\t\t\t\t\t\t\t<div class=\"w-100 h-100 overflow-hidden border-radius-smaller\" style=\"position:absolute; top:0; left:0;\">\r\n\t\t\t\t\t\t\t\t\t<div class=\"w-100 h-100\">\r\n\t\t\t\t\t\t\t\t\t\t\t\t\t\t\t\t\t\t\t\t<video style=\"width:100%; height:auto;\" playsinline=\"\" autoplay=\"autoplay\" loop=\"loop\" muted=\"true\">\r\n\t\t\t\t\t\t\t\t\t\t\t<source src=\"https:\/\/player.vimeo.com\/progressive_redirect\/playback\/702920000\/rendition\/480p?loc=external&amp;signature=ee8a1c59102fea6474916618ccfaaaa7a86b1922f483a328352667477dc127ff\" type=\"video\/mp4\">\r\n\t\t\t\t\t\t\t\t\t\t<\/video>\r\n\t\t\t\t\t\t\t\t\t\t\t\t\t\t\t\t\t\t\t<\/div>\r\n\t\t\t\t\t\t\t\t<\/div>\r\n\t\t\t\t\t\t\t\t<div style=\"position:relative; z-index:1;\" class=\"p-3 bg-color-wine collapse\" id=\"collapse-video-boxes-1\">\r\n\t\t\t\t\t\t\t\t\t<p>T\u00e1 \u00e9ags\u00falacht dochreidte ag baint leis na speicis \u00e9an at\u00e1 le f\u00e1il sa Ph\u00e1irc N\u00e1isi\u00fanta; b\u00edonn cuid acu anseo an bhliain go l\u00e9ir, ach is \u00e9in imirceacha cuid eile nach gcaitheann ach cuid den bhliain anseo.  T\u00e1 n\u00edos m\u00f3 n\u00e1 450 speiceas \u00e9an in \u00c9irinn agus t\u00e1 breis agus 140 d\u00edobh sin le f\u00e1il sa Ph\u00e1irc N\u00e1isi\u00fanta.  <\/p>\n\t\t\t\t\t\t\t\t<\/div>\t\r\n\t\t\t\t\t\t\t<\/div>\t\r\n\t\t\t\t\t\t<\/div>\t\r\n\t\t\t\t\t<\/div>\r\n\t\t\t\t\t\t\t\r\n\t\t\t\t\t\r\n\t\t\t\r\n\t\t\t\t\t<div class=\"col-12 col-lg-4\">\r\n\t\t\t\t\t\t<div class=\"m-2\">\r\n\t\t\t\t\t\t\t\r\n\t\t\t\t\t\t\t<div style=\"font-size:inherit;\" class=\"p-3 bg-color-wine accordion-button accordion-button-color-white color-white collapsed\" data-bs-toggle=\"collapse\" href=\"#collapse-video-boxes-2\" role=\"button\" aria-expanded=\"false\" aria-controls=\"collapseExample\">\r\n\t\t\t\t\t\t\t\t<h3 class=\"h4 color-white\">Mamaigh<\/h3>\r\n\t\t\t\t\t\t\t<\/div>\r\n\t\t\t\t\t\t\t\r\n\t\t\t\t\t\t\t\r\n\t\t\t\t\t\t\t\r\n\t\t\t\t\t\t\t<hr class=\"my-0\" style=\"border-top:1px solid #9C9494; opacity: 1;\" \/>\r\n\t\t\t\t\t\t\t<div class=\"w-100 bg-img overflow-hidden position-relative\" style=\"min-height:450px;\">\r\n\t\t\t\t\t\t\t\t<div class=\"w-100 h-100 overflow-hidden border-radius-smaller\" style=\"position:absolute; top:0; left:0;\">\r\n\t\t\t\t\t\t\t\t\t<div class=\"w-100 h-100\">\r\n\t\t\t\t\t\t\t\t\t\t\t\t\t\t\t\t\t\t\t\t<video style=\"width:100%; height:auto;\" playsinline=\"\" autoplay=\"autoplay\" loop=\"loop\" muted=\"true\">\r\n\t\t\t\t\t\t\t\t\t\t\t<source src=\"https:\/\/player.vimeo.com\/progressive_redirect\/playback\/702919976\/rendition\/360p?loc=external&amp;signature=28231455098fb6818a866aff53375b8ae9ea0124c9587412a1cb8380bfec2c14\" type=\"video\/mp4\">\r\n\t\t\t\t\t\t\t\t\t\t<\/video>\r\n\t\t\t\t\t\t\t\t\t\t\t\t\t\t\t\t\t\t\t<\/div>\r\n\t\t\t\t\t\t\t\t<\/div>\r\n\t\t\t\t\t\t\t\t<div style=\"position:relative; z-index:1;\" class=\"p-3 bg-color-wine collapse\" id=\"collapse-video-boxes-2\">\r\n\t\t\t\t\t\t\t\t\t<p>T\u00e1 26 speiceas de mhamaigh tal\u00fan ann at\u00e1 n\u00e1d\u00fartha in \u00c9irinn agus is f\u00e9idir 20 d\u00edobh seo a fh\u00e1il i bP\u00e1irc N\u00e1isi\u00fanta Chill Airne.    Is ainmhithe iad na mamaigh tal\u00fan a mhaireann ar an talamh, at\u00e1 teofhuilteach agus a shaola\u00edonn ainmhithe beo (seachas uibheacha a bhreith).  An\u00e1la\u00edonn siad aer agus ag pointe \u00e9igin ina saol beidh fionnadh orthu.<\/p>\n\t\t\t\t\t\t\t\t<\/div>\t\r\n\t\t\t\t\t\t\t<\/div>\t\r\n\t\t\t\t\t\t<\/div>\t\r\n\t\t\t\t\t<\/div>\r\n\t\t\t\t\t\t\t\r\n\t\t\t\t\t\r\n\t\t\t\r\n\t\t\t\t\t<div class=\"col-12 col-lg-4\">\r\n\t\t\t\t\t\t<div class=\"m-2\">\r\n\t\t\t\t\t\t\t\r\n\t\t\t\t\t\t\t<div style=\"font-size:inherit;\" class=\"p-3 bg-color-wine accordion-button accordion-button-color-white color-white collapsed\" data-bs-toggle=\"collapse\" href=\"#collapse-video-boxes-3\" role=\"button\" aria-expanded=\"false\" aria-controls=\"collapseExample\">\r\n\t\t\t\t\t\t\t\t<h3 class=\"h4 color-white\">F\u00e1na Eile<\/h3>\r\n\t\t\t\t\t\t\t<\/div>\r\n\t\t\t\t\t\t\t\r\n\t\t\t\t\t\t\t\r\n\t\t\t\t\t\t\t\r\n\t\t\t\t\t\t\t<hr class=\"my-0\" style=\"border-top:1px solid #9C9494; opacity: 1;\" \/>\r\n\t\t\t\t\t\t\t<div class=\"w-100 bg-img overflow-hidden position-relative\" style=\"min-height:450px;\">\r\n\t\t\t\t\t\t\t\t<div class=\"w-100 h-100 overflow-hidden border-radius-smaller\" style=\"position:absolute; top:0; left:0;\">\r\n\t\t\t\t\t\t\t\t\t<div class=\"w-100 h-100\">\r\n\t\t\t\t\t\t\t\t\t\t\t\t\t\t\t\t\t\t\t\t<video style=\"width:100%; height:auto;\" playsinline=\"\" autoplay=\"autoplay\" loop=\"loop\" muted=\"true\">\r\n\t\t\t\t\t\t\t\t\t\t\t<source src=\"https:\/\/player.vimeo.com\/progressive_redirect\/playback\/702919952\/rendition\/480p?loc=external&amp;signature=90b4c50d27ba281b2b01e4f30eaacdc1f95b90b5fc02d7df0be93e34d24ad9ce\" type=\"video\/mp4\">\r\n\t\t\t\t\t\t\t\t\t\t<\/video>\r\n\t\t\t\t\t\t\t\t\t\t\t\t\t\t\t\t\t\t\t<\/div>\r\n\t\t\t\t\t\t\t\t<\/div>\r\n\t\t\t\t\t\t\t\t<div style=\"position:relative; z-index:1;\" class=\"p-3 bg-color-wine collapse\" id=\"collapse-video-boxes-3\">\r\n\t\t\t\t\t\t\t\t\t<p>Is iad ina hinveirteabraigh an gr\u00fapa ainmhithe is \u00e9ags\u00fala agus is l\u00edonmhaire ar domhan.  Is ainmh\u00ed fuarfhuilteach \u00e9 an t-inveirteabrach nach bhfuil aon  chn\u00e1mh droma aige.  Is f\u00e9idir leis maireacht\u00e1il ar an talamh, mar a dh\u00e9anann feithid\u00ed, damh\u00e1in alla, agus p\u00e9isteanna n\u00f3 san uisce, mar a dh\u00e9anann di\u00failic\u00edn\u00ed agus seilid\u00ed uisceacha.<\/p>\n<p>T\u00e1 cn\u00e1mh droma ag amfaibiaigh agus ag reipt\u00edl\u00ed ach murab ionann agus veirteabraigh eile, d\u00e1la mamaigh agus \u00e9in, t\u00e1 an chuid is m\u00f3 den speiceas fuarfhuilteach. In \u00c9irinn n\u00edl ach dh\u00e1 speiceas d\u2019amfaibiaigh againn gur speicis dh\u00fachasacha iad agus speiceas amh\u00e1in de reipt\u00edl at\u00e1 n\u00e1d\u00fartha don t\u00edr.  T\u00e1 na tr\u00ed cinn le f\u00e1il sa Ph\u00e1irc N\u00e1isi\u00fanta.  <\/p>\n<p>Is ainmhithe veirteabracha uisceacha iad na h\u00e9isc, a bhfuil geolbhaigh ach nach bhfuil g\u00e9aga orthu, agus is f\u00e9idir iad a fh\u00e1il nach m\u00f3r i ngach gn\u00e1th\u00f3g uisceach.  T\u00e1 14 speiceas \u00e9ags\u00fail \u00e9isc in uisc\u00ed Ph\u00e1irc N\u00e1isi\u00fanta Chill Airne, agus t\u00e1 ceann amh\u00e1in acu an-neamhchoitianta agus gan f\u00e1il air in \u00e1it eile ar domhan.<\/p>\n\t\t\t\t\t\t\t\t<\/div>\t\r\n\t\t\t\t\t\t\t<\/div>\t\r\n\t\t\t\t\t\t<\/div>\t\r\n\t\t\t\t\t<\/div>\r\n\t\t\t\t\t\t\t\r\n\t\t\t\t\t\t\t\t\r\n\t\t<\/div>\r\n\t<\/div>\r\n<\/section>\r\n\r\n\r\n\r\n\r\n\n\n\r\n<section id=\"block_be78cb63b80195ce3b162e5fd48789d1\" class=\"section-dropdown-gallery bg-color-beige color-black pb-5\">\r\n\t<div class=\"container\">\r\n\t\t\t\t\t<h2 class=\"display-6 mb-4 pt-5\">Speicis \u00c9an<\/h2>\r\n\t\t\t<\/div>\r\n\t<hr class=\"my-0\" style=\"border-top:1px solid #9C9494; opacity: 1;\" \/>\r\n\t<div class=\"container-fluid px-3 px-lg-5\">\r\n\t\t<div class=\"row\">\t\t\r\n\t\t\t\t\r\n\t\t\t\t\t\r\n\t\t\t\r\n\t\t\t\t\t<div class=\"col-12 col-md-6 col-lg-4 park_gallery_item\">\r\n\t\t\t\t\t\t\r\n\t\t\t\t\t\t\t\t\t\t\t\t\t<div class=\"w-100 bg-img overflow-hidden\" style=\"background-image:url(https:\/\/www.nationalparks.ie\/app\/uploads\/2022\/09\/Rectangle-5-12-1.jpg); background-size:cover; background-repeat:no-repeat; min-height:450px;\">\r\n\t\t\t\t\t\t\t\t<div class=\"bg-color-beige collapse park-gallery-dropdown\" id=\"collapse-dropdown-gallery-1\">\r\n\t\t\t\t\t\t\t\t\t<div style=\"font-size:inherit; height: 92px;\" class=\"p-3 bg-color-beige accordion-button accordion-button-color-black collapsed\" data-bs-toggle=\"collapse\" href=\"#collapse-dropdown-gallery-1\" role=\"button\" aria-expanded=\"false\" aria-controls=\"collapseExample\">\r\n\t\t\t\t\t\t\t\t\t\t<div class=\"w-100\">\r\n\t\t\t\t\t\t\t\t\t\t\t<h3 class=\"font-size-heading color-black\">An tIolar Mara<\/h3>\r\n\t\t\t\t\t\t\t\t\t\t\t<div class=\"font-family-gibson-300 color-black\">Haliaeetus albicilla<\/div>\r\n\t\t\t\t\t\t\t\t\t\t<\/div>\r\n\t\t\t\t\t\t\t\t\t<\/div>\r\n\t\t\t\t\t\t\t\t\t<div class=\"flex-grow-1 p-3\">\r\n\t\t\t\t\t\t\t\t\t\t<p>Dath donn at\u00e1 ar an Iolar Mara f\u00e1sta (Haliaeetus albicilla) agus b\u00edonn cloigeann geal agus eireaball b\u00e1n suntasach air.   Is \u00e9 an t-\u00e9an creiche is m\u00f3 in \u00c9irinn \u00e9 agus r\u00e9ise sciath\u00e1n suas le 2.4m aige.  T\u00e1 an t-\u00e9an baineann timpeall tr\u00ed huaire n\u00edos m\u00f3 n\u00e1 an ceann fireann, agus \u00ed thart ar 6kg i gcompar\u00e1id leis an me\u00e1nmhe\u00e1chan thart ar 4kg a bh\u00edonn sa cheann fireann.  T\u00e1 dath donn n\u00edos dorcha ar na h\u00e9in \u00f3ga n\u00e1 mar at\u00e1 ar an gcuid f\u00e1sta agus n\u00ed bh\u00edonn an t-eireaball b\u00e1n orthu go dt\u00ed go mb\u00edonn siad 3-4 bliana d&#8217;aois.  Is f\u00e9idir leis na hiolair bh\u00e1na maireacht\u00e1il ar feadh  breis agus fiche bliain.<\/p>\n<p>T\u00e1 tuilleadh f\u00edric\u00ed agus f\u00edse\u00e1in \u00f3 thaifeadta\u00ed beo ceamara gr\u00e9as\u00e1in ar an Iolar Mara B\u00e1n ar f\u00e1il \u00f3 shu\u00edomh <a class=\"color-white\" href=\"https:\/\/www.glengarriffnaturereserve.ie\/white-tailed-sea-eagle-facts\/\" rel=\"noopener\" target=\"_blank\">Gr\u00e9as\u00e1in Thearmann D\u00falra Ghleann Garbh<\/a>.<\/p>\n\t\t\t\t\t\t\t\t\t<\/div>\r\n\t\t\t\t\t\t\t\t<\/div>\t\r\n\t\t\t\t\t\t\t<\/div>\t\r\n\t\t\t\t\t\t\t<hr class=\"my-0\" style=\"border-top:1px solid #9C9494; opacity: 1;\" \/>\t\r\n\t\t\t\t\t\t\t<div style=\"font-size:inherit; height: 92px;\" class=\"p-3 bg-color-beige accordion-button accordion-button-color-black collapsed\" data-bs-toggle=\"collapse\" href=\"#collapse-dropdown-gallery-1\" role=\"button\" aria-expanded=\"false\" aria-controls=\"collapseExample\">\r\n\t\t\t\t\t\t\t\t<div class=\"w-100\">\r\n\t\t\t\t\t\t\t\t\t<h3 class=\"font-size-heading color-black\">An tIolar Mara<\/h3>\r\n\t\t\t\t\t\t\t\t\t<div class=\"font-family-gibson-300 color-black\">Haliaeetus albicilla<\/div>\r\n\t\t\t\t\t\t\t\t<\/div>\r\n\t\t\t\t\t\t\t<\/div>\t\t\t\t\t\r\n\t\t\t\t\t\t\t\t\t\t\t<\/div>\r\n\t\t\t\t\t\t\t\r\n\t\t\t\t\t\r\n\t\t\t\r\n\t\t\t\t\t<div class=\"col-12 col-md-6 col-lg-4 park_gallery_item\">\r\n\t\t\t\t\t\t\r\n\t\t\t\t\t\t\t\t\t\t\t\t\t<div class=\"w-100 bg-img overflow-hidden\" style=\"background-image:url(https:\/\/www.nationalparks.ie\/app\/uploads\/2022\/09\/Rectangle-5-13-1.jpg); background-size:cover; background-repeat:no-repeat; min-height:450px;\">\r\n\t\t\t\t\t\t\t\t<div class=\"bg-color-beige collapse park-gallery-dropdown\" id=\"collapse-dropdown-gallery-2\">\r\n\t\t\t\t\t\t\t\t\t<div style=\"font-size:inherit; height: 92px;\" class=\"p-3 bg-color-beige accordion-button accordion-button-color-black collapsed\" data-bs-toggle=\"collapse\" href=\"#collapse-dropdown-gallery-2\" role=\"button\" aria-expanded=\"false\" aria-controls=\"collapseExample\">\r\n\t\t\t\t\t\t\t\t\t\t<div class=\"w-100\">\r\n\t\t\t\t\t\t\t\t\t\t\t<h3 class=\"font-size-heading color-black\">An Scr\u00e9ach\u00f3g Reilige<\/h3>\r\n\t\t\t\t\t\t\t\t\t\t\t<div class=\"font-family-gibson-300 color-black\">Tyto alba<\/div>\r\n\t\t\t\t\t\t\t\t\t\t<\/div>\r\n\t\t\t\t\t\t\t\t\t<\/div>\r\n\t\t\t\t\t\t\t\t\t<div class=\"flex-grow-1 p-3\">\r\n\t\t\t\t\t\t\t\t\t\t<p>Is \u00e9an c\u00f3naithe \u00e9 an scr\u00e9ach\u00f3g reilige at\u00e1 neamhchoitianta agus a fhaightear den chuid is m\u00f3 i l\u00e1r agus i ndeisceart na h\u00c9ireann.  N\u00edl siad ag s\u00edolr\u00fa a thuilleadh i gcodanna m\u00f3ra de thuaisceart, iarthar agus oirthear na h\u00c9ireann.  T\u00e1 siad curtha ar an liosta dearg in \u00c9irinn mar gheall ar an laghd\u00fa suntasach at\u00e1 tagtha ar na h\u00e9in ghoir.  Meastar go bhfuil l\u00edon na n-iolar san Eoraip faoi l\u00e1thair &#8216;ag meath&#8217;.<\/p>\n<p>N\u00ed minic a fheictear an scr\u00e9ach\u00f3g reilige i rith an lae agus n\u00ed bh\u00edonn siad amuigh ach d\u00e9anach san o\u00edche. Is f\u00e9idir iad a fheice\u00e1il go minic ag eitilt trasna an bh\u00f3thair le soilse tosaigh cairr. B\u00edonn cuma thaibhsi\u00fail bh\u00e1n orthu, gan aon mharcanna acu faoina sciath\u00e1n. M\u00e1 fh\u00e9achtar go mion orthu, b\u00edonn patr\u00fan\u00fa thar a bheith mionsonraithe ar a gcuid sciath\u00e1n, ar a ndroim agus ar a gceann.<\/p>\n<p style=\"bottom: 0px;position: absolute\">Foins\u00ed: <a href=\"https:\/\/birdwatchireland.ie\/birds\/barn-owl\/\" rel=\"noopener\" target=\"_blank\">Birdwatch Ireland<\/a><\/p>\n\t\t\t\t\t\t\t\t\t<\/div>\r\n\t\t\t\t\t\t\t\t<\/div>\t\r\n\t\t\t\t\t\t\t<\/div>\t\r\n\t\t\t\t\t\t\t<hr class=\"my-0\" style=\"border-top:1px solid #9C9494; opacity: 1;\" \/>\t\r\n\t\t\t\t\t\t\t<div style=\"font-size:inherit; height: 92px;\" class=\"p-3 bg-color-beige accordion-button accordion-button-color-black collapsed\" data-bs-toggle=\"collapse\" href=\"#collapse-dropdown-gallery-2\" role=\"button\" aria-expanded=\"false\" aria-controls=\"collapseExample\">\r\n\t\t\t\t\t\t\t\t<div class=\"w-100\">\r\n\t\t\t\t\t\t\t\t\t<h3 class=\"font-size-heading color-black\">An Scr\u00e9ach\u00f3g Reilige<\/h3>\r\n\t\t\t\t\t\t\t\t\t<div class=\"font-family-gibson-300 color-black\">Tyto alba<\/div>\r\n\t\t\t\t\t\t\t\t<\/div>\r\n\t\t\t\t\t\t\t<\/div>\t\t\t\t\t\r\n\t\t\t\t\t\t\t\t\t\t\t<\/div>\r\n\t\t\t\t\t\t\t\r\n\t\t\t\t\t\r\n\t\t\t\r\n\t\t\t\t\t<div class=\"col-12 col-md-6 col-lg-4 park_gallery_item\">\r\n\t\t\t\t\t\t\r\n\t\t\t\t\t\t\t\t\t\t\t\t\t<div class=\"w-100 bg-img overflow-hidden\" style=\"background-image:url(https:\/\/www.nationalparks.ie\/app\/uploads\/2022\/09\/Rectangle-5-14-1.jpg); background-size:cover; background-repeat:no-repeat; min-height:450px;\">\r\n\t\t\t\t\t\t\t\t<div class=\"bg-color-beige collapse park-gallery-dropdown\" id=\"collapse-dropdown-gallery-3\">\r\n\t\t\t\t\t\t\t\t\t<div style=\"font-size:inherit; height: 92px;\" class=\"p-3 bg-color-beige accordion-button accordion-button-color-black collapsed\" data-bs-toggle=\"collapse\" href=\"#collapse-dropdown-gallery-3\" role=\"button\" aria-expanded=\"false\" aria-controls=\"collapseExample\">\r\n\t\t\t\t\t\t\t\t\t\t<div class=\"w-100\">\r\n\t\t\t\t\t\t\t\t\t\t\t<h3 class=\"font-size-heading color-black\">An Cruid\u00edn<\/h3>\r\n\t\t\t\t\t\t\t\t\t\t\t<div class=\"font-family-gibson-300 color-black\">Alcedo atthis<\/div>\r\n\t\t\t\t\t\t\t\t\t\t<\/div>\r\n\t\t\t\t\t\t\t\t\t<\/div>\r\n\t\t\t\t\t\t\t\t\t<div class=\"flex-grow-1 p-3\">\r\n\t\t\t\t\t\t\t\t\t\t<p>Maireann an cruid\u00edn i sruth\u00e1in, aibhneacha agus can\u00e1lacha na h\u00c9ireann.  T\u00e1 cl\u00famh an-suntasach, a bhfuil dathanna geala air, ar an gcruid\u00edn.  T\u00e1 an chuid \u00edochtarach de cr\u00f3chdhearg, c\u00e9 go bhfuil a sciath\u00e1in agus c\u00fal a chinn d\u00fabhghorm.  Is dath geal gorm at\u00e1 ar an droim, an t\u00f3in agus an t-eireaball is iond\u00fail go dtarraing\u00edonn siad seo  aird ar \u00e9an eitilte.<\/p>\n<p>In ainneoin na ndathanna geala seo, is minic nach dtugtar an cruid\u00edn faoi deara agus \u00e9 ina seasamh gan cor as chraobh in aice le sruth\u00e1n n\u00f3 abhainn ag faire amach d&#8217;iasc.  Le linn an ts\u00e9as\u00fair ghoir, b\u00edonn paiste beag dearg ar an gceann baineann in \u00edochtar an ghoib, rud nach bhfeictear ar an \u00e9an fireann f\u00e1sta.<\/p>\n<p>Fead gh\u00e9ar an glaoch at\u00e1 ag an gcruid\u00edn ar n\u00f3s \u201cchee-kee\u201d, ar\u00eds agus ar\u00eds eile.  De ghn\u00e1th b\u00edonn s\u00e9 seo ar cheann de na ch\u00e9ad chomhartha\u00ed go bhfuil cruid\u00edn ar bhruach sruth\u00e1in n\u00f3 abhainn.<\/p>\n<p style=\"bottom: 0px;position: absolute\">Foins\u00ed: <a href=\"https:\/\/birdwatchireland.ie\/birds\/kingfisher\/\" rel=\"noopener\" target=\"_blank\">Birdwatch Ireland<\/a><\/p>\n\t\t\t\t\t\t\t\t\t<\/div>\r\n\t\t\t\t\t\t\t\t<\/div>\t\r\n\t\t\t\t\t\t\t<\/div>\t\r\n\t\t\t\t\t\t\t<hr class=\"my-0\" style=\"border-top:1px solid #9C9494; opacity: 1;\" \/>\t\r\n\t\t\t\t\t\t\t<div style=\"font-size:inherit; height: 92px;\" class=\"p-3 bg-color-beige accordion-button accordion-button-color-black collapsed\" data-bs-toggle=\"collapse\" href=\"#collapse-dropdown-gallery-3\" role=\"button\" aria-expanded=\"false\" aria-controls=\"collapseExample\">\r\n\t\t\t\t\t\t\t\t<div class=\"w-100\">\r\n\t\t\t\t\t\t\t\t\t<h3 class=\"font-size-heading color-black\">An Cruid\u00edn<\/h3>\r\n\t\t\t\t\t\t\t\t\t<div class=\"font-family-gibson-300 color-black\">Alcedo atthis<\/div>\r\n\t\t\t\t\t\t\t\t<\/div>\r\n\t\t\t\t\t\t\t<\/div>\t\t\t\t\t\r\n\t\t\t\t\t\t\t\t\t\t\t<\/div>\r\n\t\t\t\t\t\t\t\r\n\t\t\t\t\t\t\t\t\r\n\t\t<\/div>\r\n\t<\/div>\r\n\t<hr class=\"my-0\" style=\"border-top:1px solid #9C9494; opacity: 1;\" \/>\r\n<\/section>\r\n\r\n\r\n\r\n\r\n\n\n\r\n<section id=\"block_f99861012d337f84949ea9667f136384\" class=\"section-dropdown-gallery bg-color-beige color-black pb-5\">\r\n\t<div class=\"container\">\r\n\t\t\t\t\t<h2 class=\"display-6 mb-4 pt-5\">Speicis Mamach<\/h2>\r\n\t\t\t<\/div>\r\n\t<hr class=\"my-0\" style=\"border-top:1px solid #9C9494; opacity: 1;\" \/>\r\n\t<div class=\"container-fluid px-3 px-lg-5\">\r\n\t\t<div class=\"row\">\t\t\r\n\t\t\t\t\r\n\t\t\t\t\t\r\n\t\t\t\r\n\t\t\t\t\t<div class=\"col-12 col-md-6 col-lg-4 park_gallery_item\">\r\n\t\t\t\t\t\t\r\n\t\t\t\t\t\t\t\t\t\t\t\t\t<div class=\"w-100 bg-img overflow-hidden\" style=\"background-image:url(https:\/\/www.nationalparks.ie\/app\/uploads\/2022\/09\/Rectangle-5-15-1.jpg); background-size:cover; background-repeat:no-repeat; min-height:450px;\">\r\n\t\t\t\t\t\t\t\t<div class=\"bg-color-beige collapse park-gallery-dropdown\" id=\"collapse-dropdown-gallery-1\">\r\n\t\t\t\t\t\t\t\t\t<div style=\"font-size:inherit; height: 92px;\" class=\"p-3 bg-color-beige accordion-button accordion-button-color-black collapsed\" data-bs-toggle=\"collapse\" href=\"#collapse-dropdown-gallery-1\" role=\"button\" aria-expanded=\"false\" aria-controls=\"collapseExample\">\r\n\t\t\t\t\t\t\t\t\t\t<div class=\"w-100\">\r\n\t\t\t\t\t\t\t\t\t\t\t<h3 class=\"font-size-heading color-black\">An Fia Rua<\/h3>\r\n\t\t\t\t\t\t\t\t\t\t\t<div class=\"font-family-gibson-300 color-black\">Cervus elaphus<\/div>\r\n\t\t\t\t\t\t\t\t\t\t<\/div>\r\n\t\t\t\t\t\t\t\t\t<\/div>\r\n\t\t\t\t\t\t\t\t\t<div class=\"flex-grow-1 p-3\">\r\n\t\t\t\t\t\t\t\t\t\t<p>Is \u00e9 an fia rua (elaphus Cervus) an mamach tal\u00fan is m\u00f3 in \u00c9irinn.  I gCill Airne, cuireann an fia rua d\u00fachasach ceann de bhuaicphoint\u00ed na bliana ar f\u00e1il do chuairteoir\u00ed a thagann go dt\u00ed an Ph\u00e1irc N\u00e1isi\u00fanta, is \u00e9 sin reith\u00edocht na gcarrianna rua. Coinn\u00edonn na fianna rua fireanna amach \u00f3na ch\u00e9ile \u00f3 mh\u00ed L\u00fanasa ar aghaidh go dt\u00ed m\u00ed Dheireadh F\u00f3mhair tr\u00e1th a dtosa\u00edonn s\u00e9as\u00far na reith\u00edochta. Maireann s\u00e9as\u00far na reith\u00edochta ar feadh roinnt seachtain\u00ed agus cosn\u00f3idh na fianna rua fireanna a limist\u00e9ar f\u00e9in go tr\u00e9an. Tosa\u00edonn an reicne\u00e1il le b\u00fair\u00edl, beidh na fianna fireanna ag si\u00fal comhthreomhar lena ch\u00e9ile sula dt\u00e9ann siad in adharca a ch\u00e9ile chun an fia rua fireann is l\u00e1idre agus is ceannasa\u00ed a dh\u00e9anamh amach. Is minic go gc\u00fala\u00edonn an c\u00e9ile comhraic sula dtosa\u00edonn an ioma\u00edocht mar go bhf\u00e9adfadh s\u00e9 go dtarl\u00f3dh drochghort\u00fa d\u2019fhia rua at\u00e1 n\u00edos laige. Is iontach an radharc \u00e9, ach n\u00ed m\u00f3r do chuairteoir\u00ed a bheith airdeallach agus fanacht siar.<\/p>\n\t\t\t\t\t\t\t\t\t<\/div>\r\n\t\t\t\t\t\t\t\t<\/div>\t\r\n\t\t\t\t\t\t\t<\/div>\t\r\n\t\t\t\t\t\t\t<hr class=\"my-0\" style=\"border-top:1px solid #9C9494; opacity: 1;\" \/>\t\r\n\t\t\t\t\t\t\t<div style=\"font-size:inherit; height: 92px;\" class=\"p-3 bg-color-beige accordion-button accordion-button-color-black collapsed\" data-bs-toggle=\"collapse\" href=\"#collapse-dropdown-gallery-1\" role=\"button\" aria-expanded=\"false\" aria-controls=\"collapseExample\">\r\n\t\t\t\t\t\t\t\t<div class=\"w-100\">\r\n\t\t\t\t\t\t\t\t\t<h3 class=\"font-size-heading color-black\">An Fia Rua<\/h3>\r\n\t\t\t\t\t\t\t\t\t<div class=\"font-family-gibson-300 color-black\">Cervus elaphus<\/div>\r\n\t\t\t\t\t\t\t\t<\/div>\r\n\t\t\t\t\t\t\t<\/div>\t\t\t\t\t\r\n\t\t\t\t\t\t\t\t\t\t\t<\/div>\r\n\t\t\t\t\t\t\t\r\n\t\t\t\t\t\r\n\t\t\t\r\n\t\t\t\t\t<div class=\"col-12 col-md-6 col-lg-4 park_gallery_item\">\r\n\t\t\t\t\t\t\r\n\t\t\t\t\t\t\t\t\t\t\t\t\t<div class=\"w-100 bg-img overflow-hidden\" style=\"background-image:url(https:\/\/www.nationalparks.ie\/app\/uploads\/2022\/09\/Rectangle-5-16.jpg); background-size:cover; background-repeat:no-repeat; min-height:450px;\">\r\n\t\t\t\t\t\t\t\t<div class=\"bg-color-beige collapse park-gallery-dropdown\" id=\"collapse-dropdown-gallery-2\">\r\n\t\t\t\t\t\t\t\t\t<div style=\"font-size:inherit; height: 92px;\" class=\"p-3 bg-color-beige accordion-button accordion-button-color-black collapsed\" data-bs-toggle=\"collapse\" href=\"#collapse-dropdown-gallery-2\" role=\"button\" aria-expanded=\"false\" aria-controls=\"collapseExample\">\r\n\t\t\t\t\t\t\t\t\t\t<div class=\"w-100\">\r\n\t\t\t\t\t\t\t\t\t\t\t<h3 class=\"font-size-heading color-black\">An Madra Uisce<\/h3>\r\n\t\t\t\t\t\t\t\t\t\t\t<div class=\"font-family-gibson-300 color-black\">Lutra lutra<\/div>\r\n\t\t\t\t\t\t\t\t\t\t<\/div>\r\n\t\t\t\t\t\t\t\t\t<\/div>\r\n\t\t\t\t\t\t\t\t\t<div class=\"flex-grow-1 p-3\">\r\n\t\t\t\t\t\t\t\t\t\t<p>T\u00e1 an madra uisce liostaithe a bheith \u2018gar de bheith faoi bhagairt\u2019 ar an liosta domhanda, is ainmh\u00ed \u00e9 an madra uisce a bhfuil s\u00e9 deacair a theacht air agus is f\u00e9idir iad a fh\u00e1il i r\u00e9ims\u00ed \u00e9ags\u00fala gn\u00e1th\u00f3ga uisce, lena n-\u00e1ir\u00edtear, sruth\u00e1in, aibhneacha, lochanna at\u00e1 ar ardtailte agus fi\u00fa murlaigh c\u00f3sta. Is ainmhithe o\u00edche iad na madra\u00ed uisce agus is f\u00e9idir iad a fheice\u00e1il le breacadh an lae n\u00f3 le titim na ho\u00edche. T\u00e1 corp an mhadra uisce fada le cosa gearra, scamallacha agus eireaball tiubh, mat\u00e1nach. T\u00e1 a gcuid fionnaidh d\u00fadhonn agus d\u00e9anta suas de dh\u00e1 ch\u00f3ta ar leith a chuid\u00edonn lena gcoinne\u00e1il tirim agus te. Nuair a bh\u00edonn siad ag sn\u00e1mh faoi uisce, t\u00e1 an madra uisce in ann a chuid poll\u00e1ir\u00ed agus a chuid cluas a choinne\u00e1il d\u00fanta. Itheann siad iasc \u00e9ags\u00fail, garmach\u00e1in, salmainid\u00ed, froganna, eascanna agus cr\u00e1ifisceanna.<\/p>\n\t\t\t\t\t\t\t\t\t<\/div>\r\n\t\t\t\t\t\t\t\t<\/div>\t\r\n\t\t\t\t\t\t\t<\/div>\t\r\n\t\t\t\t\t\t\t<hr class=\"my-0\" style=\"border-top:1px solid #9C9494; opacity: 1;\" \/>\t\r\n\t\t\t\t\t\t\t<div style=\"font-size:inherit; height: 92px;\" class=\"p-3 bg-color-beige accordion-button accordion-button-color-black collapsed\" data-bs-toggle=\"collapse\" href=\"#collapse-dropdown-gallery-2\" role=\"button\" aria-expanded=\"false\" aria-controls=\"collapseExample\">\r\n\t\t\t\t\t\t\t\t<div class=\"w-100\">\r\n\t\t\t\t\t\t\t\t\t<h3 class=\"font-size-heading color-black\">An Madra Uisce<\/h3>\r\n\t\t\t\t\t\t\t\t\t<div class=\"font-family-gibson-300 color-black\">Lutra lutra<\/div>\r\n\t\t\t\t\t\t\t\t<\/div>\r\n\t\t\t\t\t\t\t<\/div>\t\t\t\t\t\r\n\t\t\t\t\t\t\t\t\t\t\t<\/div>\r\n\t\t\t\t\t\t\t\r\n\t\t\t\t\t\r\n\t\t\t\r\n\t\t\t\t\t<div class=\"col-12 col-md-6 col-lg-4 park_gallery_item\">\r\n\t\t\t\t\t\t\r\n\t\t\t\t\t\t\t\t\t\t\t\t\t<div class=\"w-100 bg-img overflow-hidden\" style=\"background-image:url(https:\/\/www.nationalparks.ie\/app\/uploads\/2022\/09\/Rectangle-5-17.jpg); background-size:cover; background-repeat:no-repeat; min-height:450px;\">\r\n\t\t\t\t\t\t\t\t<div class=\"bg-color-beige collapse park-gallery-dropdown\" id=\"collapse-dropdown-gallery-3\">\r\n\t\t\t\t\t\t\t\t\t<div style=\"font-size:inherit; height: 92px;\" class=\"p-3 bg-color-beige accordion-button accordion-button-color-black collapsed\" data-bs-toggle=\"collapse\" href=\"#collapse-dropdown-gallery-3\" role=\"button\" aria-expanded=\"false\" aria-controls=\"collapseExample\">\r\n\t\t\t\t\t\t\t\t\t\t<div class=\"w-100\">\r\n\t\t\t\t\t\t\t\t\t\t\t<h3 class=\"font-size-heading color-black\">An Giorria \u00c9ireannach<\/h3>\r\n\t\t\t\t\t\t\t\t\t\t\t<div class=\"font-family-gibson-300 color-black\">Lepidus timidus hibernicus<\/div>\r\n\t\t\t\t\t\t\t\t\t\t<\/div>\r\n\t\t\t\t\t\t\t\t\t<\/div>\r\n\t\t\t\t\t\t\t\t\t<div class=\"flex-grow-1 p-3\">\r\n\t\t\t\t\t\t\t\t\t\t<p>N\u00ed hamh\u00e1in gur speiceas d\u00fachasach at\u00e1 sa ghiorria \u00c9ireannach, ach t\u00e1 s\u00e9 uath\u00fail don t\u00edr seo agus t\u00e1 s\u00e9 anseo le thart ar 12,000 bliain. C\u00e9 go bhfuil gaol aige leis an nGiorria Sl\u00e9ibhe, n\u00ed thagann dath b\u00e1n ar an nGiorria Sl\u00e9ibhe \u00c9ireannach sa gheimhreadh ach ina leaba sin iompa\u00edonn s\u00e9 \u00f3 dhath deargdhonn sa samhradh go dath liath sa gheimhreadh. Measctar suas go minic \u00e9 leis an ngiorria gallda, t\u00e1 an Giorria Sl\u00e9ibhe \u00c9ireannach beag\u00e1n n\u00edos l\u00fa, le heireaball b\u00e1n seachas an str\u00edoc dhubh ar n\u00f3s an ghiorria gallda. T\u00e1 na giorriacha baineanna n\u00edos m\u00f3 n\u00e1 na giorriacha fireanna agus is iad is ceannasa\u00ed; b\u00edonn na giorriacha baineanna le feice\u00e1il go minic ag \u2018dorn\u00e1la\u00edocht\u2019 leis na giorriacha fireanna le linn an ts\u00e9as\u00fair p\u00f3raithe. Is f\u00e9ar is m\u00f3 a itheann siad ach itheann siad speiceas planda\u00ed \u00e9ags\u00fala sa gheimhreadh.<\/p>\n\t\t\t\t\t\t\t\t\t<\/div>\r\n\t\t\t\t\t\t\t\t<\/div>\t\r\n\t\t\t\t\t\t\t<\/div>\t\r\n\t\t\t\t\t\t\t<hr class=\"my-0\" style=\"border-top:1px solid #9C9494; opacity: 1;\" \/>\t\r\n\t\t\t\t\t\t\t<div style=\"font-size:inherit; height: 92px;\" class=\"p-3 bg-color-beige accordion-button accordion-button-color-black collapsed\" data-bs-toggle=\"collapse\" href=\"#collapse-dropdown-gallery-3\" role=\"button\" aria-expanded=\"false\" aria-controls=\"collapseExample\">\r\n\t\t\t\t\t\t\t\t<div class=\"w-100\">\r\n\t\t\t\t\t\t\t\t\t<h3 class=\"font-size-heading color-black\">An Giorria \u00c9ireannach<\/h3>\r\n\t\t\t\t\t\t\t\t\t<div class=\"font-family-gibson-300 color-black\">Lepidus timidus hibernicus<\/div>\r\n\t\t\t\t\t\t\t\t<\/div>\r\n\t\t\t\t\t\t\t<\/div>\t\t\t\t\t\r\n\t\t\t\t\t\t\t\t\t\t\t<\/div>\r\n\t\t\t\t\t\t\t\r\n\t\t\t\t\t\t\t\t\r\n\t\t<\/div>\r\n\t<\/div>\r\n\t<hr class=\"my-0\" style=\"border-top:1px solid #9C9494; opacity: 1;\" \/>\r\n<\/section>\r\n\r\n\r\n\r\n\r\n\n\n\r\n<section id=\"block_eab9486964df1f5e751ea30e406c74dc\" class=\"section-dropdown-gallery bg-color-beige color-black pb-5\">\r\n\t<div class=\"container\">\r\n\t\t\t\t\t<h2 class=\"display-6 mb-4 pt-5\">Speicis F\u00e1na Eile<\/h2>\r\n\t\t\t<\/div>\r\n\t<hr class=\"my-0\" style=\"border-top:1px solid #9C9494; opacity: 1;\" \/>\r\n\t<div class=\"container-fluid px-3 px-lg-5\">\r\n\t\t<div class=\"row\">\t\t\r\n\t\t\t\t\r\n\t\t\t\t\t\r\n\t\t\t\r\n\t\t\t\t\t<div class=\"col-12 col-md-6 col-lg-4 park_gallery_item\">\r\n\t\t\t\t\t\t\r\n\t\t\t\t\t\t\t\t\t\t\t\t\t<div class=\"w-100 bg-img overflow-hidden\" style=\"background-image:url(https:\/\/www.nationalparks.ie\/app\/uploads\/2022\/09\/Rectangle-5-18.jpg); background-size:cover; background-repeat:no-repeat; min-height:450px;\">\r\n\t\t\t\t\t\t\t\t<div class=\"bg-color-beige collapse park-gallery-dropdown\" id=\"collapse-dropdown-gallery-1\">\r\n\t\t\t\t\t\t\t\t\t<div style=\"font-size:inherit; height: 92px;\" class=\"p-3 bg-color-beige accordion-button accordion-button-color-black collapsed\" data-bs-toggle=\"collapse\" href=\"#collapse-dropdown-gallery-1\" role=\"button\" aria-expanded=\"false\" aria-controls=\"collapseExample\">\r\n\t\t\t\t\t\t\t\t\t\t<div class=\"w-100\">\r\n\t\t\t\t\t\t\t\t\t\t\t<h3 class=\"font-size-heading color-black\">Dr\u00facht\u00edn Ballach<\/h3>\r\n\t\t\t\t\t\t\t\t\t\t\t<div class=\"font-family-gibson-300 color-black\">Geomalacus maculosus<\/div>\r\n\t\t\t\t\t\t\t\t\t\t<\/div>\r\n\t\t\t\t\t\t\t\t\t<\/div>\r\n\t\t\t\t\t\t\t\t\t<div class=\"flex-grow-1 p-3\">\r\n\t\t\t\t\t\t\t\t\t\t<p>N\u00edl an Dr\u00facht\u00edn Ballach le f\u00e1il ach amh\u00e1in i gCiarra\u00ed, Iarthar Chorca\u00ed, sa Sp\u00e1inn agus sa Phortaing\u00e9il, d\u2019fh\u00e9adfadh an Dr\u00facht\u00edn Ballach maireacht\u00e1il ar feadh suas le seacht mbliana agus t\u00e1 s\u00e9 idir 6-9cm ar fad. Is dath dubh n\u00f3 glas at\u00e1 air le spota\u00ed b\u00e1na n\u00f3 dath donn le spota\u00ed ar dhath an uachtair. T\u00e1 an Dr\u00facht\u00edn Ballach le f\u00e1il i l\u00e1ithreacha coillearnacha, itheann s\u00e9 l\u00e9icean, caonach, fungas agus aelusanna a fh\u00e1sann ar bholl\u00e1in ghaineamhchloiche. Tugtar Dr\u00facht\u00edn Ballach Chiarra\u00ed air mar go bhfuarthas an ch\u00e9ad eiseamail riamh i gCiarra\u00ed sa bhliain 1842.<\/p>\n\t\t\t\t\t\t\t\t\t<\/div>\r\n\t\t\t\t\t\t\t\t<\/div>\t\r\n\t\t\t\t\t\t\t<\/div>\t\r\n\t\t\t\t\t\t\t<hr class=\"my-0\" style=\"border-top:1px solid #9C9494; opacity: 1;\" \/>\t\r\n\t\t\t\t\t\t\t<div style=\"font-size:inherit; height: 92px;\" class=\"p-3 bg-color-beige accordion-button accordion-button-color-black collapsed\" data-bs-toggle=\"collapse\" href=\"#collapse-dropdown-gallery-1\" role=\"button\" aria-expanded=\"false\" aria-controls=\"collapseExample\">\r\n\t\t\t\t\t\t\t\t<div class=\"w-100\">\r\n\t\t\t\t\t\t\t\t\t<h3 class=\"font-size-heading color-black\">Dr\u00facht\u00edn Ballach<\/h3>\r\n\t\t\t\t\t\t\t\t\t<div class=\"font-family-gibson-300 color-black\">Geomalacus maculosus<\/div>\r\n\t\t\t\t\t\t\t\t<\/div>\r\n\t\t\t\t\t\t\t<\/div>\t\t\t\t\t\r\n\t\t\t\t\t\t\t\t\t\t\t<\/div>\r\n\t\t\t\t\t\t\t\r\n\t\t\t\t\t\r\n\t\t\t\r\n\t\t\t\t\t<div class=\"col-12 col-md-6 col-lg-4 park_gallery_item\">\r\n\t\t\t\t\t\t\r\n\t\t\t\t\t\t\t\t\t\t\t\t\t<div class=\"w-100 bg-img overflow-hidden\" style=\"background-image:url(https:\/\/www.nationalparks.ie\/app\/uploads\/2022\/09\/Rectangle-5-1-3.jpg); background-size:cover; background-repeat:no-repeat; min-height:450px;\">\r\n\t\t\t\t\t\t\t\t<div class=\"bg-color-beige collapse park-gallery-dropdown\" id=\"collapse-dropdown-gallery-2\">\r\n\t\t\t\t\t\t\t\t\t<div style=\"font-size:inherit; height: 92px;\" class=\"p-3 bg-color-beige accordion-button accordion-button-color-black collapsed\" data-bs-toggle=\"collapse\" href=\"#collapse-dropdown-gallery-2\" role=\"button\" aria-expanded=\"false\" aria-controls=\"collapseExample\">\r\n\t\t\t\t\t\t\t\t\t\t<div class=\"w-100\">\r\n\t\t\t\t\t\t\t\t\t\t\t<h3 class=\"font-size-heading color-black\">An Di\u00failic\u00edn P\u00e9arla Fionnuisce<\/h3>\r\n\t\t\t\t\t\t\t\t\t\t\t<div class=\"font-family-gibson-300 color-black\">Margaritifera margaritifera<\/div>\r\n\t\t\t\t\t\t\t\t\t\t<\/div>\r\n\t\t\t\t\t\t\t\t\t<\/div>\r\n\t\t\t\t\t\t\t\t\t<div class=\"flex-grow-1 p-3\">\r\n\t\t\t\t\t\t\t\t\t\t<p>Speiceas at\u00e1 i mbaol critici\u00fail, t\u00e1 an Di\u00failic\u00edn P\u00e9arla Fionnuisce r\u00ed-annamh sa domhan sa l\u00e1 at\u00e1 inniu ann. T\u00e1 ocht gcinn de l\u00e1ithreacha in \u00c9irinn ina bhfuil an Di\u00failic\u00edn P\u00e9arla Fionnuisce le f\u00e1il, agus t\u00e1 ceann acu sin ar theorainn na P\u00e1irce N\u00e1isi\u00fanta. T\u00e1 an Di\u00failic\u00edn P\u00e9arla Fionnuisce le f\u00e1il in aibhneacha seachas i lochanna agus teasta\u00edonn uisce glan ocsaiginithe, \u00edseal-chothaitheach uathu. T\u00e1 an Di\u00failic\u00edn P\u00e9arla Fionnuisce ar cheann de na hainmhithe is faide a mhaireann in \u00c9irinn agus is f\u00e9idir leis maireacht\u00e1il ar feadh 100 bliain. F\u00e1sann s\u00e9 suas go dt\u00ed idir 12-15cm agus, mar ainmh\u00ed f\u00e1sta, t\u00e1 ar a chumas suas go 50 l\u00edtear uisce a scagadh in aghaidh an lae.<\/p>\n\t\t\t\t\t\t\t\t\t<\/div>\r\n\t\t\t\t\t\t\t\t<\/div>\t\r\n\t\t\t\t\t\t\t<\/div>\t\r\n\t\t\t\t\t\t\t<hr class=\"my-0\" style=\"border-top:1px solid #9C9494; opacity: 1;\" \/>\t\r\n\t\t\t\t\t\t\t<div style=\"font-size:inherit; height: 92px;\" class=\"p-3 bg-color-beige accordion-button accordion-button-color-black collapsed\" data-bs-toggle=\"collapse\" href=\"#collapse-dropdown-gallery-2\" role=\"button\" aria-expanded=\"false\" aria-controls=\"collapseExample\">\r\n\t\t\t\t\t\t\t\t<div class=\"w-100\">\r\n\t\t\t\t\t\t\t\t\t<h3 class=\"font-size-heading color-black\">An Di\u00failic\u00edn P\u00e9arla Fionnuisce<\/h3>\r\n\t\t\t\t\t\t\t\t\t<div class=\"font-family-gibson-300 color-black\">Margaritifera margaritifera<\/div>\r\n\t\t\t\t\t\t\t\t<\/div>\r\n\t\t\t\t\t\t\t<\/div>\t\t\t\t\t\r\n\t\t\t\t\t\t\t\t\t\t\t<\/div>\r\n\t\t\t\t\t\t\t\r\n\t\t\t\t\t\r\n\t\t\t\r\n\t\t\t\t\t<div class=\"col-12 col-md-6 col-lg-4 park_gallery_item\">\r\n\t\t\t\t\t\t\r\n\t\t\t\t\t\t\t\t\t\t\t\t\t<div class=\"w-100 bg-img overflow-hidden\" style=\"background-image:url(https:\/\/www.nationalparks.ie\/app\/uploads\/2022\/09\/Rectangle-5-2-3.jpg); background-size:cover; background-repeat:no-repeat; min-height:450px;\">\r\n\t\t\t\t\t\t\t\t<div class=\"bg-color-beige collapse park-gallery-dropdown\" id=\"collapse-dropdown-gallery-3\">\r\n\t\t\t\t\t\t\t\t\t<div style=\"font-size:inherit; height: 92px;\" class=\"p-3 bg-color-beige accordion-button accordion-button-color-black collapsed\" data-bs-toggle=\"collapse\" href=\"#collapse-dropdown-gallery-3\" role=\"button\" aria-expanded=\"false\" aria-controls=\"collapseExample\">\r\n\t\t\t\t\t\t\t\t\t\t<div class=\"w-100\">\r\n\t\t\t\t\t\t\t\t\t\t\t<h3 class=\"font-size-heading color-black\">Fritile\u00e1n R\u00e9isc<\/h3>\r\n\t\t\t\t\t\t\t\t\t\t\t<div class=\"font-family-gibson-300 color-black\">Euphydryas aurinia<\/div>\r\n\t\t\t\t\t\t\t\t\t\t<\/div>\r\n\t\t\t\t\t\t\t\t\t<\/div>\r\n\t\t\t\t\t\t\t\t\t<div class=\"flex-grow-1 p-3\">\r\n\t\t\t\t\t\t\t\t\t\t<p>C\u00e9 gur f\u00e9idir \u00e9 seo a fh\u00e1il i gcodanna \u00e9ags\u00fala den t\u00edr, t\u00e1 an Fritile\u00e1n R\u00e9isc f\u00f3s cosanta faoi Iarscr\u00edbhinn II de Threoir an Aontais Eorpaigh maidir le Gn\u00e1th\u00f3ga agus Speicis mar gheall ar chailli\u00faint gn\u00e1th\u00f3ige a d\u2019fh\u00e9adfadh a bheith ann. Mar at\u00e1 le tuiscint \u00f3n ainm, is maith leis an bhFritile\u00e1n R\u00e9isc talamh bogaigh agus t\u00e1 siad ag brath ar dhuilleoga leathana phlanda odhrach bhallach d\u00e1 saol r\u00e9. T\u00f3gann s\u00e9 bliain an timthriall \u00f3 larbha\u00ed go f\u00e9ileac\u00e1n f\u00e1sta a thabhairt chun cr\u00edche, ach n\u00ed mhaireann s\u00e9 mar fh\u00e9ileac\u00e1n f\u00e1sta ach dh\u00e1 n\u00f3 tr\u00ed seachtaine.<\/p>\n\t\t\t\t\t\t\t\t\t<\/div>\r\n\t\t\t\t\t\t\t\t<\/div>\t\r\n\t\t\t\t\t\t\t<\/div>\t\r\n\t\t\t\t\t\t\t<hr class=\"my-0\" style=\"border-top:1px solid #9C9494; opacity: 1;\" \/>\t\r\n\t\t\t\t\t\t\t<div style=\"font-size:inherit; height: 92px;\" class=\"p-3 bg-color-beige accordion-button accordion-button-color-black collapsed\" data-bs-toggle=\"collapse\" href=\"#collapse-dropdown-gallery-3\" role=\"button\" aria-expanded=\"false\" aria-controls=\"collapseExample\">\r\n\t\t\t\t\t\t\t\t<div class=\"w-100\">\r\n\t\t\t\t\t\t\t\t\t<h3 class=\"font-size-heading color-black\">Fritile\u00e1n R\u00e9isc<\/h3>\r\n\t\t\t\t\t\t\t\t\t<div class=\"font-family-gibson-300 color-black\">Euphydryas aurinia<\/div>\r\n\t\t\t\t\t\t\t\t<\/div>\r\n\t\t\t\t\t\t\t<\/div>\t\t\t\t\t\r\n\t\t\t\t\t\t\t\t\t\t\t<\/div>\r\n\t\t\t\t\t\t\t\r\n\t\t\t\t\t\r\n\t\t\t\r\n\t\t\t\t\t<div class=\"col-12 col-md-6 col-lg-4 park_gallery_item\">\r\n\t\t\t\t\t\t\r\n\t\t\t\t\t\t\t\t\t\t\t\t\t<div class=\"w-100 bg-img overflow-hidden\" style=\"background-image:url(https:\/\/www.nationalparks.ie\/app\/uploads\/2022\/09\/Rectangle-5-3-3.jpg); background-size:cover; background-repeat:no-repeat; min-height:450px;\">\r\n\t\t\t\t\t\t\t\t<div class=\"bg-color-beige collapse park-gallery-dropdown\" id=\"collapse-dropdown-gallery-4\">\r\n\t\t\t\t\t\t\t\t\t<div style=\"font-size:inherit; height: 92px;\" class=\"p-3 bg-color-beige accordion-button accordion-button-color-black collapsed\" data-bs-toggle=\"collapse\" href=\"#collapse-dropdown-gallery-4\" role=\"button\" aria-expanded=\"false\" aria-controls=\"collapseExample\">\r\n\t\t\t\t\t\t\t\t\t\t<div class=\"w-100\">\r\n\t\t\t\t\t\t\t\t\t\t\t<h3 class=\"font-size-heading color-black\">An Laghairt Choiteann<\/h3>\r\n\t\t\t\t\t\t\t\t\t\t\t<div class=\"font-family-gibson-300 color-black\">Zootoca vivipara<\/div>\r\n\t\t\t\t\t\t\t\t\t\t<\/div>\r\n\t\t\t\t\t\t\t\t\t<\/div>\r\n\t\t\t\t\t\t\t\t\t<div class=\"flex-grow-1 p-3\">\r\n\t\t\t\t\t\t\t\t\t\t<p>T\u00e1 an t-aon reipt\u00edl d\u00fachasach d\u00e1 bhfuil againn in \u00c9irinn ild\u00e1nach \u00f3 thaobh gn\u00e1th\u00f3ige de  agus is f\u00e9idir teacht air i gcoillearnach, riasca, m\u00f3intigh agus portaigh.  Agus iad idir 10 agus 16 ceintim\u00e9adar ar fad, t\u00e1 coirp fhada orthu, cosa gearra agus eireaball fada bioraithe. M\u00e1 bh\u00edonn an laghairt gafa ag creachad\u00f3ir, is f\u00e9idir leis f\u00e1il r\u00e9idh lena eireaball chun cabhr\u00fa leis \u00e9al\u00fa. F\u00e1sfaidh an t-eireaball ar ais ansin. D\u2019fh\u00e9adfadh s\u00e9 maireacht\u00e1il suas le suas le c\u00faig bliana agus maireann s\u00e9 ar dhr\u00facht\u00edn\u00ed, seilid\u00ed, p\u00e9isteanna tal\u00fan agus feithid\u00ed \u00e9ags\u00fala.  C\u00e9 go mbeireann an chuid is m\u00f3 de na reipt\u00edl\u00ed uibheacha, tugann an laghairt cinn \u00f3ga bheo ar an saol, a thagann as uibheacha a coinn\u00edodh taobh istigh den laghairt bhaineann.<\/p>\n\t\t\t\t\t\t\t\t\t<\/div>\r\n\t\t\t\t\t\t\t\t<\/div>\t\r\n\t\t\t\t\t\t\t<\/div>\t\r\n\t\t\t\t\t\t\t<hr class=\"my-0\" style=\"border-top:1px solid #9C9494; opacity: 1;\" \/>\t\r\n\t\t\t\t\t\t\t<div style=\"font-size:inherit; height: 92px;\" class=\"p-3 bg-color-beige accordion-button accordion-button-color-black collapsed\" data-bs-toggle=\"collapse\" href=\"#collapse-dropdown-gallery-4\" role=\"button\" aria-expanded=\"false\" aria-controls=\"collapseExample\">\r\n\t\t\t\t\t\t\t\t<div class=\"w-100\">\r\n\t\t\t\t\t\t\t\t\t<h3 class=\"font-size-heading color-black\">An Laghairt Choiteann<\/h3>\r\n\t\t\t\t\t\t\t\t\t<div class=\"font-family-gibson-300 color-black\">Zootoca vivipara<\/div>\r\n\t\t\t\t\t\t\t\t<\/div>\r\n\t\t\t\t\t\t\t<\/div>\t\t\t\t\t\r\n\t\t\t\t\t\t\t\t\t\t\t<\/div>\r\n\t\t\t\t\t\t\t\r\n\t\t\t\t\t\r\n\t\t\t\r\n\t\t\t\t\t<div class=\"col-12 col-md-6 col-lg-4 park_gallery_item\">\r\n\t\t\t\t\t\t\r\n\t\t\t\t\t\t\t\t\t\t\t\t\t<div class=\"w-100 bg-img overflow-hidden\" style=\"background-image:url(https:\/\/www.nationalparks.ie\/app\/uploads\/2022\/09\/Rectangle-5-4-3.jpg); background-size:cover; background-repeat:no-repeat; min-height:450px;\">\r\n\t\t\t\t\t\t\t\t<div class=\"bg-color-beige collapse park-gallery-dropdown\" id=\"collapse-dropdown-gallery-5\">\r\n\t\t\t\t\t\t\t\t\t<div style=\"font-size:inherit; height: 92px;\" class=\"p-3 bg-color-beige accordion-button accordion-button-color-black collapsed\" data-bs-toggle=\"collapse\" href=\"#collapse-dropdown-gallery-5\" role=\"button\" aria-expanded=\"false\" aria-controls=\"collapseExample\">\r\n\t\t\t\t\t\t\t\t\t\t<div class=\"w-100\">\r\n\t\t\t\t\t\t\t\t\t\t\t<h3 class=\"font-size-heading color-black\">Earc coiteann<\/h3>\r\n\t\t\t\t\t\t\t\t\t\t\t<div class=\"font-family-gibson-300 color-black\">Lissotriton vulgaris<\/div>\r\n\t\t\t\t\t\t\t\t\t\t<\/div>\r\n\t\t\t\t\t\t\t\t\t<\/div>\r\n\t\t\t\t\t\t\t\t\t<div class=\"flex-grow-1 p-3\">\r\n\t\t\t\t\t\t\t\t\t\t<p>T\u00e1 an t-earc coiteann d\u00fachasach d\u2019\u00c9irinn agus is f\u00e9idir iad a fh\u00e1il i gcoillearnacha, f\u00e1lta sceach, bogaigh agus limist\u00e9ir ina bhfuil talamh f\u00e9araigh tort\u00f3gach den chuid is m\u00f3. Is f\u00e9idir leo f\u00e1s go dt\u00ed idir 7 go 11 ceintim\u00e9adar agus maireann siad ar feadh s\u00e9 bliana ar an me\u00e1n. Itheann siad boilb, dr\u00facht\u00edn\u00ed, p\u00e9isteanna agus feithid\u00ed at\u00e1 ar an talamh agus in uisce beidh cr\u00fastaigh, moilisc agus torb\u00e1in \u00e1 ithe acu. T\u00e1 an t-earc coiteann ar an aon amfaibiach in \u00c9irinn le heireaball agus is minic go measctar suas le ni\u00fait iad. Ar bhealach \u00e9asca lena n-aithint is f\u00e9idir f\u00e9achaint ar a gcraiceann; t\u00e1 craiceann m\u00edn ar an earc coiteann agus t\u00e1 craiceann gainneach ar an laghairt, mar gur reipt\u00edl at\u00e1 i gceist.<\/p>\n\t\t\t\t\t\t\t\t\t<\/div>\r\n\t\t\t\t\t\t\t\t<\/div>\t\r\n\t\t\t\t\t\t\t<\/div>\t\r\n\t\t\t\t\t\t\t<hr class=\"my-0\" style=\"border-top:1px solid #9C9494; opacity: 1;\" \/>\t\r\n\t\t\t\t\t\t\t<div style=\"font-size:inherit; height: 92px;\" class=\"p-3 bg-color-beige accordion-button accordion-button-color-black collapsed\" data-bs-toggle=\"collapse\" href=\"#collapse-dropdown-gallery-5\" role=\"button\" aria-expanded=\"false\" aria-controls=\"collapseExample\">\r\n\t\t\t\t\t\t\t\t<div class=\"w-100\">\r\n\t\t\t\t\t\t\t\t\t<h3 class=\"font-size-heading color-black\">Earc coiteann<\/h3>\r\n\t\t\t\t\t\t\t\t\t<div class=\"font-family-gibson-300 color-black\">Lissotriton vulgaris<\/div>\r\n\t\t\t\t\t\t\t\t<\/div>\r\n\t\t\t\t\t\t\t<\/div>\t\t\t\t\t\r\n\t\t\t\t\t\t\t\t\t\t\t<\/div>\r\n\t\t\t\t\t\t\t\r\n\t\t\t\t\t\r\n\t\t\t\r\n\t\t\t\t\t<div class=\"col-12 col-md-6 col-lg-4 park_gallery_item\">\r\n\t\t\t\t\t\t\r\n\t\t\t\t\t\t\t\t\t\t\t\t\t<div class=\"w-100 bg-img overflow-hidden\" style=\"background-image:url(https:\/\/www.nationalparks.ie\/app\/uploads\/2022\/09\/Rectangle-5-5-3.jpg); background-size:cover; background-repeat:no-repeat; min-height:450px;\">\r\n\t\t\t\t\t\t\t\t<div class=\"bg-color-beige collapse park-gallery-dropdown\" id=\"collapse-dropdown-gallery-6\">\r\n\t\t\t\t\t\t\t\t\t<div style=\"font-size:inherit; height: 92px;\" class=\"p-3 bg-color-beige accordion-button accordion-button-color-black collapsed\" data-bs-toggle=\"collapse\" href=\"#collapse-dropdown-gallery-6\" role=\"button\" aria-expanded=\"false\" aria-controls=\"collapseExample\">\r\n\t\t\t\t\t\t\t\t\t\t<div class=\"w-100\">\r\n\t\t\t\t\t\t\t\t\t\t\t<h3 class=\"font-size-heading color-black\">An Brad\u00e1n Atlantach<\/h3>\r\n\t\t\t\t\t\t\t\t\t\t\t<div class=\"font-family-gibson-300 color-black\">Salmo salar<\/div>\r\n\t\t\t\t\t\t\t\t\t\t<\/div>\r\n\t\t\t\t\t\t\t\t\t<\/div>\r\n\t\t\t\t\t\t\t\t\t<div class=\"flex-grow-1 p-3\">\r\n\t\t\t\t\t\t\t\t\t\t<p>T\u00e1 an brad\u00e1n \u00e1irithe seo d\u00fachasach d\u2019\u00c9irinn agus t\u00e1 siad le f\u00e1il i bhformh\u00f3r \u00e1r gcuid aibhneacha. Is f\u00e9idir leis an mbrad\u00e1n f\u00e1s go 75 ceintim\u00e9adar agus me\u00e1nn siad suas go 5.5kg. B\u00edonn bia \u00e9ags\u00fail \u00e1 ithe acu ag brath ar an ngn\u00e1th\u00f3g agus c\u00e9 go n-itheann an brad\u00e1n \u00f3g larbha feithid\u00ed uisceacha agus inveirteabraigh uisceacha eile, itheann na brad\u00e1in fh\u00e1sta \u00e9isc bheaga ar n\u00f3s scad\u00e1in agus sal\u00e1in amuigh ar an bhfarraige. Is speiceas siombalach is ea an brad\u00e1n in \u00c9irinn agus cuireann siad bunt\u00e1iste geilleagrach ar f\u00e1il \u00f3n turas\u00f3ireacht slatiascaireachta agus t\u00e1 s\u00e9 mar chuid de mhiotaseola\u00edocht Fianna\u00edochta na h\u00c9ireann sa sc\u00e9al maidir leis an mBrad\u00e1n Feasa.<\/p>\n\t\t\t\t\t\t\t\t\t<\/div>\r\n\t\t\t\t\t\t\t\t<\/div>\t\r\n\t\t\t\t\t\t\t<\/div>\t\r\n\t\t\t\t\t\t\t<hr class=\"my-0\" style=\"border-top:1px solid #9C9494; opacity: 1;\" \/>\t\r\n\t\t\t\t\t\t\t<div style=\"font-size:inherit; height: 92px;\" class=\"p-3 bg-color-beige accordion-button accordion-button-color-black collapsed\" data-bs-toggle=\"collapse\" href=\"#collapse-dropdown-gallery-6\" role=\"button\" aria-expanded=\"false\" aria-controls=\"collapseExample\">\r\n\t\t\t\t\t\t\t\t<div class=\"w-100\">\r\n\t\t\t\t\t\t\t\t\t<h3 class=\"font-size-heading color-black\">An Brad\u00e1n Atlantach<\/h3>\r\n\t\t\t\t\t\t\t\t\t<div class=\"font-family-gibson-300 color-black\">Salmo salar<\/div>\r\n\t\t\t\t\t\t\t\t<\/div>\r\n\t\t\t\t\t\t\t<\/div>\t\t\t\t\t\r\n\t\t\t\t\t\t\t\t\t\t\t<\/div>\r\n\t\t\t\t\t\t\t\r\n\t\t\t\t\t\t\t\t\r\n\t\t<\/div>\r\n\t<\/div>\r\n\t<hr class=\"my-0\" style=\"border-top:1px solid #9C9494; opacity: 1;\" \/>\r\n<\/section>\r\n\r\n\r\n\r\n\r\n\n\n\n\n<section id=\"section-video-block_265e188c6c334143e839228bb34164a9\" class=\"section-video d-flex justify-content-center\" style=\"margin-top:0;\">\n\t\n\t\t\t<div aria-hidden=\"true\" class=\"img-wrap\" style=\"width:100%; min-width:1280px; position:relative; height:420px; overflow:hidden; background-image:url(https:\/\/www.nationalparks.ie\/app\/uploads\/2022\/09\/Rectangle-5-1.png); background-size:cover;\"><\/div>\n\t<\/section>\n\n\r\n<a id=\"habitats\" style=\"\"><\/a>\r\n\r\n\r\n\n\n\r\n<section id=\"block_71101f405c19f9d6f2968a9e816d427d\" class=\"section-twocolumns py-4 py-lg-4 bg-color-pink color-black\" style=\"background-image:url(); \">\r\n\t\t<div class=\"d-flex flex-column\">\r\n\t\t\r\n\t \t\r\n\t<div class=\"container-fluid px-3 px-lg-5 section-twocolumns__columns order-2 \">\r\n\t\t<div class=\"row\">\r\n\t\t\t<div class=\"d-flex flex-column flex-lg-row\">\r\n\t\t\t\t<div class=\"col-12 col-lg-6  first-column\">\r\n\t\t\t\t\t<h2>Gn\u00e1th\u00f3ga<\/h2>\n\t\t\t\t<\/div>\r\n\t\t\t\t<div class=\"col-12 col-lg-6  mb-3 mb-lg-5 second-column\">\r\n\t\t\t\t\t<p class=\"h3 font-family-naisiuntamedium mb-4\">T\u00e1 an-\u00e9ags\u00falacht \u00f3 thaobh gn\u00e1th\u00f3ga de sa Ph\u00e1irc N\u00e1isi\u00fanta lena n-\u00e1ir\u00edtear coillearnacha, lochanna, aibhneacha agus linnte, easanna, portaigh agus m\u00f3intigh, talamh f\u00e9arach agus carraigeacha.<\/p>\n\t\t\t\t<\/div>\r\n\t\t\t<\/div>\r\n\t\t<\/div>\r\n\t<\/div>\r\n\t\t\r\n<\/section>\r\n\n\n<section id=\"block_0565d4bee3ec3c7057e9c90a9bcb5f70\" class=\"section-highlight-box bg-color-beige bg-color-pink color-black  py-5\">\n\t<div class=\"container-fluid px-3 px-lg-5\">\n\t\t<div class=\"row\">\n\t\t\t<div class=\"col-12\">\n\t\t\t\t<h2 class=\"font-size-heading ps-lg-3 pb-lg-4\"><\/h2>\n\t\t\t<\/div>\n\t\t<\/div>\n\t<\/div>\n\t<hr class=\"m-0\" style=\"opacity:1; border-bottom:1px solid #9C9494; background-color: transparent;\"\/>\n\t<div class=\"container-fluid px-3 px-lg-5\">\n\t\t\t<div class=\"row\">\t\n\t\t\t\t\t\t\t\t\t\t\t\t\n\t\t\t\t\t\t\t\t\t\t\n\t\t\t\t\t\t<div class=\"col-12\" style=\"outline:1px solid #9C9494;\">\n\t\t\t\t\t\t\t<div class=\"row\">\n\t\t\t\t\t\t\t\t<div class=\"col-12 col-md-6 order-md-1\">\n\t\t\t\t\t\t\t\t\t<div class=\"highlight-img-wrap w-100\" style=\"position:relative;\">\n\t\t\t\t\t\t\t\t\t\t<div class=\"\" style=\"display:block; padding-bottom:100%;\">\n\t\t\t\t\t\t\t\t\t\t\t\n\t\t\t\t\t\t\t\t\t\t\t<span class=\"w-100 h-100\" style=\"background-image:url('https:\/\/www.nationalparks.ie\/app\/uploads\/2022\/09\/Rectangle-5-6-3.jpg'); background-position:center center; background-size:cover; position:absolute;\" role=\"img\" aria-label=\"Coillearnach I\u00fair\"><\/span>\t\t\t\t\t\t\t\t\n\t\t\t\t\t\t\t\t\t\t<\/div>\n\t\t\t\t\t\t\t\t\t<\/div>\n\t\t\t\t\t\t\t\t<\/div>\n\t\t\t\t\t\t\t\t<div class=\"col-12 col-md-6 order-md-2\">\n\t\t\t\t\t\t\t\t\t<div class=\"p-3\">\n\t\t\t\t\t\t\t\t\t\t<h3 class=\"font-size-heading-small mt-lg-4\">Coillearnach I\u00fair<\/h3>\n\t\t\t\t\t\t\t\t\t\t<p class=\"color-black text-uppercase font-size-capitalised\"><\/p>\n\t\t\t\t\t\t\t\t\t\t<hr\/>\n\t\t\t\t\t\t\t\t\t\t<div class=\"font-size-body-small\"><p>Cl\u00fada\u00edonn coillearnach, a bhfuil i\u00far ar a formh\u00f3r, thart ar 25 heicte\u00e1r d\u2019aolchloch sceire agus de ph\u00e1bh\u00e1il Carb\u00f3nmhar i gCoill Reenadinna ar Leithinis Mhucrois. Chomh maith le hi\u00far, t\u00e1 col, dair, fuinseog, cuileann, fearn\u00f3g agus saileach coitianta go h\u00e1iti\u00fail san \u00e1it a bhfuil loig at\u00e1 l\u00e1n le hithir. Is i gCoill Reenadinna at\u00e1 an choillearnach i\u00fair is m\u00f3 in \u00c9irinn agus in Iarthar na hEorpa, go deimhin. T\u00e1 na lom\u00e1in aolchloiche cl\u00fadaithe le cl\u00fadach tiubh br\u00edf\u00edte ar d\u00edol suntais \u00e9 mar gheall go bhfuil aelus (Marchesinia mackaii) an Atlantaigh Theas ann.<\/p>\n<\/div>\n\t\t\t\t\t\t\t\t\t\t\n\t\t\t\t\t\t\t\t\t\t\t\t\t\t\t\t\t\t\t<\/div>\n\t\t\t\t\t\t\t\t<\/div>\n\t\t\t\t\t\t\t<\/div>\n\t\t\t\t\t\t<\/div>\n\t\t\t\t\t\t\n\t\t\t\t\t\t\t\t\t\t\n\t\t\t\t\t\t\t\t\t\n\t\t\t\t\t\t\t\t\t\t\n\t\t\t\t\t\t<div class=\"col-12\" style=\"outline:1px solid #9C9494;\">\n\t\t\t\t\t\t\t<div class=\"row\">\n\t\t\t\t\t\t\t\t<div class=\"col-12 col-md-6 order-md-2\">\n\t\t\t\t\t\t\t\t\t<div class=\"highlight-img-wrap w-100\" style=\"position:relative;\">\n\t\t\t\t\t\t\t\t\t\t<div class=\"\" style=\"display:block; padding-bottom:100%;\">\n\t\t\t\t\t\t\t\t\t\t\t\n\t\t\t\t\t\t\t\t\t\t\t<span class=\"w-100 h-100\" style=\"background-image:url('https:\/\/www.nationalparks.ie\/app\/uploads\/2022\/09\/Rectangle-5-7-3.jpg'); background-position:center center; background-size:cover; position:absolute;\" role=\"img\" aria-label=\"Coillearnach Leathanduilleach Fhliuch\"><\/span>\t\t\t\t\t\t\t\t\n\t\t\t\t\t\t\t\t\t\t<\/div>\n\t\t\t\t\t\t\t\t\t<\/div>\n\t\t\t\t\t\t\t\t<\/div>\n\t\t\t\t\t\t\t\t<div class=\"col-12 col-md-6 order-md-1\">\n\t\t\t\t\t\t\t\t\t<div class=\"p-3\">\n\t\t\t\t\t\t\t\t\t\t<h3 class=\"font-size-heading-small mt-lg-4\">Coillearnach Leathanduilleach Fhliuch<\/h3>\n\t\t\t\t\t\t\t\t\t\t<p class=\"color-black text-uppercase font-size-capitalised\"><\/p>\n\t\t\t\t\t\t\t\t\t\t<hr\/>\n\t\t\t\t\t\t\t\t\t\t<div class=\"font-size-body-small\"><p>\u00c1ir\u00edtear sa chatag\u00f3ir seo, coillearnacha at\u00e1 faoi uisce sa gheimhreadh ach at\u00e1 tirim sa samhradh chomh maith le coillearnacha at\u00e1 faoi uisce i gc\u00f3na\u00ed. Tarla\u00edonn an ch\u00e9ad cheann sin i limist\u00e9ir \u00edsle aolchloiche Carb\u00f3nmhara ar imeall locha, go m\u00f3r m\u00f3r feadh an taobh thoir thuaidh de Loch L\u00e9in (m.sh. sa Rinn agus ar Oile\u00e1n an Rois). T\u00e1 formh\u00f3r an limist\u00e9ir seo faoi uisce le linn an gheimhridh, le f\u00edor bheag\u00e1n n\u00f3 gan uisce bodhar ann le linn an tsamhraidh. Mar sin f\u00e9in, b\u00edonn an ithir ar an dromchla fliuch n\u00f3 thar a bheith tais i gc\u00f3na\u00ed.<\/p>\n<\/div>\n\t\t\t\t\t\t\t\t\t\t\n\t\t\t\t\t\t\t\t\t\t\t\t\t\t\t\t\t\t\t<\/div>\n\t\t\t\t\t\t\t\t<\/div>\n\t\t\t\t\t\t\t<\/div>\n\t\t\t\t\t\t<\/div>\n\t\t\t\t\t\t\n\t\t\t\t\t\t\t\t\t\t\n\t\t\t\t\t\t\t\t\t\n\t\t\t\t\t\t\t\t\t\t\n\t\t\t\t\t\t<div class=\"col-12\" style=\"outline:1px solid #9C9494;\">\n\t\t\t\t\t\t\t<div class=\"row\">\n\t\t\t\t\t\t\t\t<div class=\"col-12 col-md-6 order-md-1\">\n\t\t\t\t\t\t\t\t\t<div class=\"highlight-img-wrap w-100\" style=\"position:relative;\">\n\t\t\t\t\t\t\t\t\t\t<div class=\"\" style=\"display:block; padding-bottom:100%;\">\n\t\t\t\t\t\t\t\t\t\t\t\n\t\t\t\t\t\t\t\t\t\t\t<span class=\"w-100 h-100\" style=\"background-image:url('https:\/\/www.nationalparks.ie\/app\/uploads\/2022\/09\/Rectangle-5-8-3.jpg'); background-position:center center; background-size:cover; position:absolute;\" role=\"img\" aria-label=\"Bratphortach\"><\/span>\t\t\t\t\t\t\t\t\n\t\t\t\t\t\t\t\t\t\t<\/div>\n\t\t\t\t\t\t\t\t\t<\/div>\n\t\t\t\t\t\t\t\t<\/div>\n\t\t\t\t\t\t\t\t<div class=\"col-12 col-md-6 order-md-2\">\n\t\t\t\t\t\t\t\t\t<div class=\"p-3\">\n\t\t\t\t\t\t\t\t\t\t<h3 class=\"font-size-heading-small mt-lg-4\">Bratphortach<\/h3>\n\t\t\t\t\t\t\t\t\t\t<p class=\"color-black text-uppercase font-size-capitalised\"><\/p>\n\t\t\t\t\t\t\t\t\t\t<hr\/>\n\t\t\t\t\t\t\t\t\t\t<div class=\"font-size-body-small\"><p>T\u00e1 tul\u00f3ga de chaonach m\u00f3na at\u00e1 \u00e1 ndeighilt ag linnte mar shainghn\u00e9 ar phortach at\u00e1 i limist\u00e9ir chothroma m\u00f3na in \u00edsealchr\u00edocha at\u00e1 domhain agus t\u00e1 roinnt gn\u00e9ithe ann at\u00e1 mar a ch\u00e9ile le f\u00e1sra at\u00e1 ar phortaigh ardaithe l\u00e1r t\u00edre. Is f\u00e9idir cur s\u00edos a dh\u00e9anamh ar Phortaigh Luasc\u00e1naigh, Thalamh an \u00c9isc agus Portach Oile\u00e1n Darach mar phortaigh at\u00e1 sa chatag\u00f3ir seo. De ghn\u00e1th taca\u00edonn bratphortaigh ag airde mh\u00f3r le speicis ar n\u00f3s fraoch m\u00f3r, lus na feann\u00f3ige, fraoch\u00e1n, ceannbh\u00e1n agus luachair chaor\u00e1in chomh maith le caonach portaigh agus l\u00e9icin shaini\u00fala \u00e9ags\u00fala.<\/p>\n<\/div>\n\t\t\t\t\t\t\t\t\t\t\n\t\t\t\t\t\t\t\t\t\t\t\t\t\t\t\t\t\t\t<\/div>\n\t\t\t\t\t\t\t\t<\/div>\n\t\t\t\t\t\t\t<\/div>\n\t\t\t\t\t\t<\/div>\n\t\t\t\t\t\t\n\t\t\t\t\t\t\t\t\t\t\n\t\t\t\t\t\t\t\t\t\n\t\t\t\t\t\t\t\t\t\t\n\t\t\t\t\t\t<div class=\"col-12\" style=\"outline:1px solid #9C9494;\">\n\t\t\t\t\t\t\t<div class=\"row\">\n\t\t\t\t\t\t\t\t<div class=\"col-12 col-md-6 order-md-2\">\n\t\t\t\t\t\t\t\t\t<div class=\"highlight-img-wrap w-100\" style=\"position:relative;\">\n\t\t\t\t\t\t\t\t\t\t<div class=\"\" style=\"display:block; padding-bottom:100%;\">\n\t\t\t\t\t\t\t\t\t\t\t\n\t\t\t\t\t\t\t\t\t\t\t<span class=\"w-100 h-100\" style=\"background-image:url('https:\/\/www.nationalparks.ie\/app\/uploads\/2022\/09\/Rectangle-5-9-2.jpg'); background-position:center center; background-size:cover; position:absolute;\" role=\"img\" aria-label=\"Coillearnach Leathanduilleach Thirim\"><\/span>\t\t\t\t\t\t\t\t\n\t\t\t\t\t\t\t\t\t\t<\/div>\n\t\t\t\t\t\t\t\t\t<\/div>\n\t\t\t\t\t\t\t\t<\/div>\n\t\t\t\t\t\t\t\t<div class=\"col-12 col-md-6 order-md-1\">\n\t\t\t\t\t\t\t\t\t<div class=\"p-3\">\n\t\t\t\t\t\t\t\t\t\t<h3 class=\"font-size-heading-small mt-lg-4\">Coillearnach Leathanduilleach Thirim<\/h3>\n\t\t\t\t\t\t\t\t\t\t<p class=\"color-black text-uppercase font-size-capitalised\"><\/p>\n\t\t\t\t\t\t\t\t\t\t<hr\/>\n\t\t\t\t\t\t\t\t\t\t<div class=\"font-size-body-small\"><p>Cuims\u00edonn na coillearnacha darach ar an Sean-Ghaineamhchloch Rua i gCill Airne an limist\u00e9ir de choillearnach dh\u00fachasach is m\u00f3 at\u00e1 fanta in \u00c9irinn. T\u00e9ann na coillearnacha seo \u00f3 limist\u00e9ir r\u00e9as\u00fanta fhairsinge chois locha, ar n\u00f3s Choill na dT\u00f3im\u00ed go coillearnacha at\u00e1 n\u00edos scartha ar n\u00f3s, D\u00fadhoire Uachtarach agus Glaisi\u0301n na Marbh. I gcoillearnach at\u00e1 dea-fhorbartha, is dair ghaelach formh\u00f3r an cheannbhrait, de ghn\u00e1th idir 13 agus 20 m\u00e9adar ar airde, le cuileann ag f\u00e1s th\u00edos f\u00fathu. T\u00e1 beith agus caorthann le f\u00e1il go minic freisin, ach is f\u00edor-annamh f\u00edor f\u00e1schoill.<\/p>\n<\/div>\n\t\t\t\t\t\t\t\t\t\t\n\t\t\t\t\t\t\t\t\t\t\t\t\t\t\t\t\t\t\t<\/div>\n\t\t\t\t\t\t\t\t<\/div>\n\t\t\t\t\t\t\t<\/div>\n\t\t\t\t\t\t<\/div>\n\t\t\t\t\t\t\n\t\t\t\t\t\t\t\t\t\t\n\t\t\t\t\t\t\t\t\t\n\t\t\t\t\t\t\t\t\t\t\n\t\t\t\t\t\t<div class=\"col-12\" style=\"outline:1px solid #9C9494;\">\n\t\t\t\t\t\t\t<div class=\"row\">\n\t\t\t\t\t\t\t\t<div class=\"col-12 col-md-6 order-md-1\">\n\t\t\t\t\t\t\t\t\t<div class=\"highlight-img-wrap w-100\" style=\"position:relative;\">\n\t\t\t\t\t\t\t\t\t\t<div class=\"\" style=\"display:block; padding-bottom:100%;\">\n\t\t\t\t\t\t\t\t\t\t\t\n\t\t\t\t\t\t\t\t\t\t\t<span class=\"w-100 h-100\" style=\"background-image:url('https:\/\/www.nationalparks.ie\/app\/uploads\/2022\/09\/Rectangle-5-10-2.jpg'); background-position:center center; background-size:cover; position:absolute;\" role=\"img\" aria-label=\"Fraochmh\u00e1\"><\/span>\t\t\t\t\t\t\t\t\n\t\t\t\t\t\t\t\t\t\t<\/div>\n\t\t\t\t\t\t\t\t\t<\/div>\n\t\t\t\t\t\t\t\t<\/div>\n\t\t\t\t\t\t\t\t<div class=\"col-12 col-md-6 order-md-2\">\n\t\t\t\t\t\t\t\t\t<div class=\"p-3\">\n\t\t\t\t\t\t\t\t\t\t<h3 class=\"font-size-heading-small mt-lg-4\">Fraochmh\u00e1<\/h3>\n\t\t\t\t\t\t\t\t\t\t<p class=\"color-black text-uppercase font-size-capitalised\"><\/p>\n\t\t\t\t\t\t\t\t\t\t<hr\/>\n\t\t\t\t\t\t\t\t\t\t<div class=\"font-size-body-small\"><p>\u00d3 thaobh na luibheola\u00edochta t\u00e1 bratphortaigh cos\u00fail le fraochmh\u00e1 fliuch. D\u2019fh\u00e9adfadh siad a bheith i dt\u00edr-raon ar bith ach is fearr a dh\u00e9anann siad ar fh\u00e1na\u00ed moir\u00e9in measartha g\u00e9ar nach bhfuil chomh tirim sin, \u00e1it nach bhfuil doimhneacht na m\u00f3na n\u00edos m\u00f3 n\u00e1 m\u00e9adar amh\u00e1in ar doimhne. \u00c1ir\u00edtear ar ghn\u00e1thspeicis, fraoch m\u00f3r, fraoch naosca\u00ed, aiteann agus railleog le fionn\u00e1n, cibcheanngheal, ceannbh\u00e1in, niamhnaid, luachair chaor\u00e1in agus roinnt speicis caonach m\u00f3na. T\u00e1 an fhraochmh\u00e1 thirim is fearr at\u00e1 forbartha sa Ph\u00e1irc N\u00e1isi\u00fanta ar shleasa na sl\u00e9ibhte siar \u00f3 Loch L\u00e9in, ar n\u00f3s, Sliabh Shehy, na T\u00f3im\u00ed agus an Sliabh Corcra.<\/p>\n<\/div>\n\t\t\t\t\t\t\t\t\t\t\n\t\t\t\t\t\t\t\t\t\t\t\t\t\t\t\t\t\t\t<\/div>\n\t\t\t\t\t\t\t\t<\/div>\n\t\t\t\t\t\t\t<\/div>\n\t\t\t\t\t\t<\/div>\n\t\t\t\t\t\t\n\t\t\t\t\t\t\t\t\t\t\n\t\t\t\t\t\t\t\t\t\n\t\t\t\t\t\t\t\t\t\t\n\t\t\t\t\t\t<div class=\"col-12\" style=\"outline:1px solid #9C9494;\">\n\t\t\t\t\t\t\t<div class=\"row\">\n\t\t\t\t\t\t\t\t<div class=\"col-12 col-md-6 order-md-2\">\n\t\t\t\t\t\t\t\t\t<div class=\"highlight-img-wrap w-100\" style=\"position:relative;\">\n\t\t\t\t\t\t\t\t\t\t<div class=\"\" style=\"display:block; padding-bottom:100%;\">\n\t\t\t\t\t\t\t\t\t\t\t\n\t\t\t\t\t\t\t\t\t\t\t<span class=\"w-100 h-100\" style=\"background-image:url('https:\/\/www.nationalparks.ie\/app\/uploads\/2022\/09\/Rectangle-5-11-2.jpg'); background-position:center center; background-size:cover; position:absolute;\" role=\"img\" aria-label=\"Coillearnach Mheasctha\"><\/span>\t\t\t\t\t\t\t\t\n\t\t\t\t\t\t\t\t\t\t<\/div>\n\t\t\t\t\t\t\t\t\t<\/div>\n\t\t\t\t\t\t\t\t<\/div>\n\t\t\t\t\t\t\t\t<div class=\"col-12 col-md-6 order-md-1\">\n\t\t\t\t\t\t\t\t\t<div class=\"p-3\">\n\t\t\t\t\t\t\t\t\t\t<h3 class=\"font-size-heading-small mt-lg-4\">Coillearnach Mheasctha<\/h3>\n\t\t\t\t\t\t\t\t\t\t<p class=\"color-black text-uppercase font-size-capitalised\"><\/p>\n\t\t\t\t\t\t\t\t\t\t<hr\/>\n\t\t\t\t\t\t\t\t\t\t<div class=\"font-size-body-small\"><p>L\u00e9ir\u00edtear go leor de ghn\u00e9ithe na coillearna\u00ed n\u00e1d\u00fartha i roinnt de na coillte at\u00e1 i ndim\u00e9in an d\u00e1 east\u00e1t n\u00f3 gar d\u00f3ibh, ach t\u00e1 speicis and\u00fachasacha l\u00edonmhar le f\u00e1il iontu freisin. \u00c1ir\u00edtear ar na coillte seo, Game Wood, iarsma\u00ed de Bellview Woods, cuid d\u2019Oile\u00e1n an Rois agus an Rinn, chomh maith le Monks Wood agus p\u00e1irteanna eile de Mhucros. D\u00e9anann roinnt de na crainn agus de na toir and\u00fachasacha, lena n-\u00e1ir\u00edtear, fe\u00e1, crann sleamhain, an seiceamar, an r\u00f3slabhras, an labhras sil\u00edn\u00ed agus an labhras Portaing\u00e9ileach athghini\u00faint go h\u00e9asca, \u00f3 sh\u00edolta i roinnt c\u00e1sanna agus go f\u00e1s\u00fail i gc\u00e1sanna eile.<\/p>\n<\/div>\n\t\t\t\t\t\t\t\t\t\t\n\t\t\t\t\t\t\t\t\t\t\t\t\t\t\t\t\t\t\t<\/div>\n\t\t\t\t\t\t\t\t<\/div>\n\t\t\t\t\t\t\t<\/div>\n\t\t\t\t\t\t<\/div>\n\t\t\t\t\t\t\n\t\t\t\t\t\t\t\t\t\t\n\t\t\t\t\t\t\t\t\t\n\t\t\t\t\t\t\t\t\t\t\n\t\t\t\t\t\t<div class=\"col-12\" style=\"outline:1px solid #9C9494;\">\n\t\t\t\t\t\t\t<div class=\"row\">\n\t\t\t\t\t\t\t\t<div class=\"col-12 col-md-6 order-md-1\">\n\t\t\t\t\t\t\t\t\t<div class=\"highlight-img-wrap w-100\" style=\"position:relative;\">\n\t\t\t\t\t\t\t\t\t\t<div class=\"\" style=\"display:block; padding-bottom:100%;\">\n\t\t\t\t\t\t\t\t\t\t\t\n\t\t\t\t\t\t\t\t\t\t\t<span class=\"w-100 h-100\" style=\"background-image:url('https:\/\/www.nationalparks.ie\/app\/uploads\/2022\/09\/Rectangle-5-12-2.jpg'); background-position:center center; background-size:cover; position:absolute;\" role=\"img\" aria-label=\"F\u00e9arthalamh\"><\/span>\t\t\t\t\t\t\t\t\n\t\t\t\t\t\t\t\t\t\t<\/div>\n\t\t\t\t\t\t\t\t\t<\/div>\n\t\t\t\t\t\t\t\t<\/div>\n\t\t\t\t\t\t\t\t<div class=\"col-12 col-md-6 order-md-2\">\n\t\t\t\t\t\t\t\t\t<div class=\"p-3\">\n\t\t\t\t\t\t\t\t\t\t<h3 class=\"font-size-heading-small mt-lg-4\">F\u00e9arthalamh<\/h3>\n\t\t\t\t\t\t\t\t\t\t<p class=\"color-black text-uppercase font-size-capitalised\"><\/p>\n\t\t\t\t\t\t\t\t\t\t<hr\/>\n\t\t\t\t\t\t\t\t\t\t<div class=\"font-size-body-small\"><p>T\u00e9ann cine\u00e1lacha f\u00e9arthailte laistigh den Ph\u00e1irc N\u00e1isi\u00fanta \u00f3 fh\u00e9arthailte neamhfheabhsaithe at\u00e1 saibhir \u00f3 thaobh speicis go b\u00e1inseacha at\u00e1 bainistithe go dian timpeall ar limist\u00e9ir ina mb\u00edonn go leor cuairteoir\u00ed. Taca\u00edonn m\u00f3in\u00e9ir thaise le fionn\u00e1n, at\u00e1 le f\u00e1il ar an taobh thoir de Loch L\u00e9in, le speicis at\u00e1 gann ar n\u00f3s, cearbhas f\u00e1inneach agus milleanna m\u00f3na. \u00c1ir\u00edtear ar speicis eile, luachair bhl\u00e1thgh\u00e9ar, fiastalach, c\u00edb chruithneachta, greim an diabhail, beinteach reatha, niamhnaid, sailchuach chorraigh agus an many-headed woodrush (gi\u00fanach).<\/p>\n<\/div>\n\t\t\t\t\t\t\t\t\t\t\n\t\t\t\t\t\t\t\t\t\t\t\t\t\t\t\t\t\t\t<\/div>\n\t\t\t\t\t\t\t\t<\/div>\n\t\t\t\t\t\t\t<\/div>\n\t\t\t\t\t\t<\/div>\n\t\t\t\t\t\t\n\t\t\t\t\t\t\t\t\t\t\n\t\t\t\t\t\t\t\t\t\n\t\t\t\t\t\t\t\t\t\t\n\t\t\t\t\t\t<div class=\"col-12\" style=\"outline:1px solid #9C9494;\">\n\t\t\t\t\t\t\t<div class=\"row\">\n\t\t\t\t\t\t\t\t<div class=\"col-12 col-md-6 order-md-2\">\n\t\t\t\t\t\t\t\t\t<div class=\"highlight-img-wrap w-100\" style=\"position:relative;\">\n\t\t\t\t\t\t\t\t\t\t<div class=\"\" style=\"display:block; padding-bottom:100%;\">\n\t\t\t\t\t\t\t\t\t\t\t\n\t\t\t\t\t\t\t\t\t\t\t<span class=\"w-100 h-100\" style=\"background-image:url('https:\/\/www.nationalparks.ie\/app\/uploads\/2022\/09\/Rectangle-5-13-2.jpg'); background-position:center center; background-size:cover; position:absolute;\" role=\"img\" aria-label=\"Aibhneacha, Sruth\u00e1in agus Easanna\"><\/span>\t\t\t\t\t\t\t\t\n\t\t\t\t\t\t\t\t\t\t<\/div>\n\t\t\t\t\t\t\t\t\t<\/div>\n\t\t\t\t\t\t\t\t<\/div>\n\t\t\t\t\t\t\t\t<div class=\"col-12 col-md-6 order-md-1\">\n\t\t\t\t\t\t\t\t\t<div class=\"p-3\">\n\t\t\t\t\t\t\t\t\t\t<h3 class=\"font-size-heading-small mt-lg-4\">Aibhneacha, Sruth\u00e1in agus Easanna<\/h3>\n\t\t\t\t\t\t\t\t\t\t<p class=\"color-black text-uppercase font-size-capitalised\"><\/p>\n\t\t\t\t\t\t\t\t\t\t<hr\/>\n\t\t\t\t\t\t\t\t\t\t<div class=\"font-size-body-small\"><p>T\u00e1 aibhneacha agus sruth\u00e1in bheaga l\u00edonmhara ag sn\u00edomh isteach i Loch L\u00e9in, Loch Mhucrois agus sa Loch Uachtarach. Cialla\u00edonn n\u00e1d\u00far na geola\u00edochta agus na haer\u00e1ide bun\u00fasa\u00ed go bhfuil siad seo faoi r\u00e9ir ag maidhm thuile. C\u00e9 go bhfuil siad aig\u00e9adach go ginear\u00e1lta agus \u00edseal \u00f3 thaobh cothaithigh, taca\u00edonn na huisc\u00ed seo ina bhfuil sruth, le f\u00e1sra t\u00e1bhachtach agus le hinveirteabraigh neamhghn\u00e1cha.<\/p>\n<\/div>\n\t\t\t\t\t\t\t\t\t\t\n\t\t\t\t\t\t\t\t\t\t\t\t\t\t\t\t\t\t\t<\/div>\n\t\t\t\t\t\t\t\t<\/div>\n\t\t\t\t\t\t\t<\/div>\n\t\t\t\t\t\t<\/div>\n\t\t\t\t\t\t\n\t\t\t\t\t\t\t\t\t\t\n\t\t\t\t\t\t\t\t\t\n\t\t\t\t\t\t\t\t\t\t\n\t\t\t\t\t\t<div class=\"col-12\" style=\"outline:1px solid #9C9494;\">\n\t\t\t\t\t\t\t<div class=\"row\">\n\t\t\t\t\t\t\t\t<div class=\"col-12 col-md-6 order-md-1\">\n\t\t\t\t\t\t\t\t\t<div class=\"highlight-img-wrap w-100\" style=\"position:relative;\">\n\t\t\t\t\t\t\t\t\t\t<div class=\"\" style=\"display:block; padding-bottom:100%;\">\n\t\t\t\t\t\t\t\t\t\t\t\n\t\t\t\t\t\t\t\t\t\t\t<span class=\"w-100 h-100\" style=\"background-image:url('https:\/\/www.nationalparks.ie\/app\/uploads\/2022\/09\/Rectangle-5-14-2.jpg'); background-position:center center; background-size:cover; position:absolute;\" role=\"img\" aria-label=\"Lochanna, Linnte agus Bogaigh\"><\/span>\t\t\t\t\t\t\t\t\n\t\t\t\t\t\t\t\t\t\t<\/div>\n\t\t\t\t\t\t\t\t\t<\/div>\n\t\t\t\t\t\t\t\t<\/div>\n\t\t\t\t\t\t\t\t<div class=\"col-12 col-md-6 order-md-2\">\n\t\t\t\t\t\t\t\t\t<div class=\"p-3\">\n\t\t\t\t\t\t\t\t\t\t<h3 class=\"font-size-heading-small mt-lg-4\">Lochanna, Linnte agus Bogaigh<\/h3>\n\t\t\t\t\t\t\t\t\t\t<p class=\"color-black text-uppercase font-size-capitalised\"><\/p>\n\t\t\t\t\t\t\t\t\t\t<hr\/>\n\t\t\t\t\t\t\t\t\t\t<div class=\"font-size-body-small\"><p>Is de chine\u00e1l comloch iad go leor de na lochanna ar na hardtailte, ag bun aille agus gaibhnithe ag moir\u00e9in oighreacha. \u00c1ir\u00edtear ar shampla\u00ed de chomlochanna, Poll Ifrinn ar an Mhangarta agus Loch Crincaum \u00f3 thuaidh de Shliabh Cromaglan. T\u00e1 l\u00edon lochanna olagatr\u00f3facha \u00edsealchr\u00edche sa Ph\u00e1irc N\u00e1isi\u00fanta. Go ginear\u00e1lta t\u00e1 siad seo n\u00edos m\u00f3 n\u00e1 na lochanna ar na hardtailte, agus t\u00e1 raon leathan de speicis planda\u00ed iontu. \u00c1ir\u00edtear an Loch Uachtarach agus Loch Mhucrois ar shampla\u00ed.<\/p>\n<\/div>\n\t\t\t\t\t\t\t\t\t\t\n\t\t\t\t\t\t\t\t\t\t\t\t\t\t\t\t\t\t\t<\/div>\n\t\t\t\t\t\t\t\t<\/div>\n\t\t\t\t\t\t\t<\/div>\n\t\t\t\t\t\t<\/div>\n\t\t\t\t\t\t\n\t\t\t\t\t\t\t\t\t\t\n\t\t\t\t\t\t\t\t\t\n\t\t\t\t\t\t\t\t\t\t\n\t\t\t\t\t\t<div class=\"col-12\" style=\"outline:1px solid #9C9494;\">\n\t\t\t\t\t\t\t<div class=\"row\">\n\t\t\t\t\t\t\t\t<div class=\"col-12 col-md-6 order-md-2\">\n\t\t\t\t\t\t\t\t\t<div class=\"highlight-img-wrap w-100\" style=\"position:relative;\">\n\t\t\t\t\t\t\t\t\t\t<div class=\"\" style=\"display:block; padding-bottom:100%;\">\n\t\t\t\t\t\t\t\t\t\t\t\n\t\t\t\t\t\t\t\t\t\t\t<span class=\"w-100 h-100\" style=\"background-image:url('https:\/\/www.nationalparks.ie\/app\/uploads\/2022\/09\/Rectangle-5-15-2.jpg'); background-position:center center; background-size:cover; position:absolute;\" role=\"img\" aria-label=\"Pland\u00e1il Bhuairc\u00edneach\"><\/span>\t\t\t\t\t\t\t\t\n\t\t\t\t\t\t\t\t\t\t<\/div>\n\t\t\t\t\t\t\t\t\t<\/div>\n\t\t\t\t\t\t\t\t<\/div>\n\t\t\t\t\t\t\t\t<div class=\"col-12 col-md-6 order-md-1\">\n\t\t\t\t\t\t\t\t\t<div class=\"p-3\">\n\t\t\t\t\t\t\t\t\t\t<h3 class=\"font-size-heading-small mt-lg-4\">Pland\u00e1il Bhuairc\u00edneach<\/h3>\n\t\t\t\t\t\t\t\t\t\t<p class=\"color-black text-uppercase font-size-capitalised\"><\/p>\n\t\t\t\t\t\t\t\t\t\t<hr\/>\n\t\t\t\t\t\t\t\t\t\t<div class=\"font-size-body-small\"><p>T\u00e1 tr\u00ed phr\u00edomhlimist\u00e9ar taobh istigh den Bourn Vincent Memorial Park inar phland\u00e1il an t-iarRoinn Tailte pland\u00e1lacha buairc\u00edneacha idir na blianta 1933 agus 1953. Cuireadh 538 heicte\u00e1r ar shleasa Thoirc\/Mhucrois ar f\u00e1il d\u2019fhoraoiseacht sa bhliain 1933, cuireadh 371 heicte\u00e1r ar f\u00e1il i nDoire Coinche\/Luasc\u00e1nach sa bhliain 1958 agus 328 heicte\u00e1r sna T\u00f3im\u00ed sa bhliain 1958. Spr\u00fas sitceach agus p\u00e9ine cont\u00f3rtach na pr\u00edomhspeiceas crainn a pland\u00e1ladh. \u00c1ir\u00edtear ar speiceas eile, spr\u00fas Lochlannach, p\u00e9ine Monterey, p\u00e9ine Albanach, lear\u00f3g Eorpach, gi\u00fais gheal, gi\u00fais Dh\u00faghlais, himlic agus c\u00e9adar.<\/p>\n<\/div>\n\t\t\t\t\t\t\t\t\t\t\n\t\t\t\t\t\t\t\t\t\t\t\t\t\t\t\t\t\t\t<\/div>\n\t\t\t\t\t\t\t\t<\/div>\n\t\t\t\t\t\t\t<\/div>\n\t\t\t\t\t\t<\/div>\n\t\t\t\t\t\t\n\t\t\t\t\t\t\t\t\t\t\n\t\t\t\t\t\t\t\n\t\t<\/div>\n\t\t<\/div>\n\t<hr class=\"m-0\" style=\"opacity:1; border-top:1px solid #9C9494; background-color: transparent;\"\/>\n<\/section>\n\n\r\n<a id=\"geology\" style=\"\"><\/a>\r\n\r\n\r\n\n\n\r\n<section id=\"block_05f1a27623ad0bd4f75a602b5734b5b8\" class=\"section-twocolumns py-4 py-lg-4 bg-color-beige color-black\" style=\"background-image:url(); \">\r\n\t\t\r\n\t\t<div class=\"container-fluid px-3 px-lg-5\">\r\n\t\t\t<div class=\"row\">\r\n\t\t\t\t<div class=\"col-12 section-twocolumns__title\">\r\n\t\t\t\t\t<h2 class=\"font-size-heading\">Geola\u00edocht<\/h2>\r\n\t\t\t\t<\/div>\r\n\t\t\t<\/div>\t\r\n\t\t<\/div>\t\r\n\t\t<hr>\r\n\t\t<div class=\"d-flex flex-column\">\r\n\t\t\t<div class=\"container-fluid px-3 px-lg-5 section-twocolumns__text section-twocolumns__columns order-1\">\r\n\t\t\t<div class=\"row\">\r\n\t\t\t\t\t<div class=\"col-12 \">\r\n\t\t\t\t\t\t<div class=\"h4 font-family-naisiuntamedium\"><p class=\"h1 font-family-naisiuntamedium mb-4\">Cuims\u00edonn P\u00e1irc N\u00e1isi\u00fanta Chill Airne codanna de na Cruacha Dubha agus t\u00e1 go leor sl\u00e9ibhte laistigh de na teorainneacha.  Sol\u00e1thra\u00edonn na lochanna agus na foirm\u00edochta\u00ed carraige radhairc \u00e1ille agus iad ar thois\u00ed \u00e9ags\u00fala.<\/p>\n<\/div>\r\n\t\t\t\t\t<\/div>\r\n\t\t\t<\/div>\r\n\t\t<\/div>\t\r\n\t\t\r\n\t \t\r\n\t<div class=\"container-fluid px-3 px-lg-5 section-twocolumns__columns order-2 \">\r\n\t\t<div class=\"row\">\r\n\t\t\t<div class=\"d-flex flex-column flex-lg-row\">\r\n\t\t\t\t<div class=\"col-12 col-lg-6  first-column\">\r\n\t\t\t\t\t<figure><img loading=\"lazy\" decoding=\"async\" class=\"size-full wp-image-9061\" src=\"https:\/\/www.nationalparks.ie\/app\/uploads\/2022\/09\/Rectangle-5-16-1.jpg\" alt=\"Bearna an Choim\u00edn\" width=\"642\" height=\"469\" srcset=\"https:\/\/www.nationalparks.ie\/app\/uploads\/2022\/09\/Rectangle-5-16-1.jpg 642w, https:\/\/www.nationalparks.ie\/app\/uploads\/2022\/09\/Rectangle-5-16-1-300x219.jpg 300w\" sizes=\"auto, (max-width: 642px) 100vw, 642px\" \/><figcaption>Thuas: Bearna an Choim\u00edn, agus na Cruacha Dubha agus Sliabh Corcra cl\u00fadaithe ag scamaill, t\u00f3gtha \u00f3 Ch\u00e9im an Daimh, in aice le Cill Airne, Co. Chiarra\u00ed, \u00c9ire<\/figcaption><\/figure>\n\t\t\t\t<\/div>\r\n\t\t\t\t<div class=\"col-12 col-lg-6  mb-3 mb-lg-5 second-column\">\r\n\t\t\t\t\t<div style=\"padding: 0 1rem;\">\nFaigh tuilleadh eolais faoi gheola\u00edocht agus faoi th\u00edrdhreach Ph\u00e1irc N\u00e1isi\u00fanta Chill Airne sa treoir seo th\u00edos maidir le Cos\u00e1n Geola\u00edochta Ghleann Chill Airne.\n<\/div>\n<p><a class=\"btn-01 btn-download color-black d-table mt-4 mb-4\" href=\"\/app\/uploads\/2022\/09\/KillarneyValleyGeologyTrail.pdf\" download=\"\">Treora\u00ed Conaire<\/a><\/p>\n\t\t\t\t<\/div>\r\n\t\t\t<\/div>\r\n\t\t<\/div>\r\n\t<\/div>\r\n\t\t\r\n<\/section>\r\n\n\n\n\n<section id=\"section-video-block_a7af7e52c467fec2c26dc1b426ec7f14\" class=\"section-video d-flex justify-content-center\" style=\"margin-top:0;\">\n\t\n\t\t\t<div aria-hidden=\"true\" class=\"img-wrap\" style=\"width:100%; min-width:1280px; position:relative; height:420px; overflow:hidden; background-image:url(https:\/\/www.nationalparks.ie\/app\/uploads\/2022\/09\/Rectangle-5-17-1.jpg); background-size:cover;\"><\/div>\n\t<\/section>","protected":false},"excerpt":{"rendered":"","protected":false},"author":15,"featured_media":0,"parent":7810,"menu_order":0,"comment_status":"closed","ping_status":"closed","template":"","meta":{"_acf_changed":false,"_uag_custom_page_level_css":"","footnotes":""},"class_list":["post-7814","page","type-page","status-publish","hentry"],"acf":[],"yoast_head":"<!-- This site is optimized with the Yoast SEO plugin v27.4 - https:\/\/yoast.com\/product\/yoast-seo-wordpress\/ -->\n<title>D\u00falra &amp; Caomhn\u00fa - P\u00e1irc N\u00e1isi\u00fanta Cill Airne - National Parks of Ireland<\/title>\n<meta name=\"robots\" content=\"index, follow, max-snippet:-1, max-image-preview:large, max-video-preview:-1\" \/>\n<link rel=\"canonical\" href=\"https:\/\/www.nationalparks.ie\/ga\/killarney\/nature-conservation\/\" \/>\n<meta property=\"og:locale\" content=\"ga_IE\" \/>\n<meta property=\"og:type\" content=\"article\" \/>\n<meta property=\"og:title\" content=\"D\u00falra &amp; Caomhn\u00fa - P\u00e1irc N\u00e1isi\u00fanta Cill Airne - National Parks of Ireland\" \/>\n<meta property=\"og:url\" content=\"https:\/\/www.nationalparks.ie\/ga\/killarney\/nature-conservation\/\" \/>\n<meta property=\"og:site_name\" content=\"National Parks of Ireland\" \/>\n<meta property=\"article:modified_time\" content=\"2023-06-08T15:49:07+00:00\" \/>\n<meta name=\"twitter:card\" content=\"summary_large_image\" \/>\n<script type=\"application\/ld+json\" class=\"yoast-schema-graph\">{\"@context\":\"https:\\\/\\\/schema.org\",\"@graph\":[{\"@type\":\"WebPage\",\"@id\":\"https:\\\/\\\/www.nationalparks.ie\\\/ga\\\/killarney\\\/nature-conservation\\\/\",\"url\":\"https:\\\/\\\/www.nationalparks.ie\\\/ga\\\/killarney\\\/nature-conservation\\\/\",\"name\":\"D\u00falra & Caomhn\u00fa - P\u00e1irc N\u00e1isi\u00fanta Cill Airne - National Parks of Ireland\",\"isPartOf\":{\"@id\":\"https:\\\/\\\/www.nationalparks.ie\\\/ga\\\/#website\"},\"datePublished\":\"2022-09-22T07:58:32+00:00\",\"dateModified\":\"2023-06-08T15:49:07+00:00\",\"breadcrumb\":{\"@id\":\"https:\\\/\\\/www.nationalparks.ie\\\/ga\\\/killarney\\\/nature-conservation\\\/#breadcrumb\"},\"inLanguage\":\"ga-IE\",\"potentialAction\":[{\"@type\":\"ReadAction\",\"target\":[\"https:\\\/\\\/www.nationalparks.ie\\\/ga\\\/killarney\\\/nature-conservation\\\/\"]}]},{\"@type\":\"BreadcrumbList\",\"@id\":\"https:\\\/\\\/www.nationalparks.ie\\\/ga\\\/killarney\\\/nature-conservation\\\/#breadcrumb\",\"itemListElement\":[{\"@type\":\"ListItem\",\"position\":1,\"name\":\"Home\",\"item\":\"https:\\\/\\\/www.nationalparks.ie\\\/ga\\\/\"},{\"@type\":\"ListItem\",\"position\":2,\"name\":\"Cill Airne\",\"item\":\"https:\\\/\\\/www.nationalparks.ie\\\/ga\\\/killarney\\\/\"},{\"@type\":\"ListItem\",\"position\":3,\"name\":\"D\u00falra &#038; Caomhn\u00fa\"}]},{\"@type\":\"WebSite\",\"@id\":\"https:\\\/\\\/www.nationalparks.ie\\\/ga\\\/#website\",\"url\":\"https:\\\/\\\/www.nationalparks.ie\\\/ga\\\/\",\"name\":\"National Parks of Ireland\",\"description\":\"Where Nature Speaks\",\"publisher\":{\"@id\":\"https:\\\/\\\/www.nationalparks.ie\\\/ga\\\/#organization\"},\"potentialAction\":[{\"@type\":\"SearchAction\",\"target\":{\"@type\":\"EntryPoint\",\"urlTemplate\":\"https:\\\/\\\/www.nationalparks.ie\\\/ga\\\/?s={search_term_string}\"},\"query-input\":{\"@type\":\"PropertyValueSpecification\",\"valueRequired\":true,\"valueName\":\"search_term_string\"}}],\"inLanguage\":\"ga-IE\"},{\"@type\":\"Organization\",\"@id\":\"https:\\\/\\\/www.nationalparks.ie\\\/ga\\\/#organization\",\"name\":\"National Parks of Ireland\",\"url\":\"https:\\\/\\\/www.nationalparks.ie\\\/ga\\\/\",\"logo\":{\"@type\":\"ImageObject\",\"inLanguage\":\"ga-IE\",\"@id\":\"https:\\\/\\\/www.nationalparks.ie\\\/ga\\\/#\\\/schema\\\/logo\\\/image\\\/\",\"url\":\"https:\\\/\\\/www.nationalparks.ie\\\/app\\\/uploads\\\/2022\\\/02\\\/np-logo-icon.png\",\"contentUrl\":\"https:\\\/\\\/www.nationalparks.ie\\\/app\\\/uploads\\\/2022\\\/02\\\/np-logo-icon.png\",\"width\":97,\"height\":90,\"caption\":\"National Parks of Ireland\"},\"image\":{\"@id\":\"https:\\\/\\\/www.nationalparks.ie\\\/ga\\\/#\\\/schema\\\/logo\\\/image\\\/\"}}]}<\/script>\n<!-- \/ Yoast SEO plugin. -->","yoast_head_json":{"title":"D\u00falra & Caomhn\u00fa - P\u00e1irc N\u00e1isi\u00fanta Cill Airne - National Parks of Ireland","robots":{"index":"index","follow":"follow","max-snippet":"max-snippet:-1","max-image-preview":"max-image-preview:large","max-video-preview":"max-video-preview:-1"},"canonical":"https:\/\/www.nationalparks.ie\/ga\/killarney\/nature-conservation\/","og_locale":"ga_IE","og_type":"article","og_title":"D\u00falra & Caomhn\u00fa - P\u00e1irc N\u00e1isi\u00fanta Cill Airne - National Parks of Ireland","og_url":"https:\/\/www.nationalparks.ie\/ga\/killarney\/nature-conservation\/","og_site_name":"National Parks of Ireland","article_modified_time":"2023-06-08T15:49:07+00:00","twitter_card":"summary_large_image","schema":{"@context":"https:\/\/schema.org","@graph":[{"@type":"WebPage","@id":"https:\/\/www.nationalparks.ie\/ga\/killarney\/nature-conservation\/","url":"https:\/\/www.nationalparks.ie\/ga\/killarney\/nature-conservation\/","name":"D\u00falra & Caomhn\u00fa - P\u00e1irc N\u00e1isi\u00fanta Cill Airne - National Parks of Ireland","isPartOf":{"@id":"https:\/\/www.nationalparks.ie\/ga\/#website"},"datePublished":"2022-09-22T07:58:32+00:00","dateModified":"2023-06-08T15:49:07+00:00","breadcrumb":{"@id":"https:\/\/www.nationalparks.ie\/ga\/killarney\/nature-conservation\/#breadcrumb"},"inLanguage":"ga-IE","potentialAction":[{"@type":"ReadAction","target":["https:\/\/www.nationalparks.ie\/ga\/killarney\/nature-conservation\/"]}]},{"@type":"BreadcrumbList","@id":"https:\/\/www.nationalparks.ie\/ga\/killarney\/nature-conservation\/#breadcrumb","itemListElement":[{"@type":"ListItem","position":1,"name":"Home","item":"https:\/\/www.nationalparks.ie\/ga\/"},{"@type":"ListItem","position":2,"name":"Cill Airne","item":"https:\/\/www.nationalparks.ie\/ga\/killarney\/"},{"@type":"ListItem","position":3,"name":"D\u00falra &#038; Caomhn\u00fa"}]},{"@type":"WebSite","@id":"https:\/\/www.nationalparks.ie\/ga\/#website","url":"https:\/\/www.nationalparks.ie\/ga\/","name":"National Parks of Ireland","description":"Where Nature Speaks","publisher":{"@id":"https:\/\/www.nationalparks.ie\/ga\/#organization"},"potentialAction":[{"@type":"SearchAction","target":{"@type":"EntryPoint","urlTemplate":"https:\/\/www.nationalparks.ie\/ga\/?s={search_term_string}"},"query-input":{"@type":"PropertyValueSpecification","valueRequired":true,"valueName":"search_term_string"}}],"inLanguage":"ga-IE"},{"@type":"Organization","@id":"https:\/\/www.nationalparks.ie\/ga\/#organization","name":"National Parks of Ireland","url":"https:\/\/www.nationalparks.ie\/ga\/","logo":{"@type":"ImageObject","inLanguage":"ga-IE","@id":"https:\/\/www.nationalparks.ie\/ga\/#\/schema\/logo\/image\/","url":"https:\/\/www.nationalparks.ie\/app\/uploads\/2022\/02\/np-logo-icon.png","contentUrl":"https:\/\/www.nationalparks.ie\/app\/uploads\/2022\/02\/np-logo-icon.png","width":97,"height":90,"caption":"National Parks of Ireland"},"image":{"@id":"https:\/\/www.nationalparks.ie\/ga\/#\/schema\/logo\/image\/"}}]}},"spectra_custom_meta":{"_wp_page_template":[""],"_edit_lock":["1686239365:11"],"_wpml_media_featured":["1","1"],"_wpml_media_duplicate":["1","1"],"_yoast_wpseo_estimated-reading-time-minutes":["0"],"_wpml_word_count":["{\"total\":13,\"to_translate\":{\"ga\":13}}"],"_yoast_wpseo_title":["%%title%% %%page%% %%sep%% P\u00e1irc N\u00e1isi\u00fanta Cill Airne %%sep%% %%sitename%%"],"cmplz_hide_cookiebanner":[""],"_yoast_wpseo_wordproof_timestamp":[""],"_dp_original":["505"],"_edit_last":["11"],"_last_translation_edit_mode":["native-editor"],"_cmplz_remote_scanned_post":["1"],"_tribe_ticket_capacity":["0"],"_tribe_ticket_version":["5.21.0"],"_uag_css_file_name":["uag-css-7814.css"],"_uagb_previous_block_counts":["a:90:{s:21:\"uagb\/advanced-heading\";i:0;s:15:\"uagb\/blockquote\";i:0;s:12:\"uagb\/buttons\";i:0;s:18:\"uagb\/buttons-child\";i:0;s:19:\"uagb\/call-to-action\";i:0;s:15:\"uagb\/cf7-styler\";i:0;s:11:\"uagb\/column\";i:0;s:12:\"uagb\/columns\";i:0;s:14:\"uagb\/container\";i:0;s:21:\"uagb\/content-timeline\";i:0;s:27:\"uagb\/content-timeline-child\";i:0;s:14:\"uagb\/countdown\";i:0;s:12:\"uagb\/counter\";i:0;s:8:\"uagb\/faq\";i:0;s:14:\"uagb\/faq-child\";i:0;s:10:\"uagb\/forms\";i:0;s:17:\"uagb\/forms-accept\";i:0;s:19:\"uagb\/forms-checkbox\";i:0;s:15:\"uagb\/forms-date\";i:0;s:16:\"uagb\/forms-email\";i:0;s:17:\"uagb\/forms-hidden\";i:0;s:15:\"uagb\/forms-name\";i:0;s:16:\"uagb\/forms-phone\";i:0;s:16:\"uagb\/forms-radio\";i:0;s:17:\"uagb\/forms-select\";i:0;s:19:\"uagb\/forms-textarea\";i:0;s:17:\"uagb\/forms-toggle\";i:0;s:14:\"uagb\/forms-url\";i:0;s:14:\"uagb\/gf-styler\";i:0;s:15:\"uagb\/google-map\";i:0;s:11:\"uagb\/how-to\";i:0;s:16:\"uagb\/how-to-step\";i:0;s:9:\"uagb\/icon\";i:0;s:14:\"uagb\/icon-list\";i:0;s:20:\"uagb\/icon-list-child\";i:0;s:10:\"uagb\/image\";i:0;s:18:\"uagb\/image-gallery\";i:0;s:13:\"uagb\/info-box\";i:0;s:18:\"uagb\/inline-notice\";i:0;s:11:\"uagb\/lottie\";i:0;s:21:\"uagb\/marketing-button\";i:0;s:10:\"uagb\/modal\";i:0;s:18:\"uagb\/popup-builder\";i:0;s:16:\"uagb\/post-button\";i:0;s:18:\"uagb\/post-carousel\";i:0;s:17:\"uagb\/post-excerpt\";i:0;s:14:\"uagb\/post-grid\";i:0;s:15:\"uagb\/post-image\";i:0;s:17:\"uagb\/post-masonry\";i:0;s:14:\"uagb\/post-meta\";i:0;s:18:\"uagb\/post-taxonomy\";i:0;s:18:\"uagb\/post-timeline\";i:0;s:15:\"uagb\/post-title\";i:0;s:20:\"uagb\/restaurant-menu\";i:0;s:26:\"uagb\/restaurant-menu-child\";i:0;s:11:\"uagb\/review\";i:0;s:12:\"uagb\/section\";i:0;s:14:\"uagb\/separator\";i:0;s:11:\"uagb\/slider\";i:0;s:17:\"uagb\/slider-child\";i:0;s:17:\"uagb\/social-share\";i:0;s:23:\"uagb\/social-share-child\";i:0;s:16:\"uagb\/star-rating\";i:0;s:23:\"uagb\/sure-cart-checkout\";i:0;s:22:\"uagb\/sure-cart-product\";i:0;s:15:\"uagb\/sure-forms\";i:0;s:22:\"uagb\/table-of-contents\";i:0;s:9:\"uagb\/tabs\";i:0;s:15:\"uagb\/tabs-child\";i:0;s:18:\"uagb\/taxonomy-list\";i:0;s:9:\"uagb\/team\";i:0;s:16:\"uagb\/testimonial\";i:0;s:14:\"uagb\/wp-search\";i:0;s:19:\"uagb\/instagram-feed\";i:0;s:10:\"uagb\/login\";i:0;s:17:\"uagb\/loop-builder\";i:0;s:18:\"uagb\/loop-category\";i:0;s:20:\"uagb\/loop-pagination\";i:0;s:15:\"uagb\/loop-reset\";i:0;s:16:\"uagb\/loop-search\";i:0;s:14:\"uagb\/loop-sort\";i:0;s:17:\"uagb\/loop-wrapper\";i:0;s:13:\"uagb\/register\";i:0;s:19:\"uagb\/register-email\";i:0;s:24:\"uagb\/register-first-name\";i:0;s:23:\"uagb\/register-last-name\";i:0;s:22:\"uagb\/register-password\";i:0;s:30:\"uagb\/register-reenter-password\";i:0;s:19:\"uagb\/register-terms\";i:0;s:22:\"uagb\/register-username\";i:0;}"],"_uag_page_assets":["a:9:{s:3:\"css\";s:260:\".uag-blocks-common-selector{z-index:var(--z-index-desktop) !important}@media(max-width: 976px){.uag-blocks-common-selector{z-index:var(--z-index-tablet) !important}}@media(max-width: 767px){.uag-blocks-common-selector{z-index:var(--z-index-mobile) !important}}\";s:2:\"js\";s:0:\"\";s:18:\"current_block_list\";a:17:{i:0;s:22:\"acf\/park---hero-banner\";i:1;s:28:\"acf\/park---anchor-navigation\";i:2;s:22:\"acf\/park---two-columns\";i:3;s:27:\"acf\/park--block-anchor-link\";i:4;s:20:\"acf\/park---icon-list\";i:5;s:32:\"acf\/all-parks---background-video\";i:6;s:19:\"acf\/park---projects\";i:7;s:27:\"acf\/park---dropdown-gallery\";i:8;s:22:\"acf\/park---video-boxes\";i:9;s:26:\"acf\/park---highlight-boxes\";i:10;s:11:\"core\/search\";i:11;s:10:\"core\/group\";i:12;s:12:\"core\/heading\";i:13;s:17:\"core\/latest-posts\";i:14;s:20:\"core\/latest-comments\";i:15;s:13:\"core\/archives\";i:16;s:15:\"core\/categories\";}s:8:\"uag_flag\";b:0;s:11:\"uag_version\";s:10:\"1777157534\";s:6:\"gfonts\";a:0:{}s:10:\"gfonts_url\";s:0:\"\";s:12:\"gfonts_files\";a:0:{}s:14:\"uag_faq_layout\";b:0;}"]},"uagb_featured_image_src":{"full":false,"thumbnail":false,"medium":false,"medium_large":false,"large":false,"1536x1536":false,"2048x2048":false,"gform-image-choice-sm":false,"gform-image-choice-md":false,"gform-image-choice-lg":false},"uagb_author_info":{"display_name":"Killarney National Park","author_link":"https:\/\/www.nationalparks.ie\/ga\/author\/killarney\/"},"uagb_comment_info":0,"uagb_excerpt":null,"_links":{"self":[{"href":"https:\/\/www.nationalparks.ie\/ga\/wp-json\/wp\/v2\/pages\/7814","targetHints":{"allow":["GET"]}}],"collection":[{"href":"https:\/\/www.nationalparks.ie\/ga\/wp-json\/wp\/v2\/pages"}],"about":[{"href":"https:\/\/www.nationalparks.ie\/ga\/wp-json\/wp\/v2\/types\/page"}],"author":[{"embeddable":true,"href":"https:\/\/www.nationalparks.ie\/ga\/wp-json\/wp\/v2\/users\/15"}],"replies":[{"embeddable":true,"href":"https:\/\/www.nationalparks.ie\/ga\/wp-json\/wp\/v2\/comments?post=7814"}],"version-history":[{"count":85,"href":"https:\/\/www.nationalparks.ie\/ga\/wp-json\/wp\/v2\/pages\/7814\/revisions"}],"predecessor-version":[{"id":18447,"href":"https:\/\/www.nationalparks.ie\/ga\/wp-json\/wp\/v2\/pages\/7814\/revisions\/18447"}],"up":[{"embeddable":true,"href":"https:\/\/www.nationalparks.ie\/ga\/wp-json\/wp\/v2\/pages\/7810"}],"wp:attachment":[{"href":"https:\/\/www.nationalparks.ie\/ga\/wp-json\/wp\/v2\/media?parent=7814"}],"curies":[{"name":"wp","href":"https:\/\/api.w.org\/{rel}","templated":true}]}}